{"id":7753,"date":"2014-08-30T08:11:01","date_gmt":"2014-08-30T07:11:01","guid":{"rendered":"http:\/\/forst-grunewald.de\/?page_id=7753"},"modified":"2024-05-06T07:54:34","modified_gmt":"2024-05-06T06:54:34","slug":"olympischer-marathon-1936","status":"publish","type":"page","link":"https:\/\/forst-grunewald.de\/?page_id=7753","title":{"rendered":"Olympischer Marathon 1936"},"content":{"rendered":"<p style=\"text-align: justify;\"><strong><em>Olympiagel\u00e4nde<\/em><\/strong><\/p>\n<p style=\"text-align: justify;\">Ich wei\u00df nicht genau, Olympische Spiele 1936 ist ein schwieriges Thema, schlie\u00dflich wurden die Spiele als Propagandamittel des Nationalsozialistischen Regimes missbraucht und <a href=\"http:\/\/www.zeit.de\/online\/2009\/26\/hochsprung-bergmann-nazis\" target=\"_blank\" rel=\"noopener noreferrer\">mehr<\/a>. Das Thema einiger meiner Webseiten sind jedoch zum einen weitl\u00e4ufig der heutige bzw. fr\u00fchere <a href=\"http:\/\/www.forst-grunewald.de\" target=\"_blank\" rel=\"noopener noreferrer\">GruneWald<\/a>, und zum anderen das Laufen in Berlin.<\/p>\n<p style=\"text-align: justify;\">Also habe ich mich mal etwas umgeschaut und doch einiges entdeckt, was dem zuzuordnen ist. Zum einen ist es das Gel\u00e4nde selbst. Es befindet sich auf dem <a href=\"https:\/\/forst-grunewald.de\/?page_id=4659\" target=\"_blank\" rel=\"noopener\">&#8222;Breite Berg&#8220;<\/a>, ein Name, der in Vergessenheit zu geraten droht. Fr\u00fcher befand sich auch dort der GruneWald und die <a href=\"https:\/\/forst-grunewald.de\/wp-content\/gallery\/olympischer-marathon-1936-lz129\/1936-08-01-olympiade-podbielskieiche-klein.jpg\" target=\"_blank\" rel=\"noopener\">Trauben-Eiche am Olympiastadion (&#8222;Podbielski-Eiche&#8220;)<\/a> soll der letzte \u00dcberrest davon sein.<\/p>\n<p style=\"text-align: justify;\">Das Gel\u00e4nde, heute genannt &#8222;<a href=\"https:\/\/de.wikipedia.org\/wiki\/Olympiagel%C3%A4nde_Berlin\" target=\"_blank\" rel=\"noopener\">Olympiapark Berlin&#8220;<\/a>, wurde zun\u00e4chst mit einer Trabrennbahn und dem <a href=\"https:\/\/de.wikipedia.org\/wiki\/Deutsches_Stadion_(Berlin)\" target=\"_blank\" rel=\"noopener\">Grunewaldstadion (Kaiser-Wilhelm-Stadion\/Deutsches Stadion)<\/a> und danach mit dem heutigen <a href=\"https:\/\/de.wikipedia.org\/wiki\/Olympiastadion_Berlin\" target=\"_blank\" rel=\"noopener\">Olympiastadion<\/a> bebaut. 1936 fanden dort die Olympischen Spiele statt, einschlie\u00dflich eines Marathonlaufes.<\/p>\n<p style=\"text-align: justify;\"><strong><span style=\"text-decoration: underline;\">1. E<a href=\"https:\/\/forst-grunewald.de\/wp-content\/uploads\/1936-Aug-01-Er\u00f6ffnung-O-Spiele-LZ129-Hindenburg.jpg\" target=\"_blank\" rel=\"noopener noreferrer\"><img loading=\"lazy\" decoding=\"async\" class=\"alignright wp-image-7759 size-medium\" src=\"https:\/\/forst-grunewald.de\/wp-content\/uploads\/1936-Aug-01-Er\u00f6ffnung-O-Spiele-LZ129-Hindenburg-300x97.jpg\" alt=\"1936 Aug 01 - Er\u00f6ffnung O-Spiele, LZ129 Hindenburg\" width=\"300\" height=\"97\" srcset=\"https:\/\/forst-grunewald.de\/wp-content\/uploads\/1936-Aug-01-Er\u00f6ffnung-O-Spiele-LZ129-Hindenburg-300x97.jpg 300w, https:\/\/forst-grunewald.de\/wp-content\/uploads\/1936-Aug-01-Er\u00f6ffnung-O-Spiele-LZ129-Hindenburg-150x48.jpg 150w, https:\/\/forst-grunewald.de\/wp-content\/uploads\/1936-Aug-01-Er\u00f6ffnung-O-Spiele-LZ129-Hindenburg-1024x333.jpg 1024w, https:\/\/forst-grunewald.de\/wp-content\/uploads\/1936-Aug-01-Er\u00f6ffnung-O-Spiele-LZ129-Hindenburg-400x130.jpg 400w, https:\/\/forst-grunewald.de\/wp-content\/uploads\/1936-Aug-01-Er\u00f6ffnung-O-Spiele-LZ129-Hindenburg.jpg 1600w\" sizes=\"auto, (max-width: 300px) 100vw, 300px\" \/><\/a>r\u00f6ffnungsfeier\/Luftschiff Hindenburg:<\/span><\/strong><br \/>\nHier ein Foto vom Luftschiff Hindenburg, aufgenommen am 01. August 1936, dem Er\u00f6ffnungstag der Olympische Sommerspiele in Berlin. Das Foto hat zwar mit dem Lauf nichts zu tun, aber ich finde das vermutlich spontan aufgenommene Bild sehr ausdrucksstark und ordne ihm aus meiner Laienperspektive einen historischen Wert zu. Zuf\u00e4lligerweise habe ich in meinem Archiv vom 25 km Lauf 2007 (Start: Olympischer Platz, Ziel: Laufbahn im Olympiastadion) ein Bild, welches ich von einem \u00e4hnlichen Standort aus aufgenommen habe. Dieses Bild habe ich in Graustufen umgewandelt und als Standortvergleich mal daneben gestellt. Was mir zu diesem Motiv noch einf\u00e4llt ist, dass es Orte gibt, welche sich nicht oder kaum ver\u00e4ndern und bei denen man &#8222;Zeit&#8220; in einer gewissen Weise &#8222;erleben&#8220; kann. Dazu geh\u00f6rt etwa das Olympiastadion, oder aber zum Beispiel auch die Pfaueninsel. Nun gut&#8230;!<br \/>\n<span style=\"color: #ffffff;\">.<\/span><br \/>\nDas Luftschiff war zu diesem Zeitpunkt noch brandneu. Seine Jungfernfahrt erfolgte am 04. M\u00e4rz 1936. Nur kurze Zeit sp\u00e4ter, am 06. Mai 1937, wurde es beim Landeanflug in <a href=\"http:\/\/de.wikipedia.org\/wiki\/Lakehurst\" target=\"_blank\" rel=\"noopener noreferrer\">Lakehurst<\/a>\/USA zerst\u00f6rt. Vermutlich f\u00fchrte eine durch eine Gewitterfront hervorgerufenen statische Aufladung zu einem Feuerausbruch seiner <a href=\"http:\/\/de.wikipedia.org\/w\/index.php?title=Datei:Hindenburg_burning.jpg&amp;filetimestamp=20110703085707\" target=\"_blank\" rel=\"noopener noreferrer\">hochexplosiven<\/a> Wasserstofff\u00fcllung. Damit endete leider auch die \u00c4ra der Luftschiffe. Aber wer wei\u00df, ob die Verknappung von nicht erneuerbaren Energien nicht doch eines Tages zwangsl\u00e4ufig zur R\u00fcckkehr von Segel- und Luftschiffen f\u00fchren wird, Erd\u00f6l ist schlie\u00dflich ein zu wertvoller Stoff, um es einfach nur zu verbrennen. Die Faszination an den Luftschiffen besteht jedenfalls auch heute noch, wie auch das leider ungl\u00fcckliche Beispiel <a href=\"http:\/\/de.wikipedia.org\/wiki\/Cargolifter_AG\" target=\"_blank\" rel=\"noopener noreferrer\">Cargolifer<\/a> mit seiner riesigen Werfthalle (heute als Spa\u00dfbad &#8222;<a href=\"http:\/\/www.tropical-islands.de\" target=\"_blank\" rel=\"noopener noreferrer\">Tropical Islands<\/a>&#8220; genutzt)&nbsp; im Brandenburgischen Brand gezeigt hat.<br \/>\n<span style=\"color: #ffffff;\">.<\/span><br \/>\nInzwischen kamen noch zwei weitere Fotos hinzu, ich habe unten noch eine kleine Galerie &#8222;LZ 129&#8220; einrichtet:<br \/>\nngg_shortcode_0_placeholder<span style=\"color: #ffffff;\">.<\/span><\/p>\n<p style=\"text-align: justify;\"><strong><span style=\"text-decoration: underline;\">2. Die Marathon-Strecke:<\/span><\/strong><br \/>\n<a href=\"https:\/\/forst-grunewald.de\/wp-content\/uploads\/1936-Marathonstrecke.jpg\" target=\"_blank\" rel=\"noopener\"><img loading=\"lazy\" decoding=\"async\" class=\"alignright wp-image-22179\" src=\"https:\/\/forst-grunewald.de\/wp-content\/uploads\/1936-Marathonstrecke.jpg\" alt=\"\" width=\"200\" height=\"268\" srcset=\"https:\/\/forst-grunewald.de\/wp-content\/uploads\/1936-Marathonstrecke.jpg 640w, https:\/\/forst-grunewald.de\/wp-content\/uploads\/1936-Marathonstrecke-224x300.jpg 224w, https:\/\/forst-grunewald.de\/wp-content\/uploads\/1936-Marathonstrecke-112x150.jpg 112w\" sizes=\"auto, (max-width: 200px) 100vw, 200px\" \/><\/a>2:29:19,2 Stunden &#8211; Neuer Olympischer Rekord!<br \/>\nDas klingt, bezogen auf die heutigen Spitzenzeiten der m\u00e4nnlichen Laufelite von rd. 2:05 &#8211; 2:10 Stunden, nicht unbedingt schnell. Allerdings hat es die damalige Olympische Strecke auch in sich. Das Olympiastadion liegt auf dem &#8222;<a href=\"https:\/\/forst-grunewald.de\/?page_id=4659\" target=\"_blank\" rel=\"noopener noreferrer\">Breite Berg&#8220; bzw. &#8222;Pichelsberg<\/a>&#8220; und an der Havelchaussee geht es \u00fcber den &#8222;<a href=\"https:\/\/forst-grunewald.de\/?page_id=1749\" target=\"_blank\" rel=\"noopener noreferrer\">Karlsberg<\/a>&#8220; am Grunewaldturm, welcher damals noch &#8222;Kaiser-Wilhelm-Turm&#8220; hie\u00df, vorbei und die ganze Strecke dort hoch und runter. Dort aber wenigstens im Schatten. Dann kam die AVUS, eine Betonstrecke in der Sonne ohne Schatten und dann das ganze wieder zur\u00fcck. Diese Strecke kostete also viel Kraft und die Zielzeiten sind daf\u00fcr eigentlich umso bemerkenswerter.<br \/>\n<span style=\"color: #ffffff;\">.<\/span><\/p>\n<p style=\"text-align: justify;\"><strong><span style=\"text-decoration: underline;\">3. Laufbilder:<\/span><\/strong><br \/>\nHier querbeet einige Aufnahmen.<br \/>\nngg_shortcode_1_placeholder<em><br \/>\n<span style=\"color: #ffffff;\">.<\/span><br \/>\n<\/em><\/p>\n<p style=\"text-align: justify;\"><strong>4. Damalige offizielle Berichterstattung aus der &#8222;Olympiazeitung&#8220; vom 10. August 1936<\/strong>:<br \/>\n&#8222;<em><strong>Marathonsieg des Japaners Son in Rekordzeit<\/strong><\/em>&#8220;<br \/>\nngg_shortcode_2_placeholder<br \/>\n<span style=\"color: #ffffff;\">.<\/span><\/p>\n<p style=\"text-align: justify;\"><strong><span style=\"text-decoration: underline;\">5. Die deutschen L\u00e4ufer:<\/span><\/strong><br \/>\n<a href=\"https:\/\/forst-grunewald.de\/wp-content\/uploads\/1936-Marathon-deutscher-L\u00e4ufer.jpg\" target=\"_blank\" rel=\"noopener noreferrer\"><img loading=\"lazy\" decoding=\"async\" class=\"alignright wp-image-7765 size-medium\" src=\"https:\/\/forst-grunewald.de\/wp-content\/uploads\/1936-Marathon-deutscher-L\u00e4ufer-238x300.jpg\" alt=\"1936 Marathon deutscher L\u00e4ufer\" width=\"238\" height=\"300\" srcset=\"https:\/\/forst-grunewald.de\/wp-content\/uploads\/1936-Marathon-deutscher-L\u00e4ufer-238x300.jpg 238w, https:\/\/forst-grunewald.de\/wp-content\/uploads\/1936-Marathon-deutscher-L\u00e4ufer-119x150.jpg 119w, https:\/\/forst-grunewald.de\/wp-content\/uploads\/1936-Marathon-deutscher-L\u00e4ufer-400x504.jpg 400w, https:\/\/forst-grunewald.de\/wp-content\/uploads\/1936-Marathon-deutscher-L\u00e4ufer.jpg 700w\" sizes=\"auto, (max-width: 238px) 100vw, 238px\" \/><\/a>Am Lauf haben drei deutsche L\u00e4ufer teilgenommen. Laut German Road Races &#8222;<a href=\"http:\/\/www.germanroadraces.de\/71-0-marathon-meisterschaften-des-dlv.html\" target=\"_blank\" rel=\"noopener noreferrer\">Die Historie der Marathon-Meisterschaften des DLV<\/a>&#8220; beendete <strong>Franz Barsicke<\/strong> den Lauf nach 9 km infolge eines Muskelrisses und <a href=\"http:\/\/de.wikipedia.org\/wiki\/Paul_de_Bruyn_%28Marathonl%C3%A4ufer%29\" target=\"_blank\" rel=\"noopener noreferrer\"><strong>Paul de Bruyn<\/strong><\/a> nach 34 km wegen Ersch\u00f6pfung. Laut <a href=\"http:\/\/de.wikipedia.org\/wiki\/Paul_de_Bruyn_%28Marathonl%C3%A4ufer%29\" target=\"_blank\" rel=\"noopener noreferrer\">Wikipedia<\/a> gab de Bruyn an, er sei mit der ihm fremden Disziplin im deutschen Trainingslager, die Kasernierung und viele Waldl\u00e4ufe beinhaltete, nicht zurechtgekommen. Der dritte deutscher L\u00e4ufer erzielte in 2:59:33,4 Stunden den 29. Platz. Im Internet wird sein Name unterschiedlich genannt: <strong>E<span style=\"text-decoration: underline;\">rnst<\/span> Br<span style=\"text-decoration: underline;\">ae<\/span>s<span style=\"text-decoration: underline;\">i<\/span>cke<\/strong> bei German Road Races (<a href=\"http:\/\/www.germanroadraces.de\/24-0-6660-marathon-athen-welcome-home-.html\" target=\"_blank\" rel=\"noopener noreferrer\">1<\/a> und <a href=\"http:\/\/www.germanroadraces.de\/24-0-6661-die-historische-olympialaufserie-xi-marathon-der-maenner.html\" target=\"_blank\" rel=\"noopener noreferrer\">2<\/a>) und Wikepedia (<a href=\"http:\/\/de.wikipedia.org\/wiki\/Olympische_Sommerspiele_1936\/Teilnehmer_%28Deutschland%29\" target=\"_blank\" rel=\"noopener noreferrer\">3<\/a>) und <strong>E<span style=\"text-decoration: underline;\">duard<\/span> Br<span style=\"text-decoration: underline;\">\u00e4<\/span>s<span style=\"text-decoration: underline;\">e<\/span>cke<\/strong> bei Wikipedia (<a href=\"http:\/\/de.wikipedia.org\/wiki\/Eduard_Br%C3%A4secke\" target=\"_blank\" rel=\"noopener noreferrer\">4<\/a>) und SR (<a href=\"http:\/\/www.sports-reference.com\/olympics\/summer\/1936\/ATH\/mens-marathon.html\" target=\"_blank\" rel=\"noopener noreferrer\">5<\/a> und <a href=\"http:\/\/www.sports-reference.com\/olympics\/athletes\/br\/eduard-braesecke-1.html\" target=\"_blank\" rel=\"noopener noreferrer\">6<\/a>).<br \/>\nNebenstehend habe ich hier ein Streckenfoto eines deutschen L\u00e4ufers vom Olympischen Marathon 1936 beigef\u00fcgt, bei welchem es sich entweder um Barsicke oder Braesicke\/Br\u00e4secke handelt. Zwei Fotos von Paul de Bruyn nach seinem Sieg beim Boston-Marathon 1932 finden sich bei flickr, <a href=\"http:\/\/www.flickr.com\/photos\/boston_public_library\/5617440646\/in\/photostream\/\" target=\"_blank\" rel=\"noopener noreferrer\">hier<\/a> und <a href=\"http:\/\/www.flickr.com\/photos\/boston_public_library\/5617440576\/in\/photostream\/\" target=\"_blank\" rel=\"noopener noreferrer\">hier<\/a>.<br \/>\nBemerkenswert ist, dass die deutschen L\u00e4ufer in der Berichterstattung der Olympiazeitung (siehe 4.) unerw\u00e4hnt bleiben, so dass ich anhand dieser Original-Quelle nichts in Erfahrung bringen konnte und auch in den bei <a href=\"http:\/\/www.youtube.com\/results?search_query=Marathon+1936&amp;aq=f\" target=\"_blank\" rel=\"noopener noreferrer\">YouTube<\/a> eingestellten Videosequenzen der <a href=\"http:\/\/de.wikipedia.org\/wiki\/Leni_Riefenstahl\" target=\"_blank\" rel=\"noopener noreferrer\">Riefenstahl<\/a>-Filme habe ich keine Erw\u00e4hnung \u00fcber die deutschen L\u00e4ufer gefunden.<br \/>\n<strong>Wer etwas beitragen kann, so freue ich mich unten \u00fcber einen Kommentar oder \u00fcber eine <a href=\"mailto:uwe.gerber@berliner-laufbilder.de\" target=\"_blank\" rel=\"noopener noreferrer\">eMail<\/a><\/strong>.<br \/>\n<span style=\"color: #ffffff;\">.<\/span><\/p>\n<p style=\"text-align: justify;\"><strong><span style=\"text-decoration: underline;\">6. Die drei ersten Sieger<\/span><\/strong><br \/>\n1. <a href=\"http:\/\/de.wikipedia.org\/wiki\/Son_Kitei\" target=\"_blank\" rel=\"noopener noreferrer\">Kee Chung-sohn<\/a> (japanisierter Name Kitei Son) (Japan\/Korea) in 2:29:19,2 Stunden (Olympischer Rekord, erstmals unter 2:30 Stunden)<strong><br \/>\n<\/strong>2. <a href=\"http:\/\/de.wikipedia.org\/wiki\/Ernie_Harper\" target=\"_blank\" rel=\"noopener noreferrer\">Ernest Harper<\/a> (Gro\u00dfbritannien) in 2:31:23,2 Stunden<br \/>\n3. <a href=\"http:\/\/de.wikipedia.org\/wiki\/Nan_Sh%C5%8Dry%C5%AB\" target=\"_blank\" rel=\"noopener noreferrer\">Shoryu Nan<\/a> (Japan) in 2:31:42,0 Stunden<br \/>\nLesenswert ist in diesem Zusammenhang auch der Artikel &#8222;<a href=\"http:\/\/www.germanroadraces.de\/274-0-10693-wie-kee-chungsohn-als-kitei-son-olympisches.html?npi=6\" target=\"_blank\" rel=\"noopener noreferrer\">Wie &#8222;Kee Chung-sohn&#8220; als &#8222;Kitei Son&#8220; Olympisches Marathon Gold 1936 in Berlin gewann&#8230;<\/a>&#8220; aus dem Jahre 2002 von <a href=\"http:\/\/de.wikipedia.org\/wiki\/Horst_Milde_%28Marathonorganisator%29\" target=\"_blank\" rel=\"noopener noreferrer\">Horst Milde<\/a>, dem Begr\u00fcnder und von 1974 &#8211; 2003 Hauptorganisator des heutigen Berlin-Marathon.<br \/>\nngg_shortcode_3_placeholder<\/p>\n<p><span style=\"text-decoration: underline;\">Weiterf\u00fchrend:<\/span><\/p>\n<ul>\n<li><a href=\"http:\/\/1936.dra.de\/index.php?id=128\" target=\"_blank\" rel=\"noopener noreferrer\">Deutsches Rundfunkarchiv<\/a>: &#8222;Besonderheiten bei der Rundfunk\u00fcbertragung des Marathonlaufs&#8220; mit <a href=\"http:\/\/1936.dra.de\/uploads\/mp3\/B004756093.mp3\" target=\"_blank\" rel=\"noopener noreferrer\">mp3-H\u00f6rzitat<\/a><\/li>\n<li><a href=\"http:\/\/www.youtube.com\/watch?v=JQY6MfX5420\" target=\"_blank\" rel=\"noopener noreferrer\">YouToube<\/a>: Leni Riefenstahl Marathon-Film(ausschnitt)<\/li>\n<\/ul>\n<p>&nbsp;<\/p>\n<p>&nbsp;<\/p>\n","protected":false},"excerpt":{"rendered":"<p>Olympiagel\u00e4nde Ich wei\u00df nicht genau, Olympische Spiele 1936 ist ein schwieriges Thema, schlie\u00dflich wurden die Spiele als Propagandamittel des Nationalsozialistischen Regimes missbraucht und mehr. Das&hellip;<\/p>\n","protected":false},"author":1,"featured_media":0,"parent":0,"menu_order":0,"comment_status":"closed","ping_status":"closed","template":"template\/full-width.php","meta":{"ngg_post_thumbnail":0,"iawp_total_views":21,"footnotes":""},"class_list":["post-7753","page","type-page","status-publish","hentry"],"_links":{"self":[{"href":"https:\/\/forst-grunewald.de\/index.php?rest_route=\/wp\/v2\/pages\/7753","targetHints":{"allow":["GET"]}}],"collection":[{"href":"https:\/\/forst-grunewald.de\/index.php?rest_route=\/wp\/v2\/pages"}],"about":[{"href":"https:\/\/forst-grunewald.de\/index.php?rest_route=\/wp\/v2\/types\/page"}],"author":[{"embeddable":true,"href":"https:\/\/forst-grunewald.de\/index.php?rest_route=\/wp\/v2\/users\/1"}],"replies":[{"embeddable":true,"href":"https:\/\/forst-grunewald.de\/index.php?rest_route=%2Fwp%2Fv2%2Fcomments&post=7753"}],"version-history":[{"count":34,"href":"https:\/\/forst-grunewald.de\/index.php?rest_route=\/wp\/v2\/pages\/7753\/revisions"}],"predecessor-version":[{"id":22185,"href":"https:\/\/forst-grunewald.de\/index.php?rest_route=\/wp\/v2\/pages\/7753\/revisions\/22185"}],"wp:attachment":[{"href":"https:\/\/forst-grunewald.de\/index.php?rest_route=%2Fwp%2Fv2%2Fmedia&parent=7753"}],"curies":[{"name":"wp","href":"https:\/\/api.w.org\/{rel}","templated":true}]}}