{"id":728,"date":"2012-06-05T17:32:34","date_gmt":"2012-06-05T17:32:34","guid":{"rendered":"http:\/\/forst-grunewald.de\/wordpress\/?page_id=728"},"modified":"2024-05-06T07:30:13","modified_gmt":"2024-05-06T06:30:13","slug":"barschsee","status":"publish","type":"page","link":"https:\/\/forst-grunewald.de\/?page_id=728","title":{"rendered":"Barschsee"},"content":{"rendered":"<p style=\"text-align: justify;\">Der Barschsee liegt im <a href=\"https:\/\/forst-grunewald.de\/?page_id=689\" target=\"_blank\" rel=\"noopener noreferrer\">Grunewaldgraben<\/a> nahe der Saubucht. Vom n\u00f6rdlich liegenden Pechsee ist er durch einen der im Grunewald \u00fcblichen (und hier m\u00e4chtigen) Querriegel getrennt.<\/p>\n<p style=\"text-align: justify;\"><a href=\"https:\/\/forst-grunewald.de\/wp-content\/uploads\/2012-06-06-BezA.-Barssee-und-Pechsee.jpg\" target=\"_blank\" rel=\"noopener noreferrer\"><img loading=\"lazy\" decoding=\"async\" width=\"150\" height=\"104\" class=\"alignright wp-image-743\" title=\"2012-06-06 BezA. Barssee und Pechsee\" src=\"https:\/\/forst-grunewald.de\/wp-content\/uploads\/2012-06-06-BezA.-Barssee-und-Pechsee-150x104.jpg\" alt=\"\" srcset=\"https:\/\/forst-grunewald.de\/wp-content\/uploads\/2012-06-06-BezA.-Barssee-und-Pechsee-150x104.jpg 150w, https:\/\/forst-grunewald.de\/wp-content\/uploads\/2012-06-06-BezA.-Barssee-und-Pechsee-300x208.jpg 300w, https:\/\/forst-grunewald.de\/wp-content\/uploads\/2012-06-06-BezA.-Barssee-und-Pechsee-400x278.jpg 400w, https:\/\/forst-grunewald.de\/wp-content\/uploads\/2012-06-06-BezA.-Barssee-und-Pechsee.jpg 844w\" sizes=\"auto, (max-width: 150px) 100vw, 150px\" \/><\/a>Nebenstehend die Information des Bezirksamts Charlottenburg-Wilmersdorf \u00fcber den See.<\/p>\n<p style=\"text-align: justify;\">Der heute (offizielle) gebr\u00e4uchliche Name lautet: <strong>Barssee<\/strong><\/p>\n<p style=\"text-align: justify;\">Aber ist dies wirklich sein richtiger Name, oder beruht er auf einen Irrtum?<\/p>\n<p><span style=\"text-decoration: underline;\"><strong>Namens-\u00dcbersicht (Abk\u00fcrzungen belassen, die Landkarten befinden sich zum Teil in der Galerie):<\/strong><\/span><\/p>\n<div><div class=\"spoiler-wrap\">\n\t\t\t\t<div class=\"spoiler-head folded\">Spoiler<\/div>\n\t\t\t\t<div class=\"spoiler-body\"><span style=\"color: #ffffff\"><strong>.<\/strong><span style=\"text-decoration: underline\"><strong><br \/>\n<\/strong><\/span><\/span><\/p>\n<table style=\"border-width: 0px;border-style: solid\" border=\"0\">\n<tbody>\n<tr>\n<td style=\"border: 1px solid #993366;text-align: left;vertical-align: top\"><span style=\"font-size: x-small\">1455<\/span><\/td>\n<td style=\"border: 1px solid #993366;text-align: left;vertical-align: top\"><span style=\"font-size: x-small\">Barssehe<\/span><\/td>\n<td style=\"border: 1px solid #993366;text-align: left;vertical-align: top\"><span style=\"font-size: x-small\">Schriftst\u00fcck<\/span><\/td>\n<td style=\"border: 1px solid #993366;text-align: left;vertical-align: top\"><span style=\"font-size: x-small\">Bezugnahme bei Berdrow 1902<\/span><\/td>\n<\/tr>\n<tr>\n<td style=\"border: 1px solid #993366;text-align: left;vertical-align: top\"><span style=\"font-size: x-small\">1455<\/span><\/td>\n<td style=\"border: 1px solid #993366;text-align: left;vertical-align: top\"><span style=\"font-size: x-small\">Parssee<\/span><\/td>\n<td style=\"border: 1px solid #993366;text-align: left;vertical-align: top\"><span style=\"font-size: x-small\">Schriftst\u00fcck<\/span><\/td>\n<td style=\"border: 1px solid #993366;text-align: left;vertical-align: top\"><span style=\"font-size: x-small\">Bezugnahme bei Luisenstadt Berlin 2009 (mit P)<\/span><\/td>\n<\/tr>\n<tr>\n<td style=\"border: 1px solid #993366;text-align: left;vertical-align: top\"><span style=\"font-size: x-small\">1755<\/span><\/td>\n<td style=\"border: 1px solid #993366;text-align: left;vertical-align: top\"><span style=\"font-size: x-small\"><strong>Barsch See<\/strong><\/span><\/td>\n<td style=\"border: 1px solid #993366;text-align: left;vertical-align: top\"><span style=\"font-size: x-small\">Landkarte<\/span><\/td>\n<td style=\"border: 1px solid #993366;text-align: left;vertical-align: top\"><span style=\"font-size: x-small\">am Forsthaus Hundekehlefenn<\/span><\/td>\n<\/tr>\n<tr>\n<td style=\"border: 1px solid #993366;text-align: left;vertical-align: top\"><span style=\"font-size: x-small\">1810<\/span><\/td>\n<td style=\"border: 1px solid #993366;text-align: left;vertical-align: top\"><span style=\"font-size: x-small\">Baars See<\/span><\/td>\n<td style=\"border: 1px solid #993366;text-align: left;vertical-align: top\"><a href=\"https:\/\/forst-grunewald.de\/wp-content\/gallery\/grunewaldseen-barschsee\/1810-saubuchtgebiet-repro-1983-kunstamt-wilmersdorf.jpg\" target=\"_blank\" rel=\"noopener noreferrer\"><span style=\"font-size: x-small\">Landkarte<\/span><\/a><\/td>\n<td style=\"border: 1px solid #993366;text-align: left;vertical-align: top\"><span style=\"font-size: x-small\">Reproduktion<\/span><\/td>\n<\/tr>\n<tr>\n<td style=\"border: 1px solid #993366;text-align: left;vertical-align: top\"><span style=\"font-size: x-small\">1841<\/span><\/td>\n<td style=\"border: 1px solid #993366;text-align: left;vertical-align: top\"><span style=\"font-size: x-small\"><strong>Barsch See<\/strong><\/span><\/td>\n<td style=\"border: 1px solid #993366;text-align: left;vertical-align: top\"><a href=\"https:\/\/forst-grunewald.de\/wp-content\/gallery\/grunewaldseen-barschsee\/1841-manoeuver-plan-barsch-see-und-pech-see.jpg\" target=\"_blank\" rel=\"noopener noreferrer\"><span style=\"font-size: x-small\">Landkarte<\/span><\/a><\/td>\n<td style=\"border: 1px solid #993366;text-align: left;vertical-align: top\"><span style=\"font-size: x-small\">Manoeuver Plan<\/span><\/td>\n<\/tr>\n<tr>\n<td style=\"border: 1px solid #993366;text-align: left;vertical-align: top\"><span style=\"font-size: x-small\">1860<\/span><\/td>\n<td style=\"border: 1px solid #993366;text-align: left;vertical-align: top\"><span style=\"font-size: x-small\"><strong>Barsch S.<\/strong><\/span><\/td>\n<td style=\"border: 1px solid #993366;text-align: left;vertical-align: top\"><span style=\"font-size: x-small\">Landkarte<\/span><\/td>\n<td style=\"border: 1px solid #993366;text-align: left;vertical-align: top\"><span style=\"font-size: x-small\">Beringuier<\/span><\/td>\n<\/tr>\n<tr>\n<td style=\"border: 1px solid #993366;text-align: left;vertical-align: top\"><span style=\"font-size: x-small\">1863<\/span><\/td>\n<td style=\"border: 1px solid #993366;text-align: left;vertical-align: top\"><span style=\"font-size: x-small\"><strong>Barsch S.<\/strong><\/span><\/td>\n<td style=\"border: 1px solid #993366;text-align: left;vertical-align: top\"><a href=\"https:\/\/forst-grunewald.de\/wp-content\/gallery\/grunewaldseen-barschsee\/1863-verlag-der-lithographischen-anstalt-von-theodor-mettke-berlin-barsch-see.jpg\" target=\"_blank\" rel=\"noopener noreferrer\"><span style=\"font-size: x-small\">Landkarte<\/span><\/a><\/td>\n<td style=\"border: 1px solid #993366;text-align: left;vertical-align: top\"><span style=\"font-size: x-small\">Mettke<\/span><\/td>\n<\/tr>\n<tr>\n<td style=\"border: 1px solid #993366;text-align: left;vertical-align: top\"><span style=\"font-size: x-small\">1880<\/span><\/td>\n<td style=\"border: 1px solid #993366;text-align: left;vertical-align: top\"><span style=\"font-size: x-small\"><strong>Barsch S<\/strong><\/span><\/td>\n<td style=\"border: 1px solid #993366;text-align: left;vertical-align: top\"><a href=\"https:\/\/forst-grunewald.de\/wp-content\/gallery\/grunewaldseen-barschsee\/1880-spandau-repro-1991-stabi-beza-4-barschsee-pechsee.jpg\" target=\"_blank\" rel=\"noopener noreferrer\"><span style=\"font-size: x-small\">Landkarte<\/span><\/a><\/td>\n<td style=\"border: 1px solid #993366;text-align: left;vertical-align: top\"><span style=\"font-size: x-small\">Unbekannt, Reproduktion 1991 Stabi\/Bez.A.<\/span><\/td>\n<\/tr>\n<tr>\n<td style=\"border: 1px solid #993366;text-align: left;vertical-align: top\"><span style=\"font-size: x-small\">1890<\/span><\/td>\n<td style=\"border: 1px solid #993366;text-align: left;vertical-align: top\"><span style=\"font-size: x-small\"><strong>Barsch S.<\/strong><\/span><\/td>\n<td style=\"border: 1px solid #993366;text-align: left;vertical-align: top\"><a href=\"https:\/\/forst-grunewald.de\/wp-content\/gallery\/grunewaldseen-barschsee\/1890-siegmar-graf-dohna-barschsee-pechsee.jpg\" target=\"_blank\" rel=\"noopener noreferrer\"><span style=\"font-size: x-small\">Landkarte<\/span><\/a><\/td>\n<td style=\"border: 1px solid #993366;text-align: left;vertical-align: top\"><span style=\"font-size: x-small\">Dohna<\/span><\/td>\n<\/tr>\n<tr>\n<td style=\"border: 1px solid #993366;text-align: left;vertical-align: top\"><span style=\"font-size: x-small\">1891<\/span><\/td>\n<td style=\"border: 1px solid #993366;text-align: left;vertical-align: top\"><span style=\"font-size: x-small\"><strong>Barsch S<\/strong><\/span><\/td>\n<td style=\"border: 1px solid #993366;text-align: left;vertical-align: top\"><a href=\"https:\/\/forst-grunewald.de\/wp-content\/gallery\/grunewaldseen-barschsee\/1891-saubuchtgebiet-kiessling.jpg\" target=\"_blank\" rel=\"noopener noreferrer\"><span style=\"font-size: x-small\">Landkarte<\/span><\/a><\/td>\n<td style=\"border: 1px solid #993366;text-align: left;vertical-align: top\"><span style=\"font-size: x-small\">Kiessling<\/span><\/td>\n<\/tr>\n<tr>\n<td style=\"border: 1px solid #993366;text-align: left;vertical-align: top\"><span style=\"font-size: x-small\">1894<\/span><\/td>\n<td style=\"border: 1px solid #993366;text-align: left;vertical-align: top\"><span style=\"font-size: x-small\"><strong>Barsch-See<\/strong><\/span><\/td>\n<td style=\"border: 1px solid #993366;text-align: left;vertical-align: top\"><span style=\"font-size: x-small\">Wanderf\u00fchrer<\/span><\/td>\n<td style=\"border: 1px solid #993366;text-align: left;vertical-align: top\"><span style=\"font-size: x-small\"><a href=\"https:\/\/forst-grunewald.de\/?page_id=361\" target=\"_blank\" rel=\"noopener noreferrer\">Fontane<\/a><\/span><\/td>\n<\/tr>\n<tr>\n<td style=\"border: 1px solid #993366;text-align: left;vertical-align: top\"><span style=\"font-size: x-small\">1895<\/span><\/td>\n<td style=\"border: 1px solid #993366;text-align: left;vertical-align: top\"><span style=\"font-size: x-small\"><strong>Barsch S.<\/strong><\/span><\/td>\n<td style=\"border: 1px solid #993366;text-align: left;vertical-align: top\"><a href=\"https:\/\/forst-grunewald.de\/wp-content\/gallery\/grunewaldseen-barschsee\/1895-kiessling-sw-grunewald-barschsee.jpg\" target=\"_blank\" rel=\"noopener noreferrer\"><span style=\"font-size: x-small\">Landkarte<\/span><\/a><\/td>\n<td style=\"border: 1px solid #993366;text-align: left;vertical-align: top\"><span style=\"font-size: x-small\">Kiessling (6. Auflage)<\/span><\/td>\n<\/tr>\n<tr>\n<td style=\"border: 1px solid #993366;text-align: left;vertical-align: top\"><span style=\"font-size: x-small\">1899<\/span><\/td>\n<td style=\"border: 1px solid #993366;text-align: left;vertical-align: top\"><span style=\"font-size: x-small\"><strong>Barsch S.<\/strong><\/span><\/td>\n<td style=\"border: 1px solid #993366;text-align: left;vertical-align: top\"><span style=\"font-size: x-small\"><a href=\"https:\/\/forst-grunewald.de\/wp-content\/gallery\/grunewaldseen-barschsee\/1899-kiessling-12-auflagebarschsee-klein.jpg\" target=\"_blank\" rel=\"noopener noreferrer\">Landkarte<\/a><\/span><\/td>\n<td style=\"border: 1px solid #993366;text-align: left;vertical-align: top\"><span style=\"font-size: x-small\">Kiessling (12. Auflage)<\/span><\/td>\n<\/tr>\n<tr>\n<td style=\"border: 1px solid #993366;text-align: left;vertical-align: top\"><span style=\"font-size: x-small\">1900<\/span><\/td>\n<td style=\"border: 1px solid #993366;text-align: left;vertical-align: top\"><span style=\"font-size: x-small\"><strong>Barsch S.<\/strong><\/span><\/td>\n<td style=\"border: 1px solid #993366;text-align: left;vertical-align: top\"><a href=\"https:\/\/forst-grunewald.de\/wp-content\/gallery\/grunewaldseen-barschsee\/1900-saubuchtgebiet-kiessling.jpg\" target=\"_blank\" rel=\"noopener noreferrer\"><span style=\"font-size: x-small\">Landkarte<\/span><\/a><\/td>\n<td style=\"border: 1px solid #993366;text-align: left;vertical-align: top\"><span style=\"font-size: x-small\">Kiessling<\/span><\/td>\n<\/tr>\n<tr>\n<td style=\"border: 1px solid #993366;text-align: left;vertical-align: top\"><span style=\"font-size: x-small\">1902<\/span><\/td>\n<td style=\"border: 1px solid #993366;text-align: left;vertical-align: top\"><span style=\"font-size: x-small\"><strong>Barschsee<\/strong><\/span><\/td>\n<td style=\"border: 1px solid #993366;text-align: left;vertical-align: top\"><span style=\"font-size: x-small\">Wanderf\u00fchrer<\/span><\/td>\n<td style=\"border: 1px solid #993366;text-align: left;vertical-align: top\"><span style=\"font-size: x-small\"><a href=\"https:\/\/forst-grunewald.de\/?page_id=676\" target=\"_blank\" rel=\"noopener noreferrer\">Berdrow<\/a><\/span><\/td>\n<\/tr>\n<tr>\n<td style=\"border: 1px solid #993366;text-align: left;vertical-align: top\"><span style=\"font-size: x-small\">1902<\/span><\/td>\n<td style=\"border: 1px solid #993366;text-align: left;vertical-align: top\"><span style=\"font-size: x-small\"><strong>Bars S.<\/strong><\/span><\/td>\n<td style=\"border: 1px solid #993366;text-align: left;vertical-align: top\"><span style=\"font-size: x-small\">Landkarte, <a href=\"https:\/\/forst-grunewald.de\/wp-content\/gallery\/grunewaldseen-barschsee\/1902-saubuchtgebiet-gliederung-berdrow.jpg\" target=\"_blank\" rel=\"noopener noreferrer\">Handskizze<\/a><\/span><\/td>\n<td style=\"border: 1px solid #993366;text-align: left;vertical-align: top\"><span style=\"font-size: x-small\">Berdrow als Anlage zum Wanderf\u00fchrer <\/span><span style=\"font-size: x-small\">(hier offensichtlich als eine Namens-Abk\u00fcrzung!)<\/span><\/td>\n<\/tr>\n<tr>\n<td style=\"border: 1px solid #993366;text-align: left;vertical-align: top\"><span style=\"font-size: x-small\">1904<\/span><\/td>\n<td style=\"border: 1px solid #993366;text-align: left;vertical-align: top\"><span style=\"font-size: x-small\">Bars S.<\/span><\/td>\n<td style=\"border: 1px solid #993366;text-align: left;vertical-align: top\"><span style=\"font-size: x-small\">Landkarte<\/span><\/td>\n<td style=\"border: 1px solid #993366;text-align: left;vertical-align: top\"><span style=\"font-size: x-small\">Pharus<\/span><\/td>\n<\/tr>\n<tr>\n<td style=\"border: 1px solid #993366;text-align: left;vertical-align: top\"><span style=\"font-size: x-small\">1906<\/span><\/td>\n<td style=\"border: 1px solid #993366;text-align: left;vertical-align: top\"><span style=\"font-size: x-small\">Bars S<\/span><\/td>\n<td style=\"border: 1px solid #993366;text-align: left;vertical-align: top\"><span style=\"font-size: x-small\">Landkarte<\/span><\/td>\n<td style=\"border: 1px solid #993366;text-align: left;vertical-align: top\"><span style=\"font-size: x-small\">Justiz-Straube<\/span><\/td>\n<\/tr>\n<tr>\n<td style=\"border: 1px solid #993366;text-align: left;vertical-align: top\"><span style=\"font-size: x-small\">1909<\/span><\/td>\n<td style=\"border: 1px solid #993366;text-align: left;vertical-align: top\"><span style=\"font-size: x-small\"><strong>Barsch See<\/strong><\/span><\/td>\n<td style=\"border: 1px solid #993366;text-align: left;vertical-align: top\"><span style=\"font-size: x-small\"><a href=\"https:\/\/forst-grunewald.de\/wp-content\/gallery\/grunewaldseen-barschsee\/1909-ca-kiessling-barschsee.jpg\" target=\"_blank\" rel=\"noopener noreferrer\">Landkarte<\/a><\/span><\/td>\n<td style=\"border: 1px solid #993366;text-align: left;vertical-align: top\"><span style=\"font-size: x-small\">Kiessling (2. Auflage)<\/span><\/td>\n<\/tr>\n<tr>\n<td style=\"border: 1px solid #993366;text-align: left;vertical-align: top\"><span style=\"font-size: x-small\">1910<\/span><\/td>\n<td style=\"border: 1px solid #993366;text-align: left;vertical-align: top\"><span style=\"font-size: x-small\"><strong>Barsch S<\/strong><\/span><\/td>\n<td style=\"border: 1px solid #993366;text-align: left;vertical-align: top\"><a href=\"https:\/\/forst-grunewald.de\/wp-content\/gallery\/grunewaldseen-barschsee\/1910-barsch-see-holzverlag.jpg\" target=\"_blank\" rel=\"noopener noreferrer\"><span style=\"font-size: x-small\">Landkarte<\/span><\/a><\/td>\n<td style=\"border: 1px solid #993366;text-align: left;vertical-align: top\"><span style=\"font-size: x-small\">Holzverlag<\/span><\/td>\n<\/tr>\n<tr>\n<td style=\"border: 1px solid #993366;text-align: left;vertical-align: top\"><span style=\"font-size: x-small\">1910<\/span><\/td>\n<td style=\"border: 1px solid #993366;text-align: left;vertical-align: top\"><span style=\"font-size: x-small\"><strong>Barsch S.<\/strong><\/span><\/td>\n<td style=\"border: 1px solid #993366;text-align: left;vertical-align: top\"><a href=\"https:\/\/forst-grunewald.de\/wp-content\/gallery\/grunewaldseen-barschsee\/1910-barsch-see-straube.jpg\" target=\"_blank\" rel=\"noopener noreferrer\"><span style=\"font-size: x-small\">Landkarte<\/span><\/a><\/td>\n<td style=\"border: 1px solid #993366;text-align: left;vertical-align: top\"><span style=\"font-size: x-small\">Straube<\/span><\/td>\n<\/tr>\n<tr>\n<td style=\"border: 1px solid #993366;text-align: left;vertical-align: top\"><span style=\"font-size: x-small\">1911<\/span><\/td>\n<td style=\"border: 1px solid #993366;text-align: left;vertical-align: top\"><span style=\"font-size: x-small\"><strong>Barschsee<\/strong><\/span><\/td>\n<td style=\"border: 1px solid #993366;text-align: left;vertical-align: top\"><a href=\"https:\/\/forst-grunewald.de\/wp-content\/gallery\/grunewaldseen-barschsee\/1911-11-26-barschsee-klein.jpg\" target=\"_blank\" rel=\"noopener noreferrer\"><span style=\"font-size: x-small\">Postkarte<\/span><\/a><\/td>\n<td style=\"border: 1px solid #993366;text-align: left;vertical-align: top\"><span style=\"font-size: x-small\">gelaufen 26.11.1911<\/span><\/td>\n<\/tr>\n<tr>\n<td style=\"border: 1px solid #993366;text-align: left;vertical-align: top\"><span style=\"font-size: x-small\">1912<\/span><\/td>\n<td style=\"border: 1px solid #993366;text-align: left;vertical-align: top\"><span style=\"font-size: x-small\"><strong>Barsch S.<\/strong><\/span><\/td>\n<td style=\"border: 1px solid #993366;text-align: left;vertical-align: top\"><a href=\"https:\/\/forst-grunewald.de\/wp-content\/gallery\/grunewaldseen-barschsee\/1912-barsch-see-kiessling.jpg\" target=\"_blank\" rel=\"noopener noreferrer\"><span style=\"font-size: x-small\">Landkarte<\/span><\/a><\/td>\n<td style=\"border: 1px solid #993366;text-align: left;vertical-align: top\"><span style=\"font-size: x-small\">Kiessling<\/span><\/td>\n<\/tr>\n<tr>\n<td style=\"border: 1px solid #993366;text-align: left;vertical-align: top\"><span style=\"font-size: x-small\">1914<\/span><\/td>\n<td style=\"border: 1px solid #993366;text-align: left;vertical-align: top\"><span style=\"font-size: x-small\"><strong>Barschsee<\/strong><\/span><\/td>\n<td style=\"border: 1px solid #993366;text-align: left;vertical-align: top\"><a href=\"https:\/\/forst-grunewald.de\/wp-content\/gallery\/grunewaldseen-barschsee\/1914-07-05-barschsee-klein.jpg\" target=\"_blank\" rel=\"noopener noreferrer\"><span style=\"font-size: x-small\">Postkarte<\/span><\/a><\/td>\n<td style=\"border: 1px solid #993366;text-align: left;vertical-align: top\"><span style=\"font-size: x-small\">gelaufen 06.07.1914<\/span><\/td>\n<\/tr>\n<tr>\n<td style=\"border: 1px solid #993366;text-align: left;vertical-align: top\"><span style=\"font-size: x-small\">1915<\/span><\/td>\n<td style=\"border: 1px solid #993366;text-align: left;vertical-align: top\"><span style=\"font-size: x-small\">Bars-S<\/span><\/td>\n<td style=\"border: 1px solid #993366;text-align: left;vertical-align: top\"><span style=\"font-size: x-small\">Landkarte<\/span><\/td>\n<td style=\"border: 1px solid #993366;text-align: left;vertical-align: top\"><span style=\"font-size: x-small\">K\u00f6nigliche Landesaufnahme 1:100.000<br \/>\n<\/span><\/td>\n<\/tr>\n<tr>\n<td style=\"border: 1px solid #993366;text-align: left;vertical-align: top\"><span style=\"font-size: x-small\">1920<\/span><\/td>\n<td style=\"border: 1px solid #993366;text-align: left;vertical-align: top\"><span style=\"font-size: x-small\">Barssee<\/span><\/td>\n<td style=\"border: 1px solid #993366;text-align: left;vertical-align: top\"><span style=\"font-size: x-small\">Landkarte<\/span><\/td>\n<td style=\"border: 1px solid #993366;text-align: left;vertical-align: top\"><span style=\"font-size: x-small\">Holzverlag<\/span><\/td>\n<\/tr>\n<tr>\n<td style=\"border: 1px solid #993366;text-align: left;vertical-align: top\"><span style=\"font-size: x-small\">1921<\/span><\/td>\n<td style=\"border: 1px solid #993366;text-align: left;vertical-align: top\"><span style=\"font-size: x-small\">Bars-S.<\/span><\/td>\n<td style=\"border: 1px solid #993366;text-align: left;vertical-align: top\"><span style=\"font-size: x-small\">Landkarte<\/span><\/td>\n<td style=\"border: 1px solid #993366;text-align: left;vertical-align: top\"><span style=\"font-size: x-small\">Reichsamt 1:100.000<br \/>\n<\/span><\/td>\n<\/tr>\n<tr>\n<td style=\"border: 1px solid #993366;text-align: left;vertical-align: top\"><span style=\"font-size: x-small\">1927<\/span><\/td>\n<td style=\"border: 1px solid #993366;text-align: left;vertical-align: top\"><span style=\"font-size: x-small\">Barssee<\/span><\/td>\n<td style=\"border: 1px solid #993366;text-align: left;vertical-align: top\"><span style=\"font-size: x-small\">Wanderf\u00fchrer<\/span><\/td>\n<td style=\"border: 1px solid #993366;text-align: left;vertical-align: top\"><span style=\"font-size: x-small\"><a href=\"https:\/\/forst-grunewald.de\/?page_id=361\" target=\"_blank\" rel=\"noopener noreferrer\">Wolter\/Sommer\/Klotz<\/a><\/span><\/td>\n<\/tr>\n<tr>\n<td style=\"border: 1px solid #993366;text-align: left;vertical-align: top\"><span style=\"font-size: x-small\">1930<\/span><\/td>\n<td style=\"border: 1px solid #993366;text-align: left;vertical-align: top\"><span style=\"font-size: x-small\">Barssee<\/span><\/td>\n<td style=\"border: 1px solid #993366;text-align: left;vertical-align: top\"><span style=\"font-size: x-small\">Landkarte<\/span><\/td>\n<td style=\"border: 1px solid #993366;text-align: left;vertical-align: top\"><span style=\"font-size: x-small\">Holzverlag<\/span><\/td>\n<\/tr>\n<tr>\n<td style=\"border: 1px solid #993366;text-align: left;vertical-align: top\"><span style=\"font-size: x-small\">1930<\/span><\/td>\n<td style=\"border: 1px solid #993366;text-align: left;vertical-align: top\"><span style=\"font-size: x-small\">Barssee<\/span><\/td>\n<td style=\"border: 1px solid #993366;text-align: left;vertical-align: top\"><span style=\"font-size: x-small\">Landkarte<\/span><\/td>\n<td style=\"border: 1px solid #993366;text-align: left;vertical-align: top\"><span style=\"font-size: x-small\">Silva-Holzverlag<\/span><\/td>\n<\/tr>\n<tr>\n<td style=\"border: 1px solid #993366;text-align: left;vertical-align: top\"><span style=\"font-size: x-small\">1933<\/span><\/td>\n<td style=\"border: 1px solid #993366;text-align: left;vertical-align: top\"><span style=\"font-size: x-small\">Bars See<\/span><\/td>\n<td style=\"border: 1px solid #993366;text-align: left;vertical-align: top\"><span style=\"font-size: x-small\">Landkarte<\/span><\/td>\n<td style=\"border: 1px solid #993366;text-align: left;vertical-align: top\"><span style=\"font-size: x-small\">Amtliche Karte<\/span><\/td>\n<\/tr>\n<tr>\n<td style=\"border: 1px solid #993366;text-align: left;vertical-align: top\"><span style=\"font-size: x-small\">1936<\/span><\/td>\n<td style=\"border: 1px solid #993366;text-align: left;vertical-align: top\"><span style=\"font-size: x-small\">Bars-S<\/span><\/td>\n<td style=\"border: 1px solid #993366;text-align: left;vertical-align: top\"><span style=\"font-size: x-small\">Landkarte<\/span><\/td>\n<td style=\"border: 1px solid #993366;text-align: left;vertical-align: top\"><span style=\"font-size: x-small\">Marathonstrecke Olympia 1936<\/span><\/td>\n<\/tr>\n<tr>\n<td style=\"border: 1px solid #993366;text-align: left;vertical-align: top\"><span style=\"font-size: x-small\">1947<\/span><\/td>\n<td style=\"border: 1px solid #993366;text-align: left;vertical-align: top\"><span style=\"font-size: x-small\">Bars-S.<\/span><\/td>\n<td style=\"border: 1px solid #993366;text-align: left;vertical-align: top\"><span style=\"font-size: x-small\">Landkarte<\/span><\/td>\n<td style=\"border: 1px solid #993366;text-align: left;vertical-align: top\"><span style=\"font-size: x-small\">Schwarz<\/span><\/td>\n<\/tr>\n<tr>\n<td style=\"border: 1px solid #993366;text-align: left;vertical-align: top\"><span style=\"font-size: x-small\">1952<\/span><\/td>\n<td style=\"border: 1px solid #993366;text-align: left;vertical-align: top\"><span style=\"font-size: x-small\">Bars-S.<\/span><\/td>\n<td style=\"border: 1px solid #993366;text-align: left;vertical-align: top\"><span style=\"font-size: x-small\">Landkarte<\/span><\/td>\n<td style=\"border: 1px solid #993366;text-align: left;vertical-align: top\"><span style=\"font-size: x-small\">Schwarz<\/span><\/td>\n<\/tr>\n<tr>\n<td style=\"border: 1px solid #993366;text-align: left;vertical-align: top\"><span style=\"font-size: x-small\">1955<\/span><\/td>\n<td style=\"border: 1px solid #993366;text-align: left;vertical-align: top\"><span style=\"font-size: x-small\">Barssee<\/span><\/td>\n<td style=\"border: 1px solid #993366;text-align: left;vertical-align: top\"><span style=\"font-size: x-small\">Landkarte<\/span><\/td>\n<td style=\"border: 1px solid #993366;text-align: left;vertical-align: top\"><span style=\"font-size: x-small\">Amtliche Karte<\/span><\/td>\n<\/tr>\n<tr>\n<td style=\"border: 1px solid #993366;text-align: left;vertical-align: top\"><span style=\"font-size: x-small\">1955<\/span><\/td>\n<td style=\"border: 1px solid #993366;text-align: left;vertical-align: top\"><span style=\"font-size: x-small\">Bars-See<\/span><\/td>\n<td style=\"border: 1px solid #993366;text-align: left;vertical-align: top\"><span style=\"font-size: x-small\">Landkarte<\/span><\/td>\n<td style=\"border: 1px solid #993366;text-align: left;vertical-align: top\"><span style=\"font-size: x-small\">Ullstein<\/span><\/td>\n<\/tr>\n<tr>\n<td style=\"border: 1px solid #993366;text-align: left;vertical-align: top\"><span style=\"font-size: x-small\">1970<\/span><\/td>\n<td style=\"border: 1px solid #993366;text-align: left;vertical-align: top\"><span style=\"font-size: x-small\">Barssee<\/span><\/td>\n<td style=\"border: 1px solid #993366;text-align: left;vertical-align: top\"><span style=\"font-size: x-small\">Landkarte<\/span><\/td>\n<td style=\"border: 1px solid #993366;text-align: left;vertical-align: top\"><span style=\"font-size: x-small\">Schaffmann<\/span><\/td>\n<\/tr>\n<tr>\n<td style=\"border: 1px solid #993366;text-align: left;vertical-align: top\"><span style=\"font-size: x-small\">1974<\/span><\/td>\n<td style=\"border: 1px solid #993366;text-align: left;vertical-align: top\"><span style=\"font-size: x-small\">Barssee<\/span><\/td>\n<td style=\"border: 1px solid #993366;text-align: left;vertical-align: top\"><span style=\"font-size: x-small\">Seenf\u00fchrer<\/span><\/td>\n<td style=\"border: 1px solid #993366;text-align: left;vertical-align: top\"><span style=\"font-size: x-small\">Wille, Seite 45-48 (auf Seite 44 jedoch &#8222;Barschsee&#8220;)<\/span><\/td>\n<\/tr>\n<tr>\n<td style=\"border: 1px solid #993366;text-align: left;vertical-align: top\"><span style=\"font-size: x-small\">1981<\/span><\/td>\n<td style=\"border: 1px solid #993366;text-align: left;vertical-align: top\"><span style=\"font-size: x-small\">Barssee<\/span><\/td>\n<td style=\"border: 1px solid #993366;text-align: left;vertical-align: top\"><span style=\"font-size: x-small\">Landkarte<\/span><\/td>\n<td style=\"border: 1px solid #993366;text-align: left;vertical-align: top\"><span style=\"font-size: x-small\">RV 220<\/span><\/td>\n<\/tr>\n<tr>\n<td style=\"border: 1px solid #993366;text-align: left;vertical-align: top\"><span style=\"font-size: x-small\">1989<\/span><\/td>\n<td style=\"border: 1px solid #993366;text-align: left;vertical-align: top\"><span style=\"font-size: x-small\">Barssee<\/span><\/td>\n<td style=\"border: 1px solid #993366;text-align: left;vertical-align: top\"><span style=\"font-size: x-small\">Landkarte<\/span><\/td>\n<td style=\"border: 1px solid #993366;text-align: left;vertical-align: top\"><span style=\"font-size: x-small\">RV<\/span><\/td>\n<\/tr>\n<tr>\n<td style=\"border: 1px solid #993366;text-align: left;vertical-align: top\" colspan=\"4\"><span style=\"font-size: x-small\">Das Erscheinungsjahr steht nicht bei allen Karten eindeitig fest.<\/span><\/td>\n<\/tr>\n<\/tbody>\n<\/table>\n<p><\/div>\n\t\t\t<\/div><\/p>\n<\/div>\n<p style=\"text-align: justify;\">Daraus ergibt sich (nicht abschlie\u00dfend) , dass von 1755 &#8211; 1914 bzw. 1927 der Name des Sees &#8222;Barschsee&#8220; lautete. Davon verwenden die zwei \u00e4lteren massgeblichen Wanderf\u00fchrer ebenfalls den Namen &#8222;Barschsee&#8220;! Wo kommt also ca. ab 1915 bzw. 1930&nbsp; der neue Name &#8222;Barssee&#8220; her?<\/p>\n<p style=\"text-align: justify;\">Berdrow hat 1902 in seinem Wanderf\u00fchrer den Namen des Sees als &#8222;Barschsee&#8220; angegeben, in einer beigef\u00fcgten Handskizze aus Platzmangel jedoch die Abk\u00fcrzung &#8222;Bars S&#8220; verwendet. Ich habe daher den Verdacht, dass der neue Name lediglich auf eine Namensabk\u00fcrzung bzw. eine Namenskurzform zur\u00fcckzuf\u00fchren ist und sich diese Abk\u00fcrzung dann gefestigt hat? Eventuell wurde die Abk\u00fcrzung sogar \u00fcber amtliche Karten der <a href=\"http:\/\/de.wikipedia.org\/wiki\/Preu%C3%9Fische_Landesaufnahme_(Beh%C3%B6rde)\" target=\"_blank\" rel=\"noopener noreferrer\">K\u00f6niglichen Landesaufnahme<\/a> im gro\u00dfen Ma\u00dfstab 1:100.000 aus Plazmangel eingef\u00fchrt und dann nach deren endg\u00fcltigen Aufl\u00f6sung vom sp\u00e4teren Reichsamt so \u00fcbernommen? Und wenn etwas erst einmal in einer amtlichen Karte drinsteht&#8230;.? Tja! M\u00f6glicherweise war dieser eigentlich nicht beabsichtigte Namenswechsel auch m\u00f6glich, weil dieses Gebiet eher durch den bekannten Namen &#8222;Saubucht&#8220; im Sprachgebrauch vertreten ist, als durch den Namen des &#8222;Barschsee&#8220; oder den Pechsee in der N\u00e4he?<\/p>\n<p style=\"text-align: justify;\">Der aktuelle Name &#8222;Barssee&#8220; k\u00f6nnnte daher also auf einen reinen \u00dcbertragungsirrtum beruhen? Das Wort &#8222;<a href=\"http:\/\/www.google.de\/#hl=de&amp;sclient=psy-ab&amp;q=Barsch&amp;oq=Barsch&amp;aq=f&amp;aqi=&amp;aql=&amp;gs_l=hp.3...129147.129667.1.130189.4.4.0.0.0.0.104.370.2j2.4.0...0.0.wyLflXLFw0w&amp;pbx=1&amp;bav=on.2,or.r_gc.r_pw.r_qf.,cf.osb&amp;fp=878fbc33419e20bd&amp;biw=1680&amp;bih=881\" target=\"_blank\" rel=\"noopener noreferrer\">Barsch<\/a>&#8220; spiegel in der heutigen Sprache auch eine Sinnhaftigkeit wieder, w\u00e4hrend &#8222;<a href=\"http:\/\/www.google.de\/#hl=de&amp;output=search&amp;sclient=psy-ab&amp;q=Bars&amp;oq=Bars&amp;aq=f&amp;aqi=g4&amp;aql=&amp;gs_l=hp.3..0l4.917.1406.0.1672.4.4.0.0.0.0.90.321.4.4.0...0.0.m__jjBdMgWQ&amp;pbx=1&amp;bav=on.2,or.r_gc.r_pw.r_qf.,cf.osb&amp;fp=878fbc33419e20bd&amp;biw=1680&amp;bih=881\" target=\"_blank\" rel=\"noopener noreferrer\">Bars<\/a>&#8220; schlichteweg &#8222;Nichts&#8220; darstellt (bei Google erscheint (am 06.06.2012) als erster Eintrag f\u00fcr &#8222;Bars&#8220; kurrioserweise sogar &#8222;Bar jeder Vernunft&#8220;). \ud83d\ude42<\/p>\n<p>Allerdings:<\/p>\n<div>\n<div>\n<div class=\"spoiler-wrap\">\n\t\t\t\t<div class=\"spoiler-head folded\">Spoiler<\/div>\n\t\t\t\t<div class=\"spoiler-body\">In ganz fr\u00fchen Zeiten tauchen auch andere Schreibweisen \u00e4hnlich des heute offiziellen &#8222;Barssee&#8220; auf.<\/p>\n<div>\n<ol>\n<li style=\"text-align: justify\">1902 Berdrow, Seite 62: &#8222;<em>&#8230;..Da m\u00f6gen die Heidereiter oft ihre liebe Not mit Aufrechterhaltung der Forstverordnung und mit Verh\u00fctung von Zank und Streit gehabt haben. Es sind uns f\u00fcr das erste Jahrhundert der Zollernherrschaft ihrer nur drei f\u00fcr den Grunewald bezeugt:<br \/>\n&#8211; Michael Seidenbach, dem Markgraf Johann das Amt &#8211; eigentlich nur &#8222;das halb heidenreiter ampt&#8220; &#8211; 1431 verlieh,<br \/>\n&#8211; Hans Sturm, der <a href=\"http:\/\/de.wikipedia.org\/wiki\/Friedrich_II._%28Brandenburg%29\" target=\"_blank\" rel=\"noopener noreferrer\">Friedrich dem II<\/a> diente und von diesem als Leibgeding die vier kleinen Seen im Grunewaldgraben, den <strong>Barssehe<\/strong>, den jetzt verschwundenen Plotzensehe <\/em>(<a href=\"http:\/\/de.wikipedia.org\/wiki\/Pl%C3%B6tzensee\" target=\"_blank\" rel=\"noopener noreferrer\">Pl\u00f6tzensee<\/a> ?)<em>, den Teuffelssee und Pechsee, empfing <\/em> <em><br \/>\n-und als dritter Langhans, dem Kurf\u00fcrst Johann im Jahre 1492 in Ansehung der Dienste, &#8222;die unns unnser heidrenter zu Spanndow und lieber getrewer lannghanns offtmals zu dannckh getan&#8220;, einen Garten vor dem Damme zu Spandau verlieh.&#8220; &#8230;&#8230;<\/em>&#8222;.<\/li>\n<li style=\"text-align: justify\"><a href=\"http:\/\/www.luise-berlin.de\/kalender\/jahr\/1455.htm\" target=\"_blank\" rel=\"noopener noreferrer\">Luisenstadt<\/a> Berlin Chronik: &#8222;<em>14.03.1455: <a href=\"http:\/\/de.wikipedia.org\/wiki\/Friedrich_II._%28Brandenburg%29\" target=\"_blank\" rel=\"noopener noreferrer\">Kurf\u00fcrst Friedrich II. Eisenzahn<\/a> verleiht seinem Heidereiter Hans Sturm die drei Seen <strong>Parssee<\/strong>, Pl\u00f6tzensee und Teufelssee in der Teltowschen Heide (Grunewald).<\/em> (Dort mit &#8222;P&#8220; geschrieben).<\/li>\n<li style=\"text-align: justify\">Allerdings, bei <a href=\"https:\/\/forst-grunewald.de\/?page_id=361\" target=\"_blank\" rel=\"noopener noreferrer\">Wille<\/a> 1974, Seite 44 taucht dann in Bezug auf das Jahr 1465 die Schreibweise &#8222;Barschse&#8220; auf, obwohl Wille ansonsten den Namen &#8222;Barssee&#8220; verwendet:<br \/>\n&#8222;<em>Als &#8222;Leibgedinge&#8220; wurden 1465 &#8222;alle Seen (Teufels-, Barsch- und Pl\u00f6tzensee) in Unserer Heide, die Teltowische genannt, gelegen&#8220; nochmals der Familie Storm best\u00e4tigt.<\/em>&#8222;<\/li>\n<li style=\"text-align: justify\">Auf der Seite vom <a href=\"https:\/\/forst-grunewald.de\/?page_id=1463\" target=\"_blank\" rel=\"noopener noreferrer\">Schlachtensee<\/a> gibt Fontane 1894 als Fischart neben <a href=\"http:\/\/de.wikipedia.org\/wiki\/Rotauge\" target=\"_blank\" rel=\"noopener noreferrer\">Pl\u00f6tzen<\/a>, <a href=\"http:\/\/de.wikipedia.org\/wiki\/Karausche\" target=\"_blank\" rel=\"noopener noreferrer\">Karauschen<\/a>, <a href=\"http:\/\/de.wikipedia.org\/wiki\/Hecht\" target=\"_blank\" rel=\"noopener noreferrer\">Hechten<\/a> und <a href=\"http:\/\/de.wikipedia.org\/wiki\/Wels_%28Fisch%29\" target=\"_blank\" rel=\"noopener noreferrer\">Welse<\/a> auch die &#8222;Barsen&#8220; an. Ich finde aber nichts einschl\u00e4giges \u00fcber die Fischart &#8222;<a href=\"http:\/\/www.google.de\/#hl=de&amp;sclient=psy-ab&amp;q=Barse+Fisch&amp;oq=Barse+Fisch&amp;gs_l=hp.3...11148.11966.1.12275.6.6.0.0.0.0.156.627.0j5.6.0...0.0...1c.I3y9Ysa6A2o&amp;pbx=1&amp;bav=on.2,or.r_gc.r_pw.r_qf.&amp;fp=90d9114ff1ce5f2d&amp;biw=1680&amp;bih=881\" target=\"_blank\" rel=\"noopener noreferrer\">Barse<\/a>&#8222;.<\/li>\n<\/ol>\n<\/div>\n<p><\/div>\n\t\t\t<\/div>\n<\/div>\n<\/div>\n<div>\n<p>Offen bleibt hier allerdings leider auch eine \u00dcbersetzung des alten Wortes &#8222;Bars&#8220; in neuzeitliche Sprache. Ich vermute daher bis auf Weiteres: &#8222;Barsch&#8220;.<\/p>\n<\/div>\n<p>Ich habe mich daher entschieden, diese Seite bis auf Weiteres als &#8222;Barschsee&#8220; zu betiteln. Wer genaueres \u00fcber den Namensursprung des Sees wei\u00df, bitte melden.<\/p>\n<p><span style=\"color: #ffffff;\">.<\/span><\/p>\n<p><span style=\"text-decoration: underline;\"><strong>Beschreibungen:<\/strong><\/span><\/p>\n<ul>\n<li><strong>1894<\/strong> <a href=\"https:\/\/forst-grunewald.de\/?page_id=361\" target=\"_blank\" rel=\"noopener noreferrer\">Fontane<\/a>, Seiten 3 und 28:\n<div style=\"text-align: justify;\"><div class=\"spoiler-wrap\">\n\t\t\t\t<div class=\"spoiler-head folded\">Spoiler<\/div>\n\t\t\t\t<div class=\"spoiler-body\">&#8222;<em>Au\u00dfer den oben erw\u00e4hnten in der Seen-Rinne eingebetteten Wasserbecken, umschlie\u00dft der Grunewald noch drei in gesonderten Thalkesseln ruhende kleine Seen: den Teufels-, den Pech- und den Barsch-See&#8230; Der die Saubucht umschlie\u00dfende hohe Bretterzaun umfa\u00dft ein Gebiet von 74 Morgen bergigen Gel\u00e4ndes, in dem tief versteckt der kleine Barsch-See eingebettet liegt.&#8220;<\/em><\/div>\n\t\t\t<\/div><\/div>\n<\/li>\n<li><strong>1902<\/strong> <a href=\"https:\/\/forst-grunewald.de\/?page_id=676\" target=\"_blank\" rel=\"noopener noreferrer\">Berdrow<\/a>, Seiten 10:\n<div style=\"text-align: justify;\"><div class=\"spoiler-wrap\">\n\t\t\t\t<div class=\"spoiler-head folded\">Spoiler<\/div>\n\t\t\t\t<div class=\"spoiler-body\">&#8222;<em>N\u00f6rdlich von diesem anmutenden Pl\u00e4tzchen (gemeint ist &#8222;<a href=\"https:\/\/forst-grunewald.de\/?page_id=1917\" target=\"_blank\" rel=\"noopener\">Vier Eichen<\/a>&#8222;) verbreitert sich der Grunewaldgraben allm\u00e4hlich zu einem weiten Thalkessel, der, durch das Gehege der Saubucht dem Besuch entzogen, an seiner tiefsten Stelle den vom Sumpf umgebenen, in 102 Fu\u00df Meeresh\u00f6he gelegenen Barschsee enth\u00e4lt. In fast gleicher Breite setzt die Senke sich nach Norden zum Pechsee fort, <em>dessen Umgebung reich an kleinen, eine interessante Flora bergenden Torfpfuhlen ist, und bildet dann nach kurzer Verengung das breite Thal des Teufels- und Postfenns.<\/em><\/em>&#8222;<\/div>\n\t\t\t<\/div><\/div>\n<\/li>\n<li><strong>1927<\/strong> <a href=\"https:\/\/forst-grunewald.de\/?page_id=361\" target=\"_blank\" rel=\"noopener noreferrer\">Wolter, Sommer, Klotz<\/a>, Seite 28:\n<div style=\"text-align: justify;\"><div class=\"spoiler-wrap\">\n\t\t\t\t<div class=\"spoiler-head folded\">Spoiler<\/div>\n\t\t\t\t<div class=\"spoiler-body\">&#8222;<em>Vom Pechsee aus streicht unser Grunewaldgraben weiter durch die Saubucht zum stark verlandeten Barssee und schlie\u00dflich \u00f6stlich um den Havelberg herum zur &#8222;Gro\u00dfen Steinlanke&#8220;.<\/em>&#8222;<\/div>\n\t\t\t<\/div><\/div>\n<\/li>\n<li style=\"text-align: justify;\"><strong>1941<\/strong> <a href=\"https:\/\/forst-grunewald.de\/?page_id=9143\" target=\"_blank\" rel=\"noopener noreferrer\">Generalbauinspektor<\/a>:\n<div><div class=\"spoiler-wrap\">\n\t\t\t\t<div class=\"spoiler-head folded\">Spoiler<\/div>\n\t\t\t\t<div class=\"spoiler-body\"><em>&#8222;Mitten im Grunewald, am <a href=\"https:\/\/forst-grunewald.de\/?page_id=728\" target=\"_blank\" rel=\"noopener noreferrer\">Barssee<\/a>, liegt ein Naturschutzgebiet von ganz besonderer Sch\u00f6nheit, mit dem sch\u00f6nsten Baumbestand und wertvollen Pflanzenarten. Dieses Gebiet ist bis zum heutigen Tag den Berlinern vorenthalten worden. Es soll unter Beibehaltung seines Charakters als Naturschutzgebiet nun durch einen Weg erschlossen und zug\u00e4nglich gemacht werden.&#8220;<\/em><\/div>\n\t\t\t<\/div><\/div>\n<\/li>\n<li><strong>1957<\/strong> <a href=\"https:\/\/forst-grunewald.de\/?page_id=361\" target=\"_blank\" rel=\"noopener noreferrer\">Behm<\/a>, Seite 7 und 8:\n<div style=\"text-align: justify;\"><div class=\"spoiler-wrap\">\n\t\t\t\t<div class=\"spoiler-head folded\">Spoiler<\/div>\n\t\t\t\t<div class=\"spoiler-body\">&#8222;<em>Die Unruhe im allgemein trockenen Bodengef\u00fcge erscheint gesteigert, wo ungef\u00e4hr im Raumgebiet zwischen dem Teufelsfenn, dem Teufelssee und der Saubucht die Senken bis nahezu zum Grundwasserspiegel reichen und versumpfte und <a href=\"https:\/\/de.wikipedia.org\/wiki\/Anmoor\" target=\"_blank\" rel=\"noopener noreferrer\">anmoorige<\/a> Stellen nicht fehlen. <\/em><em>Wie der stark umschilfte Teufelssee selbst, halten der zwergenhafte Pechsee und der kaum viel gr\u00f6\u00dfere Barssee inmitten der Saubucht noch freies Wasser. <\/em><em>Das Grundwasser tritt hier offen zutage. Ein Stimmungszauber eigener Art schwebt um die schwarzbraunen, naturgesch\u00fctzten Liliputgew\u00e4sser. \u00dcppig wuchernde Sumpfvegetationen scheint sie v\u00f6llig eindecken zu wollen, wie es bereits dort geschah, wo beim Betreten mooriger Uferstreifen diese in leichte Schwingungen geraten.<\/em>&#8222;<\/div>\n\t\t\t<\/div><\/div>\n<\/li>\n<li><strong>1974<\/strong> <a href=\"https:\/\/forst-grunewald.de\/?page_id=361\" target=\"_blank\" rel=\"noopener noreferrer\">Wille<\/a>, Seite 48:\n<div style=\"text-align: justify;\"><div class=\"spoiler-wrap\">\n\t\t\t\t<div class=\"spoiler-head folded\">Spoiler<\/div>\n\t\t\t\t<div class=\"spoiler-body\">&#8222;<em>Als &#8230; Prinz Carl von Preu\u00dfen in der N\u00e4he des Barssees im Jahre 1827 f\u00fcr seine Parforcejagden ein Sauw\u00e4rterhaus anlegen lie\u00df, wurde das Gebiet um die vertr\u00e4umten Gew\u00e4sser zum Mittelpunkt des h\u00f6fischen Waidwerks. Urspr\u00fcnglich nannte man das Jagdhaus &#8222;Carlsberg&#8220;, wobei man auf den nahen H\u00f6henr\u00fccken Bezug nahm. 1861 erhielt es dann die Bezeichnung &#8222;Saubucht&#8220;. Die Saubucht, nach der auch das heutige Forsthaus seinen Namen bekam, bezeichnet ein nord\u00f6stlich am Westufer des Barssees gelegenes Gel\u00e4nde, in dem jahrzehntelang Schwarzwild f\u00fcr die Jagd gehalten wurde.<\/em>&#8222;<\/div>\n\t\t\t<\/div><\/div>\n<\/li>\n<li><strong>1974 <\/strong>Wille, Seite 46\/47:\n<div style=\"text-align: justify;\"><div class=\"spoiler-wrap\">\n\t\t\t\t<div class=\"spoiler-head folded\">Spoiler<\/div>\n\t\t\t\t<div class=\"spoiler-body\">&#8222;<em>Die geologische Struktur dieser Landschaft &#8230; ist gekennzeichnet durch H\u00f6henr\u00fccken und Bergkuppen, von denen viele kleine, aber tiefe Talkessel rings umschlossen werden. An den Stellen, an denen diese Talkessel bis unter den Grundwasserspiegel hinabreichen, treten nun Seen zutage. Solche Erscheinungen findet man u. a. am Pechsee (0,29 ha Fl\u00e4che und max. 1,50 m Tiefe) und am Barssee (1,20 ha Fl\u00e4che, dagegen nur nach Niederschl\u00e4gen geringf\u00fcgig bespannt)&#8230; Bei den Grunewaldmooren, die wir hier als Moorseen bezeichnen wollen, handelt es sich nicht um &#8222;Hochmoore&#8220;, wie jahrzehntelang f\u00e4lschlicherweise behauptet wurde, sondern um sogenannte &#8222;<a href=\"https:\/\/de.wikipedia.org\/wiki\/Moor#Moortypen_im_.C3.9Cberblick\" target=\"_blank\" rel=\"noopener noreferrer\">oligotrophe Moore<\/a>&#8222;, also Moore auf n\u00e4hrstoffarmen Grund&#8230; Als um 1900 durch intensive Bebauung und Kanalisierung der Grunewaldgebiete das Grundwasser k\u00fcnstlich gesenkt wurde, gerieten die Moorseen in akute Gefahr&#8230;<\/em>&#8222;<\/div>\n\t\t\t<\/div><\/div>\n<\/li>\n<\/ul>\n<p><strong>Eine interessante Frage ist, weshalb der See eigentlich verlandet bzw. austrocknet?<\/strong><\/p>\n<p style=\"text-align: justify;\">Auf historischen Ansichtkarten ist noch ein gro\u00dfer See zu sehen, auf welchem Menschen mit einen Ruderboot fahren. Und auch auf dem Foto von <a href=\"https:\/\/de.wikipedia.org\/wiki\/Alexander_St%C3%B6cker\" target=\"_blank\" rel=\"noopener noreferrer\">Alexander St\u00f6cker<\/a> weist der See am 04. Mai 1919 noch immer die gleiche betr\u00e4chtliche Gr\u00f6\u00dfe aus.<\/p>\n<p style=\"text-align: justify;\">Wille und auch die aktuelle Webseite des Bezirksamts geben als Grund f\u00fcr den Wasserverlust das allgemeine Absenken des Grundwassserspiegels an. Aber stimmt dies wirklich? M\u00f6glicherweise nicht, &#8230;..<\/p>\n<p>&nbsp;<\/p>\n<table style=\"width: 100%;\">\n<tbody>\n<tr>\n<td style=\"background-color: #cce031; width: 51.4286%;\"><a href=\"https:\/\/forst-grunewald.de\/wp-content\/uploads\/1919-St\u00f6cker-Alexander-am-Barssee-klein.jpg\" target=\"_blank\" rel=\"noopener noreferrer\"><img loading=\"lazy\" decoding=\"async\" width=\"300\" height=\"224\" class=\" wp-image-771 alignnone\" title=\"1919 St\u00f6cker, Alexander am Barssee-klein\" src=\"https:\/\/forst-grunewald.de\/wp-content\/uploads\/1919-St\u00f6cker-Alexander-am-Barssee-klein-300x224.jpg\" alt=\"\" srcset=\"https:\/\/forst-grunewald.de\/wp-content\/uploads\/1919-St\u00f6cker-Alexander-am-Barssee-klein-300x224.jpg 300w, https:\/\/forst-grunewald.de\/wp-content\/uploads\/1919-St\u00f6cker-Alexander-am-Barssee-klein-150x112.jpg 150w, https:\/\/forst-grunewald.de\/wp-content\/uploads\/1919-St\u00f6cker-Alexander-am-Barssee-klein-400x298.jpg 400w, https:\/\/forst-grunewald.de\/wp-content\/uploads\/1919-St\u00f6cker-Alexander-am-Barssee-klein.jpg 900w\" sizes=\"auto, (max-width: 300px) 100vw, 300px\" \/><\/a><\/td>\n<td style=\"background-color: #79a81b; width: 48.4286%;\"><a href=\"https:\/\/forst-grunewald.de\/wp-content\/uploads\/2009-April-04-Filmaufnahmen-Bilderbuch-grunewald_48-klein.jpg\" target=\"_blank\" rel=\"noopener noreferrer\"><img loading=\"lazy\" decoding=\"async\" width=\"300\" height=\"225\" class=\"alignnone wp-image-777\" title=\"2009 April-04 - Filmaufnahmen Bilderbuch grunewald_48-klein\" src=\"https:\/\/forst-grunewald.de\/wp-content\/uploads\/2009-April-04-Filmaufnahmen-Bilderbuch-grunewald_48-klein-300x225.jpg\" alt=\"\" srcset=\"https:\/\/forst-grunewald.de\/wp-content\/uploads\/2009-April-04-Filmaufnahmen-Bilderbuch-grunewald_48-klein-300x225.jpg 300w, https:\/\/forst-grunewald.de\/wp-content\/uploads\/2009-April-04-Filmaufnahmen-Bilderbuch-grunewald_48-klein-150x112.jpg 150w, https:\/\/forst-grunewald.de\/wp-content\/uploads\/2009-April-04-Filmaufnahmen-Bilderbuch-grunewald_48-klein-400x300.jpg 400w, https:\/\/forst-grunewald.de\/wp-content\/uploads\/2009-April-04-Filmaufnahmen-Bilderbuch-grunewald_48-klein.jpg 900w\" sizes=\"auto, (max-width: 300px) 100vw, 300px\" \/><\/a><\/td>\n<\/tr>\n<tr>\n<td style=\"background-color: #cce031; text-align: justify; width: 51.4286%;\">04. Mai 1919 <a href=\"https:\/\/de.wikipedia.org\/wiki\/Alexander_St%C3%B6cker\" target=\"_blank\" rel=\"noopener noreferrer\"><strong>Alexander St\u00f6cker<\/strong><\/a> &#8211; Werkverzeichnis 000F \/ 048 A<br \/>\n<strong>\u201cAm Barssee in der Saubucht Berlin\u201d<\/strong><br \/>\nAlexander St\u00f6cker, Presse-Illustrations-Verlag Berlin Friedenau<br \/>\nErsteigert bei ebay f\u00fcr 12,40 \u20ac: \u201cSt\u00f6cker, Alexander (Alex) *1896 Berlin \u20201962 Berlin. Presse Fotograf im Presse-Illustrations-Verlag Berlin Wiesbadenerstr. 3.<br \/>\nSt\u00f6cker begann seine Fotografenlaufbahn mit seinem Freund und Helfer Hans Mahraun, dessen Album aus der Zeit 1916-1925 im Einzelnen hier versteigert wird. St\u00f6cker fotografierte zun\u00e4chst politische Ereignisse, weitete seinen Arbeitsbereich aber auch auf Technik, Sport und Luftfahrt aus. Alle Aufnahmen sind Originale aus der Zeit (Vintageprints), die meisten Kontaktkopien von Glasplatten, verso gestempelt.<br \/>\nSt\u00f6cker fotografierte damals mit einer Stegemann Hand-Camera 12&#215;16,5 auf Glasplatten, Mahraun fertigte die Kontakt-Kopien.\u201d<\/td>\n<td style=\"background-color: #79a81b; width: 48.4286%; text-align: left; vertical-align: top;\">\n<p style=\"text-align: justify;\">04. April 2009 &#8211; Filmaufnahmen zur rbb Sendung \u201c<a id=\"Zelle133Link1\" href=\"https:\/\/forst-grunewald.de\/?page_id=243\" target=\"_blank\" rel=\"noopener noreferrer\">Bilderbuch-Grunewald<\/a>\u201d.<br \/>\nIm Bild Herr <strong>Hans-Dieter Lippert<\/strong> (ehemaliger Forstamtsmitarbeiter und heutiger Mieter des ehemaligen Forsthauses Alte Saubucht) und Herr <strong>Felix Oehler<\/strong> (Regisseur). Im Hintergrund noch ein Kameramann.<\/p>\n<p style=\"text-align: justify;\"><strong>St\u00f6pseltheorie?<\/strong><\/p>\n<p style=\"text-align: justify;\">Herr Lippert erkl\u00e4rte uns, dass der See ausgetrocknet ist, weil die unter dem See liegende ehemals wasserdichte Schicht durchl\u00e4ssig geworden ist (der See ist also irgendwann wie eine Badewanne ausgelaufen, aus der man den St\u00f6psel gezogen hat). Mit einem gesunkenen Grundwasserspiegel soll die \u201cAustrocknung\u201d daher nichts zu tun haben.<\/p>\n<\/td>\n<\/tr>\n<tr>\n<td style=\"text-align: justify; background-color: #2ade2d; vertical-align: top; width: 99.8572%;\" colspan=\"2\"><a href=\"https:\/\/forst-grunewald.de\/wp-content\/uploads\/1938-Georg-Garbe-Glogau-Saubucht-mit-Vernichtungsvermerk-1941.jpg\" target=\"_blank\" rel=\"noopener noreferrer\"><img loading=\"lazy\" decoding=\"async\" class=\"wp-image-10983 alignleft\" src=\"https:\/\/forst-grunewald.de\/wp-content\/uploads\/1938-Georg-Garbe-Glogau-Saubucht-mit-Vernichtungsvermerk-1941.jpg\" alt=\"\" width=\"300\" height=\"312\" srcset=\"https:\/\/forst-grunewald.de\/wp-content\/uploads\/1938-Georg-Garbe-Glogau-Saubucht-mit-Vernichtungsvermerk-1941.jpg 800w, https:\/\/forst-grunewald.de\/wp-content\/uploads\/1938-Georg-Garbe-Glogau-Saubucht-mit-Vernichtungsvermerk-1941-144x150.jpg 144w, https:\/\/forst-grunewald.de\/wp-content\/uploads\/1938-Georg-Garbe-Glogau-Saubucht-mit-Vernichtungsvermerk-1941-288x300.jpg 288w, https:\/\/forst-grunewald.de\/wp-content\/uploads\/1938-Georg-Garbe-Glogau-Saubucht-mit-Vernichtungsvermerk-1941-768x799.jpg 768w\" sizes=\"auto, (max-width: 300px) 100vw, 300px\" \/><\/a>Es stellt sich allerdings die Frage, ob es noch eine dritte M\u00f6glichkeit gibt, warum, der See ausgetrocknet ist. Denn der Berliner Maler Georg Garbe-Glogau (1879-1945) hat den See 1939 &#8211; noch wasserf\u00fchrend &#8211; gemalt und auf der R\u00fcckseite seines Werkes zwei Jahre sp\u00e4ter vermerkt &#8222;<em>vor der Vernichtung 1941&#8243;<\/em>.<\/p>\n<p>Die Frage lautet nun, was ist 1941 mit dem See passiert, dass der Maler sein Bild nachtr\u00e4glich mit solch einem drastischen Vermerk versehen hat? Der Vermerk l\u00e4sst jedoch vermuten, dass der See 1941 nicht mehr so wie auf dem Bild von 1939 aussah.<\/p>\n<p>Am 19. November 1941 wurde die Verordnung zum Schutze von Landschaftsteilen im Verwaltungsbezirk Zehlendorf der Reichshauptstadt Berlin erlassen. <a href=\"https:\/\/forst-grunewald.de\/wp-content\/uploads\/2017-01-27-Begruendung-der-Verordnung-zum-Schutz-der-Landschaft-des-Grunewaldes-Markierung-Barssee.pdf\" target=\"_blank\" rel=\"noopener noreferrer\">Quelle<\/a> Seite 2.: &#8222;<em>Diese sch\u00fctze auch einzelne Teilfl\u00e4chen des Grunewaldes. Dabei handelte es sich um einen Teil des s\u00fcdlich des Schlachtensees gelegenen Ufers, die Wiese zwischen Schlachtensee und Krumme Lanke sowie das Riemeisterfenn und die Nordh\u00e4nge der Grunewaldseen-Rinne vom Riemeisterfenn bis zum Leistikowwinkel am Schlachtensee einschlie\u00dflich der Seeufer und Schilfbest\u00e4nde.<\/em>&#8220; &#8211; Also nicht die Saubucht bzw. den Barschsee. Der Barschsee wurde dann erstmals 1953 durch eine Anordnung und am 21. M\u00e4rz 1960 durch eine Verordnung als Naturschutzgebiet gesichert.<\/p>\n<p>Ansonsten plante der Generalbauinspektor <a href=\"https:\/\/forst-grunewald.de\/?page_id=9143\" target=\"_blank\" rel=\"noopener noreferrer\">1941 die Umgestaltung des Grunewaldes zu einem Waldpark<\/a>. Wurden hier am Barschsee m\u00f6glicherweise schon Arbeiten durchgef\u00fchrt, welche zu einer Zerst\u00f6rung des Sees gef\u00fchrt haben und die heute in Vergessenheit geraten sind? Vielleicht Bohrungen, welche die wasserundurchl\u00e4ssige Bodenschicht besch\u00e4digt haben? Also etwas in der Richtung wie es Herr Lippert oben berichtet hat? 1919 f\u00fchrte der See noch betr\u00e4chtlich Wasser, wie oben das Foto von Herrn St\u00f6cker beweist.<\/p>\n<p><strong>Bombentheorie?<\/strong><\/p>\n<p>Ein Leser hat mir am 10.09.2020 folgendes mitgeteilt:<\/p>\n<div class=\"spoiler-wrap\">\n\t\t\t\t<div class=\"spoiler-head folded\">Spoiler<\/div>\n\t\t\t\t<div class=\"spoiler-body\"><em>Bei der Frage, was mit dem Barssee 1941 passiert ist, kann ich aber vielleicht weiterhelfen. Mein Gro\u00dfvater hat von 1946 bis 1947 sogenannte Notstandsarbeiten in Berlin gemacht. Dazu geh\u00f6rte Ruinenabriss, Tr\u00fcmmer r\u00e4umen und Waldarbeiten wie Bomben-und Granattrichter zusch\u00fctten sowie &nbsp;Forstarbeiten, hier insbesondere Baum-Stubben roden. Das war eine harte und gef\u00e4hrliche Arbeit, bei Wind und Wetter und st\u00e4ndig der Angst ausgesetzt, auf einen Blindg\u00e4nger zu latschen. Es hat viele Verletzte und auch Tote gegeben. Daf\u00fcr bekam man aber auch die Lebensmittelkarte f\u00fcr Schwerstarbeiter mit Sonderration. Das z\u00e4hlte! Mein &nbsp;Gro\u00dfvater hat &nbsp;auch immer von dieser Zeit erz\u00e4hlt. So haben er und seine Arbeitskolonne dann eines Tages im Grunewald dann auch eine richtig gro\u00dfe Bombe entdeckt. Alles wurde abgesperrt und der Polizei-Feuerwerker vom Dienst erschien mit seinem Gehilfen. Die haben das Ding dann entsch\u00e4rft. In&nbsp; Folge ist mein Gro\u00dfvater mit denen dann ins Gespr\u00e4ch gekommen, weil er selber in den 20\/30ern bei der Polizei gewesen ist. Und tats\u00e4chlich, man kannte so einige Kollegen aus dieser Zeit. Auch die Sch\u00e4den im Wald waren wohl Thema. <strong>Dabei hat ihm der Polizist erz\u00e4hlt, dass im Krieg bei einem Nachtangriff eine ganze Reihe Sprengbomben in dem besagten Barssee eingeschlagen sind. Dabei wurde nicht nur alles um den See herum verw\u00fcstet, eine oder mehrere Bomben sind wohl in den Seegrund eingeschlagen<\/strong> und haben dabei &nbsp;eine wasserundurchl\u00e4ssige Schicht besch\u00e4digt. Der Polizist bemerkte dann auch, dass der See wohl dadurch &nbsp;im Laufe der Zeit auch austrocknen w\u00fcrde. Die gerade entsch\u00e4rfte Bombe stammte mit gro\u00dfer Wahrscheinlichkeit auch von diesem Angriff. Als ich dieses Bild mit dem Vermerk \u201eVor der Vernichtung 1941\u201c gesehen habe, ist mir das sofort wieder eingefallen<\/em><\/div>\n\t\t\t<\/div>\n<p>Den Wahrgheitsgehalt kann ich nicht \u00fcberpr\u00fcfen und Erz\u00e4hlungen vom H\u00f6ren-H\u00f6rensagen (&#8222;Stille Post&#8220;) sind halt immer so eine Sache. <a href=\"https:\/\/www.geschichte.hu-berlin.de\/de\/bereiche-und-lehrstuehle\/emeriti-ehemalige-professor_innen\/demps\" target=\"_blank\" rel=\"noopener\">Prof. Dr. Laurenz Demps<\/a> hat 2012 das Buch &#8222;<a href=\"https:\/\/www.christoph-links-verlag.de\/index.cfm?view=3&amp;titel_nr=706\" target=\"_blank\" rel=\"noopener\">Luftangriffe auf Berlin. Die Berichte der Hauptluftschutzstelle 1940-1945<\/a>&#8220; ver\u00f6ffentlicht. In der beigef\u00fcgten Dokumentensammlungs-CD habe ich f\u00fcr den Bereich Saubucht lediglich folgenden Hinweis gefunden:<\/p>\n<p><a href=\"https:\/\/forst-grunewald.de\/wp-content\/uploads\/1940-09-24-Saubucht-Bombemschaden.jpg\" target=\"_blank\" rel=\"noopener\"><img loading=\"lazy\" decoding=\"async\" class=\"wp-image-15770 alignnone\" src=\"https:\/\/forst-grunewald.de\/wp-content\/uploads\/1940-09-24-Saubucht-Bombemschaden.jpg\" alt=\"\" width=\"350\" height=\"137\" srcset=\"https:\/\/forst-grunewald.de\/wp-content\/uploads\/1940-09-24-Saubucht-Bombemschaden.jpg 745w, https:\/\/forst-grunewald.de\/wp-content\/uploads\/1940-09-24-Saubucht-Bombemschaden-450x176.jpg 450w, https:\/\/forst-grunewald.de\/wp-content\/uploads\/1940-09-24-Saubucht-Bombemschaden-200x78.jpg 200w\" sizes=\"auto, (max-width: 350px) 100vw, 350px\" \/><\/a><\/p>\n<p>Mit Lageplan:<\/p>\n<p><a href=\"https:\/\/forst-grunewald.de\/wp-content\/uploads\/1938-Reichsamt-Jagen-119-Saubucht.jpg\" target=\"_blank\" rel=\"noopener\"><img loading=\"lazy\" decoding=\"async\" class=\"alignnone wp-image-15772\" src=\"https:\/\/forst-grunewald.de\/wp-content\/uploads\/1938-Reichsamt-Jagen-119-Saubucht.jpg\" alt=\"\" width=\"350\" height=\"240\" srcset=\"https:\/\/forst-grunewald.de\/wp-content\/uploads\/1938-Reichsamt-Jagen-119-Saubucht.jpg 1600w, https:\/\/forst-grunewald.de\/wp-content\/uploads\/1938-Reichsamt-Jagen-119-Saubucht-438x300.jpg 438w, https:\/\/forst-grunewald.de\/wp-content\/uploads\/1938-Reichsamt-Jagen-119-Saubucht-200x137.jpg 200w, https:\/\/forst-grunewald.de\/wp-content\/uploads\/1938-Reichsamt-Jagen-119-Saubucht-768x526.jpg 768w, https:\/\/forst-grunewald.de\/wp-content\/uploads\/1938-Reichsamt-Jagen-119-Saubucht-1536x1051.jpg 1536w\" sizes=\"auto, (max-width: 350px) 100vw, 350px\" \/><\/a><\/p>\n<p>Allerdings gehe ich davon aus, dass Bombeneinschl\u00e4ge im GrundeWALD \u00fcberhaupt nicht erfasst wurden, sofern sie nicht, wie auch hier am 24.09.1940, zu einem Schaden an Geb\u00e4uden oder Infrastruktur f\u00fchrten. Jedoch stellt sich hier offenkundig die Frage, weshalb der mutma\u00dfliche weitere Bombenabwurf, wo &#8222;<em>alles um den See herum verw\u00fcstet<\/em>&#8220; wurde, nicht auch zu einer Besch\u00e4digung am Forsthaus Saubucht gef\u00fchrt hat? Oder gab es dort nur den einen Abwurf und lediglich zwei Bomben wurden &#8222;erfasst&#8220;, w\u00e4hrend die anderen Bomben buchst\u00e4blich &#8222;ins Wasser fielen&#8220; und so keinen Eingang in den Bericht fanden?<\/p>\n<p>Auf einer Luftbildkarte aus dem Jahr 1953 sind allerdings keine Bombentrichter zu erkennen:<\/p>\n<p><a href=\"https:\/\/forst-grunewald.de\/wp-content\/uploads\/1953-12-00-Barschsee-Goggle-Earth.jpg\" target=\"_blank\" rel=\"noopener\"><img loading=\"lazy\" decoding=\"async\" class=\"alignnone wp-image-15787\" src=\"https:\/\/forst-grunewald.de\/wp-content\/uploads\/1953-12-00-Barschsee-Goggle-Earth.jpg\" alt=\"\" width=\"350\" height=\"158\" srcset=\"https:\/\/forst-grunewald.de\/wp-content\/uploads\/1953-12-00-Barschsee-Goggle-Earth.jpg 2092w, https:\/\/forst-grunewald.de\/wp-content\/uploads\/1953-12-00-Barschsee-Goggle-Earth-450x203.jpg 450w, https:\/\/forst-grunewald.de\/wp-content\/uploads\/1953-12-00-Barschsee-Goggle-Earth-1600x720.jpg 1600w, https:\/\/forst-grunewald.de\/wp-content\/uploads\/1953-12-00-Barschsee-Goggle-Earth-200x90.jpg 200w, https:\/\/forst-grunewald.de\/wp-content\/uploads\/1953-12-00-Barschsee-Goggle-Earth-768x346.jpg 768w, https:\/\/forst-grunewald.de\/wp-content\/uploads\/1953-12-00-Barschsee-Goggle-Earth-1536x692.jpg 1536w, https:\/\/forst-grunewald.de\/wp-content\/uploads\/1953-12-00-Barschsee-Goggle-Earth-2048x922.jpg 2048w\" sizes=\"auto, (max-width: 350px) 100vw, 350px\" \/><\/a><\/p>\n<p><strong>Hilfreich w\u00e4re es, wenn von dem Barschsee Bilder aus der Zeit von ca. 1939 &#8211; ca. 1974 aufauchen w\u00fcrden. Wer hier ein Foto hat, bitte melden:<br \/>\n<\/strong><a href=\"mailto:uwe.gerber@forst-grunewald.de\" target=\"_blank\" rel=\"noopener noreferrer\">uwe.gerber@forst-grunewald.de <\/a><\/p>\n<p>&nbsp;<\/td>\n<\/tr>\n<tr>\n<td style=\"text-align: justify; background-color: #948756; vertical-align: top; width: 99.8572%;\" colspan=\"2\">Oberhalb des Barssee ist ein wundersch\u00f6ner kleiner Teich gelegen, welcher von einem fr\u00fcheren F\u00f6rster \u201c<a href=\"https:\/\/forst-grunewald.de\/?page_id=787\" target=\"_blank\" rel=\"noopener noreferrer\">Das Auge Gottes<\/a>\u201d getauft wurde. Dieser Teich h\u00e4lt das ganze Jahr \u00fcber best\u00e4ndig (etwas) Wasser.<\/td>\n<\/tr>\n<tr>\n<td style=\"text-align: left; background-color: #2ade2d; vertical-align: top; width: 99.8572%;\" colspan=\"2\">23.09.2019 <span style=\"font-size: 8pt;\">(gefunden 23.05.2020)<\/span><\/p>\n<p>In dem <a href=\"https:\/\/www.bund-berlin.de\/fileadmin\/berlin\/publikationen\/Naturschutz\/Wasser\/PP-Vortrag_Berliner_Wasser-23-9-2019.pdf\" target=\"_blank\" rel=\"noopener\">Vortrag zum BUND-Wasserabend von Manfred Krau\u00df<\/a> wird auf die seit 1900 fl\u00e4chendeckenden Grundwasserabsenkungen im Grunewald hingewiesen:<\/p>\n<p><a href=\"https:\/\/forst-grunewald.de\/wp-content\/uploads\/2019-09-23-Grundwasserstaende-Barschee-Bild-01.jpg\" target=\"_blank\" rel=\"noopener\"><img loading=\"lazy\" decoding=\"async\" class=\"alignnone wp-image-14978\" src=\"https:\/\/forst-grunewald.de\/wp-content\/uploads\/2019-09-23-Grundwasserstaende-Barschee-Bild-01.jpg\" alt=\"\" width=\"300\" height=\"210\" srcset=\"https:\/\/forst-grunewald.de\/wp-content\/uploads\/2019-09-23-Grundwasserstaende-Barschee-Bild-01.jpg 958w, https:\/\/forst-grunewald.de\/wp-content\/uploads\/2019-09-23-Grundwasserstaende-Barschee-Bild-01-429x300.jpg 429w, https:\/\/forst-grunewald.de\/wp-content\/uploads\/2019-09-23-Grundwasserstaende-Barschee-Bild-01-200x140.jpg 200w, https:\/\/forst-grunewald.de\/wp-content\/uploads\/2019-09-23-Grundwasserstaende-Barschee-Bild-01-768x537.jpg 768w\" sizes=\"auto, (max-width: 300px) 100vw, 300px\" \/><\/a><\/p>\n<p>1916 &#8211; 1983 Grundwasserst\u00e4nde Barschsee:<\/p>\n<p><a href=\"https:\/\/forst-grunewald.de\/wp-content\/uploads\/2019-09-23-Grundwasserstaende-Barschee-Bild-02.jpg\" target=\"_blank\" rel=\"noopener\"><img loading=\"lazy\" decoding=\"async\" class=\"alignnone wp-image-14980\" src=\"https:\/\/forst-grunewald.de\/wp-content\/uploads\/2019-09-23-Grundwasserstaende-Barschee-Bild-02.jpg\" alt=\"\" width=\"300\" height=\"238\" srcset=\"https:\/\/forst-grunewald.de\/wp-content\/uploads\/2019-09-23-Grundwasserstaende-Barschee-Bild-02.jpg 958w, https:\/\/forst-grunewald.de\/wp-content\/uploads\/2019-09-23-Grundwasserstaende-Barschee-Bild-02-379x300.jpg 379w, https:\/\/forst-grunewald.de\/wp-content\/uploads\/2019-09-23-Grundwasserstaende-Barschee-Bild-02-189x150.jpg 189w, https:\/\/forst-grunewald.de\/wp-content\/uploads\/2019-09-23-Grundwasserstaende-Barschee-Bild-02-768x608.jpg 768w\" sizes=\"auto, (max-width: 300px) 100vw, 300px\" \/><\/a><\/td>\n<\/tr>\n<tr>\n<td style=\"text-align: justify; background-color: #2eccfa; vertical-align: top; width: 99.8572%;\" colspan=\"2\">2020 <span style=\"font-size: 8pt;\">(gefunden 16.07.2020)<\/span>:<\/p>\n<p>Berliner Waserbetriebe wollen den Barschsee retten:<\/p>\n<p><strong><span style=\"font-size: 12pt;\"><a href=\"https:\/\/www.bwb.de\/de\/24581.php\" target=\"_blank\" rel=\"noopener noreferrer\">Pressemitteilung<\/a>: Barssee im Grunewald<\/span><\/strong><\/p>\n<p><strong>Der Barssee, der eigentlich ein Moor ist, liegt im Grunewald. Er war einst einer der individuenreichsten Amphibienlaichpl\u00e4tze Berlins. Mittlerweile ist er vollkommen ausgetrocknet. In einem Pilotprojekt wollen wir ihn retten.<\/strong><\/p>\n<p>In den n\u00e4chsten zwei Jahren werden wir den Barssee k\u00fcnstlich beregnen. Daf\u00fcr k\u00f6nnen wir jedoch kein normales Berliner Wasser verwenden. Denn anders als wir Menschen, ben\u00f6tigen Moore mineralarmes und saures Wasser. Denn in ihnen leben Tiere und Pflanzen, die auf besondere Standortbedingungen angewiesen sind. Daher&nbsp;wird eine Umkehrosmoseanlage zum Einsatz kommen. Sie entmineralisiert das Berliner Wasser und ver\u00e4ndert den pH-Wert. Das aufbereitete Wasser \u00e4hnelt dann Niederschlagswasser und ist damit perfekt f\u00fcr Moore.<\/p>\n<p>Der Grunewald ist ein wichtiger Wasserspeicher in Berlin. Seit mehr als 100 Jahren wird dort Trinkwasser gef\u00f6rdert. In dem Gebiet befinden sich die Brunnen der Wasserwerke Beelitzhof und Tiefwerder, die fast ein Viertel der Berliner Bev\u00f6lkerung mit Trinkwasser versorgen. Die Grundwasserabsenkungen infolge der Trinkwasserf\u00f6rderung und zunehmende D\u00fcrrephase haben auch Auswirkungen auf die dortigen Moore und Feuchtgebiete. Deshalb wollen wir nun mit der Senatsverwaltung f\u00fcr Umwelt, Verkehr und Klimaschutz in einem Pilotprojekt erproben, wie die Auswirkungen unter Ber\u00fccksichtigung eines zuk\u00fcnftig steigenden Trinkwasserbedarfs m\u00f6glichst geringgehalten werden k\u00f6nnen.<\/p>\n<p>Mit mehreren Sensoren im Barssee werden wir den Erfolg des Projekts messen. So k\u00f6nnen wir nicht nur den Wasserstand kontrollieren, sondern k\u00f6nnen auch Ver\u00e4nderungen des Mikroklimas und der Wasserqualit\u00e4t als auch Flora, Fauna und die Bodenentwicklung untersuchen. Die Werte vergleichen dann wir mit denen des Pechseemoors. Auch dieses befindet sich im Grunewald und zeigt einen \u00e4hnlich schlechten Zustand. Erweist sich das Projekt erfolgreich, kann das Verfahren auch dort angewendet werden.<\/td>\n<\/tr>\n<\/tbody>\n<\/table>\n<p><span style=\"color: #000000;\">&nbsp;<\/span><\/p>\n<p>&nbsp;<\/p>\n<p>&nbsp;<\/p>\n<p>&nbsp;<\/p>\n<p><span style=\"text-decoration: underline;\"><strong>Galerie:<\/strong><\/span><\/p>\nngg_shortcode_0_placeholder\n<p>&nbsp;<\/p>\n","protected":false},"excerpt":{"rendered":"<p>Der Barschsee liegt im Grunewaldgraben nahe der Saubucht. Vom n\u00f6rdlich liegenden Pechsee ist er durch einen der im Grunewald \u00fcblichen (und hier m\u00e4chtigen) Querriegel getrennt.&hellip;<\/p>\n","protected":false},"author":1,"featured_media":0,"parent":689,"menu_order":0,"comment_status":"closed","ping_status":"closed","template":"template\/full-width.php","meta":{"ngg_post_thumbnail":0,"iawp_total_views":29,"footnotes":""},"class_list":["post-728","page","type-page","status-publish","hentry"],"_links":{"self":[{"href":"https:\/\/forst-grunewald.de\/index.php?rest_route=\/wp\/v2\/pages\/728","targetHints":{"allow":["GET"]}}],"collection":[{"href":"https:\/\/forst-grunewald.de\/index.php?rest_route=\/wp\/v2\/pages"}],"about":[{"href":"https:\/\/forst-grunewald.de\/index.php?rest_route=\/wp\/v2\/types\/page"}],"author":[{"embeddable":true,"href":"https:\/\/forst-grunewald.de\/index.php?rest_route=\/wp\/v2\/users\/1"}],"replies":[{"embeddable":true,"href":"https:\/\/forst-grunewald.de\/index.php?rest_route=%2Fwp%2Fv2%2Fcomments&post=728"}],"version-history":[{"count":196,"href":"https:\/\/forst-grunewald.de\/index.php?rest_route=\/wp\/v2\/pages\/728\/revisions"}],"predecessor-version":[{"id":41520,"href":"https:\/\/forst-grunewald.de\/index.php?rest_route=\/wp\/v2\/pages\/728\/revisions\/41520"}],"up":[{"embeddable":true,"href":"https:\/\/forst-grunewald.de\/index.php?rest_route=\/wp\/v2\/pages\/689"}],"wp:attachment":[{"href":"https:\/\/forst-grunewald.de\/index.php?rest_route=%2Fwp%2Fv2%2Fmedia&parent=728"}],"curies":[{"name":"wp","href":"https:\/\/api.w.org\/{rel}","templated":true}]}}