{"id":7214,"date":"2014-07-05T11:24:36","date_gmt":"2014-07-05T10:24:36","guid":{"rendered":"http:\/\/forst-grunewald.de\/?page_id=7214"},"modified":"2019-05-25T10:33:36","modified_gmt":"2019-05-25T09:33:36","slug":"fundstelle-ziegelei-matthes-aus-rathenow","status":"publish","type":"page","link":"https:\/\/forst-grunewald.de\/?page_id=7214","title":{"rendered":"Fundstelle Ziegelei Matthes aus Rathenow"},"content":{"rendered":"<h4>Beziehungsweise: Suche nach &#8222;51 \/ A1&#8220;<\/h4>\n<p>Firmenhistorie:<\/p>\n<p><a href=\"http:\/\/books.google.de\/books?id=vvwzqA08aVYC&amp;lpg=PA274&amp;ots=VLKSEWgq0o&amp;dq=Ziegelei%20Matthes%20Rathenow&amp;hl=de&amp;pg=PA268#v=onepage&amp;q=Matthes&amp;f=false\" target=\"_blank\" rel=\"noopener noreferrer\">Fundstelle<\/a>: Wolfgang B\u00fcnning, Wirtschaftliche Aspekte der Ziegelproduktion im westlichen Havelland, in Ernst Badst\u00fcbner\/Dirk Schumann, Backsteintechnologien in Mittelalter und Neuzeit, Band 4, 2003, Seite 268\/269:<\/p>\n<blockquote><p>Seite 268: &#8222;Die Ziegelei von C.G. Matthes und W. Heidepriem, Rathenow, stellte im gro\u00dfem Umfang Formsteine aller Art, auch mit verschieden farbigen Glasuren her. Auf der R\u00fcckseite der Formsteine ist in der Regel eine Buchstaben-Zahlenkombination eingeritzt. Es handelt sich dabei um eine Katalognummer. Die Formsteine waren katalogisiert und konnten aus Angebotskatalogen unter Angabe der entsprechenden Nummer bei der Ziegelei bestellt werden&#8230;&#8220;<\/p>\n<p>Seite 270: &#8222;Der frisch geformte Ziegel wurde von den Ziegelarbeitern \u00f6fters durch besondere Zeichen markiert. In den meisten F\u00e4llen sind diese Zeichen Z\u00e4hlhilfen im Produktionsprozess, da die Ziegelherstellung Akkordarbeit war. Z\u00e4hlhilfen an Ziegelsteinen k\u00f6nnen Zahlen in arabischer oder r\u00f6mischer Schreibweise, mit Personennamen markierte Steine, Strichlisten zu je F\u00fcnfergruppen, einzelne tiefe Daumenabr\u00fccke, eingedr\u00fcckte Kreuze u.a.m. darstellen. Sie wurden als Markierung in den noch frischen Stein eingedr\u00fcckt. Dabei hatte wohl jeder Ziegelstreicher seine eigene Markierungsart.&#8220;<\/p><\/blockquote>\n<p>ACHTUNG: Nicht dargestelltge Abbildung Nr.\u00a0 8 auf Seite 269 enth\u00e4lt die Beschreibung : &#8222;<em>Eingeritzes Kreuzzeichen<\/em>&#8220;<\/p>\n<p>Kreisarchiv Rathenow, Archiv Nr. 0502, Ziegelei C.G. Matthes, Rathenow, 1865-1913<br \/>\nKreisarchiv Rathenow, Archiv Nr. 0503 und 2030, Ziegelei Heidepriem, 1886 &#8211; 1940<\/p>\n<p><b>Kreisarchiv f\u00fcr den Landkreis Rathenow<\/b>, Platz der Freiheit 1 oder Ferdinand-Lassalle-Str 16 (?), 14712 Rathenow<\/p>\n<p><b>Stadtarchiv Rathenow<\/b>, Jahnstr. 34, 14712 Rathenow<\/p>\n<p>\u00dcbersicht:<\/p>\n<table>\n<tbody>\n<tr>\n<td style=\"background-color: #bbc9c1;\" colspan=\"6\"><strong>Bauwerke mit Ziegeln der Ziegelei Matthes<\/strong><\/td>\n<\/tr>\n<tr>\n<td><strong>\u00a0Baujahr (ca.)<\/strong><\/td>\n<td><strong>\u00a0Bauwerk \/ Ort<\/strong><\/td>\n<td><strong>\u00a0Anschrift<\/strong><\/td>\n<td><strong>\u00a0Beschreibung<\/strong><\/td>\n<td><strong>Ziegel-Lieferant<\/strong><\/td>\n<td><strong>\u00a0Stempel<\/strong><\/td>\n<\/tr>\n<tr>\n<td><\/td>\n<td>14712 Rathenow<\/td>\n<td><a href=\"https:\/\/www.google.de\/maps\/place\/Am+Alten+Hafen,+14712+Rathenow\/@52.606027,12.333929,618m\/data=!3m2!1e3!4b1!4m2!3m1!1s0x47a8d2260fac534d:0x4594b79dc05d7884\" target=\"_blank\" rel=\"noopener noreferrer\">Am Alten Hafen<\/a><\/td>\n<td><a href=\"http:\/\/ziegelstempel.wordpress.com\/2013\/08\/31\/alte-friedhofsmauer\/\" target=\"_blank\" rel=\"noopener noreferrer\">Friedhofsmauer<\/a><\/td>\n<td>Matthes<\/td>\n<td><a href=\"http:\/\/ziegelstempel.wordpress.com\/2013\/08\/31\/ziegelstempel-c-g-matthes-rathenow-alte-friedhofsmauer\/\" target=\"_blank\" rel=\"noopener noreferrer\">C.G. MATTHES<\/a><\/td>\n<\/tr>\n<tr>\n<td><\/td>\n<td>14712 Rathenow<\/td>\n<td><a href=\"https:\/\/www.google.de\/maps\/place\/Berliner+Stra%C3%9Fe+29,+14712+Rathenow\/@52.60366,12.35119,17z\/data=!3m1!4b1!4m2!3m1!1s0x47a8d18f0ab9d487:0xf8608182d5a6df74\" target=\"_blank\" rel=\"noopener noreferrer\">Berliner Stra\u00dfe 29<\/a><\/td>\n<td><a href=\"http:\/\/ziegelstempel.wordpress.com\/2013\/09\/01\/haus-in-der-berliner-strasse-29-rathenow\/\" target=\"_blank\" rel=\"noopener noreferrer\">Wohnhaus<\/a><\/td>\n<td>Matthes<\/td>\n<td><a href=\"http:\/\/ziegelstempel.wordpress.com\/2013\/09\/01\/ziegelstempel-c-g-matthes-rathenow-berliner-strasse-29\/\" target=\"_blank\" rel=\"noopener noreferrer\">C.G. MATTHES<\/a><\/td>\n<\/tr>\n<tr>\n<td><\/td>\n<td>14050 Berlin-Westend<\/td>\n<td><a href=\"https:\/\/forst-grunewald.de\/wp-content\/uploads\/2014-09-xx-Ahornallee-32-CG-MATTHES-und-B.RATH-0019-a.jpg\" target=\"_blank\" rel=\"noopener noreferrer\">Ahornallee 32<\/a><\/td>\n<td>Gartenzaunsockel<\/td>\n<td>Matthes<\/td>\n<td><a href=\"https:\/\/forst-grunewald.de\/wp-content\/uploads\/Ahornallee-32-CG-MATTHES-und-B.RATH-0019-a.jpg\" target=\"_blank\" rel=\"noopener noreferrer\">C.G. MATTHES<\/a> &#8211; &#8222;<a href=\"https:\/\/forst-grunewald.de\/wp-content\/uploads\/Ahornallee-32-CG-MATTHES-und-B.RATH-0019-a.jpg\" target=\"_blank\" rel=\"noopener noreferrer\">Eingeritztes Kreuz<\/a>&#8220; und B.RATH<\/td>\n<\/tr>\n<tr>\n<td><\/td>\n<td>14050 Berlin-Westend<\/td>\n<td><a href=\"https:\/\/www.google.de\/maps\/place\/Ahornallee+56,+14050+Berlin\/@52.5178184,13.2779798,17z\/data=!3m1!4b1!4m2!3m1!1s0x47a856d4f693cc8b:0x5c3df5cf5785f272\" target=\"_blank\" rel=\"noopener noreferrer\">Ahornallee 56<\/a><\/td>\n<td>Gartenzaunsockel<\/td>\n<td>Matthes<\/td>\n<td><a href=\"https:\/\/forst-grunewald.de\/wp-content\/uploads\/Ahornallee-56-CG-MATTHES-0034-a.jpg\" target=\"_blank\" rel=\"noopener noreferrer\">C.G. MATTHES<\/a><\/td>\n<\/tr>\n<tr>\n<td><\/td>\n<td>14050 Berlin-Westend<\/td>\n<td><a href=\"https:\/\/www.google.de\/maps\/place\/Kastanienallee+39,+14050+Berlin\/@52.5181368,13.2722831,17z\/data=!3m1!4b1!4m2!3m1!1s0x47a856d68d9c35eb:0xb67d087c379fbc9a\" target=\"_blank\" rel=\"noopener noreferrer\">Kastanienallee 39<\/a><\/td>\n<td>Gartenzaunsockel<\/td>\n<td>Matthes<\/td>\n<td><a href=\"https:\/\/forst-grunewald.de\/wp-content\/uploads\/Kastanienallee-39-CG-MATTHES-0020-a.jpg\" target=\"_blank\" rel=\"noopener noreferrer\">C.G. MATTHES<\/a> und H.RATH (?)<\/td>\n<\/tr>\n<tr>\n<td>1873 &#8211; 1875<\/td>\n<td>12555 Berlin<\/td>\n<td><a href=\"https:\/\/www.google.de\/maps\/place\/Mentzelstra%C3%9Fe,+Berlin\/@52.4463576,13.567289,322m\/data=!3m1!1e3!4m2!3m1!1s0x47a8487afd42f3fd:0x22686e99c9005917\" target=\"_blank\" rel=\"noopener noreferrer\">Mentzelstra\u00dfe<\/a><\/td>\n<td><a href=\"http:\/\/ziegelstempel.wordpress.com\/2013\/12\/08\/spindlerbauten-in-der-mentzelstrasse\/\" target=\"_blank\" rel=\"noopener noreferrer\">Spindlerbauten<\/a><\/td>\n<td>Matthes<\/td>\n<td><a href=\"http:\/\/ziegelstempel.wordpress.com\/2013\/12\/08\/ziegelstempel-c-g-matthes-rathenow-spindlerbauten-mentzelstrasse\/\" target=\"_blank\" rel=\"noopener noreferrer\">C.G. MATTHES<\/a><\/td>\n<\/tr>\n<tr>\n<td>1901<\/td>\n<td>10961 Berlin-Kreuzberg<\/td>\n<td><a href=\"https:\/\/www.google.com\/maps\/place\/Tempelhofer+Ufer+1\/@52.497388,13.389958,17z\/data=!3m1!4b1!4m2!3m1!1s0x47a8502bb8c2b9c3:0x83b92d901fe74f9f\" target=\"_blank\" rel=\"noopener noreferrer\">Tempelhofer Ufer 1<\/a><\/td>\n<td>Ehem. <a href=\"http:\/\/www.stadtentwicklung.berlin.de\/cgi-bin\/hidaweb\/getdoc.pl?DOK_TPL=lda_doc.tpl&amp;KEY=obj%2009031249\" target=\"_blank\" rel=\"noopener noreferrer\">Postamt SW 61<\/a><\/td>\n<td>unbekannt<\/td>\n<td><a href=\"https:\/\/forst-grunewald.de\/wp-content\/uploads\/2014-06-22-DSC04718-a-77-No-6-gedreht.jpg\" target=\"_blank\" rel=\"noopener noreferrer\"><strong>77 \/ No 6<\/strong><\/a><\/td>\n<\/tr>\n<tr>\n<td>1902<\/td>\n<td>14199 Berlin-Schmargendorf<\/td>\n<td><a href=\"https:\/\/www.google.de\/maps\/place\/Berkaer+Platz+1,+14199+Berlin\/@52.4777,13.28801,17z\/data=!3m1!4b1!4m2!3m1!1s0x47a850a3a8045999:0x734706d0befebcb7\" target=\"_blank\" rel=\"noopener noreferrer\">Berkaer Platz 1<\/a><\/td>\n<td><a href=\"http:\/\/de.wikipedia.org\/wiki\/Rathaus_Schmargendorf\" target=\"_blank\" rel=\"noopener noreferrer\">Rathaus Schmargendorf<\/a><\/td>\n<td>unbekannt<\/td>\n<td>Historisierendes Kirchenziegelformat: Eine Gruppe rechts vom Eingang:<br \/>\n\u201c<strong>80 \/ No VIII<\/strong>\u201d <a href=\"https:\/\/forst-grunewald.de\/wp-content\/uploads\/2014-08-10-Rathaus-Schmargendorf-009-klein-a-80-No-VIII.jpg\" target=\"_blank\" rel=\"noopener noreferrer\">Bild 1<\/a>, <a href=\"https:\/\/forst-grunewald.de\/wp-content\/uploads\/2014-08-10-Rathaus-Schmargendorf-005-klein-a-80-No-VIII.jpg\" target=\"_blank\" rel=\"noopener noreferrer\">Bild 2<\/a>, <a href=\"https:\/\/forst-grunewald.de\/wp-content\/uploads\/2014-08-10-Rathaus-Schmargendorf-014-klein-80NoI.jpg\" target=\"_blank\" rel=\"noopener noreferrer\">Bild 3<\/a><br \/>\n\u201c<strong>KP \/ No 6<\/strong>\u201d <a href=\"https:\/\/forst-grunewald.de\/wp-content\/uploads\/2014-08-10-Rathaus-Schmargendorf-004-klein-a-KP-No-6.jpg\" target=\"_blank\" rel=\"noopener noreferrer\">Bild 1<\/a>, <a href=\"https:\/\/forst-grunewald.de\/wp-content\/uploads\/2014-08-10-Rathaus-Schmargendorf-016-klein-a-KP-No-6.jpg\" target=\"_blank\" rel=\"noopener noreferrer\">Bild 2<\/a>, <a href=\"https:\/\/forst-grunewald.de\/wp-content\/uploads\/2014-08-10-Rathaus-Schmargendorf-007-klein-a-KP-No-6.jpg\" target=\"_blank\" rel=\"noopener noreferrer\">Bild 3<\/a>, <a href=\"https:\/\/forst-grunewald.de\/wp-content\/uploads\/2014-08-10-Rathaus-Schmargendorf-015-klein-a-KP-No-6.jpg\" target=\"_blank\" rel=\"noopener noreferrer\">Bild 4<\/a>\u00a0 \u2013 ACHTUNG: <a href=\"https:\/\/forst-grunewald.de\/wp-content\/gallery\/katholische-kirche-herz-jesu-berlin-zehlendorf\/2014-07-13-herz-jesu-kirche-681-klein-a-kp-no6.jpg\" target=\"_blank\" rel=\"noopener noreferrer\">Vergleiche<\/a> Katholische <a href=\"https:\/\/forst-grunewald.de\/?page_id=7408\" target=\"_blank\" rel=\"noopener noreferrer\">Herz-Jesu Kirche in Zehlendorf<\/a><br \/>\n\u201cKreuz\u201d \u2013 <a href=\"https:\/\/forst-grunewald.de\/wp-content\/uploads\/2014-08-10-Rathaus-Schmargendorf-019-klein-a-Kreuz-1.jpg\" target=\"_blank\" rel=\"noopener noreferrer\">Bild<\/a><\/td>\n<\/tr>\n<tr>\n<td>1907-1908<\/td>\n<td>14169 Berlin-Zehlendorf<\/td>\n<td><a href=\"https:\/\/www.google.de\/maps\/place\/Riemeisterstra%C3%9Fe+2,+14169+Berlin\/@52.4397,13.26154,17z\/data=!3m1!4b1!4m2!3m1!1s0x47a85a3070cc27a7:0x334defe330e56c9d\" target=\"_blank\" rel=\"noopener noreferrer\">Riemeisterstr. 2<\/a><\/td>\n<td>Katholische Herz-Jesu Kirche (<a href=\"http:\/\/www.herzjesuberlin.de\/seite\/77272\/geschichte.html\" target=\"_blank\" rel=\"noopener noreferrer\">Gemeinde<\/a>)<\/td>\n<td>Mattheo &amp; S\u00f6hne, Rathenow (Frage: Matthes und Sohn?)<\/td>\n<td>Zahlen und Buchstaben &#8211; <a href=\"https:\/\/forst-grunewald.de\/?page_id=7408\" target=\"_blank\" rel=\"noopener noreferrer\">Auflistung<\/a><\/td>\n<\/tr>\n<tr>\n<td>1908<\/td>\n<td>10961 Berlin-Kreuzberg<\/td>\n<td><a href=\"https:\/\/www.google.de\/maps\/place\/Marheinekeplatz+1,+10961+Berlin\/@52.48959,13.39735,17z\/data=!3m1!4b1!4m2!3m1!1s0x47a84fd9e02d3f93:0xef2993b0c990fb61\" target=\"_blank\" rel=\"noopener noreferrer\">Marheinekeplatz 1<\/a><\/td>\n<td><a href=\"http:\/\/www.heiligkreuzpassion.de\/info\/heilig-kreuz-passion\" target=\"_blank\" rel=\"noopener noreferrer\">Evangelische Passionskirche<\/a><\/td>\n<td>unbekannt<\/td>\n<td>Architekt: Theodor Astfalck<a href=\"https:\/\/forst-grunewald.de\/?page_id=6232\" target=\"_blank\" rel=\"noopener noreferrer\"><br \/>\nHinweis<\/a> Herr Hartwig vom 11.05.2014: &#8222;<em>hat \u00e4hnlich \u00fcberformatige und auch mit Zahlen gestempelte rote Ziege<\/em>l&#8220;.<br \/>\nIch habe am 21.\/22.06.2014 drei identische Stempel gefunden, ein m\u00f6glicherweise vierter Stempel ist nicht zug\u00e4nglich:<br \/>\n&#8222;<strong>208 No 29<\/strong>&#8220; mit &#8222;Cr\u00fcz&#8220;, <a href=\"https:\/\/forst-grunewald.de\/wp-content\/uploads\/2014-06-22-DSC04743-208-N-29-Cruez-klein.jpg\" target=\"_blank\" rel=\"noopener noreferrer\">Bild 1<\/a>, <a href=\"https:\/\/forst-grunewald.de\/wp-content\/uploads\/2014-06-22-DSC04754-208-No-29-Cruez-klein.jpg\" target=\"_blank\" rel=\"noopener noreferrer\">Bild 2<\/a>, <a href=\"https:\/\/forst-grunewald.de\/wp-content\/uploads\/2014-06-22-DSC04798-208No29-Cruez-klein.jpg\" target=\"_blank\" rel=\"noopener noreferrer\">Bild 3<\/a>, <a href=\"https:\/\/forst-grunewald.de\/wp-content\/uploads\/2014-06-22-DSC04827-vmtl.-auch-Stempel-klein.jpg\" target=\"_blank\" rel=\"noopener noreferrer\">Bild 4<\/a>. Steht &#8222;Cr\u00fcz&#8220; f\u00fcr &#8222;Kreuz Christi&#8220; in alter Sprache?<\/td>\n<\/tr>\n<tr>\n<td>1909-1910<\/td>\n<td>13585 Berlin-Spandau<\/td>\n<td><a href=\"https:\/\/www.google.de\/maps\/place\/Flankenschanze+43-45,+13585+Berlin\/@52.54065,13.1980247,17z\/data=!3m1!4b1!4m2!3m1!1s0x47a8563f3f64236d:0x9bcc1b541f08cc48\" target=\"_blank\" rel=\"noopener noreferrer\">Flankenschanze 43<\/a><br \/>\n(ex Askanierring)<\/td>\n<td>Katholische St. Marien-Kirche (<a href=\"http:\/\/www.st-marien-spandau.de\/cms\/index.php?module=PageZensor&amp;type=user&amp;func=display&amp;pid=17\" target=\"_blank\" rel=\"noopener noreferrer\">Gemeinde<\/a>)<\/td>\n<td>Rathenower Verblendwerke C. G. Matthes &amp; Sohn<br \/>\n(jedenfalls mit Sicherheit f\u00fcr das Pfarrhaus)<\/td>\n<td>Zahlen und Buchstaben &#8211; <a href=\"https:\/\/forst-grunewald.de\/?page_id=6711\" target=\"_blank\" rel=\"noopener noreferrer\">Auflistung<\/a><\/td>\n<\/tr>\n<tr>\n<td>1913-1914<\/td>\n<td>14197 Berlin-Friedenau<\/td>\n<td><a href=\"https:\/\/www.google.de\/maps\/place\/Bergheimer+Platz+1,+14197+Berlin\/@52.4701741,13.3201245,17z\/data=!3m1!4b1!4m2!3m1!1s0x47a850809f8d15b9:0xb694af61f677a12d\" target=\"_blank\" rel=\"noopener noreferrer\">Bergheimer Platz 1<\/a><\/td>\n<td>Katholische St. Marien-Kirche<br \/>\n(<a href=\"http:\/\/www.maria-unter-dem-kreuz.de\" target=\"_blank\" rel=\"noopener noreferrer\">Gemeinde<\/a>)<\/td>\n<td>?, vermutlich wie St. Marienkirche in Spandau<\/td>\n<td>Zahlen und Buchstaben &#8211; <a href=\"https:\/\/forst-grunewald.de\/?page_id=7357\" target=\"_blank\" rel=\"noopener noreferrer\">Auflistung<\/a><\/td>\n<\/tr>\n<tr>\n<td>1914<\/td>\n<td>14712 Rathenow<\/td>\n<td>Heidefeldstra\u00dfe<\/td>\n<td><a href=\"http:\/\/www.bismarcktuerme.de\/ebene4\/brabu\/rathe.html\" target=\"_blank\" rel=\"noopener noreferrer\">Bismarckturm<\/a><\/td>\n<td>\u201e<em>Nach lokaler, nicht verifizierbarer \u00dcberlieferung wurden das Ziegelmaterial, die Klinker, die Formsteine sowie die Terrakotten von Matthes\u2018 Ziegelei geliefert, deren bauliche Relikte im heutigen Rathenow-S\u00fcd, an den H\u00e4ngen des Weinbergs liegen.<\/em>\u201c<br \/>\n<a href=\"http:\/\/www.havelland.de\/fileadmin\/dateien\/denkmal\/formulare\/Rathenow%20Bismarckturm%201995.pdf\" target=\"_blank\" rel=\"noopener noreferrer\">Quelle<\/a>: 1995 Ulrich Wanke, Brandenburgische Denkmalpflege<\/td>\n<td><a href=\"http:\/\/ziegelstempel.wordpress.com\/2013\/09\/01\/formstein-82-17\/\" target=\"_blank\" rel=\"noopener noreferrer\">Zahlen<\/a><\/td>\n<\/tr>\n<\/tbody>\n<\/table>\n","protected":false},"excerpt":{"rendered":"<p>Beziehungsweise: Suche nach &#8222;51 \/ A1&#8220; Firmenhistorie: Fundstelle: Wolfgang B\u00fcnning, Wirtschaftliche Aspekte der Ziegelproduktion im westlichen Havelland, in Ernst Badst\u00fcbner\/Dirk Schumann, Backsteintechnologien in Mittelalter und&hellip;<\/p>\n","protected":false},"author":1,"featured_media":0,"parent":6232,"menu_order":0,"comment_status":"closed","ping_status":"closed","template":"template-fullwidth.php","meta":{"ngg_post_thumbnail":0,"iawp_total_views":18,"footnotes":""},"class_list":["post-7214","page","type-page","status-publish","hentry"],"_links":{"self":[{"href":"https:\/\/forst-grunewald.de\/index.php?rest_route=\/wp\/v2\/pages\/7214","targetHints":{"allow":["GET"]}}],"collection":[{"href":"https:\/\/forst-grunewald.de\/index.php?rest_route=\/wp\/v2\/pages"}],"about":[{"href":"https:\/\/forst-grunewald.de\/index.php?rest_route=\/wp\/v2\/types\/page"}],"author":[{"embeddable":true,"href":"https:\/\/forst-grunewald.de\/index.php?rest_route=\/wp\/v2\/users\/1"}],"replies":[{"embeddable":true,"href":"https:\/\/forst-grunewald.de\/index.php?rest_route=%2Fwp%2Fv2%2Fcomments&post=7214"}],"version-history":[{"count":83,"href":"https:\/\/forst-grunewald.de\/index.php?rest_route=\/wp\/v2\/pages\/7214\/revisions"}],"predecessor-version":[{"id":13293,"href":"https:\/\/forst-grunewald.de\/index.php?rest_route=\/wp\/v2\/pages\/7214\/revisions\/13293"}],"up":[{"embeddable":true,"href":"https:\/\/forst-grunewald.de\/index.php?rest_route=\/wp\/v2\/pages\/6232"}],"wp:attachment":[{"href":"https:\/\/forst-grunewald.de\/index.php?rest_route=%2Fwp%2Fv2%2Fmedia&parent=7214"}],"curies":[{"name":"wp","href":"https:\/\/api.w.org\/{rel}","templated":true}]}}