{"id":6711,"date":"2014-06-10T19:33:46","date_gmt":"2014-06-10T18:33:46","guid":{"rendered":"http:\/\/forst-grunewald.de\/?page_id=6711"},"modified":"2019-05-25T10:33:48","modified_gmt":"2019-05-25T09:33:48","slug":"ziegelsteinsignaturen-an-der-spandauer-kirche-maria-hilfe-der-christen","status":"publish","type":"page","link":"https:\/\/forst-grunewald.de\/?page_id=6711","title":{"rendered":"Fundstelle St. Marien-Kirche Spandau (1909-10)"},"content":{"rendered":"<figure id=\"attachment_6879\" aria-describedby=\"caption-attachment-6879\" style=\"width: 200px\" class=\"wp-caption alignright\"><a href=\"https:\/\/forst-grunewald.de\/wp-content\/uploads\/2014-06-15-DSC04404-Assistent-Timmy-am-48-B1-Stein.jpg\" target=\"_blank\" rel=\"noopener noreferrer\"><img loading=\"lazy\" decoding=\"async\" class=\"wp-image-6879\" src=\"https:\/\/forst-grunewald.de\/wp-content\/uploads\/2014-06-15-DSC04404-Assistent-Timmy-am-48-B1-Stein.jpg\" alt=\"2014-06-15 DSC04404 Assistent Timmy am 48-B1 Stein\" width=\"200\" height=\"112\" srcset=\"https:\/\/forst-grunewald.de\/wp-content\/uploads\/2014-06-15-DSC04404-Assistent-Timmy-am-48-B1-Stein.jpg 2947w, https:\/\/forst-grunewald.de\/wp-content\/uploads\/2014-06-15-DSC04404-Assistent-Timmy-am-48-B1-Stein-150x84.jpg 150w, https:\/\/forst-grunewald.de\/wp-content\/uploads\/2014-06-15-DSC04404-Assistent-Timmy-am-48-B1-Stein-300x168.jpg 300w, https:\/\/forst-grunewald.de\/wp-content\/uploads\/2014-06-15-DSC04404-Assistent-Timmy-am-48-B1-Stein-1024x575.jpg 1024w, https:\/\/forst-grunewald.de\/wp-content\/uploads\/2014-06-15-DSC04404-Assistent-Timmy-am-48-B1-Stein-400x224.jpg 400w\" sizes=\"auto, (max-width: 200px) 100vw, 200px\" \/><\/a><figcaption id=\"caption-attachment-6879\" class=\"wp-caption-text\">Assistent Timmy am 48-B1 Stein<\/figcaption><\/figure>\n<p>Die <a href=\"https:\/\/forst-grunewald.de\/?page_id=6232\" target=\"_blank\" rel=\"noopener noreferrer\">Hinweise<\/a> im Mai 2014 des Berliner <a href=\"http:\/\/www.horsthartwig.de\/ziegel_freunde_brandenburg.htm\" target=\"_blank\" rel=\"noopener noreferrer\">Ziegelsteinspezialisten<\/a> Herrn Horst Hartwig auf Kirchenziegel war sehr hilfreich.<\/p>\n<p>Erfolglos waren in Bezug auf den &#8222;<a href=\"https:\/\/forst-grunewald.de\/?page_id=6232\" target=\"_blank\" rel=\"noopener noreferrer\">Jaczoturmziegel<\/a>&#8220; mit dem Stempel &#8222;<strong>51\/A1<\/strong>&#8220; die <a href=\"https:\/\/forst-grunewald.de\/?page_id=6339\" target=\"_blank\" rel=\"noopener noreferrer\">Besichtigung<\/a> einiger Kirchen in Spandau und im Umland.<\/p>\n<p>An der Katholischen Kirche &#8222;<a href=\"http:\/\/de.wikipedia.org\/wiki\/Maria,_Hilfe_der_Christen_%28Spandau%29\" target=\"_blank\" rel=\"noopener noreferrer\">Maria, Hilfe der Christen<\/a>&#8220; (<a href=\"http:\/\/www.st-marien-spandau.de\/\" target=\"_blank\" rel=\"noopener noreferrer\">Gemeinde<\/a>) in Spandau, war ich jedoch erfolgreich.<\/p>\n<p><span style=\"color: #ffffff;\">.<\/span><\/p>\n<p><span style=\"text-decoration: underline;\"><strong>Zur Baugeschichte der Kirche:<\/strong><\/span><\/p>\n<div>\n<div class=\"spoiler-wrap\">\n\t\t\t\t<div class=\"spoiler-head folded\">Spoiler<\/div>\n\t\t\t\t<div class=\"spoiler-body\"><span style=\"color: #ffffff\">.<\/span><\/p>\n<div>\n<table>\n<tbody>\n<tr>\n<td>1891<\/td>\n<td>&#8222;Der Gang der Entwicklung des katholischen Vereinswesens wird im Blick auf die Gemeinde Spandau deutlicher. <strong>1891<\/strong>, als die Gemeinde St.Marien-Spandau circa 10 000 Seelen z\u00e4hlte, gab es folgende Vereinigungen:<br \/>\n1. M\u00e4nnerkonferenz des St. Vincenz-Vereins (seit 1851)<br \/>\n2. &#8222;Vincenz-Frauenverein (1857)<br \/>\n3. Gesellenverein (von 1869 an bis zum Kulturkampfverbot)<br \/>\n4. Geselliger Verein<br \/>\n5. Katholisch-polnischer Handwerkerverein<br \/>\n6. Bonifatius-Sammelverein (1885)<br \/>\n7. Katholischer Arbveiterverein St. Joseph (1891<br \/>\nAnfang der zwanziger Jahre gab es dagegen 33 Vereinigungen, darunter&#8230;Kirchenbauvereine fur Tochtergemeinden&#8230;<br \/>\nWie in Berlin selbst so bestanden f\u00fcr die Kirchengr\u00fcndungen der Vororte erhebliche finanzielle Probleme, obwohl gerade in den westlichen Berliner Vororten eine wohlhabende und auch opferwillige katholische Bev\u00f6lkerung ans\u00e4ssig wurde. Charakteristisch ist die Finanzierung des Neubaus der St. Marienkirche in Spandau, die 1900 das l\u00e4ngst zu klein gewordene Gotteshaus am Behnitz von 1846 ersetzten sollte: 68 000 Mark steuerte die Gemeinde bei, 30 000 kamen als Gnadengeschenk des F\u00fcrsterzbischofs, 65 000 als Patronatsbeitrag&#8230;des Preu\u00dfischen Staates hinzu und 110 000 Mark erbrachten Sammlungen bei den Katholken Deutschlands.&#8220;<br \/>\nQuelle: Felix Escher, <a href=\"http:\/\/books.google.de\/books?id=QKac1YoTLCoC&amp;lpg=PA268&amp;ots=zlJkvgVVVL&amp;dq=Felix%20Escher%20Seelsorge%20und%20Diakonie%20in%20Berlin&amp;hl=de&amp;pg=PR4#v=onepage&amp;q=Felix%20Escher%20Seelsorge%20und%20Diakonie%20in%20Berlin&amp;f=false\" target=\"_blank\" rel=\"noopener noreferrer\">1990<\/a>, Seelsorge und Diakonie in Berlin, Zitatausz\u00fcge aus den Seiten 283 und 286<\/td>\n<\/tr>\n<tr>\n<td><a href=\"http:\/\/de.wikipedia.org\/wiki\/Maria,_Hilfe_der_Christen_%28Spandau%29\" target=\"_blank\" rel=\"noopener noreferrer\">1904<\/a><\/td>\n<td>&#8222;&#8230;entstand hierzu ein Kirchbauverein, der Spenden f\u00fcr den Kirchbau sammelte. <a href=\"http:\/\/de.wikipedia.org\/wiki\/St._Marien_am_Behnitz\" target=\"_blank\" rel=\"noopener noreferrer\">St. Marien am Behnitz<\/a> wurde 1907 oder 1910 an das Milit\u00e4r verkauft, wodurch weitere Geldmittel f\u00fcr einen Neubau zur Verf\u00fcgung standen. Man erwarb ein Baugrundst\u00fcck von den Rachwitzsch&#8217;schen Erben an der Ecke Askanierring\/Moltkestra\u00dfe (heute: Ecke Flankenschanze\/Galenstra\u00dfe),&#8230;&#8220;<\/td>\n<\/tr>\n<tr>\n<td><a href=\"http:\/\/www.dl0avh.de\/dl0avh\/startliste.html\" target=\"_blank\" rel=\"noopener noreferrer\">07.10.1905<\/a><\/td>\n<td>&#8222;Vorentwurf datiert&#8220;<\/td>\n<\/tr>\n<tr>\n<td><a href=\"http:\/\/www.dl0avh.de\/dl0avh\/startliste.html\" target=\"_blank\" rel=\"noopener noreferrer\">07.03.1908<\/a><\/td>\n<td>&#8222;Ausf\u00fchrungsentwurf datiert&#8220;<\/td>\n<\/tr>\n<tr>\n<td>04.10.1908<\/td>\n<td>Baubeginn, dann Baupause w\u00e4hrend des Winters<\/td>\n<\/tr>\n<tr>\n<td><\/td>\n<td><a href=\"http:\/\/www.stadtentwicklung.berlin.de\/cgi-bin\/hidaweb\/getdoc.pl?DOK_TPL=lda_doc.tpl&amp;KEY=obj%2009080567\" target=\"_blank\" rel=\"noopener noreferrer\">Ausf\u00fchrung<\/a>: Baugesch\u00e4ft Karl Burchardt. Franz Kohstall 1924 (siehe unten): &#8222;<em><strong>C. Burchardt aus Gro\u00df-Lichterfelde&#8230;<em><strong>Maurerarbeiten<\/strong><\/em>&#8222;. <\/strong><\/em>Es d\u00fcrfte sich um diese Firma gehandelt haben:<\/td>\n<\/tr>\n<tr>\n<td>16.04.1909<\/td>\n<td>Die postalische Anschrift der <strong>St.-Marien-Kirche<\/strong> lautet heute &#8222;Flankenschanze 43&#8220;. Dies war aber nicht immer so. Beim Bau der Kirche wurde ihre \u00f6rtliche Lage mit <strong>Askanierring<\/strong> bezeichnet. Der Askanierring erhielt seinen Namen am <a href=\"http:\/\/berlin.kauperts.de\/Strassen\/Askanierring-13585-13587-Berlin\" target=\"_blank\" rel=\"noopener noreferrer\">16.04.1909<\/a>, also unmittelbar vor Grundsteinlegung der Kirche. In dem damaligen Beschluss zur seiner Namensgebung hie\u00df es, sein Name &#8222;<em>soll an die Vorfahren unseres Herrscherhauses aus der Zeit der Askanier erinnern, welche im Besonderen als Begr\u00fcnder der Mark Brandenburg anzusehen sind<\/em>&#8222;. <a href=\"http:\/\/de.wikipedia.org\/wiki\/Albrecht_I._(Brandenburg)\" target=\"_blank\" rel=\"noopener noreferrer\">Albrecht der B\u00e4r<\/a> war Askanier und er war es, der nach der <a href=\"https:\/\/forst-grunewald.de\/?page_id=2357\" target=\"_blank\" rel=\"noopener noreferrer\">Schildhornsage<\/a> und nach der am <a href=\"https:\/\/forst-grunewald.de\/?page_id=5742\" target=\"_blank\" rel=\"noopener noreferrer\">Jaczoturm<\/a> angebrachten <a href=\"https:\/\/forst-grunewald.de\/wp-content\/gallery\/jaczoturm\/1954-jaczo-denkmal-3.jpg\" target=\"_blank\" rel=\"noopener noreferrer\">Gedenktafel,<\/a> den letzten Slawenf\u00fcrsten in die Havel trieb, wodurch sich dieser zum Christentum bekannte und wodurch somit die Christianiesierung der Mark vollendet wurde: &#8222;H<em>as per fauces, Jaczo, princeps Slavorum, \/ ab Alberto Urso pulsus, ad habelam evasit. \/ Anno Domini MCLVII.&#8220;<\/em> <em>(Durch diese Schlucht wurde Jaczo der Slawenf\u00fcrst im Jahre des Herrn 1157 von Albrecht dem B\u00e4ren verfolgt und in die Havel getrieben.). <\/em><\/td>\n<\/tr>\n<tr>\n<td>20.05.1909<\/td>\n<td>Grundsteinlegung<\/td>\n<\/tr>\n<tr>\n<td>05.12.1909<\/td>\n<td>Richtfest<\/td>\n<\/tr>\n<tr>\n<td>05.07.1910<\/td>\n<td>Franz Kohstall 1924, Seite 133: &#8222;<em>Der <a href=\"http:\/\/de.wikipedia.org\/wiki\/Turmkugel\" target=\"_blank\" rel=\"noopener noreferrer\">Turmknauf<\/a> wurde aufgesetzt.<\/em>&#8222;<\/td>\n<\/tr>\n<tr>\n<td>30.10.1910<\/td>\n<td>Kirchenweihe<\/td>\n<\/tr>\n<tr>\n<td>25.12.1910<\/td>\n<td>Franz Kohstall 1924, Seite 134: Erstes Glockengel\u00e4ut &#8222;<em>in der ersten Weihenacht ihres Daseins, &#8211; morgens zwischen 4 und 5 Uhr am 25. Dezember 1910.<\/em>&#8222;<\/td>\n<\/tr>\n<tr>\n<td>1911<\/td>\n<td>Literatur:<br \/>\nZentralblatt der Bauverwaltung, <a href=\"http:\/\/opus.kobv.de\/zlb\/volltexte\/2008\/4496\/\" target=\"_blank\" rel=\"noopener noreferrer\">Nummer 51 vom 24.06.2011<\/a> &#8211; <a href=\"http:\/\/opus.kobv.de\/zlb\/volltexte\/2008\/4496\/pdf\/ZBBauverw_1911_051.pdf\" target=\"_blank\" rel=\"noopener noreferrer\">pdf<\/a><br \/>\nZentralblatt der Bauverwaltung, <a href=\"http:\/\/opus.kobv.de\/zlb\/frontdoor.php?source_opus=4498\" target=\"_blank\" rel=\"noopener noreferrer\">Nummer 53 vom 01.07.1911<\/a> &#8211; <a href=\"http:\/\/opus.kobv.de\/zlb\/volltexte\/2008\/4498\/pdf\/ZBBauverw_1911_053.pdf\" target=\"_blank\" rel=\"noopener noreferrer\">pdf<\/a><\/td>\n<\/tr>\n<tr>\n<td><strong>1924<\/strong><\/td>\n<td><strong>Franz Kohstall, Geschichte der katholischen Pfarrgemeinde Spandau, <span style=\"color: #ff0000\">siehe unten<\/span>!<\/strong><\/td>\n<\/tr>\n<tr>\n<td><a href=\"http:\/\/de.wikipedia.org\/wiki\/Maria,_Hilfe_der_Christen_%28Spandau%29\" target=\"_blank\" rel=\"noopener noreferrer\">1925<\/a><\/td>\n<td>&#8222;Im Dezember 1925 wurde die Kirchturmspitze durch Blitzschlag schwer besch\u00e4digt.&#8220;<\/td>\n<\/tr>\n<tr>\n<td><a href=\"http:\/\/de.wikipedia.org\/wiki\/Maria,_Hilfe_der_Christen_%28Spandau%29\" target=\"_blank\" rel=\"noopener noreferrer\">06.10.1944<\/a><\/td>\n<td>&#8222;Am 6. Oktober 1944 war die Kirche bei einem Fliegerangriff so stark zerst\u00f6rt worden, dass die englische Milit\u00e4rregierung sp\u00e4ter die Sprengung anordnete. Diese konnte jedoch abgewendet werden.&#8220; (Siehe auch: <a href=\"http:\/\/www.unterwegs-in-spandau.de\/weihnachten-und-bombenalarm-an-der-scharfen-lanke\/\" target=\"_blank\" rel=\"noopener noreferrer\">Luftangriff<\/a>, auch der <a href=\"http:\/\/www.bonfortionoes.com\/von-gestern\/spandauer-inferno\/\" target=\"_blank\" rel=\"noopener noreferrer\">Turm<\/a> der <a href=\"http:\/\/de.wikipedia.org\/wiki\/St.-Nikolai-Kirche_(Spandau)\" target=\"_blank\" rel=\"noopener noreferrer\">Nikolaikirche<\/a> wird durch Brandbomben zerst\u00f6rt).Weitere <a href=\"http:\/\/www.dl0avh.de\/dl0avh\/avh\/marien.html\" target=\"_blank\" rel=\"noopener noreferrer\">Informationen<\/a> von der Amateurfunkstation <a href=\"http:\/\/www.dl0avh.de\/dl0avh\/startliste.html\" target=\"_blank\" rel=\"noopener noreferrer\">DL0AVH<\/a> im Turmzimmer der Kirche: &#8222;&#8230;wurde das Kirchengrundst\u00fcck bei einem Fliegerangriff von neun Bomben getroffen. Die sechs Sprengbomben, die allein die Kirche trafen, hinterlie\u00dfen ein Bild von Tr\u00fcmmern und Schutt&#8230;&#8220;<\/td>\n<\/tr>\n<tr>\n<td><a href=\"http:\/\/de.wikipedia.org\/wiki\/Maria,_Hilfe_der_Christen_%28Spandau%29\" target=\"_blank\" rel=\"noopener noreferrer\">1946<\/a><\/td>\n<td>&#8222;1946 wurde das Kirchengrundst\u00fcck in Eigenleistung von Gemeindemitgliedern enttr\u00fcmmert.&#8220;<\/td>\n<\/tr>\n<tr>\n<td><a href=\"http:\/\/de.wikipedia.org\/wiki\/Maria,_Hilfe_der_Christen_%28Spandau%29\" target=\"_blank\" rel=\"noopener noreferrer\">1948 &#8211; 1952<\/a><\/td>\n<td>&#8222;1948 begannen die Wiederaufbauarbeiten, die sich bis 1952 hinzogen; Richtfest war am 10.\u00a0Oktober 1950. Treibende Kr\u00e4fte waren Pfarrer Geistlicher Rat Willy Nawroth und Oberbaurat Felix Lukanek. Am 22.\u00a0Mai 1952 wurde die Kirche nach der Altarweihe durch den Berliner Bischof <a title=\"Wilhelm Weskamm\" href=\"http:\/\/de.wikipedia.org\/wiki\/Wilhelm_Weskamm\">Wilhelm Weskamm<\/a> in ihrer fr\u00fcheren Gesamtgestalt wieder f\u00fcr Gottesdienste in Gebrauch genommen.&#8220;<\/td>\n<\/tr>\n<tr>\n<td><a href=\"http:\/\/www.dl0avh.de\/dl0avh\/avh\/marien.html\" target=\"_blank\" rel=\"noopener noreferrer\">1963 &#8211; 1965<\/a><\/td>\n<td>DL0AVH: &#8222;Nach dem Wiederaufbau der Bausubstanz (1946 \u2013 1952) wurden am Turm und an den Fassaden (1963 \u2013 1965) die Kriegssch\u00e4den beseitigt und eine Neugestaltung des Vorplatzes durchgef\u00fchrt.&#8220;<\/td>\n<\/tr>\n<tr>\n<td>1968<\/td>\n<td>Abschluss Instandsetzung und Umgestaltung<\/td>\n<\/tr>\n<tr>\n<td>1995<\/td>\n<td>Eintragung als Denkmal <a href=\"http:\/\/www.stadtentwicklung.berlin.de\/cgi-bin\/hidaweb\/getdoc.pl?DOK_TPL=lda_doc.tpl&amp;KEY=obj%2009080567\" target=\"_blank\" rel=\"noopener noreferrer\">09080567<\/a><\/td>\n<\/tr>\n<\/tbody>\n<\/table>\n<\/div>\n<div><span style=\"color: #ffffff\">.<\/span><\/div>\n<p><\/div>\n\t\t\t<\/div>\n<\/div>\n<p>&nbsp;<\/p>\n<div><\/div>\n<div><span style=\"text-decoration: underline;\"><strong>Ich habe vom 08.-15.06.2014 folgende Ziegelsteinstempel und m\u00f6gliche -signaturen gefunden:<\/strong><\/span><\/div>\n<div><\/div>\n<div>\n<table>\n<tbody>\n<tr>\n<td><strong>Fundstelle<\/strong><\/td>\n<td style=\"text-align: center;\"><strong><strong>Stempel<\/strong><\/strong><\/td>\n<td style=\"text-align: center;\"><strong>Bild<\/strong><\/td>\n<td><strong>Gr\u00f6\u00dfe in cm CIRKA* !<\/strong><br \/>\n<strong> Breite x Tiefe x H\u00f6he<br \/>\n<\/strong><\/td>\n<\/tr>\n<tr>\n<td>Betkapelle<\/td>\n<td style=\"text-align: center;\"><strong>48-<\/strong><strong>B1<\/strong><\/td>\n<td style=\"text-align: center;\"><a href=\"https:\/\/forst-grunewald.de\/wp-content\/gallery\/kirche-maria-hilfe-der-christen\/2014-06-09-dsc03730-48-b1-klein.jpg\" target=\"_blank\" rel=\"noopener noreferrer\">Bild<\/a><\/td>\n<td>21,3 x 12,5 x 8<\/td>\n<\/tr>\n<tr>\n<td>Betkapelle<\/td>\n<td style=\"text-align: center;\"><strong>48-<\/strong><strong>B1<\/strong><\/td>\n<td style=\"text-align: center;\"><a href=\"https:\/\/forst-grunewald.de\/wp-content\/gallery\/kirche-maria-hilfe-der-christen\/2014-06-09-dsc03743-48-b1-klein.jpg\" target=\"_blank\" rel=\"noopener noreferrer\">Bild<\/a><\/td>\n<td>21,4 x 12,8 x 8<\/td>\n<\/tr>\n<tr>\n<td>Betkapelle<\/td>\n<td style=\"text-align: center;\"><strong>48-<\/strong><strong>B1<\/strong><\/td>\n<td style=\"text-align: center;\"><a href=\"https:\/\/forst-grunewald.de\/wp-content\/gallery\/kirche-maria-hilfe-der-christen\/2014-06-10-dsc03826-klein.jpg\" target=\"_blank\" rel=\"noopener noreferrer\">Bild<\/a><\/td>\n<td>nicht erreichbar<\/td>\n<\/tr>\n<tr>\n<td>Betkapelle<\/td>\n<td style=\"text-align: center;\"><strong>48-B1<\/strong><\/td>\n<td style=\"text-align: center;\"><a href=\"https:\/\/forst-grunewald.de\/wp-content\/gallery\/kirche-maria-hilfe-der-christen\/2014-06-14-dsc04151-48b1-klein.jpg\" target=\"_blank\" rel=\"noopener noreferrer\">Bild<\/a><\/td>\n<td>Sockel, nicht vermessen<\/td>\n<\/tr>\n<tr>\n<td>Grundst\u00fccksmauer<\/td>\n<td style=\"text-align: center;\"><strong><strong>48-<\/strong><strong>B1<\/strong><\/strong><\/td>\n<td style=\"text-align: center;\"><a href=\"https:\/\/forst-grunewald.de\/wp-content\/gallery\/kirche-maria-hilfe-der-christen\/2014-06-10-dsc03851-klein.jpg\" target=\"_blank\" rel=\"noopener noreferrer\">Bild<\/a><\/td>\n<td>? x 13,3 x 8,5 (8,0)<\/td>\n<\/tr>\n<tr>\n<td>Grundst\u00fccksmauer<\/td>\n<td style=\"text-align: center;\"><strong>48-B1<\/strong><\/td>\n<td style=\"text-align: center;\"><a href=\"https:\/\/forst-grunewald.de\/wp-content\/gallery\/kirche-maria-hilfe-der-christen\/2014-06-14-dsc04221-48-b1-klein.jpg\" target=\"_blank\" rel=\"noopener noreferrer\">Bild<\/a><\/td>\n<td>neben westlichen Querschiff, nicht vermessen<\/td>\n<\/tr>\n<tr>\n<td>Grundst\u00fccksmauer<\/td>\n<td style=\"text-align: center;\"><strong>48-<\/strong><strong>C1<\/strong><\/td>\n<td style=\"text-align: center;\"><a href=\"https:\/\/forst-grunewald.de\/wp-content\/gallery\/kirche-maria-hilfe-der-christen\/2014-06-09-dsc03768-48-c1-klein.jpg\" target=\"_blank\" rel=\"noopener noreferrer\">Bild<\/a><\/td>\n<td>? x 13,5 x 8<\/td>\n<\/tr>\n<tr>\n<td>Halle<\/td>\n<td style=\"text-align: center;\">??<strong>-C1<\/strong><\/td>\n<td style=\"text-align: center;\"><a href=\"https:\/\/forst-grunewald.de\/wp-content\/uploads\/2014-06-29-IMG_8681-C1-Halle-Nord-Westen-a-klein.jpg\" target=\"_blank\" rel=\"noopener noreferrer\">Bild<\/a><\/td>\n<td>Nord-Westen, nicht erreichbar<\/td>\n<\/tr>\n<tr>\n<td>Nebenchor<\/td>\n<td style=\"text-align: center;\"><strong>48-C<\/strong>?<\/td>\n<td style=\"text-align: center;\"><a href=\"https:\/\/forst-grunewald.de\/wp-content\/uploads\/2014-06-29-IMG_8647-48C1-Nebenchor-Westen.jpg\" target=\"_blank\" rel=\"noopener noreferrer\">Bild<\/a><\/td>\n<td>Westen, nicht erreichbar<\/td>\n<\/tr>\n<tr>\n<td>Turm<\/td>\n<td style=\"text-align: center;\"><strong>48-C6<\/strong><\/td>\n<td style=\"text-align: center;\"><a href=\"https:\/\/forst-grunewald.de\/wp-content\/gallery\/kirche-maria-hilfe-der-christen\/2014-07-04-st-marien-kirche-519-turmnord-48c6.jpg\" target=\"_blank\" rel=\"noopener noreferrer\">Bild<\/a><\/td>\n<td>Nordseite, linker Giebel<\/td>\n<\/tr>\n<tr>\n<td>Turm<\/td>\n<td style=\"text-align: center;\"><strong>48-C6<\/strong><\/td>\n<td style=\"text-align: center;\"><a href=\"https:\/\/forst-grunewald.de\/wp-content\/gallery\/kirche-maria-hilfe-der-christen\/2014-07-04-st-marien-kirche-043-turm-osten-giebel-48c6.jpg\" target=\"_blank\" rel=\"noopener noreferrer\">Bild<\/a><\/td>\n<td>Ostseite, linker Giebel, ein halbes Dutzend 48-C6 Stempel<\/td>\n<\/tr>\n<tr>\n<td>Turm<\/td>\n<td style=\"text-align: center;\"><strong>48-C6<\/strong><\/td>\n<td style=\"text-align: center;\"><a href=\"https:\/\/forst-grunewald.de\/wp-content\/gallery\/kirche-maria-hilfe-der-christen\/2014-07-04-st-marien-kirche-145-turm-sued-48-c6.jpg\" target=\"_blank\" rel=\"noopener noreferrer\">Bild<\/a><\/td>\n<td>S\u00fcdseite, linker Giebel, ein halbes Dutzend 48-C6 Stempel<\/td>\n<\/tr>\n<tr>\n<td>Betkapelle<\/td>\n<td style=\"text-align: center;\"><strong>267-<\/strong><strong>B1<\/strong><\/td>\n<td style=\"text-align: center;\"><a href=\"https:\/\/forst-grunewald.de\/wp-content\/gallery\/kirche-maria-hilfe-der-christen\/2014-06-09-dsc03723-267-b1-klein.jpg\" target=\"_blank\" rel=\"noopener noreferrer\">Bild<\/a><\/td>\n<td>Gesimsstein, nicht erreichbar<\/td>\n<\/tr>\n<tr>\n<td>Betkapelle<\/td>\n<td style=\"text-align: center;\"><strong>267-B1<\/strong><\/td>\n<td style=\"text-align: center;\"><a href=\"https:\/\/forst-grunewald.de\/wp-content\/gallery\/kirche-maria-hilfe-der-christen\/2014-06-14-dsc04127-267b1-klein.jpg\" target=\"_blank\" rel=\"noopener noreferrer\">Bild<\/a><\/td>\n<td>Sockel<\/td>\n<\/tr>\n<tr>\n<td>Betkapelle<\/td>\n<td style=\"text-align: center;\"><strong>?67-B1<\/strong><\/td>\n<td style=\"text-align: center;\"><a href=\"https:\/\/forst-grunewald.de\/wp-content\/gallery\/kirche-maria-hilfe-der-christen\/2014-06-14-dsc04076-267b1-klein.jpg\" target=\"_blank\" rel=\"noopener noreferrer\">Bild<\/a><\/td>\n<td>Bodensockel, nicht vermessen<\/td>\n<\/tr>\n<tr>\n<td>Grundst\u00fccksmauer<\/td>\n<td style=\"text-align: center;\"><strong>267-B1<\/strong><\/td>\n<td style=\"text-align: center;\"><a href=\"https:\/\/forst-grunewald.de\/wp-content\/gallery\/kirche-maria-hilfe-der-christen\/2014-06-14-dsc04248-diverse-267b1-klein.jpg\" target=\"_blank\" rel=\"noopener noreferrer\">Bild<\/a><\/td>\n<td>Diverse 267-B1 beidseitig neben westlichen Querschiff, nicht vermessen<\/td>\n<\/tr>\n<tr>\n<td>Halle<\/td>\n<td style=\"text-align: center;\"><strong>267-B1<\/strong><\/td>\n<td style=\"text-align: center;\"><a href=\"https:\/\/forst-grunewald.de\/wp-content\/gallery\/kirche-maria-hilfe-der-christen\/2014-06-15-dsc04312-267-b1-3x-klein.jpg\" target=\"_blank\" rel=\"noopener noreferrer\">Bild<\/a><\/td>\n<td>Osten, nicht erreichbar<\/td>\n<\/tr>\n<tr>\n<td>Nebenchor<\/td>\n<td style=\"text-align: center;\"><strong>267-B1<\/strong><\/td>\n<td style=\"text-align: center;\"><a href=\"https:\/\/forst-grunewald.de\/wp-content\/gallery\/kirche-maria-hilfe-der-christen\/2014-06-14-dsc04201-267b1-klein.jpg\" target=\"_blank\" rel=\"noopener noreferrer\">Bild<\/a><\/td>\n<td>Osten, nicht ereichbar<\/td>\n<\/tr>\n<tr>\n<td>Nebenchor<\/td>\n<td style=\"text-align: center;\"><strong>267-B1<\/strong><\/td>\n<td style=\"text-align: center;\"><a href=\"https:\/\/forst-grunewald.de\/wp-content\/gallery\/kirche-maria-hilfe-der-christen\/2014-06-14-dsc04193-267b1-267c1-klein.jpg\" target=\"_blank\" rel=\"noopener noreferrer\">Bild<\/a><\/td>\n<td>Osten, nicht erreichbar<\/td>\n<\/tr>\n<tr>\n<td>Betkapelle<\/td>\n<td style=\"text-align: center;\"><strong><strong>267-<\/strong><strong>C1<\/strong><\/strong><\/td>\n<td style=\"text-align: center;\"><a href=\"https:\/\/forst-grunewald.de\/wp-content\/gallery\/kirche-maria-hilfe-der-christen\/2014-06-09-dsc03737-klein.jpg\" target=\"_blank\" rel=\"noopener noreferrer\">Bild<\/a><\/td>\n<td>21,5 x 13,3 x 8<\/td>\n<\/tr>\n<tr>\n<td>Betkapelle<\/td>\n<td style=\"text-align: center;\"><strong>267-C1<\/strong><\/td>\n<td style=\"text-align: center;\"><a href=\"https:\/\/forst-grunewald.de\/wp-content\/gallery\/kirche-maria-hilfe-der-christen\/2014-06-14-dsc04137-267-c1-klein.jpg\" target=\"_blank\" rel=\"noopener noreferrer\">Bild<\/a><\/td>\n<td>Sockel, nicht vermessen<\/td>\n<\/tr>\n<tr>\n<td>Chor<\/td>\n<td style=\"text-align: center;\"><strong>267-C1<\/strong><\/td>\n<td style=\"text-align: center;\"><a href=\"https:\/\/forst-grunewald.de\/wp-content\/uploads\/2014-06-29-IMG_8595-267-C1Chor-a-klein.jpg\" target=\"_blank\" rel=\"noopener noreferrer\">Bild<\/a><\/td>\n<td>Norden, nicht erreichbar<\/td>\n<\/tr>\n<tr>\n<td>Chor<\/td>\n<td style=\"text-align: center;\"><strong>267<\/strong>-??<\/td>\n<td style=\"text-align: center;\"><a href=\"https:\/\/forst-grunewald.de\/wp-content\/uploads\/2014-06-29-IMG_8597-267-Chor-a-klein.jpg\" target=\"_blank\" rel=\"noopener noreferrer\">Bild<\/a><\/td>\n<td>Norder, nicht erreichbar<\/td>\n<\/tr>\n<tr>\n<td>Halle<\/td>\n<td style=\"text-align: center;\"><strong>267-C1<\/strong><\/td>\n<td style=\"text-align: center;\"><a href=\"https:\/\/forst-grunewald.de\/wp-content\/gallery\/kirche-maria-hilfe-der-christen\/2014-06-15-dsc04410-267c1-klein.jpg\" target=\"_blank\" rel=\"noopener noreferrer\">Bild<\/a><\/td>\n<td>Westen, nicht erreichbar<\/td>\n<\/tr>\n<tr>\n<td>Halle<\/td>\n<td style=\"text-align: center;\"><strong>267-C1<\/strong><\/td>\n<td style=\"text-align: center;\"><a href=\"https:\/\/forst-grunewald.de\/wp-content\/gallery\/kirche-maria-hilfe-der-christen\/2014-06-15-dsc04412-267-c1-klein.jpg\" target=\"_blank\" rel=\"noopener noreferrer\">Bild<\/a><\/td>\n<td>Westen, nicht erreichbar<\/td>\n<\/tr>\n<tr>\n<td>Halle<\/td>\n<td style=\"text-align: center;\"><strong>267-C1<\/strong><\/td>\n<td style=\"text-align: center;\"><a href=\"https:\/\/forst-grunewald.de\/wp-content\/gallery\/kirche-maria-hilfe-der-christen\/2014-06-15-dsc04312-267-b1-3x-klein.jpg\" target=\"_blank\" rel=\"noopener noreferrer\">Bild<\/a><\/td>\n<td>Osten, 2 St\u00fcck, nicht erreichbar<\/td>\n<\/tr>\n<tr>\n<td>Nebenchor<\/td>\n<td style=\"text-align: center;\"><strong>267-C1<\/strong><\/td>\n<td style=\"text-align: center;\"><a href=\"https:\/\/forst-grunewald.de\/wp-content\/gallery\/kirche-maria-hilfe-der-christen\/2014-06-09-dsc03715-267-c1-klein.jpg\" target=\"_blank\" rel=\"noopener noreferrer\">Bild<\/a><\/td>\n<td>Osten, ? x 13,5 x 8,5<\/td>\n<\/tr>\n<tr>\n<td>Nebenchor<\/td>\n<td style=\"text-align: center;\"><strong>267-C1<\/strong><\/td>\n<td style=\"text-align: center;\"><a href=\"https:\/\/forst-grunewald.de\/wp-content\/gallery\/kirche-maria-hilfe-der-christen\/2014-06-14-dsc04193-267b1-267c1-klein.jpg\" target=\"_blank\" rel=\"noopener noreferrer\">Bild<\/a><\/td>\n<td>Osten, nicht erreichbar<\/td>\n<\/tr>\n<tr>\n<td>Nebenchor<\/td>\n<td style=\"text-align: center;\"><strong>267-C1<\/strong><\/td>\n<td style=\"text-align: center;\"><a href=\"https:\/\/forst-grunewald.de\/wp-content\/uploads\/2014-06-29-IMG_8652-267C1-Nebenchor-Westen-a-klein.jpg\" target=\"_blank\" rel=\"noopener noreferrer\">Bild<\/a><\/td>\n<td>Westen, nicht erreichbar<\/td>\n<\/tr>\n<tr>\n<td>Nebenchor<\/td>\n<td style=\"text-align: center;\"><strong>267-C1<\/strong><\/td>\n<td style=\"text-align: center;\"><a href=\"https:\/\/forst-grunewald.de\/wp-content\/uploads\/2014-06-29-IMG_8658-267C1-Nebenchor-Westen-a-klein.jpg\" target=\"_blank\" rel=\"noopener noreferrer\">Bild<\/a><\/td>\n<td>Westen, nicht erreichbar<\/td>\n<\/tr>\n<tr>\n<td>Nebenchor<\/td>\n<td style=\"text-align: center;\"><strong>267-C<\/strong>?<\/td>\n<td style=\"text-align: center;\"><a href=\"https:\/\/forst-grunewald.de\/wp-content\/uploads\/2014-06-29-IMG_8650-267-C-aklein.jpg\" target=\"_blank\" rel=\"noopener noreferrer\">Bild<\/a><\/td>\n<td>Westen, nicht erreichbar<\/td>\n<\/tr>\n<tr>\n<td>Querschiff<\/td>\n<td style=\"text-align: center;\"><strong>267-C1<\/strong><\/td>\n<td style=\"text-align: center;\"><a href=\"https:\/\/forst-grunewald.de\/wp-content\/gallery\/kirche-maria-hilfe-der-christen\/2014-07-04-st-marien-kirche-324-querschiff-osten-267c1-a-klein.jpg\" target=\"_blank\" rel=\"noopener noreferrer\">Bild<\/a><\/td>\n<td>Osten, nicht erreichbar<\/td>\n<\/tr>\n<tr>\n<td>Querschiff<\/td>\n<td style=\"text-align: center;\"><strong>267-C1<\/strong><\/td>\n<td style=\"text-align: center;\"><a href=\"https:\/\/forst-grunewald.de\/wp-content\/gallery\/kirche-maria-hilfe-der-christen\/2014-06-15-dsc04429-267-c1-klein.jpg\" target=\"_blank\" rel=\"noopener noreferrer\">Bild<\/a><\/td>\n<td>Westen, nicht erreichbar<\/td>\n<\/tr>\n<tr>\n<td>Betkapelle<\/td>\n<td style=\"text-align: center;\"><strong>267<\/strong>&#8211;<strong>KX<\/strong><\/td>\n<td style=\"text-align: center;\"><a href=\"https:\/\/forst-grunewald.de\/wp-content\/gallery\/kirche-maria-hilfe-der-christen\/2014-06-14-dsc04092-267kx-klein.jpg\" target=\"_blank\" rel=\"noopener noreferrer\">Bild<\/a><\/td>\n<td>Verschobenes Rechteck, unterhalb Dachkante, nicht erreichbar<\/td>\n<\/tr>\n<tr>\n<td>Grundst\u00fccksmauer<\/td>\n<td style=\"text-align: center;\">j<\/td>\n<td style=\"text-align: center;\"><a href=\"https:\/\/forst-grunewald.de\/wp-content\/gallery\/kirche-maria-hilfe-der-christen\/2014-06-10-dsc03848-klein.jpg\" target=\"_blank\" rel=\"noopener noreferrer\">Bild<\/a><\/td>\n<td>? x 13,3 x 8,5<\/td>\n<\/tr>\n<tr>\n<td>Nebenchor<\/td>\n<td style=\"text-align: center;\">M<\/td>\n<td style=\"text-align: center;\"><a href=\"https:\/\/forst-grunewald.de\/wp-content\/gallery\/kirche-maria-hilfe-der-christen\/2014-06-10-dsc03858-klein.jpg\" target=\"_blank\" rel=\"noopener noreferrer\">Bild<\/a><\/td>\n<td><a href=\"https:\/\/forst-grunewald.de\/wp-content\/gallery\/kirche-maria-hilfe-der-christen\/2014-06-09-dsc03795-klein.jpg\" target=\"_blank\" rel=\"noopener noreferrer\">Turmschriftbuchstabe<\/a>?<\/td>\n<\/tr>\n<tr>\n<td>Grundst\u00fccksmauer<\/td>\n<td style=\"text-align: center;\">V<\/td>\n<td style=\"text-align: center;\"><a href=\"https:\/\/forst-grunewald.de\/wp-content\/gallery\/kirche-maria-hilfe-der-christen\/2014-06-10-dsc03835-klein.jpg\" target=\"_blank\" rel=\"noopener noreferrer\">Bild<\/a><\/td>\n<td>? x 13 x 8,8 <a href=\"https:\/\/forst-grunewald.de\/wp-content\/gallery\/kirche-maria-hilfe-der-christen\/2014-06-09-dsc03795-klein.jpg\" target=\"_blank\" rel=\"noopener noreferrer\">Turmschriftbuchstabe<\/a>?<\/td>\n<\/tr>\n<tr>\n<td>Chor\/Nebenchor<\/td>\n<td style=\"text-align: center;\">?OB?<\/td>\n<td style=\"text-align: center;\"><a href=\"https:\/\/forst-grunewald.de\/wp-content\/gallery\/kirche-maria-hilfe-der-christen\/2014-06-14-dsc04190-ob-klein.jpg\" target=\"_blank\" rel=\"noopener noreferrer\">Bild<\/a><\/td>\n<td>Sockel, nicht vermessen<\/td>\n<\/tr>\n<tr>\n<td>Grundst\u00fccksmauer<\/td>\n<td style=\"text-align: center;\">\u00a0(r)<\/td>\n<td style=\"text-align: center;\"><a href=\"https:\/\/forst-grunewald.de\/wp-content\/gallery\/kirche-maria-hilfe-der-christen\/2014-06-09-dsc03775-klein.jpg\" target=\"_blank\" rel=\"noopener noreferrer\">Bild<\/a><\/td>\n<td>Besch\u00e4digung oder Signatur?<\/td>\n<\/tr>\n<tr>\n<td>Nebenchor<\/td>\n<td style=\"text-align: center;\">\u00a0(L)<\/td>\n<td style=\"text-align: center;\"><a href=\"https:\/\/forst-grunewald.de\/wp-content\/gallery\/kirche-maria-hilfe-der-christen\/2014-06-09-dsc03711-klein.jpg\" target=\"_blank\" rel=\"noopener noreferrer\">Bild<\/a><\/td>\n<td>Besch\u00e4digung oder Signatur?<\/td>\n<\/tr>\n<tr>\n<td>Nebenchor<\/td>\n<td style=\"text-align: center;\">\u00a0(S)<\/td>\n<td style=\"text-align: center;\"><a href=\"https:\/\/forst-grunewald.de\/wp-content\/gallery\/kirche-maria-hilfe-der-christen\/2014-06-09-dsc03712-klein.jpg\" target=\"_blank\" rel=\"noopener noreferrer\">Bild<\/a><\/td>\n<td>Besch\u00e4digung oder Signatur?<\/td>\n<\/tr>\n<tr>\n<td colspan=\"4\">*Eingemauerte Ziegel zu vermessen, ist gar nicht so einfach.<br \/>\nDie Ziegel weisen Besch\u00e4digungen\/Rundungen an den Kanten auf, sie sind schwer zug\u00e4nglich, das H\u00f6hen- und Seitenverh\u00e4ltnis beim Ablesen muss aber stimmen und ich frage mich, in wie weit Ziegel herstellungsbedingt von vornherein Ma\u00dftoleranzen aufweisen.<\/td>\n<\/tr>\n<\/tbody>\n<\/table>\n<\/div>\n<div><\/div>\n<div><span style=\"color: #ffffff;\">.<\/span><\/div>\n<div><\/div>\n<div><img loading=\"lazy\" decoding=\"async\" class=\"alignnone\" src=\"https:\/\/forst-grunewald.de\/wp-content\/uploads\/2014-06-11-Stempel-Vergleich-Jaczoturm-St.Marienkirche.jpg\" alt=\"\" width=\"1117\" height=\"223\" \/><\/div>\n<div><span style=\"color: #ffffff;\">.<\/span><\/div>\n<div><span style=\"color: #ffffff;\">.<\/span><\/div>\n<div><span style=\"color: #000000;\"><span style=\"text-decoration: underline;\"><strong>14. Juni\u00a0 2014<\/strong><\/span>: <a href=\"https:\/\/forst-grunewald.de\/?page_id=6232\" target=\"_blank\" rel=\"noopener noreferrer\">Was bedeutet die Fundstelle an der Kirche \u201cMaria, Hilfe der Christen\u201d f\u00fcr die Erforschung des Jaczot\u00fcrmchens?<\/a><\/span><\/div>\n<div><span style=\"color: #ffffff;\">.<\/span><\/div>\n<div><span style=\"color: #ffffff;\">.<\/span><\/div>\n<div><span style=\"text-decoration: underline;\"><strong>23. Juni 2014:<\/strong><\/span> Ein bemerkenswertes Schriftst\u00fcck<\/div>\n<div><span style=\"color: #ffffff;\">.<\/span><\/div>\n<div>Auf der Suche nach Informationen \u00fcber die am Bau beteiligten Baufirmen, speziell jene Firma, welche die Ziegelsteine geliefert hatte und nach m\u00f6glichen Spendern (evtl. Herrn Hissink, dem Schwiegersohn des damaligen Grundst\u00fcckseigent\u00fcmers, Frage: War er Katholik?)\u00a0 und Personen, die von ihrer Stellung und Motivation her in der Lage waren, von der Kirche einige Zeigelsteine f\u00fcr den Bau des Jaczoturms abzuzweigen oder sogar die Ziegelsteinfirma anzuweisen, noch ein kleines Nebenbauwerk zu errichten, habe ich mir heute ein bemerkenswertes Buch gekauft und je mehr ich mich dort eingelesen habe, desto mehr d\u00e4mmerte mir ein Verdacht:<\/div>\n<div><span style=\"color: #ffffff;\">.<\/span><\/div>\n<div><strong>1924: <a href=\"http:\/\/berlin.kauperts.de\/Strassen\/Kohstallweg-13583-Berlin\" target=\"_blank\" rel=\"noopener noreferrer\">Franz Kohstall<\/a>, Geschichte der katholischen Pfarrgemeinde Spandau:<\/strong><\/div>\n<div>In Bearbeitung\/04.07.2014<\/div>\n<div><span style=\"color: #ffffff;\">.<\/span><\/div>\n<div><span style=\"text-decoration: underline;\"><strong>02. Juli 2014:<\/strong><br \/>\n<\/span>Frau Wiltrud Barth vom Landesdenkmalamt in Berlin, hat mir die wichtige Information \u00fcbermittelt, dass die Ziegelsteine an der Spandauer St. Marien-Kirche von den &#8222;<strong>Rathenower Verblendwerke C. G. Matthes &amp; Sohn<\/strong>&#8220; stammen (&#8222;<em>Die Angabe habe ich gefunden in: Andreas Tacke, Kirchen f\u00fcr die Diaspora. Christoph Hehls Berliner Bauten und Hochschult\u00e4tigkeit (1894-1911) = Die Bauwerke und Kunstdenkm\u00e4ler von Berlin, Beiheft 24, Berlin 1993, S. 222.<\/em>&#8222;). Ich habe mir das Buch sofort bestellt und am 04.07.2014 erhalten. Die Auswertung scheint vielversprechend zu werden und meinen Verdacht in Bezug auf die Motivlage der m\u00f6glichen Initiatoren-Erbauer, wenn sie aus dem Umfeld der Spandauer katholischen Gemeinde stammen sollten, zu belegen. Ich werde die Chronik von Herrn Kohstall und Ausz\u00fcge aus dem Werk von Herrn Tacke in Beziehung setzen. Als m\u00f6glicher Bau-Initiatoren steht Herr Kohstall im Fokus. M\u00f6glicherweise handelt es sich bei dem Jaczoturm sogar um ein kleinen Nebenbeibauwerk, bzw. einer kleinen Planungsunterst\u00fctzungsleistung, seitens Herrn Prof. Christoph Hehl, kurz vor seinem Tod.<\/div>\n<div><span style=\"color: #ffffff;\">.<\/span><\/div>\n<div><span style=\"text-decoration: underline;\"><strong>05. Juli 2014:<\/strong><\/span> <a href=\"https:\/\/forst-grunewald.de\/?page_id=7214\" target=\"_blank\" rel=\"noopener noreferrer\">Fundstelle Ziegelei Matthes aus Rathenow<\/a><\/div>\n<div><span style=\"color: #ffffff;\">.<\/span><\/div>\n<div><span style=\"text-decoration: underline;\"><strong>27. August 2014:<\/strong><\/span> Neuigkeiten zu den an der St. Marien-Kirche zu Spandau verbauten Ziegelsteinen:<\/div>\n<div><span style=\"color: #ffffff;\">.<\/span><\/div>\n<div>Heute hatte ich Gelegenheit, einen Teil der Bauakten im Pfarrarchiv der katholischen Gemeinde &#8222;<a href=\"http:\/\/www.st-marien-spandau.de\/\" target=\"_blank\" rel=\"noopener noreferrer\">Maria, Hilfe der Christen<\/a>&#8220; einzusehen, wobei ich mich hiermit nochmals ausdr\u00fccklich beim Archivar Herrn Martin Recker f\u00fcr seine Unterst\u00fctzung bedanken m\u00f6chte.<\/div>\n<div><\/div>\n<div>Dabei konnte ich folgendes feststellen:<\/div>\n<div>\n<ol>\n<li>Den Zuschlag f\u00fcr die Maurerarbeiten an der Kirche erhielt die Firma &#8222;<strong>Carl Burchardt, Baugesch\u00e4ft<\/strong>&#8222;, Gross-Lichterfelde-Ost bei Berlin, <a href=\"https:\/\/www.google.com\/maps\/place\/Heinrichstra%C3%9Fe+5,+12207+Berlin,+Deutschland\/@52.42214,13.31468,17z\/data=!3m1!4b1!4m2!3m1!1s0x47a85b1d6e09a555:0xea5fcce6c69a518f\" target=\"_blank\" rel=\"noopener noreferrer\">Heinrich-Stra\u00dfe 5<\/a> (sp\u00e4ter Berlinerstra\u00dfe 134-137, heute <a href=\"https:\/\/www.google.com\/maps\/place\/Ostpreu%C3%9Fendamm+134,+12207+Berlin,+Deutschland\/@52.42178,13.31218,17z\/data=!3m1!4b1!4m2!3m1!1s0x47a85b1d36a80e1b:0x595490c81f17a170\" target=\"_blank\" rel=\"noopener noreferrer\">Ostpreu\u00dfendamm<\/a>). Die Firma Burchardt gab gegen\u00fcber Herrn Professor Christoph Hehl am 26.09.1909 folgende schriftliche <a href=\"https:\/\/forst-grunewald.de\/wp-content\/gallery\/kirche-maria-hilfe-der-christen\/1909-08-26-2014-08-27-st-marienkirche-spandau-pfarrarchiv-bauakten-0023-klein.jpg\" target=\"_blank\" rel=\"noopener noreferrer\">Erkl\u00e4rung<\/a> ab:<br \/>\n&#8222;<em>Bezugnehmend auf die Unterredung erkl\u00e4re ich mich bereit, die am Neubau der Katholischen Kirche in Spandau \u00fcbrig bleibenden Formsteine dem Unternehmer des Pfarrhauses zu meinen Vertragspreisen zu \u00fcberlassen.<\/em>&#8222;<\/li>\n<li>Den Zuschlag f\u00fcr den Bau des Pfarrhauses erhielt der Spandauer <strong>Maurer- und Zimmermeister Paul Florian<\/strong>, Spandau, Sch\u00f6nwalderstra\u00dfe 83 (sp\u00e4ter Falkenhagenerstra\u00dfe 33b \/Ecke Windm\u00fchlenberg).<\/li>\n<li>Der Bauakte liegt eine &#8222;<a href=\"https:\/\/forst-grunewald.de\/wp-content\/gallery\/kirche-maria-hilfe-der-christen\/1909-08-00-ca-2014-08-27-st-marienkirche-spandau-pfarrarchiv-bauakten-0013-klein.jpg\" target=\"_blank\" rel=\"noopener noreferrer\"><strong>Formstein-Liste<\/strong><\/a>&#8220; der zu verbauenden Ziegelsteine bei, jedenfalls f\u00fcr das Pfarrhaus. Dort hei\u00dft es einleitend:<br \/>\n&#8222;<strong><em>Steine sind als <span style=\"text-decoration: underline;\">naturrote Handstrich<\/span>-Verblender und <span style=\"text-decoration: underline;\">geschnittene Handstrich-Formsteine<\/span> <span style=\"text-decoration: underline;\">aus Rathenow<\/span> Material im Klosterformat 28,5 x 13,5 x 8,5 cm zu den besonderen Bedingungen entsprechend zu liefern.<\/em><\/strong>&#8220;<br \/>\nDann folgt eine Liste mit 13 verschiedenen Formsteinformaten, wobei die Steine mit der vorstehend genannten Standard-Gr\u00f6\u00dfe mit insgesamt 40500 Steinen das gr\u00f6\u00dfte Kontingent ausmachen.<\/li>\n<li>Die Steine f\u00fcr die Kirche wurden von den &#8222;<a href=\"https:\/\/forst-grunewald.de\/?page_id=7214\" target=\"_blank\" rel=\"noopener noreferrer\"><strong>Rathenower Verblendsteinwerke C.G. Matthes &amp; Sohn<\/strong><\/a>&#8220; geliefert.<\/li>\n<li>Die Firma Burchardt erw\u00e4hnt in einem <a href=\"https:\/\/forst-grunewald.de\/wp-content\/gallery\/kirche-maria-hilfe-der-christen\/1910-12-17-2014-08-27-st-marienkirche-spandau-pfarrarchiv-bauakten-0099-klein.jpg\" target=\"_blank\" rel=\"noopener noreferrer\">Schreiben vom 17.12.1910<\/a>: &#8222;<em>Die letzten Wochen vor der Einweihung der Kirche haben, &#8230; sehr gro\u00dfe Geldaufwendungen erforderlich gemacht, da <strong>bei Beginn der Maurerarbeiten im Fr\u00fchjahr 1909 durch das Fehlen der Formsteine<\/strong> und dadurch bedingte Hinderung der gesamten Steinlieferung, die Bauarbeiten erheblich verz\u00f6gert worden sind.<\/em>&#8222;<\/li>\n<\/ol>\n<p>Ergebnis: In der Bauakte habe ich keinen Formstein-Katalog der Ziegelei Matthes gefunden. Die eigenst\u00e4ndige Formstein-Liste des Architekten Herrn Prof. Hehl l\u00e4sst hingegen den Schlu\u00df zu, dass die gelieferten Formsteine im Klosterformat nicht nach Katalog ausgew\u00e4hlt wurden, sondern entsprechend der Liste von der Ziegelei Matthes entweder extra hergestellt wurden, oder aber die Ziegelei \u00fcber Best\u00e4nde verf\u00fcgte, welche bereits das verlangte (oder ein \u00e4hnliches) Format (ggf. mit einer vertretbaren Toleranz) aufwiesen.<\/p>\n<\/div>\n<div><span style=\"color: #ffffff;\">.Foolg<\/span><\/div>\n<div><span style=\"color: #ffffff;\">\u00a0<\/span><\/div>\n<div><span style=\"color: #ffffff;\">.<\/span><\/div>\n<div><span style=\"color: #ffffff;\">.<\/span><\/div>\n<div><\/div>\n<div>ngg_shortcode_0_placeholder<\/div>\n","protected":false},"excerpt":{"rendered":"<p>Die Hinweise im Mai 2014 des Berliner Ziegelsteinspezialisten Herrn Horst Hartwig auf Kirchenziegel war sehr hilfreich. Erfolglos waren in Bezug auf den &#8222;Jaczoturmziegel&#8220; mit dem&hellip;<\/p>\n","protected":false},"author":1,"featured_media":0,"parent":6232,"menu_order":0,"comment_status":"closed","ping_status":"closed","template":"template-fullwidth.php","meta":{"ngg_post_thumbnail":0,"iawp_total_views":16,"footnotes":""},"class_list":["post-6711","page","type-page","status-publish","hentry"],"_links":{"self":[{"href":"https:\/\/forst-grunewald.de\/index.php?rest_route=\/wp\/v2\/pages\/6711","targetHints":{"allow":["GET"]}}],"collection":[{"href":"https:\/\/forst-grunewald.de\/index.php?rest_route=\/wp\/v2\/pages"}],"about":[{"href":"https:\/\/forst-grunewald.de\/index.php?rest_route=\/wp\/v2\/types\/page"}],"author":[{"embeddable":true,"href":"https:\/\/forst-grunewald.de\/index.php?rest_route=\/wp\/v2\/users\/1"}],"replies":[{"embeddable":true,"href":"https:\/\/forst-grunewald.de\/index.php?rest_route=%2Fwp%2Fv2%2Fcomments&post=6711"}],"version-history":[{"count":258,"href":"https:\/\/forst-grunewald.de\/index.php?rest_route=\/wp\/v2\/pages\/6711\/revisions"}],"predecessor-version":[{"id":13294,"href":"https:\/\/forst-grunewald.de\/index.php?rest_route=\/wp\/v2\/pages\/6711\/revisions\/13294"}],"up":[{"embeddable":true,"href":"https:\/\/forst-grunewald.de\/index.php?rest_route=\/wp\/v2\/pages\/6232"}],"wp:attachment":[{"href":"https:\/\/forst-grunewald.de\/index.php?rest_route=%2Fwp%2Fv2%2Fmedia&parent=6711"}],"curies":[{"name":"wp","href":"https:\/\/api.w.org\/{rel}","templated":true}]}}