{"id":664,"date":"2012-06-04T14:18:53","date_gmt":"2012-06-04T14:18:53","guid":{"rendered":"http:\/\/forst-grunewald.de\/wordpress\/?page_id=664"},"modified":"2025-08-04T15:11:39","modified_gmt":"2025-08-04T14:11:39","slug":"groses-fenster","status":"publish","type":"page","link":"https:\/\/forst-grunewald.de\/?page_id=664","title":{"rendered":"Gro\u00dfes Fenster"},"content":{"rendered":"<figure id=\"attachment_669\" aria-describedby=\"caption-attachment-669\" style=\"width: 540px\" class=\"wp-caption alignright\"><a href=\"https:\/\/forst-grunewald.de\/wp-content\/uploads\/1910-Grosse-Fenster-Verlag-f\u00fcr-Farbenphotographie-Carl-Weller-klein.jpg\" target=\"_blank\" rel=\"noopener noreferrer\"><img loading=\"lazy\" decoding=\"async\" class=\" wp-image-669 \" title=\"1910 Grosse Fenster Verlag f\u00fcr Farbenphotographie Carl Weller-klein\" src=\"https:\/\/forst-grunewald.de\/wp-content\/uploads\/1910-Grosse-Fenster-Verlag-f\u00fcr-Farbenphotographie-Carl-Weller-klein.jpg\" alt=\"\" width=\"540\" height=\"465\" srcset=\"https:\/\/forst-grunewald.de\/wp-content\/uploads\/1910-Grosse-Fenster-Verlag-f\u00fcr-Farbenphotographie-Carl-Weller-klein.jpg 900w, https:\/\/forst-grunewald.de\/wp-content\/uploads\/1910-Grosse-Fenster-Verlag-f\u00fcr-Farbenphotographie-Carl-Weller-klein-150x129.jpg 150w, https:\/\/forst-grunewald.de\/wp-content\/uploads\/1910-Grosse-Fenster-Verlag-f\u00fcr-Farbenphotographie-Carl-Weller-klein-300x258.jpg 300w, https:\/\/forst-grunewald.de\/wp-content\/uploads\/1910-Grosse-Fenster-Verlag-f\u00fcr-Farbenphotographie-Carl-Weller-klein-400x344.jpg 400w\" sizes=\"auto, (max-width: 540px) 100vw, 540px\" \/><\/a><figcaption id=\"caption-attachment-669\" class=\"wp-caption-text\"><span style=\"font-family: arial, helvetica, sans-serif; font-size: 10pt;\">Die erste Farbaufnahme vom Gro\u00dfen Fenster aus dem Jahre 1910. Das Foto stammt vermutlich Foto aus dem Bildtafelband \u201eDie Mark Brandenburg in Farbenphotographie\u201c, herausgegeben von <a href=\"https:\/\/de.wikipedia.org\/wiki\/Franz_Goerke\" target=\"_blank\" rel=\"noopener noreferrer\">Prof. Franz Goerke<\/a>, \u201ein nat\u00fcrlichen Farben nach Aufnahmen des Kunstmalers <a href=\"https:\/\/de.wikipedia.org\/wiki\/Rudolf_Hacke\" target=\"_blank\" rel=\"noopener noreferrer\">Rudolf Hacke<\/a> und des Photochemikers <a href=\"https:\/\/de.wikipedia.org\/wiki\/Julius_Hollos\" target=\"_blank\" rel=\"noopener noreferrer\">Julius Hollos<\/a>, erschienen in der <a href=\"https:\/\/www.morgenpost.de\/kultur\/article102262672\/So-schoen-und-farbig-war-Deutschland-frueher.html\" target=\"_blank\" rel=\"noopener noreferrer\">Verlagsanstalt f\u00fcr Farbenphotographie Carl Weller<\/a>, Berlin. So, wie auch ein sehr sch\u00f6nes Farbfoto vom <a href=\"https:\/\/forst-grunewald.de\/?page_id=1047\" target=\"_blank\" rel=\"noopener\">Pechsee<\/a>.<\/span><\/figcaption><\/figure>\n<p style=\"text-align: justify;\"><span style=\"font-family: arial, helvetica, sans-serif; font-size: 12pt;\">Eine beliebte Badestelle unterhalb der <a href=\"https:\/\/forst-grunewald.de\/?page_id=164\" target=\"_blank\" rel=\"noopener noreferrer\">\u00e4ltesten Eiche<\/a> im Berliner Grunewald. <a href=\"https:\/\/forst-grunewald.de\/?page_id=676\" target=\"_blank\" rel=\"noopener noreferrer\">Berdrow<\/a> beschrieb sie 1902 wie folgt:<\/span><\/p>\n<p style=\"padding-left: 30px; text-align: justify;\"><span style=\"font-family: arial, helvetica, sans-serif; font-size: 12pt;\">&#8222;<em>Allm\u00e4hlich senkt sich der Weg zum Grunewaldgraben, der hier aus der Schonung hervortritt und sich um den S\u00fcdfu\u00df des Havelberges&nbsp; zum Flusse wendet. Auf dem ihn begleitenden Fu\u00dfpfade gelangen wir auf die Chaussee und jenseits derselben zur <strong>Holzablage Gro\u00dfe Steinlanke<\/strong>, einer sumpfigen Wiese am Havelufer. An ihrem Rande erhebt sich, weithin sichtbar, die <a href=\"https:\/\/forst-grunewald.de\/?page_id=164\" target=\"_blank\" rel=\"noopener noreferrer\"><strong>st\u00e4rkste Eiche des Grunewaldes<\/strong><\/a>, die noch ein Meter \u00fcber den Wurzeln gegen zwei Meter Durchmesser besitzt. <strong>Thor&#8217;s Hammer<\/strong> hat sie gezeichnet und eine 30-40 Zentimeter breite Blitzbahn auf ihren Leib geritzt, welche Wunde jedoch der kraftstrotzende, sicher drei bis vier Jahrhunderte alte Stamm erfolgreich zu \u00fcberwallen bem\u00fcht ist.<\/em><\/span><br \/>\n<span style=\"font-family: arial, helvetica, sans-serif; font-size: 12pt;\"><em> Die Havel bildet an dieser Stelle zwischen der Holzablage und dem s\u00fcdlich davon vorspringenden Steilufer eine viereckige Bucht, das nach seiner sch\u00f6nen Aussicht benannte <strong>Gro\u00dfe Fenster<\/strong>&#8230;&#8230;.Der von der gro\u00dfen Eiche unten am Ufer entlang f\u00fchrende Weg geh\u00f6rt zu den sch\u00f6nsten Havelpartieen.<\/em>\u201d<\/span><\/p>\n<p style=\"text-align: justify;\"><span style=\"font-family: arial, helvetica, sans-serif; font-size: 12pt;\">An der Stelle, wo gl\u00fccklicherweise heute noch die oben beschriebene <a href=\"https:\/\/forst-grunewald.de\/?page_id=164\" target=\"_blank\" rel=\"noopener noreferrer\">Eiche<\/a> als der \u00e4lteste Baum im Grunewald steht, befindet sich heute au\u00dferdem eine DLRG-Rettungsstation. In der N\u00e4he befand sich fr\u00fcher die <a href=\"https:\/\/forst-grunewald.de\/?page_id=7972\" target=\"_blank\" rel=\"noopener\">Kahnsch\u00e4nke Blankenburg<\/a>.<\/span><\/p>\n<p style=\"text-align: justify;\"><span style=\"font-family: arial, helvetica, sans-serif; font-size: 12pt;\">Etwas besonderes ist rechts die <span style=\"color: #ff0000;\"><strong>Farbaufnahme, ca. aus dem Jahr 1910<\/strong><\/span>, der <strong>Verlagsanstalt f\u00fcr Farbenphotographie Carl Weller<\/strong>, Berlin SW 68. Es d\u00fcrfte sich wohl um das erste echte (und nicht nur nachtr\u00e4glich colorierte) Farbfoto des Gro\u00dfen Fenster handeln, aufgenommen von oberhalb der Bucht.<\/span><\/p>\n<p style=\"text-align: justify;\"><span style=\"font-family: arial, helvetica, sans-serif; font-size: 12pt;\">Die n\u00e4chste Bucht ist dann die &#8222;Klare Lanke&#8220;. Von dort gelangt man \u00fcber eine kleine Br\u00fccke auf die Insel <a href=\"https:\/\/forst-grunewald.de\/?page_id=42256\" target=\"_blank\" rel=\"noopener\">Schwanenwerder<\/a> (bis 1900 &#8222;Cladower Sandwerder&#8220;).&nbsp; Ein bekanntes Motiv auf alten Ansichtskarten ist das im \u00dcbergang gelegene Seglerhaus und sp\u00e4ter auch die Kahnsch\u00e4nke &#8222;<a href=\"https:\/\/berliner-dampfer.de\/?page_id=16509\" target=\"_blank\" rel=\"noopener\">Westfalia&#8220;<\/a>.<\/span><\/p>\n<p>&nbsp;<\/p>\n<p><span style=\"font-family: arial, helvetica, sans-serif; font-size: 12pt;\">ngg_shortcode_0_placeholder<\/span><\/p>\n<p>&nbsp;<\/p>\n","protected":false},"excerpt":{"rendered":"<p>Eine beliebte Badestelle unterhalb der \u00e4ltesten Eiche im Berliner Grunewald. Berdrow beschrieb sie 1902 wie folgt: &#8222;Allm\u00e4hlich senkt sich der Weg zum Grunewaldgraben, der hier&hellip;<\/p>\n","protected":false},"author":1,"featured_media":0,"parent":0,"menu_order":0,"comment_status":"closed","ping_status":"closed","template":"","meta":{"ngg_post_thumbnail":0,"iawp_total_views":110,"footnotes":""},"class_list":["post-664","page","type-page","status-publish","hentry"],"_links":{"self":[{"href":"https:\/\/forst-grunewald.de\/index.php?rest_route=\/wp\/v2\/pages\/664","targetHints":{"allow":["GET"]}}],"collection":[{"href":"https:\/\/forst-grunewald.de\/index.php?rest_route=\/wp\/v2\/pages"}],"about":[{"href":"https:\/\/forst-grunewald.de\/index.php?rest_route=\/wp\/v2\/types\/page"}],"author":[{"embeddable":true,"href":"https:\/\/forst-grunewald.de\/index.php?rest_route=\/wp\/v2\/users\/1"}],"replies":[{"embeddable":true,"href":"https:\/\/forst-grunewald.de\/index.php?rest_route=%2Fwp%2Fv2%2Fcomments&post=664"}],"version-history":[{"count":29,"href":"https:\/\/forst-grunewald.de\/index.php?rest_route=\/wp\/v2\/pages\/664\/revisions"}],"predecessor-version":[{"id":42341,"href":"https:\/\/forst-grunewald.de\/index.php?rest_route=\/wp\/v2\/pages\/664\/revisions\/42341"}],"wp:attachment":[{"href":"https:\/\/forst-grunewald.de\/index.php?rest_route=%2Fwp%2Fv2%2Fmedia&parent=664"}],"curies":[{"name":"wp","href":"https:\/\/api.w.org\/{rel}","templated":true}]}}