{"id":6243,"date":"2014-05-09T20:33:45","date_gmt":"2014-05-09T19:33:45","guid":{"rendered":"http:\/\/forst-grunewald.de\/?page_id=6243"},"modified":"2019-05-25T10:36:28","modified_gmt":"2019-05-25T09:36:28","slug":"eigentumsverhaeltnisse","status":"publish","type":"page","link":"https:\/\/forst-grunewald.de\/?page_id=6243","title":{"rendered":"Eigentumsverh\u00e4ltnisse des Jaczot\u00fcrmchens"},"content":{"rendered":"<p>Hier meine Erkenntnisse \u00fcber die f\u00fcr den &#8222;Jaczoturm&#8220; bzw. dessen Bau relevanten Grundst\u00fcckseigentumsverh\u00e4ltnisse in chronologischer Reihenfolge:<\/p>\n<p style=\"text-align: justify;\"><span style=\"text-decoration: underline;\"><strong>09.04.2014<\/strong><\/span>: Was hat Herr Pomplum 1964 wirklich geschrieben?<span style=\"text-decoration: underline;\"><strong><br \/>\n<\/strong><\/span><\/p>\n<div>\n<div class=\"spoiler-wrap\">\n\t\t\t\t<div class=\"spoiler-head folded\">Spoiler<\/div>\n\t\t\t\t<div class=\"spoiler-body\">Jener Teil der Schlucht, in welchem das T\u00fcrmchen erbaut und der gro\u00dfe Wasserfall angelegt ist, geh\u00f6rt zum Grundst\u00fcck &#8222;Gatower Stra\u00dfe 199&#8220; und nicht, wie an manchen Stellen behauptet, zum Grundst\u00fcck &#8222;Gatower Stra\u00dfe 227&#8220;. Das Grundst\u00fcck Gatower Stra\u00dfe 199 geh\u00f6rt zur &#8222;Gemarkung Seeburg&#8220;, w\u00e4hrend das Grundst\u00fcck &#8222;Gatower Stra\u00dfe 227&#8220; zur &#8222;Gemarkung Gatow&#8220; geh\u00f6rt. Zwischen beiden Grundst\u00fccken verl\u00e4uft also die Gemarkungsgrenze. Dies ist der <a href=\"https:\/\/forst-grunewald.de\/wp-content\/gallery\/jaczoturm\/2005-liegenschaftskarte-jaczo-schlucht-gatower-strasse-199.jpg\" target=\"_blank\" rel=\"noopener noreferrer\">Liegenschaftskarte Juni 2005<\/a> zu entnehmen und war auch um 1900 der Fall, wie sich zum Beispiel aus Landkarten von <a href=\"https:\/\/forst-grunewald.de\/wp-content\/gallery\/jaczoturm\/1880-jaczoschlucht.jpg\" target=\"_blank\" rel=\"noopener noreferrer\">1880<\/a>, <a href=\"https:\/\/forst-grunewald.de\/wp-content\/gallery\/jaczoturm\/1891-jaczoschlucht.jpg\" target=\"_blank\" rel=\"noopener noreferrer\">1891<\/a>, <a href=\"https:\/\/forst-grunewald.de\/wp-content\/gallery\/jaczoturm\/1904-pharus-jaczoschlucht.jpg\" target=\"_blank\" rel=\"noopener noreferrer\">1904,<\/a> <a href=\"https:\/\/forst-grunewald.de\/wp-content\/gallery\/jaczoturm\/1910-straube-jaczoschlucht.jpg\" target=\"_blank\" rel=\"noopener noreferrer\">1910<\/a> und <a href=\"https:\/\/forst-grunewald.de\/wp-content\/gallery\/jaczoturm\/1920-holzverlag-jaczoschlucht.jpg\" target=\"_blank\" rel=\"noopener noreferrer\">1920<\/a> entnehmen l\u00e4sst.<\/p>\n<p style=\"text-align: justify\">Herr Nehls hat 1999 Herrn Pomplum mit der Aussage:<\/p>\n<blockquote>\n<p style=\"text-align: justify\">&#8222;<em>Ein bislang anonym gebliebener Spandauer B\u00fcrger lie\u00df ihn laut Angabe des bekannten Heimatforschers Kurt Pomplun (1910\u20131977) 1914 auf eigene Kosten errichten.<\/em>&#8222;<\/p>\n<\/blockquote>\n<p style=\"text-align: justify\">nur unzureichend wiedergegeben. Ich habe mir die Erstausgabe &#8222;Kurt Pomplum, Berlins alte Sagen, Berlin 1964 besorgt. Herr Pomplum schreibt auf Seite 77:<\/p>\n<blockquote><p>&#8222;Ein zweites Schildhorn-Denkmal in Spandau-Weinmeisterh\u00f6he, Gatower Stra\u00dfe 227, ist weithin unbekannt, weil es auf eingez\u00e4untem und der Allgemeinheit nicht zug\u00e4nglichem Gel\u00e4nde der Berliner Stadtentw\u00e4sserung steht. Ein 1914 von dem Vorbesitzer des Grundst\u00fccks errichteter, zinnengeschm\u00fcckter Rundturm des Grundst\u00fccks tr\u00e4gt ein Relief&#8230;&#8220;<\/p><\/blockquote>\n<p style=\"text-align: justify\">Damit hat Herr Pomplum zwei Fakten auf den Tisch gelegt:<\/p>\n<ol style=\"text-align: justify\">\n<li>Das Baujahr &#8211; n\u00e4mlich &#8222;<strong>1914<\/strong>&#8222;!<\/li>\n<li>Den Bauherren. Und hier n\u00e4mlich nicht eine g\u00e4nzlich unbekannte Person und auch nicht irgendjemanden aus Spandau, sondern ganz konkret<br \/>\n&#8222;<strong>dem Vorbesitzer des Grundst\u00fccks<\/strong>&#8220; (und im \u00fcbrigen auch nicht &#8222;von einem der Vorbesitzer, sondern eben von &#8222;dem Vorbesitzer&#8220;).<\/li>\n<\/ol>\n<p style=\"text-align: justify\">Die Frage lautet, woher oder besser von wem er diese Information hat? Hat er vielleicht sogar mit Frau <span class=\"addmd\">Karin Hahn-Hissink gesprochen? Er macht nicht die Angabe, dass der Vorbesitzer &#8222;unbekannt&#8220; sei, sondern er nennt nur schlichtweg keinen Namen. Aber egal, i<\/span>ch gehe davon aus, dass Herr Pomplum damals ordentlich recherchiert hat. Ich gehe ferner davon aus, das seiner Ortsangabe &#8222;Gatower Stra\u00dfe 227&#8220; auf einen Irrtum beruht, was nicht verwunderlich ist, wenn man an der Stra\u00dfe steht und sich den Gel\u00e4ndezuschnitt anschaut.<\/p>\n<p style=\"text-align: justify\">Zur Sicherheit m\u00fcssten jetzt noch die Grundb\u00fccher der Grundst\u00fccke Gatower Stra\u00dfe 199, 219 und 227 eingesehen und ausgewertet werden, wof\u00fcr mir aber die M\u00f6glichkeit fehlt.<\/p>\n<p>Zun\u00e4chst gehe ich aber weiterhin davon aus, <span style=\"text-decoration: underline\"><span style=\"color: #ff0000;text-decoration: underline\">dass die Familie Hissink bzw. Jacobus (&#8222;Jack&#8220;) Hissink als Erbauer des &#8222;Jaczo-Turms&#8220; anzusehen ist!<\/span><\/span><\/div>\n\t\t\t<\/div>\n<\/div>\n<p style=\"text-align: justify;\"><span style=\"text-decoration: underline;\"><strong>11.04.2014<\/strong><\/span>: Gatower Stra\u00dfe 199<span style=\"text-decoration: underline;\"><strong><br \/>\n<\/strong><\/span><\/p>\n<div>\n<div>\n<p><div class=\"spoiler-wrap\">\n\t\t\t\t<div class=\"spoiler-head folded\">Spoiler<\/div>\n\t\t\t\t<div class=\"spoiler-body\">Die Frage hat mir nun doch keine Ruhe gelassen. Also weiter&#8230;&#8230;<\/p>\n<div style=\"text-align: justify\"><\/div>\n<div style=\"text-align: justify\">Eine Anfrage an das Katasteramt Spandau hat ergeben, dass im Jahr 2003 die Grundst\u00fccksnummerierung vereinfacht wurde, so wurde aus der Gatower Stra\u00dfe 199-219 die Gatower Stra\u00dfe 199. Das Nachbargrundst\u00fcck Gatower Stra\u00dfe 221-227 hat noch weiterhin die alte Grundst\u00fccksnummerierung.<\/div>\n<div style=\"text-align: justify\"><\/div>\n<div style=\"text-align: justify\">Ausk\u00fcnfte f\u00fcr die Zeit vor dem Jahr 1949 kann das Katasteramt Spandau leider nicht erteilen, weil das Grundst\u00fcck Gatower Stra\u00dfe 199 vor dem <a href=\"http:\/\/de.wikipedia.org\/wiki\/Berlin-Staaken\" target=\"_blank\" rel=\"noopener noreferrer\">Gebietstausch Westaaken\/Gatow<\/a> am 31. August <del>1949<\/del> 1945<del><\/del> im Landkreis Havelland\/Katasteramt Nauen lag und die dortigen Akten nicht dem Bezirksamt Spandau \u00fcbergeben wurden.<br \/>\nIch habe jetzt eine Anfrage an den Landkreis Havelland gestellt und hoffe, dass dort noch Unterlagen aus der Zeit vor 1949 existieren.<\/div>\n\t\t\t<\/div><\/div>\n<\/div>\n<\/div>\n<div>\n<p style=\"text-align: justify;\"><span style=\"text-decoration: underline;\"><strong>26.04.2014<\/strong><\/span>: Eigent\u00fcmer 1902 &#8211; 1946\/49 &#8211; Familie Beringer\/Hissink<\/p>\n<div>\n<div>\n<div>\n<div class=\"spoiler-wrap\">\n\t\t\t\t<div class=\"spoiler-head folded\">Spoiler<\/div>\n\t\t\t\t<div class=\"spoiler-body\">V<a href=\"https:\/\/forst-grunewald.de\/wp-content\/uploads\/1902-1946-Flurstueck-49-10-Grundstueck-An-der-Gatower-Grenze-Gatower-Str.-191-219.jpg\" target=\"_blank\" rel=\"noopener noreferrer\"><img loading=\"lazy\" decoding=\"async\" class=\"alignright wp-image-6529\" src=\"https:\/\/forst-grunewald.de\/wp-content\/uploads\/1902-1946-Flurstueck-49-10-Grundstueck-An-der-Gatower-Grenze-Gatower-Str.-191-219.jpg\" alt=\"1902 - 1946 Flurstueck 49-10, Grundstueck An der Gatower Grenze - Gatower Str. 191-219\" width=\"150\" height=\"116\" srcset=\"https:\/\/forst-grunewald.de\/wp-content\/uploads\/1902-1946-Flurstueck-49-10-Grundstueck-An-der-Gatower-Grenze-Gatower-Str.-191-219.jpg 1600w, https:\/\/forst-grunewald.de\/wp-content\/uploads\/1902-1946-Flurstueck-49-10-Grundstueck-An-der-Gatower-Grenze-Gatower-Str.-191-219-150x115.jpg 150w, https:\/\/forst-grunewald.de\/wp-content\/uploads\/1902-1946-Flurstueck-49-10-Grundstueck-An-der-Gatower-Grenze-Gatower-Str.-191-219-300x231.jpg 300w, https:\/\/forst-grunewald.de\/wp-content\/uploads\/1902-1946-Flurstueck-49-10-Grundstueck-An-der-Gatower-Grenze-Gatower-Str.-191-219-1024x789.jpg 1024w, https:\/\/forst-grunewald.de\/wp-content\/uploads\/1902-1946-Flurstueck-49-10-Grundstueck-An-der-Gatower-Grenze-Gatower-Str.-191-219-400x308.jpg 400w\" sizes=\"auto, (max-width: 150px) 100vw, 150px\" \/><\/a>om Katasteramt des Landkreises Havelland habe ich heute einen Katasterauszug aus der Zeit von 1901 &#8211; 1946 erhalten.<\/p>\n<p style=\"text-align: justify\">Demnach befindet sich das Flurst\u00fcck 49\/10 mit der Bezeichnung &#8222;An der Gatower Grenze&#8220; (vermutlich Gatower Stra\u00dfe 191\/219) seit 1901\/1902 im Eigentum der Familie Beringer\/Hissink.<\/p>\n<ul>\n<li style=\"text-align: justify\">Eigent\u00fcmer war zun\u00e4chst Herr &#8222;<em>Emil Beringer, <a href=\"http:\/\/de.wikipedia.org\/wiki\/Kommerzienrat\" target=\"_blank\" rel=\"noopener noreferrer\">Kommerzienrath<\/a> zu Charlottenburg, Sophienstra\u00dfe 18<\/em>&#8222;. Herr Emil Beringer war ein Sohn von Herrn <a href=\"http:\/\/de.wikipedia.org\/wiki\/August_Beringer\" target=\"_blank\" rel=\"noopener noreferrer\">Christian August Beringer<\/a> und verstarb am 13.01.1920. Er ist im <a href=\"https:\/\/forst-grunewald.de\/wp-content\/uploads\/2014-04-27-DSC02468-klein.jpg\" target=\"_blank\" rel=\"noopener noreferrer\">Familiengrab<\/a> auf dem evangelischen <a href=\"http:\/\/de.wikipedia.org\/wiki\/Luisenfriedhof_II\" target=\"_blank\" rel=\"noopener noreferrer\">Luisenfriedfhof II<\/a> in Westend <a href=\"https:\/\/forst-grunewald.de\/wp-content\/uploads\/2014-04-27-DSC02456-klein.jpg\" target=\"_blank\" rel=\"noopener noreferrer\">beerdigt<\/a>. Laut der <a href=\"http:\/\/www.luise-berlin.de\/lexikon\/chawi\/b\/beringer_emil.htm\" target=\"_blank\" rel=\"noopener noreferrer\">Edition Luisenstadt<\/a> war er &#8222;<em>von 1876 bis 1903 unbesoldeter Stadtrat. Er wohnte um 1880 im Beringerschen Haus Marchstra\u00dfe 12 und ab 1885 Sophienstra\u00dfe 1<\/em> a&#8220;, welche <a href=\"http:\/\/www.luise-berlin.de\/lexikon\/chawi\/b\/beringer_august_christian.htm\" target=\"_blank\" rel=\"noopener noreferrer\">damals<\/a> &#8222;<em>von der damaligen Berliner Stra\u00dfe zum Charlottenburger Ufer, heute Otto-Suhr-Allee bzw. Einsteinufer<\/em>&#8220; verlief. 1901 wohnte er dann offenbar in der Sophienstra\u00dfe 18.<\/li>\n<li style=\"text-align: justify\">Ab 1925 ging das Grundst\u00fcck bei Weinmeisterhorn formal auf die Familie Hissink \u00fcber und zwar ma\u00dfgeblich auf die Tochter Hertha und sp\u00e4ter auch auf ihren Ehemann Jack und dann auf die Tochter Katrin, welche 1946 scheinbar bereits in Frankfurt am Main lebte.<\/li>\n<li style=\"text-align: justify\">Die einzelnen formalen Eigentums\u00fcberg\u00e4nge halte ich jetzt nicht f\u00fcr so entscheidend, so ist der Eigent\u00fcmerwechsel von 1925 sogar erst 5 Jahre nach dem Tod von Emil Beringer vorgenommen worden. Wichtig in Bezug auf den Turm und den Wasserfall in der Schlucht ist vielmehr, dass sich das Grundst\u00fcck eben im Besitz der Familie Beringer\/Hissink befand.<\/li>\n<li style=\"text-align: justify\">Aus der Biografie von Frau Bettina Beer \u00fcber Frau Katrin Hahn-Hissink in Verbindung mit dem Katasterauszug schlie\u00dfe ich folgendes:\n<ol>\n<li>Herr Emil Beringer hatte seine Charlottenburger Stadtwohnung in der Sophienstra\u00dfe 18. Diese Wohnung wurde nach seinem Tod von einer der beiden T\u00f6chter, Frau Charlotte L\u00f6ffler, geborene Beringer, entweder beibehalten oder \u00fcbernommen. Die Tochter Charlotte wurde sp\u00e4ter zu 1\/5 auch Miteigent\u00fcmerin an dem Grundst\u00fcck an der Gatower Stra\u00dfe.<\/li>\n<li>Seine Tochter Hertha Hissink, geborene Beringer, wurde mit 4\/5 Haupterbin des Grundst\u00fccks &#8222;An der Gatower Grenze&#8220;, bewohnte aber noch 1925 mit ihrer Familie eine Stadtwohnung am &#8222;<a href=\"http:\/\/de.wikipedia.org\/wiki\/Kaiserdamm\" target=\"_blank\" rel=\"noopener noreferrer\">Kaiserdamm<\/a> 36&#8243; (<a href=\"https:\/\/www.google.de\/maps\/place\/Kaiserdamm+36\/@52.50997,13.27638,17z\/data=!3m1!4b1!4m2!3m1!1s0x47a8572b46976fd5:0x4dfde64fb3669904\" target=\"_blank\" rel=\"noopener noreferrer\">heute<\/a>). Sofern die heutige Lage der Hausnummer mit der damaligen \u00fcbereinstimmt, macht dies auch Sinn, denn ihre Tochter Katrin verbrachte\u00a0 laut Frau Beer &#8222;<em>die ersten f\u00fcnf Jahre ihrer Schulzeit in der Privatschule Tanneck, am <a href=\"http:\/\/de.wikipedia.org\/wiki\/Theodor-Heuss-Platz\" target=\"_blank\" rel=\"noopener noreferrer\">Reichskanzlerplatz<\/a> in Westend&#8220;<\/em> bzw. dann am Westend-Gymnasium, also nahe der Stadtwohnung.<\/li>\n<li>Das Grundst\u00fcck an der Gatower Stra\u00dfe mit einer Fl\u00e4che von insgesamt 5,98 Hektar, also 59.800 m\u00b2, wurde als Hof bewirtschaftet und diente der Familie vermutlich auch als Landwohnsitz neben der Stadtwohnung (1915: 800 m\u00b2 als &#8222;<em>Hofraum<\/em>&#8220; und 1931: 2.000 m\u00b2 als &#8222;<em>Hof etc.<\/em>&#8222;). Im weiteren Verlauf dann aber wohl als Hauptwohnsitz, denn f\u00fcr 1936 ist f\u00fcr die Eigent\u00fcmer als Wohnanschrift in dem Katasterblatt &#8222;<em>Berlin-Spandau, Gatower Stra\u00dfe 191\/219<\/em>)&#8220; eingetragen.<\/li>\n<li>Der letzte Eintrag f\u00fcr Herrn Jack Hissink bzw. f\u00fcr seine Familie findet sich im <a href=\"https:\/\/forst-grunewald.de\/wp-content\/uploads\/1932-und-1933-Adressbuch-Berlin-Hissink-Jack.pdf\" target=\"_blank\" rel=\"noopener noreferrer\">Berliner Stadtadressbuch<\/a> f\u00fcr das Jahr 1932. Ab 1932\/33 d\u00fcrfe also die Aufgabe der Wohnung am Kaiserdamm 36 und der Umzug nach &#8222;Gatow&#8220; erfolgt sein.<\/li>\n<li>Das Grundst\u00fcck geh\u00f6rte zu diesem Zeitpunkt noch nicht zu (Berlin-)Spandau und auch nicht zu Gatow, sondern formal gebietsm\u00e4\u00dfig zum sog. &#8222;<a href=\"https:\/\/forst-grunewald.de\/wp-content\/gallery\/jaczoturm\/1920-silva-holzverlag-seeburger-zipfel.jpg\" target=\"_blank\" rel=\"noopener noreferrer\">Seeburger-Zipfel<\/a>&#8222;. Das Grundst\u00fcck Gatower Stra\u00dfe 199 geh\u00f6rte erst am 31. August <del>1949<\/del> 1945 als Folge des <a href=\"http:\/\/de.wikipedia.org\/wiki\/Berlin-Staaken\" target=\"_blank\" rel=\"noopener noreferrer\">Gebietstausches Westaaken\/Gatow<\/a> zu Berlin-Spandau.<\/li>\n<\/ol>\n<\/li>\n<li style=\"text-align: justify\">Ich habe jetzt noch einmal das Katasteramt im Havelland angeschrieben, um in Erfahrung zu bringen, ob aus der damaligen Zeit auch noch eine Flurkarte vorliegt und ob bekannt ist, wer vor 1901\/1902 Eigent\u00fcmer des Grundst\u00fccks war.<\/li>\n<\/ul>\n<p><\/div>\n\t\t\t<\/div>\n<\/div>\n<\/div>\n<div style=\"text-align: justify;\"><span style=\"text-decoration: underline;\"><strong>30.04.2014<\/strong><\/span>: Eigent\u00fcmer 1873 &#8211; 1901<\/div>\n<div style=\"text-align: justify;\"><\/div>\n<div>\n<div>\n<div class=\"spoiler-wrap\">\n\t\t\t\t<div class=\"spoiler-head folded\">Spoiler<\/div>\n\t\t\t\t<div class=\"spoiler-body\">V<a href=\"https:\/\/forst-grunewald.de\/wp-content\/uploads\/1873-1901-Flurstuecke-11-13-uff.jpg\" target=\"_blank\" rel=\"noopener noreferrer\"><img loading=\"lazy\" decoding=\"async\" class=\"alignright wp-image-6531\" src=\"https:\/\/forst-grunewald.de\/wp-content\/uploads\/1873-1901-Flurstuecke-11-13-uff.jpg\" alt=\"1873 - 1901 Flurstuecke 11-13 uff\" width=\"150\" height=\"93\" srcset=\"https:\/\/forst-grunewald.de\/wp-content\/uploads\/1873-1901-Flurstuecke-11-13-uff.jpg 1600w, https:\/\/forst-grunewald.de\/wp-content\/uploads\/1873-1901-Flurstuecke-11-13-uff-150x93.jpg 150w, https:\/\/forst-grunewald.de\/wp-content\/uploads\/1873-1901-Flurstuecke-11-13-uff-300x186.jpg 300w, https:\/\/forst-grunewald.de\/wp-content\/uploads\/1873-1901-Flurstuecke-11-13-uff-1024x635.jpg 1024w, https:\/\/forst-grunewald.de\/wp-content\/uploads\/1873-1901-Flurstuecke-11-13-uff-400x248.jpg 400w\" sizes=\"auto, (max-width: 150px) 100vw, 150px\" \/><\/a>om Landkreis Havelamt habe ich jetzt aus dam Kataster auch noch eine Mutterrolle erhalten, welche Auskunft \u00fcber die Entwicklung der Flurst\u00fccke und die Grundst\u00fcckseigent\u00fcmer aus der Zeit von 1865 &#8211; 1901 gibt.<\/p>\n<div>\n<div>\n<div>\n<div style=\"text-align: justify\"><\/div>\n<div style=\"text-align: justify\">Was ich jetzt noch ben\u00f6tige sind Flurkarten, um die Lage der Flurst\u00fccke auch zu visualisieren, weswegen ich mich nochmals an das Katasteramt Spandau wenden werde.<\/div>\n<div style=\"text-align: justify\"><\/div>\n<div style=\"text-align: justify\">\u00dcbersichtszusammenstellung folgt.<\/div>\n<\/div>\n<\/div>\n<\/div>\n<p><\/div>\n\t\t\t<\/div>\n<\/div>\n<\/div>\n<div>\n<div><\/div>\n<div><span style=\"text-decoration: underline;\"><strong>08.05.2014<\/strong><\/span>: Flurst\u00fcckskarte 1928\/1953<\/div>\n<div><\/div>\n<div>\n<div>\n<div class=\"spoiler-wrap\">\n\t\t\t\t<div class=\"spoiler-head folded\">Spoiler<\/div>\n\t\t\t\t<div class=\"spoiler-body\">D<a href=\"https:\/\/forst-grunewald.de\/wp-content\/uploads\/1928-1954-Flurstueck-49-10-klein.jpg\" target=\"_blank\" rel=\"noopener noreferrer\"><img loading=\"lazy\" decoding=\"async\" class=\"alignright wp-image-6262\" src=\"https:\/\/forst-grunewald.de\/wp-content\/uploads\/1928-1954-Flurstueck-49-10-klein.jpg\" alt=\"1928 - 1954 Flurstueck 49-10 klein\" width=\"150\" height=\"84\" srcset=\"https:\/\/forst-grunewald.de\/wp-content\/uploads\/1928-1954-Flurstueck-49-10-klein.jpg 1600w, https:\/\/forst-grunewald.de\/wp-content\/uploads\/1928-1954-Flurstueck-49-10-klein-150x84.jpg 150w, https:\/\/forst-grunewald.de\/wp-content\/uploads\/1928-1954-Flurstueck-49-10-klein-300x168.jpg 300w, https:\/\/forst-grunewald.de\/wp-content\/uploads\/1928-1954-Flurstueck-49-10-klein-1024x576.jpg 1024w, https:\/\/forst-grunewald.de\/wp-content\/uploads\/1928-1954-Flurstueck-49-10-klein-400x225.jpg 400w\" sizes=\"auto, (max-width: 150px) 100vw, 150px\" \/><\/a>as Katasteramt Spandau hat leider keine historischen Flurkarten.<\/p>\n<div style=\"text-align: justify\"><\/div>\n<div style=\"text-align: justify\">Die \u00e4lteste Flurkarte ist eine Karte aus dem Jahr 1954, welche anhand von Neuvermessungsrissen aus dem Jahr 1928 mit einer erneuten \u00f6rtlichen Aufnahme in den Jahren 1952\/53 erstellt wurde.<\/div>\n<div style=\"text-align: justify\"><\/div>\n<div style=\"text-align: justify\">Demnach ist das heutige Flurst\u00fcck 173, auf welchem sich das T\u00fcrmchen befindet, identisch mit dem alten Flurst\u00fcck 49\/10 (bis auf einen hier vernachl\u00e4ssigbaren n\u00f6rdlichen Grundst\u00fccksteil, welcher wegen einer Umfahrungsverl\u00e4ngerung der Wenden- und Wilzenstra\u00dfe und Gebe\u00e4udebebauungen auf dem n\u00f6rdlichen Nachbarflurst\u00fcck (fr\u00fcher 133\/10, heute aufgeteilt) sp\u00e4ter abgegeben wurde.<\/div>\n<div style=\"text-align: justify\"><\/div>\n<div style=\"text-align: justify\">Damit bin ich in der Lage, die Grundst\u00fcckseigentumsverh\u00e4ltnisse f\u00fcr den Standortbereich des Turmes &#8211; und nur dieser spielt ja hier eine Rolle &#8211; in der Zeit von 1865 &#8211; 1946\/8 nachzuvollziehen.<\/div>\n<p><\/div>\n\t\t\t<\/div>\n<\/div>\n<\/div>\n<div><span style=\"text-decoration: underline;\"><strong>15.05.2014<\/strong><\/span>: Eigent\u00fcmer 1865 &#8211; 1872<\/div>\n<div>\n<div>\n<div class=\"spoiler-wrap\">\n\t\t\t\t<div class=\"spoiler-head folded\">Spoiler<\/div>\n\t\t\t\t<div class=\"spoiler-body\"><\/p>\n<div>D<a href=\"https:\/\/forst-grunewald.de\/wp-content\/uploads\/1865-1872-Mutterrolle-Art.-19-Eigentuemer.jpg\" target=\"_blank\" rel=\"noopener noreferrer\"><img loading=\"lazy\" decoding=\"async\" class=\"alignright wp-image-6532\" src=\"https:\/\/forst-grunewald.de\/wp-content\/uploads\/1865-1872-Mutterrolle-Art.-19-Eigentuemer.jpg\" alt=\"1865-1872 Mutterrolle Art. 19 Eigentuemer\" width=\"150\" height=\"136\" srcset=\"https:\/\/forst-grunewald.de\/wp-content\/uploads\/1865-1872-Mutterrolle-Art.-19-Eigentuemer.jpg 1600w, https:\/\/forst-grunewald.de\/wp-content\/uploads\/1865-1872-Mutterrolle-Art.-19-Eigentuemer-150x136.jpg 150w, https:\/\/forst-grunewald.de\/wp-content\/uploads\/1865-1872-Mutterrolle-Art.-19-Eigentuemer-300x272.jpg 300w, https:\/\/forst-grunewald.de\/wp-content\/uploads\/1865-1872-Mutterrolle-Art.-19-Eigentuemer-1024x928.jpg 1024w, https:\/\/forst-grunewald.de\/wp-content\/uploads\/1865-1872-Mutterrolle-Art.-19-Eigentuemer-400x362.jpg 400w\" sizes=\"auto, (max-width: 150px) 100vw, 150px\" \/><\/a>as Katasteramt des Landkreis Havelland hat mir jetzt auch noch die Mutterrolle Artikel 19 \u00fcbermittelt. Demnach geh\u00f6rte das heutige Grundst\u00fcck &#8222;Gatower Stra\u00dfe 199&#8220;, auf welchem sich das T\u00fcrmchen befindet, urspr\u00fcnglich zum Grundst\u00fcck &#8222;Carolinenh\u00f6he&#8220;, aus welchem sich das Gut &#8222;Karolinenhof&#8220; entwickelte.<br \/>\nLeider liegen dem Katasteramt keine Aufzeichnungen aus der Zeit vor 1865 vor und leider verf\u00fcgt das Amt auch \u00fcber keinerlei Flurkarten.<\/div>\n<div><\/div>\n<div>Auf der Seite von &#8222;<a href=\"http:\/\/www.seeburg-city.de\/chronik\/text_fnp.htm\" target=\"_blank\" rel=\"noopener noreferrer\">Seeburg-City<\/a>&#8220; steht geschrieben:<\/div>\n<div><\/div>\n<blockquote>\n<div style=\"text-align: justify\">&#8222;<em>Der Gutshof war Bestandteil der Gemarkung Seeburg. Erstmals wurde hier ein &#8222;Etablisse- Carolinenh\u00f6he&#8220; in einem Amtsblatt der Regierung Potsdam des Jahres 1844 erw\u00e4hnt. Aus dem Etablissement entstand noch vor 1860 ein Gut. Der erste Besitzer hatte zwei Bauerng\u00fcter in der Gemarkung Seeburg aufgekauft und zu einem Gut vereinigt. Vermutlich handelte es sich beim ersten Gutsbesitzer um Otto Wolffenstein. Dieser lie\u00df von 1870 an den Gutshof Karolinenh\u00f6he ausbauen&#8230;<\/em><\/div>\n<div style=\"text-align: justify\"><em>Mit dem Bau der Mauer im August 1961 begann das Ende des Gutes Karolinenh\u00f6he, welches nun, mitten im Grenzgebiet liegend, kaum noch zug\u00e4nglich war. Schon 1964 forderten die Grenztruppen die Stillegung des Gutsbetriebes und den Abri\u00df der 1958 erbauten Wohnh\u00e4user. Doch so schnell erf\u00fcllten sich die W\u00fcnsche der Grenztruppen nicht, denn Karolinenh\u00f6he hatte &#8222;wichtige volkswirtschaftliche Aufgaben&#8220; zu erf\u00fcllen. Erst als 1977 der Grenzabschnitt Karolinenh\u00f6he ausgebaut wurde, konnten die Grenztruppen ihr Vorhaben verwirklichen. Zun\u00e4chst wurde zum 1. M\u00e4rz 1977 das Volksgut Karolinenh\u00f6he aufgel\u00f6st. Die Baulichkeiten und die L\u00e4ndereien \u00fcbernahm das volkseigene Gut Satzkorn. Dieses nutzte die Stallanlagen zur Bullenmast. F\u00fcnf Arbeiter waren hier besch\u00e4ftigt. Entsprechend waren auch noch f\u00fcnf Wohnungen in den beiden Wohnh\u00e4usern beim Gutshof bewohnt.<\/em><br \/>\n<em>1979 erfolgte die endg\u00fcltige Stillegung des Betriebes auf Karolinenh\u00f6he. Die Grenztruppen forderten nun den Abri\u00df aller Geb\u00e4ude auf dem ehemaligen Gutsgel\u00e4nde, da diese gute Versteckm\u00f6glichkeiten f\u00fcr &#8222;Grenzverletzer&#8220; boten. Da jedoch nicht sofort Einigkeit \u00fcber die Finanzierung der Abri\u00dfarbeiten erzielt werden konnte, zog sich deren Beginn bis Februar 1980 hin.<\/em><br \/>\n<em>Danach ging es dann aber recht schnell, so da\u00df bis zum April 1982 der gesamte Gutshof mit dem Gutshaus und allen Nebengeb\u00e4uden verschwunden war. Am 1. April 1985 konnte schlie\u00dflich der Abschlu\u00df der Abri\u00dfarbeiten an den beiden Wohnh\u00e4usern gemeldet werden. Damit waren alle Geb\u00e4ude des ehemaligen Gutshofes Karolinenh\u00f6he verschwunden.<\/em>&#8222;<\/div>\n<\/blockquote>\n<div><\/div>\n<div>Heute gibt es den Gutshof also nicht mehr. Allerdings ist nicht alles verschwunden. Dort, wo sich fr\u00fcher der Gutshof befand, steht sich heute, eingerahmt vom ehemaligen Grenzstreifen im Norden, der Potsdamer Chaussee im Osten und ein Acker im S\u00fcdwesten, ein kleiner Wald und in diesem sind im Boden noch Reste der ehemaligen Geb\u00e4ude zu finden, auch in Form von Ziegelsteinen. Galerie:<\/div>\n<div><\/div>\n<div>[nggallery id=197]<\/div>\n<div><\/div>\n<div><span style=\"color: #ffffff\">.<\/span><\/div>\n<p><\/div>\n\t\t\t<\/div>\n<p><span style=\"text-decoration: underline;\"><strong>01.06.2014:<\/strong><\/span> <a href=\"https:\/\/forst-grunewald.de\/?page_id=6665\" target=\"_blank\" rel=\"noopener noreferrer\">Ergebnisse der Sch\u00fclerprojektgruppe der Paul-Moor-Schule<\/a><\/p>\n<\/div>\n<\/div>\n<div><span style=\"color: #ffffff;\">.<\/span><\/div>\n<div><\/div>\n<div><strong>\u00dcbersicht Eigentumsverh\u00e4ltnisse 1865 &#8211; 1946\/49<\/strong><br \/>\nf\u00fcr den Standortbereich des &#8222;Jaczo-Turms&#8220; und des Wasserfalls in der &#8222;Jaczo-Schlucht&#8220;, mit herzlichen Dank an die Mitarbeiter\/innen der Kataster\u00e4mter des Landkreis Havelland und Spandau.<\/div>\n<div><span style=\"color: #ffffff;\">.<\/span><\/div>\n<div><\/div>\n<div>\n<table>\n<tbody>\n<tr>\n<td>1844<\/td>\n<td><strong>Mei\u00dfner<\/strong> (ohne Vorname), <a href=\"http:\/\/de.wikipedia.org\/wiki\/Lieutenant\" target=\"_blank\" rel=\"noopener noreferrer\">Lieutenant<\/a><\/td>\n<td><a href=\"https:\/\/forst-grunewald.de\/wp-content\/uploads\/1844-Carolinenhoehe.jpg\" target=\"_blank\" rel=\"noopener noreferrer\">Amtsblatt<\/a><\/td>\n<td colspan=\"2\">&#8222;<em>Einem, dem Lieutenant Mei\u00dfner geh\u00f6rigen, unweit des Dorfes Seeburg bei Spandow belegenen Etablissement ist der Name: &#8222;<strong>Carolinenh\u00f6he<\/strong>&#8220; beigelegt worden, was wir mit dem Bemerken zur \u00f6ffentlichen Kenntnis bringen, da\u00df hierdurch in den polizeilichen und Kommunal-Verh\u00e4ltnissen dieses Ebablissements nichts ge\u00e4ndert wird. Potsdam, den 8. Mai 1844<\/em>&#8222;<\/td>\n<\/tr>\n<tr>\n<td colspan=\"3\">\u00a0<strong>Joachim Friedrich &#8222;Christian&#8220; K\u00fchne<\/strong><\/td>\n<td colspan=\"2\">\u00a0berechnet 19.11.1769 &#8211; 22.01.1852, Amtmann Seeburg<br \/>\n&#8222;der Sohn machte die Todesanzeige; hinterl\u00e4\u00dft 1 majorenen Sohn und 4 minorene Enkel&#8220; <a href=\"http:\/\/pgv.rwweb.de\/individual.php?pid=0000000256-0002652&amp;ged=R.%20Willeke%3A%20Genealogie\" target=\"_blank\" rel=\"noopener noreferrer\">Quelle<\/a><\/td>\n<\/tr>\n<tr>\n<td colspan=\"3\"><strong>Joachim K\u00fchne<\/strong><\/td>\n<td colspan=\"2\">Nahm teil an den Befreiungskriegen 1813, 1814, 1815, <a href=\"http:\/\/www.14641-bredow.de\/denkmale\/Gefallene_1813-1815_800.jpg\" target=\"_blank\" rel=\"noopener noreferrer\">Bildtafel<\/a>, <a href=\"http:\/\/www.14641-bredow.de\/personen\/k.htm\" target=\"_blank\" rel=\"noopener noreferrer\">Quelle<\/a><\/td>\n<\/tr>\n<tr>\n<td colspan=\"5\"><strong>Ich habe den Verdacht, dass sich die Ortsbezeichnung &#8222;Carolinenh\u00f6he&#8220; aus dem weiblichen Vornamen &#8222;Caroline&#8220; ableitet.<\/strong><\/td>\n<\/tr>\n<tr>\n<td colspan=\"5\">Bernau, Wilhelm Friedrich aus Bredow<strong><b><br \/>\n<\/b><\/strong>Pate bei: |&#8230; | Maria Emilie Caroline Engel, * 11.06.1843, ~ 02.07.1843 in <a href=\"http:\/\/www.14641-bredow.de\/orte\/s.htm#seeburg\">Seeburg<\/a>, Vater: Bauer Johann Friedrich Engel, Mutter: Caroline Wilhelmine Henriette Schrobsdorf | <a href=\"http:\/\/www.14641-bredow.de\/personen\/b.htm\" target=\"_blank\" rel=\"noopener noreferrer\">Quelle<strong><br \/>\n<\/strong><\/a><\/td>\n<\/tr>\n<tr>\n<td colspan=\"3\"><strong>Adolph &#8222;Richard&#8220; Alexander K\u00fchne<br \/>\nElise Victoria &#8222;Helene&#8220; Caroline K\u00fchne<br \/>\n<\/strong><\/td>\n<td colspan=\"2\">28.01.1854 &#8211; 1900 &#8211; &#8222;Carolinenh\u00f6he, _NICHT_LOKALISIERT_, _KL\u00c4RUNGSBEDARF_&#8220; <a href=\"http:\/\/pgv.rwweb.de\/placelist.php?parent[]=_KL%C3%84RUNGSBEDARF_&amp;parent[]=_NICHT_LOKALISIERT_&amp;parent[]=Carolinenh%C3%B6he&amp;ged=R.%20Willeke%3A%20Genealogie\" target=\"_blank\" rel=\"noopener noreferrer\">Quelle<\/a><br \/>\n18.05.1857 &#8211; 1900 &#8211; &#8222;Carolinenh\u00f6he, _NICHT_LOKALISIERT_, _KL\u00c4RUNGSBEDARF_&#8220; <a href=\"http:\/\/pgv.rwweb.de\/placelist.php?parent[]=_KL%C3%84RUNGSBEDARF_&amp;parent[]=_NICHT_LOKALISIERT_&amp;parent[]=Carolinenh%C3%B6he&amp;ged=R.%20Willeke%3A%20Genealogie\" target=\"_blank\" rel=\"noopener noreferrer\">Quelle<\/a><\/td>\n<\/tr>\n<tr>\n<td colspan=\"3\"><\/td>\n<td><\/td>\n<td><a href=\"http:\/\/books.google.de\/books?id=0XUOAAAAYAAJ&amp;vq=Carolinenh%C3%B6he&amp;hl=de&amp;pg=PP7#v=onepage&amp;q=Carolinenh%C3%B6he&amp;f=false\" target=\"_blank\" rel=\"noopener noreferrer\">1854<\/a> Landbuch der Mark Brandenburg, Seite 272,<br \/>\nKapitel die Thon- und Lehm-Ablagerungen, Ost-Havelland:<br \/>\n&#8222;Seeburg und Carolinenh\u00f6he (Stellen-Weise Ziegelerde)&#8220;<\/td>\n<\/tr>\n<tr>\n<td colspan=\"3\"><\/td>\n<td><\/td>\n<td><a href=\"http:\/\/books.google.de\/books?id=dig_AAAAcAAJ&amp;vq=Carolinenh%C3%B6he&amp;hl=de&amp;pg=PP5#v=onepage&amp;q=Seeburg&amp;f=false\" target=\"_blank\" rel=\"noopener noreferrer\">1860<\/a> Die Territorien der Mark Brandenburg, Band III, Seeburg (Seborg, Seeberg und Carolinenh\u00f6he) insb. Seiten 48, 49, und 62<\/td>\n<\/tr>\n<tr>\n<td colspan=\"5\"><strong>1845 &#8211; 1864 unbekannt. Beim Kataster- und Vermessungsamt des Landkreis Havelland beginnen die Aufzeichungen erst 1865.<\/strong><\/td>\n<\/tr>\n<tr>\n<td>1865<\/td>\n<td><strong>Otto Reinhard Eisleben,<\/strong> Rentier zu Carolinenh\u00f6he<br \/>\n(1867 nach <a href=\"http:\/\/www.gutshaeuser.de\/de\/guts_herrenhaeuser\/gutshaeuser_c\/gutshaus_caselow\" target=\"_blank\" rel=\"noopener noreferrer\">Caselow<\/a>)<\/td>\n<td>Mutterrolle Artikel Nr. 19<\/td>\n<td>Flurst\u00fccke 11, 12a, 12b, 13<\/td>\n<td>\u00a0(<a href=\"http:\/\/edoc.hu-berlin.de\/ebind\/hdok\/h254_provinzbrande\/PDF\/h254_provinzbrande.pdf\" target=\"_blank\" rel=\"noopener noreferrer\">1879<\/a> General-Adressbuch der Ritterguts- und Gutsbesitzer, Seite 149:<br \/>\nCaselow, Eigent\u00fcmer K\u00f6nigliche Domaine, P\u00e4chter Ober-Amtmann Eisleben)<\/td>\n<\/tr>\n<tr>\n<td>1866<\/td>\n<td><strong>Salomon Ludwig Cohen<\/strong><strong><br \/>\n<\/strong><\/td>\n<td>Mutterrolle Artikel Nr. 19<\/td>\n<td>Flurst\u00fccke 11, 12a, 12b, 13<\/td>\n<td><\/td>\n<\/tr>\n<tr>\n<td>1871<\/td>\n<td><strong>Otto Wolffenstein<br \/>\n<\/strong>Gutshofbesitzer<strong><br \/>\n<\/strong><\/td>\n<td>Mutterrolle<br \/>\nArtikel 19<\/td>\n<td>Flurst\u00fccke 11, 12a, 12b, 13<\/td>\n<td><\/td>\n<\/tr>\n<tr>\n<td>1873<\/td>\n<td><strong>Markus NEUMANN<br \/>\n<\/strong>(Ingenieur ? zu Berlin)<strong><br \/>\n<\/strong><\/td>\n<td>Mutterrolle Artikel Nr. 25<\/td>\n<td>Flurst\u00fccke 11, 12a, 12b, 13<\/td>\n<td>\u00a0(<a href=\"http:\/\/edoc.hu-berlin.de\/ebind\/hdok\/h254_provinzbrande\/PDF\/h254_provinzbrande.pdf\" target=\"_blank\" rel=\"noopener noreferrer\">1879<\/a> General-Adressbuch der Ritterguts- und Gutsbesitzer:<br \/>\nCarolinenh\u00f6he, Cohen, Neumann, Wolffenstein nicht erfasst!)<\/td>\n<\/tr>\n<tr>\n<td>1892\/3<\/td>\n<td><strong>Gottlob <span style=\"text-decoration: underline;\">Albert<\/span> WETZEL<\/strong>, Fabrikbesitzer<\/td>\n<td>Mutterrolle Artikel Nr. 25<\/td>\n<td>Flurst\u00fccke 11, 12a, 12b, 13<br \/>\n1901 Flurst\u00fcck 49\/10<\/td>\n<td>Gut Carolinenh\u00f6he<br \/>\nAn der Gatower Grenze<\/td>\n<\/tr>\n<tr>\n<td>1902<\/td>\n<td><strong>Emil BERINGER<\/strong>, Kommerzienrath zu Charlottenburg<\/td>\n<td>Mutterrolle Artikel Nr. 43<\/td>\n<td>Flurst\u00fcck 49\/10<\/td>\n<td>An der Gatower Grenze<\/td>\n<\/tr>\n<tr>\n<td><\/td>\n<td><\/td>\n<td><\/td>\n<td><\/td>\n<td>&#8222;1920 verlor das Osthavelland einige Landstriche, darunter Spandau, Kladow, Gatow und Staaken durch Eingliederung in das Berliner Stadtgebiet.&#8220; (<a href=\"http:\/\/books.google.de\/books?id=BxXtJN_MVuYC&amp;lpg=PA382&amp;ots=TNZxn7NcFz&amp;dq=1884%20Gro%C3%9Fgrundbesitzer-%20und%20G%C3%BCter-Lexikon%2C%20Provinz%20Brandenburg&amp;hl=de&amp;pg=PA9#v=onepage&amp;q=Gatow&amp;f=false\" target=\"_blank\" rel=\"noopener noreferrer\">Quelle<\/a>, Seite 9)<\/td>\n<\/tr>\n<tr>\n<td>1925<br \/>\nbis mindestens<br \/>\nzum Tod von Frau <a href=\"https:\/\/forst-grunewald.de\/?page_id=5742\" target=\"_blank\" rel=\"noopener noreferrer\">Karin Hahn-Hissink<\/a> im Jahre 1981<\/td>\n<td>Familie <strong>Hissink<\/strong> (Beringer) (Loeffler?)<\/td>\n<td>Mutterrolle Artikel Nr. 43<\/td>\n<td>Flurst\u00fcck 49\/10<\/td>\n<td>An der Gatower Grenze<\/td>\n<\/tr>\n<\/tbody>\n<\/table>\n<\/div>\n<div><\/div>\n<div><a href=\"https:\/\/forst-grunewald.de\/?page_id=6665\" target=\"_blank\" rel=\"noopener noreferrer\">Weiterf\u00fchrend<\/a> siehe bitte auch die Ergebnisse der Paul-Moor-Schule 2011!<\/div>\n<div><span style=\"color: #ffffff;\">.<\/span><\/div>\n<div><span style=\"color: #ffffff;\">.<\/span><\/div>\n<div><span style=\"color: #ffffff;\">.<\/span><\/div>\n<div>ngg_shortcode_0_placeholder<\/div>\n<\/div>\n<\/div>\n<\/div>\n","protected":false},"excerpt":{"rendered":"<p>Hier meine Erkenntnisse \u00fcber die f\u00fcr den &#8222;Jaczoturm&#8220; bzw. dessen Bau relevanten Grundst\u00fcckseigentumsverh\u00e4ltnisse in chronologischer Reihenfolge: 09.04.2014: Was hat Herr Pomplum 1964 wirklich geschrieben? 11.04.2014:&hellip;<\/p>\n","protected":false},"author":1,"featured_media":0,"parent":5742,"menu_order":0,"comment_status":"closed","ping_status":"closed","template":"template-fullwidth.php","meta":{"ngg_post_thumbnail":0,"iawp_total_views":32,"footnotes":""},"class_list":["post-6243","page","type-page","status-publish","hentry"],"_links":{"self":[{"href":"https:\/\/forst-grunewald.de\/index.php?rest_route=\/wp\/v2\/pages\/6243","targetHints":{"allow":["GET"]}}],"collection":[{"href":"https:\/\/forst-grunewald.de\/index.php?rest_route=\/wp\/v2\/pages"}],"about":[{"href":"https:\/\/forst-grunewald.de\/index.php?rest_route=\/wp\/v2\/types\/page"}],"author":[{"embeddable":true,"href":"https:\/\/forst-grunewald.de\/index.php?rest_route=\/wp\/v2\/users\/1"}],"replies":[{"embeddable":true,"href":"https:\/\/forst-grunewald.de\/index.php?rest_route=%2Fwp%2Fv2%2Fcomments&post=6243"}],"version-history":[{"count":125,"href":"https:\/\/forst-grunewald.de\/index.php?rest_route=\/wp\/v2\/pages\/6243\/revisions"}],"predecessor-version":[{"id":10609,"href":"https:\/\/forst-grunewald.de\/index.php?rest_route=\/wp\/v2\/pages\/6243\/revisions\/10609"}],"up":[{"embeddable":true,"href":"https:\/\/forst-grunewald.de\/index.php?rest_route=\/wp\/v2\/pages\/5742"}],"wp:attachment":[{"href":"https:\/\/forst-grunewald.de\/index.php?rest_route=%2Fwp%2Fv2%2Fmedia&parent=6243"}],"curies":[{"name":"wp","href":"https:\/\/api.w.org\/{rel}","templated":true}]}}