{"id":5672,"date":"2014-03-18T21:34:13","date_gmt":"2014-03-18T20:34:13","guid":{"rendered":"http:\/\/forst-grunewald.de\/?page_id=5672"},"modified":"2023-03-12T17:49:30","modified_gmt":"2023-03-12T16:49:30","slug":"waldpflege","status":"publish","type":"page","link":"https:\/\/forst-grunewald.de\/?page_id=5672","title":{"rendered":"Waldumbau"},"content":{"rendered":"<figure id=\"attachment_8157\" aria-describedby=\"caption-attachment-8157\" style=\"width: 300px\" class=\"wp-caption alignright\"><a href=\"https:\/\/forst-grunewald.de\/wp-content\/uploads\/1920-Grunewald-Holzabfuhr-klein.jpg\" target=\"_blank\" rel=\"noopener noreferrer\"><img loading=\"lazy\" decoding=\"async\" class=\"wp-image-8157\" src=\"https:\/\/forst-grunewald.de\/wp-content\/uploads\/1920-Grunewald-Holzabfuhr-klein-300x181.jpg\" alt=\"1920 Grunewald Holzabfuhr klein\" width=\"300\" height=\"182\" srcset=\"https:\/\/forst-grunewald.de\/wp-content\/uploads\/1920-Grunewald-Holzabfuhr-klein-300x181.jpg 300w, https:\/\/forst-grunewald.de\/wp-content\/uploads\/1920-Grunewald-Holzabfuhr-klein-150x90.jpg 150w, https:\/\/forst-grunewald.de\/wp-content\/uploads\/1920-Grunewald-Holzabfuhr-klein-1024x619.jpg 1024w, https:\/\/forst-grunewald.de\/wp-content\/uploads\/1920-Grunewald-Holzabfuhr-klein-400x242.jpg 400w, https:\/\/forst-grunewald.de\/wp-content\/uploads\/1920-Grunewald-Holzabfuhr-klein.jpg 1600w\" sizes=\"auto, (max-width: 300px) 100vw, 300px\" \/><\/a><figcaption id=\"caption-attachment-8157\" class=\"wp-caption-text\"><span style=\"font-size: 10pt;\">1920 Holzabfuhr im Grunewald<\/span><\/figcaption><\/figure>\n<p style=\"text-align: justify;\">Wie die\u00a0 Berliner Morgenpost am 12.02.2014 unter dem Titel &#8222;<a href=\"https:\/\/www.google.de\/#q=Kahlschlag+im+Grunewald+%E2%80%93+Kiefern+m%C3%BCssen+Eichen+weichen\" target=\"_blank\" rel=\"noopener noreferrer\">Kahlschlag im Grunewald \u2013 Kiefern m\u00fcssen Eichen weichen<\/a>&#8220; und der Tagesspiegel am 14.02.2014 unter dem Titel \u201c<a href=\"http:\/\/www.tagesspiegel.de\/berlin\/fruehjahrsarbeit-mit-der-dicken-saege-durch-die-waelder-von-berlin\/9478916.html\" target=\"_blank\" rel=\"nofollow noopener noreferrer\">Mit der dicken S\u00e4ge durch die W\u00e4lder von Berlin<\/a>\u201c berichteten, finden im Berliner GruneWald zahlreiche Baumf\u00e4llungen statt.<\/p>\n<p style=\"text-align: justify;\">Es geht hierbei wohl darum, den GruneWald im Rahmen einer nachhaltigen Waldpflege auf den Klimawechsel vorzubereiten und gro\u00dfe Kiefernbest\u00e4nde durch Mischwald zu ersetzten. So weit, so gut. Ich kann die Notwendigkeit nicht beurteilen. Aber es wird schon stimmen.<\/p>\n<figure id=\"attachment_16396\" aria-describedby=\"caption-attachment-16396\" style=\"width: 200px\" class=\"wp-caption alignleft\"><a href=\"https:\/\/forst-grunewald.de\/wp-content\/uploads\/1897-03-06-Holzauktion-klein.jpg\" target=\"_blank\" rel=\"noopener\"><img loading=\"lazy\" decoding=\"async\" class=\"wp-image-16396\" src=\"https:\/\/forst-grunewald.de\/wp-content\/uploads\/1897-03-06-Holzauktion-klein.jpg\" alt=\"\" width=\"200\" height=\"330\" srcset=\"https:\/\/forst-grunewald.de\/wp-content\/uploads\/1897-03-06-Holzauktion-klein.jpg 640w, https:\/\/forst-grunewald.de\/wp-content\/uploads\/1897-03-06-Holzauktion-klein-182x300.jpg 182w, https:\/\/forst-grunewald.de\/wp-content\/uploads\/1897-03-06-Holzauktion-klein-91x150.jpg 91w\" sizes=\"auto, (max-width: 200px) 100vw, 200px\" \/><\/a><figcaption id=\"caption-attachment-16396\" class=\"wp-caption-text\"><span style=\"font-size: 10pt;\">1897 Holzauktion<\/span><\/figcaption><\/figure>\n<p style=\"text-align: justify;\">Was mir aber auff\u00e4llt ist, dass bei den Baumf\u00e4llungen Maschinen (&#8222;<a href=\"http:\/\/de.wikipedia.org\/wiki\/Holzvollernter\" target=\"_blank\" rel=\"noopener noreferrer\">Holzvollernter \/ Harvester<\/a>&#8222;?) zum Einsatz kommen, die den Waldboden ganz offensichtlich sch\u00e4digen. &#8222;Sch\u00e4digen&#8220; deshalb, weil zum Teil extrem tiefe Furchen und auch L\u00f6cher in den Waldboden &#8222;gew\u00fchlt&#8220; werden, die man wohl auch noch in Jahrzenten sehen wird. Mich wundert das deshalb, weil zum Beispiel in Naturschutzgebieten das Verlassen von ausgwiesenen Wanderwegen strengstens untersagt ist, weil es Jahrzehnte dauern soll, bis Bodensch\u00e4den durch &#8222;Trampel-Urlauber&#8220; wieder heilen, im GruneWald aber Maschinen eingesetzt werden, die das Erdreich derart durchw\u00fchlen, wie es ein Panzer kaum besser k\u00f6nnte.<\/p>\n<figure id=\"attachment_10085\" aria-describedby=\"caption-attachment-10085\" style=\"width: 300px\" class=\"wp-caption alignright\"><a href=\"https:\/\/forst-grunewald.de\/wp-content\/uploads\/2016-02-06-Schildhornweg-Naehe-Foto0030-Ponnsee-Fox.jpg\" target=\"_blank\" rel=\"noopener noreferrer\"><img loading=\"lazy\" decoding=\"async\" class=\"wp-image-10085\" src=\"https:\/\/forst-grunewald.de\/wp-content\/uploads\/2016-02-06-Schildhornweg-Naehe-Foto0030-Ponnsee-Fox-400x300.jpg\" alt=\"\" width=\"300\" height=\"225\" srcset=\"https:\/\/forst-grunewald.de\/wp-content\/uploads\/2016-02-06-Schildhornweg-Naehe-Foto0030-Ponnsee-Fox-400x300.jpg 400w, https:\/\/forst-grunewald.de\/wp-content\/uploads\/2016-02-06-Schildhornweg-Naehe-Foto0030-Ponnsee-Fox-200x150.jpg 200w, https:\/\/forst-grunewald.de\/wp-content\/uploads\/2016-02-06-Schildhornweg-Naehe-Foto0030-Ponnsee-Fox-768x576.jpg 768w, https:\/\/forst-grunewald.de\/wp-content\/uploads\/2016-02-06-Schildhornweg-Naehe-Foto0030-Ponnsee-Fox.jpg 1600w\" sizes=\"auto, (max-width: 300px) 100vw, 300px\" \/><\/a><figcaption id=\"caption-attachment-10085\" class=\"wp-caption-text\"><span style=\"font-size: 10pt;\">2016 PONSEE FOX &#8211; 18 Tonnen &#8211; N\u00e4he Schildhornweg<\/span><\/figcaption><\/figure>\n<p style=\"text-align: justify;\">Die erste Galerie unten habe ich im Bereich des <a href=\"https:\/\/forst-grunewald.de\/?page_id=291\" target=\"_blank\" rel=\"noopener noreferrer\">Dachsberges bei Schildhorn<\/a> (<a href=\"https:\/\/forst-grunewald.de\/wp-content\/gallery\/grunewaldpflege-dachsberg-trakorbodenschaeden\/jagen-154.jpg\" target=\"_blank\" rel=\"noopener noreferrer\">Jagen 154<\/a>) aufgenommen. Und zwar<\/p>\n<ol style=\"text-align: justify;\">\n<li>im ersten Abschnitt des <strong>Dachsgrunds<\/strong>,<\/li>\n<li>auf dem <strong>Dachsberg<\/strong> selbst,<\/li>\n<li>im <strong>Elsgrund<\/strong>,<\/li>\n<li>und auf dem <strong>Schildhornweg<\/strong> zwischen Havelschaussee und dem Kuhhorn.<\/li>\n<\/ol>\n<figure id=\"attachment_5678\" aria-describedby=\"caption-attachment-5678\" style=\"width: 200px\" class=\"wp-caption alignleft\"><a href=\"https:\/\/forst-grunewald.de\/wp-content\/uploads\/2014-01-Waldpflege-Pichelsberg-Postfenn-klein.jpg\" target=\"_blank\" rel=\"noopener noreferrer\"><img loading=\"lazy\" decoding=\"async\" class=\"wp-image-5678\" style=\"border: 1px solid black;\" src=\"https:\/\/forst-grunewald.de\/wp-content\/uploads\/2014-01-Waldpflege-Pichelsberg-Postfenn-klein-224x300.jpg\" alt=\"2014-01 Waldpflege Pichelsberg-Postfenn klein\" width=\"200\" height=\"268\" srcset=\"https:\/\/forst-grunewald.de\/wp-content\/uploads\/2014-01-Waldpflege-Pichelsberg-Postfenn-klein-224x300.jpg 224w, https:\/\/forst-grunewald.de\/wp-content\/uploads\/2014-01-Waldpflege-Pichelsberg-Postfenn-klein-112x150.jpg 112w, https:\/\/forst-grunewald.de\/wp-content\/uploads\/2014-01-Waldpflege-Pichelsberg-Postfenn-klein-400x535.jpg 400w, https:\/\/forst-grunewald.de\/wp-content\/uploads\/2014-01-Waldpflege-Pichelsberg-Postfenn-klein.jpg 672w\" sizes=\"auto, (max-width: 200px) 100vw, 200px\" \/><\/a><figcaption id=\"caption-attachment-5678\" class=\"wp-caption-text\"><span style=\"font-size: 10pt;\">2014 Erkl\u00e4rende Ank\u00fcndigung von Waldarbeiten bei Pichelsberge\/Torfgraben<\/span><\/figcaption><\/figure>\n<p style=\"text-align: justify;\">Der Dachsberg und seine unmittelbare Umgebung werden von Spazierg\u00e4ngern nicht oft belaufen, so dass die vorhanden alten Wege dort von Laub, dem im Grunewald typischen Ziegelsteinschutt und alten \u00c4sten bedeckt waren. Aber jetzt kann man dort erst recht nicht mehr laufen, weil die Traktoren nachhaltig alles zerw\u00fchlt haben.<\/p>\n<p style=\"text-align: justify;\">In der ersten Galerie sind die Bodensch\u00e4den durch die Traktoren zu sehen. Hier ist anzumerken, dass &#8222;grauer zerw\u00fchlter Waldboden mit Altlaubanteil&#8220; schlecht zu fotografieren ist, zumal in 2D und somit ohne Tiefenwirkung, d. h. ein Loch oder eine Furche erscheint harmlos flach. Diese Galerie ist sehr umfangreich, was aber auch die Vielzahl der &#8222;Sch\u00e4den&#8220; dokumentieren soll. Die zweite Galerie zeigt die gef\u00e4llten B\u00e4ume, \u00fcberwiegend Kiefern, aber auch Laubb\u00e4ume, wobei ich nicht zuordnen kann, ob es sich um Roteichen oder andere Laubb\u00e4ume handelt.<\/p>\n<figure id=\"attachment_10088\" aria-describedby=\"caption-attachment-10088\" style=\"width: 300px\" class=\"wp-caption alignright\"><a href=\"https:\/\/forst-grunewald.de\/wp-content\/uploads\/2016-02-06-Schildhornweg-Naehe-Foto0037.jpg\" target=\"_blank\" rel=\"noopener noreferrer\"><img loading=\"lazy\" decoding=\"async\" class=\"wp-image-10088\" src=\"https:\/\/forst-grunewald.de\/wp-content\/uploads\/2016-02-06-Schildhornweg-Naehe-Foto0037-400x300.jpg\" alt=\"\" width=\"300\" height=\"225\" srcset=\"https:\/\/forst-grunewald.de\/wp-content\/uploads\/2016-02-06-Schildhornweg-Naehe-Foto0037-400x300.jpg 400w, https:\/\/forst-grunewald.de\/wp-content\/uploads\/2016-02-06-Schildhornweg-Naehe-Foto0037-200x150.jpg 200w, https:\/\/forst-grunewald.de\/wp-content\/uploads\/2016-02-06-Schildhornweg-Naehe-Foto0037-768x576.jpg 768w, https:\/\/forst-grunewald.de\/wp-content\/uploads\/2016-02-06-Schildhornweg-Naehe-Foto0037.jpg 1600w\" sizes=\"auto, (max-width: 300px) 100vw, 300px\" \/><\/a><figcaption id=\"caption-attachment-10088\" class=\"wp-caption-text\"><span style=\"font-size: 10pt;\">2016 N\u00e4he Schildhornweg<\/span><\/figcaption><\/figure>\n<p style=\"text-align: justify;\">W\u00e4hrend ich die F\u00e4llungen als solche nicht kritisieren m\u00f6chte, erscheint mir der Einsatz der verwendeten Maschinen aber als fraglich, da sie scheinbar, bzw. eigentlich ganz offensichtlich, nachhaltige Sch\u00e4den hinterlassen. Diese Sch\u00e4den beziehen sich auf ein zerw\u00fchlen des Waldbodens infolge des befahrens und rangierens, so dass teilweise 1 Meter tiefe L\u00f6cher und Furchen entstehen und den Umstand, dass vorhandene schmalere Waldwege auf die Breite dieser Fahrzeuge erweitert werden und ein bisher geschlossener Wald durch lauter Schneisen (jetzt mit erstmals zerw\u00fchltem Waldboden) unterbrochen wird.<\/p>\n<p style=\"text-align: justify;\">Was mir noch dazu einf\u00e4llt: Fr\u00fcher waren im GruneWald wohl Pferde bei Baumf\u00e4llungen im Einsatz, was auch den Waldboden geschont hat. Aber das ist mittlerweile wohl leider Geschichte. Nachsatz: Nein, in 2015 habe ich in der N\u00e4he vom Dahlemer Feld noch Waldarbeiter mit einem R\u00fcckepferd im Einsatz gesehen und 2016 beim Teufelsberg\/Postfenn.<\/p>\n<figure id=\"attachment_10080\" aria-describedby=\"caption-attachment-10080\" style=\"width: 200px\" class=\"wp-caption alignleft\"><a href=\"https:\/\/forst-grunewald.de\/wp-content\/uploads\/2016-10-18-Rueckepferde-Teufelsberg-PostfennDSC00403-klein.jpg\" target=\"_blank\" rel=\"noopener noreferrer\"><img loading=\"lazy\" decoding=\"async\" class=\"wp-image-10080 size-thumbnail\" src=\"https:\/\/forst-grunewald.de\/wp-content\/uploads\/2016-10-18-Rueckepferde-Teufelsberg-PostfennDSC00403-klein-200x112.jpg\" alt=\"\" width=\"200\" height=\"112\" srcset=\"https:\/\/forst-grunewald.de\/wp-content\/uploads\/2016-10-18-Rueckepferde-Teufelsberg-PostfennDSC00403-klein-200x112.jpg 200w, https:\/\/forst-grunewald.de\/wp-content\/uploads\/2016-10-18-Rueckepferde-Teufelsberg-PostfennDSC00403-klein-450x253.jpg 450w, https:\/\/forst-grunewald.de\/wp-content\/uploads\/2016-10-18-Rueckepferde-Teufelsberg-PostfennDSC00403-klein-768x432.jpg 768w, https:\/\/forst-grunewald.de\/wp-content\/uploads\/2016-10-18-Rueckepferde-Teufelsberg-PostfennDSC00403-klein.jpg 1600w\" sizes=\"auto, (max-width: 200px) 100vw, 200px\" \/><\/a><figcaption id=\"caption-attachment-10080\" class=\"wp-caption-text\"><span style=\"font-size: 10pt;\">R\u00fcckepferde 2016 am Teufelsberg<\/span><\/figcaption><\/figure>\n<p style=\"text-align: justify;\">Ansonsten als Lesetipp die B\u00fccher von <a href=\"https:\/\/forst-grunewald.de\/?page_id=8481\" target=\"_blank\" rel=\"noopener noreferrer\">Peter Wohlleben<\/a>. In der Sendung &#8222;Im Dialog&#8220; vom 07.11.2015 kritisiert dieser, dass die Bodenverdichtungssch\u00e4den durch Holzvollerntemaschinen erst durch die Bodenverwerfungen der n\u00e4chsten &#8222;Eiszeit&#8220; beseitigt werden k\u00f6nnen, was so viel bedeutet, dass diese Maschinen im Waldboten\u00a0irreparable Sch\u00e4den anrichten. Dies betrifft nicht nur jene Stellen, an denen die Maschinen bis zu 1 Meter im Boden versinken (so gesehen zum Beispiel am Pichelsberg), sondern auch an jenen Stellen, wo dies nicht derart tief geschieht, oder wo die Fahrtspur mit Reisig abgedeckt wird. Waldboden reagiert nicht wie ein Schwamm, <strong>verdichtet bleibt verdichtet<\/strong>. Und wenn der Boden erst verdichtet und der von den Reifen aufgew\u00fchlte Boden dann durch eine Maschine gegl\u00e4ttet wird, ist das nur eine optische Kosmetik. Dar\u00fcber hinaus schreibt Peter Wohlleben in seinem Buch &#8222;<a href=\"http:\/\/www.peter-wohlleben.de\/Buecher\/\" target=\"_blank\" rel=\"noopener noreferrer\">Das geheime Leben der B\u00e4ume<\/a>&#8220; auf Seite 201:<\/p>\n<blockquote>\n<p style=\"text-align: justify;\"><em>Wir atmen B\u00e4ume eigentlich? &#8230; Von den Bl\u00e4ttern \u00fcber den Stamm bis hin zu den Wurzeln ist es ein weiter Weg, daher k\u00f6nnen Letztere ebenfalls atmen. Ansonsten w\u00fcrden Laubb\u00e4ume im Winter sterben, denn dann ist doe oberirdische Lunge aquasi abgeworfen. da der Baum trotzdem weiter auf Sparflamme lebt und sogar im Wurzelraum weiterw\u00e4chst, muss dazu Energie mithilfe von Reservestoffen erzeugt werden, und dazu wird Sauerstoff ben\u00f6tigt. <span style=\"text-decoration: underline;\">Aus diesem Grund ist es so dramatisch f\u00fcr B\u00e4ume, wenn das Erdreich rund um ihren Stamm derart verdichtet wird, dass die kleinen Luftkan\u00e4le verstopfen. Die Wurzeln ersticken zumindest teilweise, sodass der Baum krank wird.<\/span><\/em><\/p>\n<\/blockquote>\n<p style=\"text-align: justify;\"><a href=\"https:\/\/forst-grunewald.de\/wp-content\/uploads\/2015-05-21-KiesgrubeTeufelssee-DSC09881-klein.jpg\" target=\"_blank\" rel=\"noopener noreferrer\"><img loading=\"lazy\" decoding=\"async\" class=\"size-thumbnail wp-image-10086 alignleft\" src=\"https:\/\/forst-grunewald.de\/wp-content\/uploads\/2015-05-21-KiesgrubeTeufelssee-DSC09881-klein-200x113.jpg\" alt=\"\" width=\"200\" height=\"113\" srcset=\"https:\/\/forst-grunewald.de\/wp-content\/uploads\/2015-05-21-KiesgrubeTeufelssee-DSC09881-klein-200x113.jpg 200w, https:\/\/forst-grunewald.de\/wp-content\/uploads\/2015-05-21-KiesgrubeTeufelssee-DSC09881-klein-450x253.jpg 450w, https:\/\/forst-grunewald.de\/wp-content\/uploads\/2015-05-21-KiesgrubeTeufelssee-DSC09881-klein-768x432.jpg 768w, https:\/\/forst-grunewald.de\/wp-content\/uploads\/2015-05-21-KiesgrubeTeufelssee-DSC09881-klein.jpg 1600w\" sizes=\"auto, (max-width: 200px) 100vw, 200px\" \/><\/a>Der Einsatz der Harvester ist auch nicht neu, Herr Korsch hat den Einsatz dieser Maschinen im Grunewald unter dem Titel &#8222;<a href=\"http:\/\/www.staedte-fotos.de\/bild\/Deutschland~Berlin~Verschiedenes\/1595\/im-grunewald-im-grunewald-ist-holzauktion.html\" target=\"_blank\" rel=\"noopener noreferrer\">Im Grunewald, im Grunewald ist Holzauktion&#8230;<\/a>&#8220; bereits am 10. Januar 2007 in einer kleinen Bilderserie mit Beschreibung dokumentiert. Und auch Beschwerden \u00fcber die rabiaten F\u00e4llaktionen der Berliner Forsten sind nicht neu, wie der Bericht &#8222;<a href=\"https:\/\/baumschutz.wordpress.com\/2010\/01\/22\/vandalismus-im-grunewald\/#comments\" target=\"_blank\" rel=\"noopener noreferrer\">Vandalismus im Grunewald &#8211; Mit Harvester und Kettens\u00e4ge durchs Naturschutzgebiet<\/a>&#8220; im Landwehrkanal-Blog vom 22. Januar 2010 zeigt.<\/p>\n<p style=\"text-align: justify;\">Weitere Kritikpunkte sind, dass durch die starken Durchforstungsf\u00e4llungen dem Wald Biomasse entzogen wird,\u00a0 au\u00dferdem speichert jeder Baum Wasser, welches bei Hitze abgegeben wird und den Wald k\u00fchlt. Der Wegfall von Kronen f\u00fchrt dazu, dass der Wald schneller austrocknet und sich der Boden schneller erw\u00e4rmt, Bakterien verdauen verst\u00e4rkt organische Substanzen und Humus wird abgebaut, was den Boden schw\u00e4cht. Zwar f\u00fchrt eine vermehrte Lichtzufuhr zu einem starken Wachstum von (neuen) B\u00e4umen, aber diese wachsen relativ schnell. Ges\u00fcnder und widerstandsf\u00e4higer sind jedoch B\u00e4ume, die langsam und im D\u00e4mmerlicht von ausgewachsenen Exemplaren wachsen.<\/p>\n<p style=\"text-align: justify;\">Was leider auch im Grunewald zu beobachten ist, dass viele kleinere Waldwege, die ich fr\u00fcher auch gerne durchlaufen habe, heute so nicht mehr existieren, weil viele B\u00e4ume, welche direkt auf dem Weg oder am Wegesrand standen, entfernt wurden, damit m\u00f6glichst alle Wege im Grunewald auch mit Fahrzeugen befahren werden k\u00f6nnen. Etliche mir lieb gewonnenen Ecken und Wege wurden im Grunewald so &#8222;vernichtet&#8220; und ich habe das Gef\u00fchl, dass die Berliner F\u00f6rster keinen Blick (mehr) f\u00fcr das Sch\u00f6ne dieses Waldes haben.<\/p>\n<p style=\"text-align: justify;\">Aus der Berliner Waldzeitung <a href=\"https:\/\/www.google.de\/url?sa=t&amp;rct=j&amp;q=&amp;esrc=s&amp;source=web&amp;cd=10&amp;ved=0ahUKEwiNxLCBi7HKAhUrmHIKHUTSCsMQFghSMAk&amp;url=http%3A%2F%2Fwww.stadtentwicklung.berlin.de%2Fforsten%2Ffreizeit%2Fwaldzeitung%2Fdownload%2Fwaldzeitung_2015_1.pdf&amp;usg=AFQjCNGpfxGaLl6bpLlE0lVQ5VC5dn8TMw&amp;sig2=zlh_izssu2j-ocguO_mumQ&amp;cad=rja\" target=\"_blank\" rel=\"noopener noreferrer\">Ausgabe 1\/2015<\/a> unter dem Titel &#8222;Vor 100 Jahren wurde Berlins Wald gesichert&#8220; schreiben die Berliner Forsten:<\/p>\n<blockquote>\n<p style=\"text-align: justify;\"><em>Von 1912 bis 1920 gab es einen Zweckverband Gro\u00df-Berlin &#8230; Dieser Zweckverband hat sich ein bleibendes Denkmal gesetzt: Er schloss am 27. M\u00e4rz 1915 den <a href=\"https:\/\/de.wikipedia.org\/wiki\/Dauerwaldvertrag\" target=\"_blank\" rel=\"noopener noreferrer\">Dauerwaldvertrag<\/a>. &#8230; Der Verband verpflichtete sich, die erworbenen Waldfl\u00e4chen weder zu bebauen noch weiterzuverkaufen, sondern auf Dauer f\u00fcr die B\u00fcrger als Naherholungsfl\u00e4chen zu erhalten. &#8230; Dank des Dauerwaldvertrages von 1915, der in mehreren Teilgesetzen und Verordnungen im Kern unver\u00e4ndert fortlebt, geh\u00f6rt Berlin nach seinem Abschluss zu den europ\u00e4ischen Millionenmetropolen mit den gr\u00f6\u00dften Waldfl\u00e4chen.<\/em><\/p>\n<p style=\"text-align: justify;\"><em>Im \u201eLandeswaldgesetz\u201c des West-Berliner Senats vom 30. Januar 1979, das seit 1990 f\u00fcr ganz Berlin gilt, fand der Jahrhundertvertrag zur Erhaltung des Waldes dann seinen endg\u00fcltigen Niederschlag. Die gesamte Berliner Waldfl\u00e4che wurde zum Schutz- und Erholungswald erkl\u00e4rt. Der im \u00a7 1 angef\u00fchrte Zweck ist sprachlich etwas moderner gefasst, der Inhalt geht aber durchaus auf die urspr\u00fcnglichen Ziele des Dauerwaldvertrages von 1915 zur\u00fcck. Danach ist wichtig: \u201e\u2026 den Wald wegen seiner Bedeutung f\u00fcr die Umwelt, insbesondere f\u00fcr die dauernde Leistungsf\u00e4higkeit des Naturhaushaltes, das Klima, den Wasserhaushalt, die Reinhaltung der Luft, die Bodenfeuchtigkeit, das Landschaftsbild sowie die Erholung der Bev\u00f6lkerung zu erhalten, nach M\u00f6glichkeit zu mehren und seine ordnungsgem\u00e4\u00dfe Pflege nachhaltig zu sichern.\u201c<\/em><\/p>\n<p style=\"text-align: justify;\"><em>Daran orientieren sich die Mitarbeiterinnen und Mitarbeiter der Berliner Forsten bis heute in ihrer t\u00e4glichen Arbeit.<\/em><\/p>\n<\/blockquote>\n<p style=\"text-align: justify;\">Ich bin skeptisch, ob der Einsatz von Holzvolernemaschinen und die extremen F\u00e4llungen wirklich diesem Gedanken entsprechen und wirtschaftliche Interessen nicht doch Vorrang haben, denn warum werden sonst au\u00dfer <a href=\"https:\/\/forst-grunewald.de\/?page_id=184\" target=\"_blank\" rel=\"noopener noreferrer\">Kiefern<\/a> auch viele Laubb\u00e4ume gef\u00e4llt, wie f\u00fcr das Jahr 2014 auf den Fotos zu erkennen ist (<span style=\"font-size: 10pt;\">hier muss ich noch kl\u00e4ren, um was f\u00fcr Laubb\u00e4ume es sich handelt?<\/span>)?<\/p>\n<p style=\"text-align: justify;\">Die Berliner Forsten haben am <a href=\"http:\/\/www.tagesspiegel.de\/berlin\/bezirke\/steglitz-zehlendorf\/baumfaellungen-an-der-krummen-lanke-klimawandel-berlin-baut-den-wald-um\/11405402.html\" target=\"_blank\" rel=\"noopener noreferrer\">23.02.2015<\/a> im Tagesspiegel eine Erkl\u00e4rung abgegeben:<\/p>\n<blockquote>\n<p style=\"text-align: justify;\"><a href=\"http:\/\/www.tagesspiegel.de\/berlin\/bezirke\/steglitz-zehlendorf\/baumfaellungen-an-der-krummen-lanke-klimawandel-berlin-baut-den-wald-um\/11405402.html\" target=\"_blank\" rel=\"noopener noreferrer\">Klimawandel: Berlin baut den Wald um<\/a><\/p>\n<p style=\"text-align: justify;\"><em>Mischw\u00e4lder seien in den zu erwartenden trockeneren Sommern robuster bei Waldbr\u00e4nden und gegen Ungezieferbefall. \u201eIm Grunde genommen wappnen wir uns mit dem Waldumbau gegen den Klimawandel.\u201c Dabei werden insgesamt gewisse Baumarten vom Waldumbau profitieren, andere aber bewusst \u201eherausgenommen\u201c. Das gilt beispielweise f\u00fcr die amerikanische <a href=\"https:\/\/forst-grunewald.de\/?page_id=10042\" target=\"_blank\" rel=\"noopener noreferrer\">Roteiche<\/a>, die andere B\u00e4ume verdr\u00e4ngt und auch nicht mit der hiesigen Insektenwelt vernetzt ist wie etwa die heimischen Eichen. Aber auch die Bedeutung der <a href=\"https:\/\/forst-grunewald.de\/?page_id=184\" target=\"_blank\" rel=\"noopener noreferrer\">Kiefer<\/a> wird zur\u00fcckgehen. \u201eDie Kiefern waren nach dem Zweiten Weltkrieg rund um Berlin angepflanzt worden, da sie als eine der wenigen Baumarten auf den rohen, kaputten B\u00f6den gedeihen konnte\u201c, erkl\u00e4rt F\u00f6rster Franusch. \u201eF\u00fcr die damalige Zeit war das eine ausgezeichnete Wahl. Aber in der heutigen Zeit werden <a href=\"https:\/\/forst-grunewald.de\/?page_id=164\" target=\"_blank\" rel=\"noopener noreferrer\">Eichen<\/a> und Buchen immer wichtiger werden, um einen Mischwald zu gewinnen samt seiner biologischen Vielfalt.\u201c<\/em><\/p>\n<p style=\"text-align: justify;\"><em>Der Bund f\u00fcr Umwelt und Naturschutz Deutschland (BUND) best\u00e4tigt diese Notwendigkeit, man sagt uns aber auch, dass der Waldumbau auch langsamer und damit schonender vonstatten gehen k\u00f6nnte. Denn eigentlich w\u00fcrde der Wald von selbst nachwachsen &#8211; aber bis Mutter Natur von alleine Birken, Pappeln und Weiden und schlie\u00dflich die so genannten <a href=\"https:\/\/de.wikipedia.org\/wiki\/Klimaxvegetation\" target=\"_blank\" rel=\"noopener noreferrer\">Climaxb\u00e4ume<\/a> Eiche und Buche hervorbringt, vergehen schon mal 500 Jahre.<\/em><\/p>\n<p style=\"text-align: justify;\"><em><span style=\"text-decoration: underline;\">Bei den Berliner Forsten sieht man das pragmatisch: Die Waldpflege werde durchaus auch aus wirtschaftlichen Aspekten durchgef\u00fchrt<\/span>, aber mit Augenmerk auf Nachhaltigkeit. So werden in allen Berliner W\u00e4ldern pro Jahr 110.000 Kubikmeter Holz geerntet. Gleichzeit wachsen 150.000 Kubikmeter neu hinzu. Das meiste Holz wird dabei zu Zellstoff verarbeitet, landen aber auch als Bretter, Planken und Latten im Baumarkt.<\/em><\/p>\n<p style=\"text-align: justify;\"><em>Und da erzielen gerade gro\u00df und dick gewachsene B\u00e4ume wie Buchen und Eichen auch schon mal einen Festmeterpreis von bis zu 80 Euro. Zumeist wird das Holz ins europ\u00e4ische Ausland verkauft, aber auch bis nach Asien. Denn \u00fcberall ist mittlerweile gerade auch f\u00fcr Holz als Energietr\u00e4ger die Nachfrage riesig. So gewinnen Holzpellets immer mehr an Bedeutung als CO2-neutraler Brennstoff (das bedeutet: nur das CO2 wird freigesetzt, das beim Wachstum des Baumes gebunden wurde, kein CO2 aus fr\u00fcheren Erdzeitaltern gelangt als Treibhausgas in die Atmosph\u00e4re, wie das bei fossilen Brennstoffen der Fall ist).<\/em><\/p>\n<\/blockquote>\n<p style=\"text-align: justify;\"><span style=\"color: #000000;\">Das Holzpellets ein CO2-neutraler Brennstoff sind, ist falsch. Auch hier hilft Herr Peter Wohlleben in einem Kapitel seines Buches &#8222;<a href=\"http:\/\/www.peter-wohlleben.de\/Buecher\/\" target=\"_blank\" rel=\"noopener noreferrer\">Der Wald &#8211; Ein Nachruf<\/a>&#8220; weiter, wo er diese Behauptung auf den Seiten 230-235 unter Bezugnahme auf eine Studie von <a href=\"http:\/\/www.carboeurope.org\/\" target=\"_blank\" rel=\"noopener noreferrer\">Carbo-Europe-IP<\/a> widerlegt. Diese Widerlegung bezieht sich nicht nur auf Pellets, so schreibt er:<br \/>\n<\/span><\/p>\n<blockquote>\n<p style=\"text-align: justify;\"><em>F\u00fcr jedes St\u00fcck Nutzholz, egal ob zu Papier, M\u00f6beln oder Brennholz verarbeitet, gilt: Drau\u00dfen im Wald, wo der Stamm einst geschlagen wurde, w\u00e4chst zwar ein neuer nach, der in den Folgejahren wieder CO2 bindet. Gleichzeitig str\u00f6mt jedoch auf Dauer bei durchforsteten, sonnendurchfluteten W\u00e4ldern mindestens noch einmal die gleiche Menge CO2 aus den B\u00f6den.<\/em><\/p>\n<\/blockquote>\n<p>Weiterf\u00fchrend, siehe bitte ein Interview mit Herrn Wohleben in Spiegel-Online vom 31.09.2009: Folgen des Pellet-Booms &#8211; <a href=\"http:\/\/www.spiegel.de\/wissenschaft\/natur\/folgen-des-pellet-booms-der-waldboden-blutet-aus-a-604361.html\" target=\"_blank\" rel=\"noopener noreferrer\">&#8222;Der Waldboden blutet aus&#8220; <\/a><\/p>\n<blockquote>\n<p style=\"text-align: justify;\"><em>W\u00e4lder insgesamt sind CO2-Senken. Tote B\u00e4ume verrotten nicht vollst\u00e4ndig, sondern reichern \u00fcber Jahrhunderte den Boden mit Kohlenstoff an. So sind ja auch unsere fossilen Energietr\u00e4ger entstanden. Werden sie verbrannt, f\u00e4llt dieser Speichereffekt weg.<\/em><\/p>\n<\/blockquote>\n<p style=\"text-align: justify;\"><span style=\"color: #000000;\">Im <a href=\"https:\/\/forst-grunewald.de\/wp-content\/uploads\/2012-03-Forschungsbericht-KLIMOPASS-Beitrag-der-Waldwirtschaft-zur-Abmilderung-des-Klimawandels-U82-W03-N11-Zitat.pdf\" target=\"_blank\" rel=\"noopener noreferrer\">Forschungsbericht KLIMOPASS<\/a> aus dem M\u00e4rz 2012 steht:<br \/>\n<\/span><\/p>\n<blockquote>\n<p style=\"text-align: justify;\">Bei der Berechnung der Kohlenstoffbindung durch Totholz sollte auch beachtet werden, dass Totholz nicht nur durch Mikroorganismen abgebaut wird, sondern auch durch physikalische Vorg\u00e4nge fragmentiert werden kann&#8230; <span style=\"text-decoration: underline;\">Durch die Fragmentierung geht der Kohlenstoff in den Boden und die Humusauflage \u00fcber und es kommt somit zu keinem Entweichen aus dem \u00d6kosystem.<\/span> Der Fragmentierungsanteil macht generell 30% des Gesamtkohlenstoffverlustes aus&#8230;<\/p>\n<\/blockquote>\n<p style=\"text-align: justify;\">Und bei Wikipedia wird unter <a href=\"https:\/\/de.wikipedia.org\/wiki\/Klimaneutralit%C3%A4t\" target=\"_blank\" rel=\"noopener noreferrer\">Klimaneutralit\u00e4t<\/a> in Bezug auf Pellets per 17.03.2017 folgendes ausgesagt:<\/p>\n<blockquote>\n<p style=\"text-align: justify;\">Die Verbrennung von Holz ist nur dann \u2013 netto betrachtet \u2013 ohne relevanten Einfluss auf die CO2-Bilanz der Atmosph\u00e4re und damit klimaneutral, wenn direkt auf die Holznutzung bezogen so viele B\u00e4ume nachgepflanzt werden, dass durch ihr Wachstum in m\u00f6glichst kurzer Zeit (z. B. zehn Jahren) so viel an CO2 der Luft entzogen wird, wie durch die Holzverbrennung freigesetzt wurde. <span style=\"text-decoration: underline;\">Auch bei Brennholz oder Holzpellets aus garantiert nachhaltiger Forstwirtschaft entsteht eine einige Jahrzehnte andauernde CO2-Belastung der Luft, da es Jahrzehnte braucht, bis die<\/span> in relativ kurzer Zeit verbrannte Holzmenge alter, erntereifer B\u00e4ume auf einer entsprechend dimensionierten <span style=\"text-decoration: underline;\">Ersatz-Waldfl\u00e4che nachgewachsen<\/span> und dadurch die entsprechende CO2-Menge der Luft wieder entzogen <span style=\"text-decoration: underline;\">sein wird<\/span>.<\/p>\n<\/blockquote>\n<p style=\"text-align: justify;\"><span style=\"color: #000000;\">Mit den Abholzungen entfernen die Berliner Forsten also schlichtweg Biomase aus dem Grunewald &#8211; und zwar radikalmaschinell. Ich gebe mir alle M\u00fche, aber mich \u00fcberzeugt das Tun der Berliner Forsten nicht, weil es (auch wenn der <a href=\"https:\/\/www.greenpeace.de\/themen\/klimawandel\" target=\"_blank\" rel=\"noopener noreferrer\">Klimawandel<\/a> eine reale Gr\u00f6\u00dfe ist, wie die <a href=\"http:\/\/www.ndr.de\/nachrichten\/niedersachsen\/oldenburg_ostfriesland\/Riesiger-Eisberg-loest-sich-in-der-Antarktis-ab,eisberg108.html\" target=\"_blank\" rel=\"noopener noreferrer\">abschmelzenden Polkappen<\/a> und <a href=\"https:\/\/de.wikipedia.org\/wiki\/Gletscherschwund_seit_1850\" target=\"_blank\" rel=\"noopener noreferrer\">Gletscher<\/a> und die <a href=\"http:\/\/www.planet-wissen.de\/kultur\/inseln\/malediven\/index.html\" target=\"_blank\" rel=\"noopener noreferrer\">absaufenden S\u00fcdsseeinseln<\/a> zeigen)\u00a0 derart intensiv erfolgt, als ob der Grunewald absterben wird, wenn er nicht innerhalb der n\u00e4chsten Jahre bzw. <em>jetzt sofort<\/em> &#8222;umgebaut&#8220; wird. Der Grunewald ist nach dem <a href=\"https:\/\/de.wikipedia.org\/wiki\/Dauerwaldvertrag\" target=\"_blank\" rel=\"noopener noreferrer\">Dauerwaldvertrag<\/a> kein Wirtschafts-, sondern ein Erholungswald, wenigstens der Einsatz von <strong>Harvester<\/strong> sollten in diesem Sinne hier schlichtweg <strong>verboten<\/strong> werden und gef\u00e4llte B\u00e4ume als Biomasse im Wald belassen werden. Auch stelle ich mir die Frage, ob nicht die M\u00f6glichkeit besteht, wenn schon die Anzahl der Kiefern verringert werden sollen, (kleinere) Inselfl\u00e4chen zu schaffen und dort gezielt die <strong>gew\u00fcnschten Mischwaldb\u00e4ume und -pflanzen<\/strong> <strong>anzupflanzen<\/strong>.<\/span><\/p>\n<p style=\"text-align: justify;\"><span style=\"color: #000000;\">Statt D-u-r-c-h-f-o-r-s-t-u-n-g also lieber INSELL\u00f6sung nach dem Prinzip der \u201e<a href=\"https:\/\/forst-grunewald.de\/?page_id=10233\" target=\"_blank\" rel=\"noopener noreferrer\">Mortzfeldt\u2019schen L\u00f6cher<\/a>\u201c?<br \/>\n<\/span><\/p>\n<p style=\"text-align: justify;\"><span style=\"color: #ffffff;\">.<\/span><\/p>\n<p style=\"text-align: justify;\"><span style=\"color: #ffffff;\">.<\/span><\/p>\n<p><span style=\"color: #ffffff;\">.<\/span><\/p>\n<p style=\"text-align: justify;\">Hier noch einige Links zu den offiziellen Seiten der Senatsverwaltung f\u00fcr Umweltschutz, zu den Berliner Forsten, beim &#8222;Waldklimapfad&#8220; mit leicht ironischen Anmerkungen von mir, und zum Tourismuskonzept des Bezirks Steglitz-Zehlendorf:<\/p>\n<ul>\n<li style=\"text-align: justify;\"><a href=\"http:\/\/www.stadtentwicklung.berlin.de\/forsten\/waldpflege\/waldbaurichtlinie\/index.shtml\" target=\"_blank\" rel=\"noopener noreferrer\">Berliner Waldbaurichtlinie<\/a> mit Unterseiten<\/li>\n<li style=\"text-align: justify;\"><a href=\"http:\/\/www.stadtentwicklung.berlin.de\/forsten\/waldpflege\/mischwaldprogramm\/\" target=\"_blank\" rel=\"noopener noreferrer\">Mischwaldprogramm<\/a><\/li>\n<li style=\"text-align: justify;\"><a href=\"http:\/\/www.stadtentwicklung.berlin.de\/forsten\/waldprodukte\/de\/brennholz.shtml\" target=\"_blank\" rel=\"noopener noreferrer\">Waldprodukte<br \/>\n&#8211; Brennholz<\/a><\/li>\n<li style=\"text-align: justify;\">Ausstellung und &#8222;<a href=\"http:\/\/www.stadtentwicklung.berlin.de\/forsten\/wald-berlin-klima\/\" target=\"_blank\" rel=\"noopener noreferrer\">Waldklimapfad<\/a>&#8222;, als neue Form des Grunewald-Tourismus zum Nachdenken:<br \/>\n&#8211; <a href=\"http:\/\/www.stadtentwicklung.berlin.de\/forsten\/wald-berlin-klima\/de\/termine\/index.shtml\" target=\"_blank\" rel=\"noopener noreferrer\">Er\u00f6ffung<\/a> der Ausstellung am 13.04.2017<br \/>\n&#8211; <a href=\"http:\/\/www.stadtentwicklung.berlin.de\/forsten\/wald-berlin-klima\/de\/foerderer.shtml\" target=\"_blank\" rel=\"noopener noreferrer\">Angegliedert<\/a> als Sonderstandort der <a href=\"https:\/\/iga-berlin-2017.de\/\" target=\"_blank\" rel=\"noopener noreferrer\">IGA Berlin 2017<\/a> \u2013 Internationale Gartenausstellung (&#8222;GruneWaldGarten&#8220;).<br \/>\n&#8211; Mit gro\u00dfem Parkplatz; auch f\u00fcr Reisebusse geeignet.<br \/>\n&#8211; Lassen Sie sich von der Bezeichnung &#8222;Pfad&#8220; nicht verwirren, es ist ein teils befestigter Rundweg mit kleinen Aussichtsplattformen in der h\u00fcgeligen Gel\u00e4ndefirmation des <a href=\"https:\/\/forst-grunewald.de\/?page_id=1749\" target=\"_blank\" rel=\"noopener noreferrer\">Karlsberges<\/a> und des NSG <a href=\"https:\/\/forst-grunewald.de\/?page_id=1960\" target=\"_blank\" rel=\"noopener noreferrer\">Saubucht<\/a>\/<a href=\"https:\/\/forst-grunewald.de\/?page_id=728\" target=\"_blank\" rel=\"noopener noreferrer\">Barschsee<\/a>\/<a href=\"https:\/\/forst-grunewald.de\/?page_id=1047\" target=\"_blank\" rel=\"noopener noreferrer\">Pechsee<\/a>\/<a href=\"https:\/\/forst-grunewald.de\/?page_id=787\" target=\"_blank\" rel=\"noopener noreferrer\">Waldteich<\/a>.<br \/>\n&#8211; Wunderbare Aussicht vom Grunewaldturm auf den Grunewald und nach Gatow\/Kladow und auf die Berliner Unterhavel.<br \/>\n&#8211; Wunderbare Aussicht auch von den <a href=\"https:\/\/forst-grunewald.de\/?page_id=291\" target=\"_blank\" rel=\"noopener noreferrer\">Dachsbergen<\/a> und vom <a href=\"https:\/\/forst-grunewald.de\/?page_id=5168\" target=\"_blank\" rel=\"noopener noreferrer\">Havelh\u00f6henweg<\/a> auf die Havel.<br \/>\n&#8211; Speisen und Getr\u00e4nke im <a href=\"http:\/\/www.restaurant-grunewaldturm.de\/\" target=\"_blank\" rel=\"noopener noreferrer\">Restaurant Grunewaldturm<\/a> und im <a href=\"https:\/\/s3-media4.fl.yelpcdn.com\/bphoto\/T3xHyBJJaNa2ZAq9pZu3lQ\/o.jpg\" target=\"_blank\" rel=\"noopener noreferrer\">Waldhaus<\/a> am Grunewaldturm (mit Minigolf) und im <a href=\"http:\/\/www.lindwerder.de\/\" target=\"_blank\" rel=\"noopener noreferrer\">Restaurant<\/a> auf der <a href=\"https:\/\/forst-grunewald.de\/?page_id=1862\" target=\"_blank\" rel=\"noopener noreferrer\">Insel Lindwerder<\/a> (kleine F\u00e4hre).<br \/>\n&#8211; Pack die Badehose ein: Das herrliche Havelufer l\u00e4dt an der Lieper Bucht und an der Badestelle Grunewaldturm zum Sonnenbaden ein.<\/li>\n<li style=\"text-align: justify;\"><a href=\"https:\/\/www.berlin.de\/ba-steglitz-zehlendorf\/politik-und-verwaltung\/service-und-organisationseinheiten\/wirtschaftsfoerderung\/projekte\/artikel.173089.php\" target=\"_blank\" rel=\"noopener noreferrer\">Tourismuskonzept<\/a> Steglitz-Zehlendorf, weil &#8222;<em>Naturerlebnisse und damit verbundener Tourismus international und bundesweit hohe Zuwachsraten verzeichnen<\/em>&#8222;, denn: &#8222;<em>Der Bezirk hat hier Tourismuspotenziale, die zu wenig bekannt, zu wenig beworben und zu wenig strukturell erschlossen sind. Zu nennen sind der Fahrradtourismus, Wassererlebnisse und Wanderungen..<\/em>.&#8220;.<br \/>\n&#8211; <a href=\"http:\/\/www.berlin.de\/ba-steglitz-zehlendorf\/politik-und-verwaltung\/service-und-organisationseinheiten\/wirtschaftsfoerderung\/akteure-der-region\/endversion-strategiekonzept-steglitz-zehlendorf-2016.pdf\" target=\"_blank\" rel=\"noopener noreferrer\">Strategiekonzept Tourismus <\/a>Steglitz-Zehlendorf 2016<br \/>\n&#8211; <a href=\"http:\/\/www.berlin.de\/ba-steglitz-zehlendorf\/politik-und-verwaltung\/service-und-organisationseinheiten\/wirtschaftsfoerderung\/aktuell\/aktuell-nov2015-09-konzept-radtourismus-steglitz-zehlendorf.pdf\" target=\"_blank\" rel=\"noopener noreferrer\">Radtourismuskonzept<\/a> Steglitz-Zehlendorf 2015<br \/>\n&#8211; <a href=\"http:\/\/www.berlin.de\/ba-steglitz-zehlendorf\/politik-und-verwaltung\/service-und-organisationseinheiten\/wirtschaftsfoerderung\/aktuell\/endversion-konzept-wassererlebnis-steglitz-zehlendorf-2016.pdf\" target=\"_blank\" rel=\"noopener noreferrer\">Wassererleben Konzept<\/a> Steglitz-Zehlendorf 2016<\/li>\n<\/ul>\n<p>&nbsp;<\/p>\n<p>&nbsp;<\/p>\n<p>Abgeordnetenhaus, <a href=\"https:\/\/pardok.parlament-berlin.de\/starweb\/adis\/citat\/VT\/19\/SchrAnfr\/S19-14779.pdf\" target=\"_blank\" rel=\"noopener\">Drucksache 19\/14779 vom 10.02.2023<\/a><br \/>\n<span style=\"text-decoration: underline;\">Schriftliche Abgeordnetenanfrage: &#8222;Holzeinschlag in den Berliner Forsten&#8220;<\/span><\/p>\n<table style=\"border-collapse: collapse; width: 100%; height: 192px;\">\n<tbody>\n<tr style=\"height: 24px;\">\n<td style=\"width: 33.1428%; text-align: left; vertical-align: top; height: 24px;\">Jahr<\/td>\n<td style=\"width: 41.8572%; text-align: left; vertical-align: top; height: 24px;\">Einschlag <a href=\"https:\/\/de.wikipedia.org\/wiki\/Festmeter#Ermittlung\" target=\"_blank\" rel=\"noopener\">[Efm]<\/a><\/td>\n<td style=\"width: 25%; text-align: left; vertical-align: top;\">Einnahmen [\u20ac]<\/td>\n<\/tr>\n<tr style=\"height: 24px;\">\n<td style=\"width: 33.1428%; text-align: left; vertical-align: top; height: 24px;\">2016<\/td>\n<td style=\"width: 41.8572%; text-align: left; vertical-align: top; height: 24px;\">97.172<\/td>\n<td style=\"width: 25%; vertical-align: top; text-align: right;\">2.795.855,12<\/td>\n<\/tr>\n<tr style=\"height: 24px;\">\n<td style=\"width: 33.1428%; text-align: left; vertical-align: top; height: 24px;\">2017<\/td>\n<td style=\"width: 41.8572%; text-align: left; vertical-align: top; height: 24px;\">84.553<\/td>\n<td style=\"width: 25%; vertical-align: top; text-align: right;\">2.190.466,20<\/td>\n<\/tr>\n<tr style=\"height: 24px;\">\n<td style=\"width: 33.1428%; text-align: left; vertical-align: top; height: 24px;\">2018<\/td>\n<td style=\"width: 41.8572%; text-align: left; vertical-align: top; height: 24px;\">92.364<\/td>\n<td style=\"width: 25%; vertical-align: top; text-align: right;\">2.563.618,49<\/td>\n<\/tr>\n<tr style=\"height: 24px;\">\n<td style=\"width: 33.1428%; text-align: left; vertical-align: top; height: 24px;\">2019<\/td>\n<td style=\"width: 41.8572%; text-align: left; vertical-align: top; height: 24px;\">75.211<\/td>\n<td style=\"width: 25%; vertical-align: top; text-align: right;\">1.963.153,40<\/td>\n<\/tr>\n<tr style=\"height: 24px;\">\n<td style=\"width: 33.1428%; text-align: left; vertical-align: top; height: 24px;\">2020<\/td>\n<td style=\"width: 41.8572%; text-align: left; vertical-align: top; height: 24px;\">33.244<\/td>\n<td style=\"width: 25%; vertical-align: top; text-align: right;\">598.377,19<\/td>\n<\/tr>\n<tr style=\"height: 24px;\">\n<td style=\"width: 33.1428%; text-align: left; vertical-align: top; height: 24px;\">2021<\/td>\n<td style=\"width: 41.8572%; text-align: left; vertical-align: top; height: 24px;\">45.745<\/td>\n<td style=\"width: 25%; vertical-align: top; text-align: right;\">809.023,88<\/td>\n<\/tr>\n<tr style=\"height: 24px;\">\n<td style=\"width: 33.1428%; text-align: left; vertical-align: top; height: 24px;\">2022<\/td>\n<td style=\"width: 41.8572%; text-align: left; vertical-align: top; height: 24px;\">54.216<\/td>\n<td style=\"width: 25%; vertical-align: top; text-align: right;\">1.988.446,05<\/td>\n<\/tr>\n<\/tbody>\n<\/table>\n<p>&nbsp;<\/p>\n<p><span style=\"color: #ffffff;\">.<\/span><\/p>\nngg_shortcode_0_placeholder\n<p><span style=\"color: #ffffff;\">.<\/span><\/p>\n<p><span style=\"color: #ffffff;\">.<\/span><\/p>\n<p style=\"text-align: justify;\">Eine weitere Bilderserie habe ich zwischen dem <strong>Langen Luch und der Onkel-Tom-Stra\u00dfe<\/strong> (<a href=\"https:\/\/forst-grunewald.de\/wp-content\/gallery\/waldpflege-langes-luch-traktorschaeden\/jagen-24-25-26.jpg\" target=\"_blank\" rel=\"noopener noreferrer\">Jagen 24\/25\/26?<\/a>) gemacht. Zun\u00e4chst schienen mir die Sch\u00e4den dort nicht so stark wie am Dachsberg. Aber auch dort zeigten sich durch die Traktorfahrzeuge teilweise starke Bodensch\u00e4den. An einer Stelle fuhr solch ein Fahrzeug offenbar sogar direkt in das Naturschutzgebiet.<\/p>\nngg_shortcode_1_placeholder\n<p><span style=\"color: #ffffff;\">.<\/span><\/p>\n<p><span style=\"color: #ffffff;\">.<\/span><\/p>\n<p style=\"text-align: justify;\">Hier noch eine Bilderserie von den <strong>s\u00fcdlichen Pichelsbergen \/ Stra\u00dfe &#8222;Am Postfenn&#8220; <\/strong>(<a href=\"https:\/\/forst-grunewald.de\/wp-content\/gallery\/waldpflege-pichelsbergeampostfenn-traktorschaeden\/jagen-149-und-150.jpg\" target=\"_blank\" rel=\"noopener noreferrer\">Jagen 149\/150<\/a>). Dar\u00fcber berichtete am 12.02.2014 die Berliner Morgenpost. Auch hier wurden die vorhandenen Fahrwege durch die Maschinenfahrzeuge nochmals erweitert und so mancher Baum musste f\u00fcr diese Verbreiterung weichen. Bodendecken an den Seiten wurden dadurch besch\u00e4digt. Auff\u00e4llig hier, dass scheinbar vor dem befahren des Waldes die vorgesehenen Strecken mit kleinen B\u00e4umen, \u00c4sten und Reisig abgedeckt wurden. Weshalb? Um die Befahrbarkeit zu verbessern oder ein einsinken bzw. die Bodensch\u00e4den m\u00f6glichst zu verringern. Auch hier ist zu sehen, dass das F\u00e4llfahrzeug manchmal versinkt bzw. bei der Hin- und R\u00fcckfahrt an H\u00e4ngen manchmal bis zu 1 Meter tiefe L\u00f6cher verursacht.<\/p>\nngg_shortcode_2_placeholder\n<p>&nbsp;<\/p>\n<p style=\"text-align: justify;\">Abschlie\u00dfend noch eine Bilderserie vom <a href=\"https:\/\/forst-grunewald.de\/wp-content\/gallery\/waldpflege-kiesgrube-postfenn-traktorbodenschaeden\/jagen-132.jpg\" target=\"_blank\" rel=\"noopener noreferrer\">Jagen 132<\/a>. Dieses kleine Gebiet wird von der ehemaligen <strong>Kiesgrube<\/strong>, dem <strong>Postfenn<\/strong> und der <strong>Alten Spandauer Poststra\u00dfe<\/strong> eingerahmt. Die Sch\u00e4den durch die Maschinenfahrzeuge scheinen nicht so gravierend. Allerdings ist ein kleiner Wanderweg, welchen ich immer gerne gegangen bin, weil er etwas abseits liegt, jetzt zerst\u00f6rt. Da es sich um ein kleines Jagen handelt, ist die Menge der gef\u00e4llten B\u00e4ume doch beachtlich.<\/p>\nngg_shortcode_3_placeholder\n<p>&nbsp;<\/p>\n<p>Sehr zahlreiche <strong>Neupflanzungen<\/strong> erfolgten rund um den Karlsberg.<\/p>\nngg_shortcode_4_placeholder\n<p>&nbsp;<\/p>\n<p><span style=\"text-decoration: underline;\"><strong>Weiteres:<br \/>\n<\/strong><\/span><\/p>\n<table>\n<tbody>\n<tr>\n<td><a href=\"https:\/\/forst-grunewald.de\/?p=3690\" target=\"_blank\" rel=\"noopener noreferrer\">25.02.2013<\/a><\/td>\n<td>Berliner Morgernpost<\/td>\n<td>Mischwaldprogramm in Berlins W\u00e4ldern<\/td>\n<\/tr>\n<tr>\n<td><a href=\"https:\/\/forst-grunewald.de\/?p=5728\">13.03.2014<\/a><\/td>\n<td>Abgeordnetenhaus<\/td>\n<td>Der Berliner Wald braucht Hilfe! \/ Im Grunewald ist ein \u201eWald-Klima-Pfad\u201c geplant<\/td>\n<\/tr>\n<tr>\n<td><a href=\"http:\/\/www.waldgebiet-des-jahres.de\/index.php\/component\/phocadownload\/category\/9-pressemeldungen-20142015?download=15:grunewald-ist-waldgebiet-des-jahres-2015\" target=\"_blank\" rel=\"noopener noreferrer\">20.11.2014<\/a><\/td>\n<td><a href=\"http:\/\/www.bdf-online.de\/wir\/wir.html\" target=\"_blank\" rel=\"noopener noreferrer\">Bund Deutscher Forstleute<\/a><\/td>\n<td>D<a href=\"http:\/\/www.waldgebiet-des-jahres.de\/index.php\/2015-der-grunewald\" target=\"_blank\" rel=\"noopener noreferrer\">er Grunewald ist das Waldgebiet des Jahres 2015<\/a><\/td>\n<\/tr>\n<tr>\n<td><a href=\"http:\/\/www.tagesspiegel.de\/berlin\/bezirke\/zehlendorf\/baumfaellungen-an-der-krummen-lanke-klimawandel-berlin-baut-den-wald-um\/11405402.html\" target=\"_blank\" rel=\"noopener noreferrer\">23.02.2015<\/a><\/td>\n<td>Tagesspiegel<\/td>\n<td>Baumf\u00e4llungen an der Krummen Lanke \/ Klimawandel: Berlin baut den Wald um<\/td>\n<\/tr>\n<tr>\n<td><a href=\"https:\/\/forst-grunewald.de\/?p=8190\" target=\"_blank\" rel=\"noopener noreferrer\">26.03.2015<\/a><\/td>\n<td>Abgeordnetenhaus<\/td>\n<td>Wer pflegt in Zukunft die Berliner W\u00e4lder?<\/td>\n<\/tr>\n<tr>\n<td><a href=\"https:\/\/forst-grunewald.de\/?p=13426\" target=\"_blank\" rel=\"noopener noreferrer\">14.06.2019<\/a><\/td>\n<td>Abgeordnetenhaus<\/td>\n<td>Rodungen in den Berliner Forsten<\/td>\n<\/tr>\n<\/tbody>\n<\/table>\n<p><span style=\"color: #ffffff;\">.<\/span><\/p>\n<p><span style=\"color: #ffffff;\">.<\/span><\/p>\n<p><span style=\"color: #000000;\">Uwe Gerber 2014 &#8211; 2017<br \/>\n<\/span><\/p>\n","protected":false},"excerpt":{"rendered":"<p>Wie die\u00a0 Berliner Morgenpost am 12.02.2014 unter dem Titel &#8222;Kahlschlag im Grunewald \u2013 Kiefern m\u00fcssen Eichen weichen&#8220; und der Tagesspiegel am 14.02.2014 unter dem Titel&hellip;<\/p>\n","protected":false},"author":1,"featured_media":0,"parent":138,"menu_order":7,"comment_status":"closed","ping_status":"closed","template":"","meta":{"ngg_post_thumbnail":0,"iawp_total_views":43,"footnotes":""},"class_list":["post-5672","page","type-page","status-publish","hentry"],"_links":{"self":[{"href":"https:\/\/forst-grunewald.de\/index.php?rest_route=\/wp\/v2\/pages\/5672","targetHints":{"allow":["GET"]}}],"collection":[{"href":"https:\/\/forst-grunewald.de\/index.php?rest_route=\/wp\/v2\/pages"}],"about":[{"href":"https:\/\/forst-grunewald.de\/index.php?rest_route=\/wp\/v2\/types\/page"}],"author":[{"embeddable":true,"href":"https:\/\/forst-grunewald.de\/index.php?rest_route=\/wp\/v2\/users\/1"}],"replies":[{"embeddable":true,"href":"https:\/\/forst-grunewald.de\/index.php?rest_route=%2Fwp%2Fv2%2Fcomments&post=5672"}],"version-history":[{"count":110,"href":"https:\/\/forst-grunewald.de\/index.php?rest_route=\/wp\/v2\/pages\/5672\/revisions"}],"predecessor-version":[{"id":16408,"href":"https:\/\/forst-grunewald.de\/index.php?rest_route=\/wp\/v2\/pages\/5672\/revisions\/16408"}],"up":[{"embeddable":true,"href":"https:\/\/forst-grunewald.de\/index.php?rest_route=\/wp\/v2\/pages\/138"}],"wp:attachment":[{"href":"https:\/\/forst-grunewald.de\/index.php?rest_route=%2Fwp%2Fv2%2Fmedia&parent=5672"}],"curies":[{"name":"wp","href":"https:\/\/api.w.org\/{rel}","templated":true}]}}