{"id":5305,"date":"2013-11-03T09:21:12","date_gmt":"2013-11-03T08:21:12","guid":{"rendered":"http:\/\/forst-grunewald.de\/?page_id=5305"},"modified":"2019-06-29T11:36:49","modified_gmt":"2019-06-29T10:36:49","slug":"militaer","status":"publish","type":"page","link":"https:\/\/forst-grunewald.de\/?page_id=5305","title":{"rendered":"Milit\u00e4r"},"content":{"rendered":"<figure id=\"attachment_5311\" aria-describedby=\"caption-attachment-5311\" style=\"width: 582px\" class=\"wp-caption alignright\"><a href=\"https:\/\/forst-grunewald.de\/wp-content\/uploads\/1979-Grunewald-Milit\u00e4rzeichen-N\u00e4he-Kiesgrube-Teufelssee-a-klein.jpg\" target=\"_blank\" rel=\"noopener noreferrer\"><img loading=\"lazy\" decoding=\"async\" class=\" wp-image-5311 \" style=\"border: 1px solid black;\" src=\"https:\/\/forst-grunewald.de\/wp-content\/uploads\/1979-Grunewald-Milit\u00e4rzeichen-N\u00e4he-Kiesgrube-Teufelssee-a-klein.jpg\" alt=\"1979 Grunewald Milit\u00e4rzeichen N\u00e4he Kiesgrube Teufelssee a klein\" width=\"582\" height=\"720\" srcset=\"https:\/\/forst-grunewald.de\/wp-content\/uploads\/1979-Grunewald-Milit\u00e4rzeichen-N\u00e4he-Kiesgrube-Teufelssee-a-klein.jpg 727w, https:\/\/forst-grunewald.de\/wp-content\/uploads\/1979-Grunewald-Milit\u00e4rzeichen-N\u00e4he-Kiesgrube-Teufelssee-a-klein-121x150.jpg 121w, https:\/\/forst-grunewald.de\/wp-content\/uploads\/1979-Grunewald-Milit\u00e4rzeichen-N\u00e4he-Kiesgrube-Teufelssee-a-klein-242x300.jpg 242w, https:\/\/forst-grunewald.de\/wp-content\/uploads\/1979-Grunewald-Milit\u00e4rzeichen-N\u00e4he-Kiesgrube-Teufelssee-a-klein-400x495.jpg 400w\" sizes=\"auto, (max-width: 582px) 100vw, 582px\" \/><\/a><figcaption id=\"caption-attachment-5311\" class=\"wp-caption-text\">Milit\u00e4risches &#8222;Zeichen&#8220; im Grunewald am Rand der <a href=\"https:\/\/forst-grunewald.de\/?page_id=5133\" target=\"_blank\" rel=\"noopener noreferrer\">Kiesgrube<\/a>\/Teufelssee im Jahr 1979<\/figcaption><\/figure>\n<p>Egal, ob durch die<\/p>\n<ul>\n<li>Gardesch\u00fctzen,<\/li>\n<li>Reichswehr \/ Wehrmacht,<\/li>\n<li>vormilit\u00e4rischen Jugendorganisationen oder<\/li>\n<li>die westalliierten Berliner Schutzm\u00e4chte,<\/li>\n<\/ul>\n<p>unser GruneWald wurde mit seiner Erschlie\u00dfung auch milit\u00e4risch oder zu mindestens in einem weitl\u00e4ufigen milit\u00e4r\u00e4hnlichen Sinn genutzt.<\/p>\n<p>Erfreulicherweise hat sich nach der deutschen Wiedervereinigung meines Wissens die Bundeswehr aus unserem GruneWald herausgehalten und die ehemaligen alliierten Milit\u00e4reinrichtungen wurden erfreulicherweise zum Teil sogar renaturiert.<\/p>\n<p>Zu hoffen bleibt, so ist meine unbedeutende Meinung, dass eines Tages auch noch der nur noch als \u201cM\u00fcllhaufen\u201d anzusehende Rest der ehemaligen <a href=\"https:\/\/forst-grunewald.de\/?page_id=3787\" target=\"_blank\" rel=\"noopener noreferrer\">Radarstation<\/a> auf dem Teufelsberg \u201centsorgt\u201d und das Areal ebenfalls renaturiert wird, etwa so wie der Schie\u00dfplatz Keerans Range (<a href=\"https:\/\/forst-grunewald.de\/?page_id=110\" target=\"_blank\" rel=\"noopener noreferrer\">AVUS<\/a> S\u00fcdkurve). Die Bergkuppel an einen Investor zur Errichtung eines Luxus-Ressorts zu verkaufen, war und ist jedenfalls ein \u00c4rgernis. Getoppt wurde dies nur noch durch die damalige Meldung, dass aus der Ruine des ehemaligen Hauptradarturms ein \u201cBerliner Turm der Unbesiegbarkeit\u201d etc. pp. werden sollte.<\/p>\n<p>Nachfolgend das, was ich bisher unter dem allgemeinen Oberbegriff der milit\u00e4rischen Nutzung unseres GruneWaldes zusammentragen konnte:<\/p>\n<ul>\n<li>Ammo Dumps \/<a href=\"https:\/\/forst-grunewald.de\/?page_id=5382\" target=\"_blank\" rel=\"noopener noreferrer\"> Munitionsbunker Dachsheide<\/a><\/li>\n<li>Ammo Dumps \/ <a href=\"https:\/\/forst-grunewald.de\/?page_id=5400\" target=\"_blank\" rel=\"noopener noreferrer\">Munitionsbunker Jagen 92<\/a><\/li>\n<li><a href=\"https:\/\/forst-grunewald.de\/?page_id=3787\" target=\"_blank\" rel=\"noopener noreferrer\">Fiedl Station<\/a> (<a href=\"https:\/\/forst-grunewald.de\/?page_id=3776\" target=\"_blank\" rel=\"noopener noreferrer\">Teufelsberg<\/a>)<\/li>\n<li><a href=\"https:\/\/forst-grunewald.de\/?page_id=5408\" target=\"_blank\" rel=\"noopener noreferrer\">Garde-Sch\u00fctzen<\/a><\/li>\n<li><a href=\"https:\/\/forst-grunewald.de\/?page_id=5333\" target=\"_blank\" rel=\"noopener noreferrer\">Hochschulsportplatz<\/a> (Hilterjugend)<\/li>\n<li><a href=\"http:\/\/www.berliner-dampfer.de\/html\/iltis.html?page_id=5406\" target=\"_blank\" rel=\"noopener noreferrer\">Iltis<\/a><\/li>\n<li><a href=\"https:\/\/forst-grunewald.de\/?page_id=5371\" target=\"_blank\" rel=\"noopener noreferrer\">Jagen 87<\/a> (Nahe <a href=\"https:\/\/forst-grunewald.de\/?page_id=5133\" target=\"_blank\" rel=\"noopener noreferrer\">Kiesgrube Teufelssee<\/a>)<\/li>\n<li>Keerans Range (AVUS S\u00fcdkurve)<\/li>\n<li><a href=\"https:\/\/forst-grunewald.de\/?page_id=1267\" target=\"_blank\" rel=\"noopener noreferrer\">Russenbr\u00fccke<\/a><\/li>\n<li><a href=\"https:\/\/forst-grunewald.de\/?page_id=5408\" target=\"_blank\" rel=\"noopener noreferrer\">Ruhleben<\/a> (<a href=\"https:\/\/forst-grunewald.de\/?page_id=5426\" target=\"_blank\" rel=\"noopener noreferrer\">Murellenberg<\/a>)<\/li>\n<li><a href=\"https:\/\/forst-grunewald.de\/?page_id=536\" target=\"_blank\" rel=\"noopener noreferrer\">Rose Range<\/a> (<a href=\"https:\/\/forst-grunewald.de\/?page_id=507\" target=\"_blank\" rel=\"noopener noreferrer\">Forst D\u00fcppel<\/a>)<\/li>\n<li><a href=\"https:\/\/forst-grunewald.de\/?page_id=5320\" target=\"_blank\" rel=\"noopener noreferrer\">Schwarze Garde<\/a><\/li>\n<li><a href=\"https:\/\/forst-grunewald.de\/?page_id=3802\" target=\"_blank\" rel=\"noopener noreferrer\">Wehrtechnische Fakul\u00e4t<\/a> (<a href=\"https:\/\/forst-grunewald.de\/?page_id=3776\" target=\"_blank\" rel=\"noopener noreferrer\">Teufelsberg<\/a>)<\/li>\n<\/ul>\n<p>Ich bin jedenfalls daf\u00fcr, dass der GrunWald als wundersch\u00f6nes Naherholungsgebiet vom Grundsatz her im zweiten Wortbestandteil genutzt wird und m\u00f6chte auf die Erz\u00e4hlung Berdrows aus dem Jahr 1902 \u00fcber ein unterhaltsames fiktives Gespr\u00e4ch am Stammtisch des <strong>Grunewaldklubs &#8222;Kranke Leber&#8220;<\/strong> <a href=\"https:\/\/forst-grunewald.de\/?page_id=23\" target=\"_blank\" rel=\"noopener noreferrer\">verweisen<\/a>.<\/p>\n","protected":false},"excerpt":{"rendered":"<p>Egal, ob durch die Gardesch\u00fctzen, Reichswehr \/ Wehrmacht, vormilit\u00e4rischen Jugendorganisationen oder die westalliierten Berliner Schutzm\u00e4chte, unser GruneWald wurde mit seiner Erschlie\u00dfung auch milit\u00e4risch oder zu&hellip;<\/p>\n","protected":false},"author":1,"featured_media":0,"parent":0,"menu_order":0,"comment_status":"closed","ping_status":"closed","template":"","meta":{"ngg_post_thumbnail":0,"iawp_total_views":51,"footnotes":""},"class_list":["post-5305","page","type-page","status-publish","hentry"],"_links":{"self":[{"href":"https:\/\/forst-grunewald.de\/index.php?rest_route=\/wp\/v2\/pages\/5305","targetHints":{"allow":["GET"]}}],"collection":[{"href":"https:\/\/forst-grunewald.de\/index.php?rest_route=\/wp\/v2\/pages"}],"about":[{"href":"https:\/\/forst-grunewald.de\/index.php?rest_route=\/wp\/v2\/types\/page"}],"author":[{"embeddable":true,"href":"https:\/\/forst-grunewald.de\/index.php?rest_route=\/wp\/v2\/users\/1"}],"replies":[{"embeddable":true,"href":"https:\/\/forst-grunewald.de\/index.php?rest_route=%2Fwp%2Fv2%2Fcomments&post=5305"}],"version-history":[{"count":13,"href":"https:\/\/forst-grunewald.de\/index.php?rest_route=\/wp\/v2\/pages\/5305\/revisions"}],"predecessor-version":[{"id":13217,"href":"https:\/\/forst-grunewald.de\/index.php?rest_route=\/wp\/v2\/pages\/5305\/revisions\/13217"}],"wp:attachment":[{"href":"https:\/\/forst-grunewald.de\/index.php?rest_route=%2Fwp%2Fv2%2Fmedia&parent=5305"}],"curies":[{"name":"wp","href":"https:\/\/api.w.org\/{rel}","templated":true}]}}