{"id":4903,"date":"2013-07-13T21:33:07","date_gmt":"2013-07-13T20:33:07","guid":{"rendered":"http:\/\/forst-grunewald.de\/?page_id=4903"},"modified":"2024-05-06T07:48:07","modified_gmt":"2024-05-06T06:48:07","slug":"baumaterialtransport","status":"publish","type":"page","link":"https:\/\/forst-grunewald.de\/?page_id=4903","title":{"rendered":"Baumaterialtransport"},"content":{"rendered":"<p style=\"text-align: justify;\"><strong>Wurde das Baumaterial f\u00fcr das Jagdschloss \u00fcber die Grunewaldseenkette herbeigeschafft?<\/strong><\/p>\n<table style=\"border-collapse: collapse; width: 100%;\">\n<tbody>\n<tr>\n<td style=\"width: 10.7143%; text-align: left; vertical-align: top;\"><strong>1902<\/strong><\/td>\n<td style=\"width: 89.2857%; vertical-align: top; text-align: justify;\">\n<div><a href=\"https:\/\/forst-grunewald.de\/?page_id=676\" target=\"_blank\" rel=\"noopener noreferrer\">Berdrow<\/a>, Seite 27\/28 \u00fcber das (ehemalige) R\u00fcckfenn am <a href=\"https:\/\/forst-grunewald.de\/?page_id=1463\" target=\"_blank\" rel=\"noopener noreferrer\">Schlachtensee<\/a>:<\/div>\n<div><em>So schwebte z. B. der Schlachtensee um die Mitte des XIX. Jahr<\/em><em>hunderts in Gefahr, an seiner schmalsten Stelle durch das auf unsern heutigen Grunewaldkarten wieder verschwundene \u201cR\u00fcckfenn\u201d \u2013 der Name deutet vielleicht auf den Sandr\u00fccken, der das Fenn trug \u2013 in zwei Wasserbecken zerlegt zu werden. Wie schnell diese Ver\u00e4nderungen vor sich gehen, erhellt auch aus der Angabe, da\u00df die Grunewaldrinne noch um 1540 zum Transport des Baumaterials, aus dem <a href=\"http:\/\/de.wikipedia.org\/wiki\/Joachim_II._%28Brandenburg%29\" target=\"_blank\" rel=\"noopener noreferrer\">Joachim II.<\/a> sein Jagdschlo\u00df errichten lie\u00df, gedient haben soll.<\/em><\/div>\n<\/td>\n<\/tr>\n<tr>\n<td style=\"width: 10.7143%; text-align: left; vertical-align: top;\"><strong>1907<\/strong><\/td>\n<td style=\"width: 89.2857%; vertical-align: top; text-align: justify;\"><a href=\"https:\/\/forst-grunewald.de\/?page_id=361\" target=\"_blank\" rel=\"noopener noreferrer\">Wahnschaffe<\/a>, Seite 16, Fu\u00dfnote 1:<br \/>\nDi<em>e alte Angabe, da\u00df zum Bau des Jagdschlosses R\u00fcdersdorfer Muschelkalk auf dem Wasserwege hierher transportiert worden sei, kann nur so verstanden werden, da\u00df die Kalksteine von R\u00fcdersdorf auf der Spree, vielleicht auch bis in die Havel zu Schiff an eine Ablagestelle gebracht worden sind, denn die Annahme einer zusammenh\u00e4ngenden, f\u00fcr K\u00e4hne befahrbaren Rinne im Verlaufe der Grunewaldseen in historischer Zeit ist mir den geologischen Verh\u00e4ltnissen nicht in Einklang zu bringen.<\/em><\/td>\n<\/tr>\n<tr>\n<td style=\"width: 10.7143%; text-align: left; vertical-align: top;\"><strong>1927<\/strong><\/td>\n<td style=\"width: 89.2857%; vertical-align: top; text-align: justify;\">\n<div><a href=\"https:\/\/forst-grunewald.de\/?page_id=361\" target=\"_blank\" rel=\"noopener noreferrer\">Wolter\/Sommer\/Klotz<\/a>, Seite 37:<\/div>\n<div><em>Wenn erz\u00e4hlt wird, da\u00df die Kalksteine zum Bau des Jagdschlosses Grunewald auf dem Wasserweg herangebracht worden seien, so kann es nur so gemeint sein, da\u00df bis zur Havel dieser Weg benutzt wurde.<\/em><\/div>\n<\/td>\n<\/tr>\n<\/tbody>\n<\/table>\n<p>.<\/p>\n","protected":false},"excerpt":{"rendered":"<p>Wurde das Baumaterial f\u00fcr das Jagdschloss \u00fcber die Grunewaldseenkette herbeigeschafft? 1902 Berdrow, Seite 27\/28 \u00fcber das (ehemalige) R\u00fcckfenn am Schlachtensee: So schwebte z. B. der&hellip;<\/p>\n","protected":false},"author":1,"featured_media":0,"parent":4895,"menu_order":0,"comment_status":"closed","ping_status":"closed","template":"template\/full-width.php","meta":{"ngg_post_thumbnail":0,"iawp_total_views":9,"footnotes":""},"class_list":["post-4903","page","type-page","status-publish","hentry"],"_links":{"self":[{"href":"https:\/\/forst-grunewald.de\/index.php?rest_route=\/wp\/v2\/pages\/4903","targetHints":{"allow":["GET"]}}],"collection":[{"href":"https:\/\/forst-grunewald.de\/index.php?rest_route=\/wp\/v2\/pages"}],"about":[{"href":"https:\/\/forst-grunewald.de\/index.php?rest_route=\/wp\/v2\/types\/page"}],"author":[{"embeddable":true,"href":"https:\/\/forst-grunewald.de\/index.php?rest_route=\/wp\/v2\/users\/1"}],"replies":[{"embeddable":true,"href":"https:\/\/forst-grunewald.de\/index.php?rest_route=%2Fwp%2Fv2%2Fcomments&post=4903"}],"version-history":[{"count":13,"href":"https:\/\/forst-grunewald.de\/index.php?rest_route=\/wp\/v2\/pages\/4903\/revisions"}],"predecessor-version":[{"id":16175,"href":"https:\/\/forst-grunewald.de\/index.php?rest_route=\/wp\/v2\/pages\/4903\/revisions\/16175"}],"up":[{"embeddable":true,"href":"https:\/\/forst-grunewald.de\/index.php?rest_route=\/wp\/v2\/pages\/4895"}],"wp:attachment":[{"href":"https:\/\/forst-grunewald.de\/index.php?rest_route=%2Fwp%2Fv2%2Fmedia&parent=4903"}],"curies":[{"name":"wp","href":"https:\/\/api.w.org\/{rel}","templated":true}]}}