{"id":4060,"date":"2013-04-08T21:40:24","date_gmt":"2013-04-08T20:40:24","guid":{"rendered":"http:\/\/forst-grunewald.de\/?page_id=4060"},"modified":"2019-06-29T11:38:52","modified_gmt":"2019-06-29T10:38:52","slug":"pichelswerder","status":"publish","type":"page","link":"https:\/\/forst-grunewald.de\/?page_id=4060","title":{"rendered":"Pichelswerder"},"content":{"rendered":"<figure id=\"attachment_4825\" aria-describedby=\"caption-attachment-4825\" style=\"width: 623px\" class=\"wp-caption alignright\"><a href=\"https:\/\/forst-grunewald.de\/wp-content\/uploads\/1812-Johann-Heinrich-St\u00fcrmer-Rastende-Gesellschaft-in-pichelswerder1.jpg\"><img loading=\"lazy\" decoding=\"async\" class=\"size-full wp-image-4825 \" style=\"border: 1px solid black;\" src=\"https:\/\/forst-grunewald.de\/wp-content\/uploads\/1812-Johann-Heinrich-St\u00fcrmer-Rastende-Gesellschaft-in-pichelswerder1.jpg\" alt=\"Rastende Gesellschaft in Pichelswerder bei Berlin 1812, zugeschrieben Johann Heinrich St\u00fcrmer\" width=\"623\" height=\"477\" srcset=\"https:\/\/forst-grunewald.de\/wp-content\/uploads\/1812-Johann-Heinrich-St\u00fcrmer-Rastende-Gesellschaft-in-pichelswerder1.jpg 623w, https:\/\/forst-grunewald.de\/wp-content\/uploads\/1812-Johann-Heinrich-St\u00fcrmer-Rastende-Gesellschaft-in-pichelswerder1-150x114.jpg 150w, https:\/\/forst-grunewald.de\/wp-content\/uploads\/1812-Johann-Heinrich-St\u00fcrmer-Rastende-Gesellschaft-in-pichelswerder1-300x229.jpg 300w, https:\/\/forst-grunewald.de\/wp-content\/uploads\/1812-Johann-Heinrich-St\u00fcrmer-Rastende-Gesellschaft-in-pichelswerder1-400x306.jpg 400w\" sizes=\"auto, (max-width: 623px) 100vw, 623px\" \/><\/a><figcaption id=\"caption-attachment-4825\" class=\"wp-caption-text\"><span style=\"font-size: 10pt;\">Rastende Gesellschaft in Pichelswerder bei Berlin 1812, zugeschrieben Johann Heinrich St\u00fcrmer<\/span><\/figcaption><\/figure>\n<p style=\"text-align: justify;\"><strong>Das \u201c<span style=\"color: #ff0000;\">Pichels-Gebiet<\/span>\u201d ist schwer zu untergliedern. Ich habe daher zahlreiche Unterseiten angelegt, wobei ich den Pichelswerder von seiner zentralen Lage her der Einfacheit halber als Einstiegsseite benutze. Auf den folgenden Seiten finden sich daher weitere Details. Sowohl zum Pichelswerder, als auch zu seiner Umgebung!<\/strong><\/p>\n<p>Einf\u00fchrung Pichelswerder:<\/p>\n<p style=\"text-align: justify;\">Fr\u00fcher eine Insel, seit dem Bau der Heerstrasse jedoch eine geteilte Halbinsel, da die <a href=\"https:\/\/forst-grunewald.de\/wp-content\/gallery\/autoverkehr\/2012-dsc00333-klein.jpg\" target=\"_blank\" rel=\"noopener noreferrer\">Heerstrasse mittendurch verl\u00e4uft<\/a>. Die Heerstra\u00dfe nimmt der Insel leider auch ihren urspr\u00fcnglichen Reiz. Ich kann auch hier nur wieder einmal auf<\/p>\n<ul style=\"text-align: justify;\">\n<li>die Ausf\u00fchrungen von Berdrows <a href=\"https:\/\/forst-grunewald.de\/?page_id=23\" target=\"_blank\" rel=\"noopener noreferrer\">Grunewaldklub \u201cKranke Leber\u201d<\/a> aus dem Jahre 1902<\/li>\n<\/ul>\n<p style=\"text-align: justify;\">verweisen.<strong><br \/>\n<\/strong><\/p>\n<p style=\"text-align: justify;\">Die s\u00fcdliche Halbinsel ist gut zu umlaufen, jedoch ist das Laufgebiet f\u00fcr lange L\u00e4ufe zu klein. Es l\u00e4sst sich zwar in einen l\u00e4ngeren Lauf integrieren, allerdings bedeutet dies auch, dass man ein St\u00fcck an der Heerstra\u00dfe entlanglaufen muss, was wegen des starken Verkehrs dort nicht gerade sehr angenehm ist.<\/p>\n<p style=\"text-align: justify;\">\u00dcber den n\u00f6rdlichen Teil von Pichelswerder erschlie\u00dft sich einem <a href=\"https:\/\/forst-grunewald.de\/?page_id=5053\" target=\"_blank\" rel=\"noopener noreferrer\">Tiefwerder<\/a> und die Wasserkolonie \u201cKlein Venedig\u201d.<\/p>\n<p style=\"text-align: justify;\">Pichelswerder ist ein Hundeauslaufgebiet, welches aber von der Beliebtheit und der Attraktivit\u00e4t her nicht an den Grunewaldsee heranreicht. Auch hier &#8222;nervt&#8220; die Heerstra\u00dfe. Allerdings k\u00f6nnen hier die Hunde gut baden.<\/p>\n<p style=\"text-align: justify;\">Um die vorherige Jahrhundertwende, also vor dem Bau der Heerstrasse, galt der Grunewald um Pichelswerder \/ <a href=\"https:\/\/forst-grunewald.de\/?page_id=4659\" target=\"_blank\" rel=\"noopener noreferrer\">Pichelsberg(e)<\/a> \/ <a href=\"https:\/\/forst-grunewald.de\/?page_id=4432\" target=\"_blank\" rel=\"noopener noreferrer\">St\u00f6\u00dfensee<\/a> \/ <a href=\"https:\/\/forst-grunewald.de\/?page_id=2357\" target=\"_blank\" rel=\"noopener noreferrer\">Schildorn<\/a> als die landschaftlich sch\u00f6nste Gegend in Berlin. Insbesondere &#8222;<a href=\"http:\/\/www.berliner-dampfer.de\" target=\"_blank\" rel=\"noopener noreferrer\">Dampferfahren<\/a>&#8220; d\u00fcrften die Erschlie\u00dfung des Pichelswerder und <a href=\"https:\/\/forst-grunewald.de\/?page_id=2357\" target=\"_blank\" rel=\"noopener noreferrer\">Schildhorns<\/a> als Ausflugsgebiet mit zahlreichen <a href=\"https:\/\/forst-grunewald.de\/?page_id=4537\" target=\"_blank\" rel=\"noopener noreferrer\">Gartenlokalen<\/a> f\u00fcr die Berliner ab 1900 nochmals stark beg\u00fcnstigt haben. Davor war Pichelswerder und der St\u00f6\u00dfensee ein &#8222;<a href=\"https:\/\/forst-grunewald.de\/?page_id=4432\" target=\"_blank\" rel=\"noopener noreferrer\">Holzhandelszentrum<\/a>&#8222;.<\/p>\n<p>&nbsp;<\/p>\n<figure id=\"attachment_10805\" aria-describedby=\"caption-attachment-10805\" style=\"width: 860px\" class=\"wp-caption aligncenter\"><a href=\"https:\/\/forst-grunewald.de\/wp-content\/uploads\/1883-Albert-Schwartz-C.-Eckenrath-Pichelswerder-Blick-auf-Pichelssee-klein-1.jpg\" target=\"_blank\" rel=\"noopener noreferrer\"><img loading=\"lazy\" decoding=\"async\" class=\"wp-image-10805 size-large\" src=\"https:\/\/forst-grunewald.de\/wp-content\/uploads\/1883-Albert-Schwartz-C.-Eckenrath-Pichelswerder-Blick-auf-Pichelssee-klein-1-1600x1256.jpg\" alt=\"\" width=\"860\" height=\"675\" srcset=\"https:\/\/forst-grunewald.de\/wp-content\/uploads\/1883-Albert-Schwartz-C.-Eckenrath-Pichelswerder-Blick-auf-Pichelssee-klein-1.jpg 1600w, https:\/\/forst-grunewald.de\/wp-content\/uploads\/1883-Albert-Schwartz-C.-Eckenrath-Pichelswerder-Blick-auf-Pichelssee-klein-1-191x150.jpg 191w, https:\/\/forst-grunewald.de\/wp-content\/uploads\/1883-Albert-Schwartz-C.-Eckenrath-Pichelswerder-Blick-auf-Pichelssee-klein-1-382x300.jpg 382w, https:\/\/forst-grunewald.de\/wp-content\/uploads\/1883-Albert-Schwartz-C.-Eckenrath-Pichelswerder-Blick-auf-Pichelssee-klein-1-768x603.jpg 768w\" sizes=\"auto, (max-width: 860px) 100vw, 860px\" \/><\/a><figcaption id=\"caption-attachment-10805\" class=\"wp-caption-text\"><span style=\"font-size: 10pt;\">1883 ! Pichelswerder, Blick auf den Pichelssee. Auf dem See schwach zu erkennen: Eine Fischreuse, eine Segelschiff und ein Dampfschiff. Das Aufnahmejahr \u201e1883\u201c ist auf der Aufnahme eingepr\u00e4gt und auch authentisch, da der Berliner Fotograf <a href=\"https:\/\/de.wikipedia.org\/wiki\/F._Albert_Schwartz\" target=\"_blank\" rel=\"noopener noreferrer\">Friedrich Albert Schwartz<\/a> von 1882 \u2013 1887 seinen Firmensitz in der Louisenstra\u00dfe 23 hatte<\/span>.<\/figcaption><\/figure>\n<p>&nbsp;<\/p>\n<p><span style=\"text-decoration: underline;\"><strong>Historische Beschreibungen:<\/strong><\/span><\/p>\n<table>\n<tbody>\n<tr>\n<td style=\"text-align: left; vertical-align: top;\"><strong>1806<\/strong><\/td>\n<td style=\"text-align: left; vertical-align: top;\">\n<p style=\"text-align: justify;\">Johann Christian <a href=\"http:\/\/books.google.de\/books\/about\/Lexicon_von_Berlin.html?hl=de&amp;id=ehgEAAAAYAAJ\" target=\"_blank\" rel=\"noopener noreferrer\">G\u00e4dicke<\/a>, Lexicon von Berlin, Seite 454:<\/p>\n<p style=\"text-align: justify;\">Pischelsdorfscher Werder, &#8222;<em>ein Werder in der Havel mit einigen H\u00e4usern, welche Aufseher \u00fcber die hiesigen H\u00fcgel bewohnen. <strong>Diese Gegend wird stark zum Vergn\u00fcgen besucht, und f\u00fcr die sch\u00f6nste von Berlin gehalten.<\/strong><\/em>&#8222;<\/p>\n<\/td>\n<\/tr>\n<tr>\n<td style=\"text-align: left; vertical-align: top;\"><strong>1818<\/strong><\/td>\n<td style=\"vertical-align: top; text-align: justify;\">&#8222;<em>Auch der Turnvater Jahn war 1818 mit seiner Gefolgschaft hierher gezogen, dabei ertrank einer seiner Schutzbefohlenen im St\u00f6\u00dfensee, was dem exaltierten Mann sehr peinlich war.<\/em>&#8222;, berichtet Arne Hengsbach in der Mitteilung 1\/1978 des Vereins f\u00fcr die Geschichte Berlins.<\/td>\n<\/tr>\n<tr>\n<td style=\"text-align: left; vertical-align: top;\"><strong>1830<\/strong><\/td>\n<td style=\"text-align: left; vertical-align: top;\">\n<p style=\"text-align: justify;\">Ludwig <a href=\"http:\/\/collections.europeanalocal.de\/muradora\/objectView.action?pid=eld:zlb-mo-12552581\" target=\"_blank\" rel=\"noopener noreferrer\">Helling<\/a>, Geschichtlich-statistisch-topographisches Taschenbuch von Berlin und seiner Umgebung, Seite 302\/303:<\/p>\n<p style=\"text-align: justify;\"><div class=\"spoiler-wrap\">\n\t\t\t\t<div class=\"spoiler-head folded\">Spoiler<\/div>\n\t\t\t\t<div class=\"spoiler-body\">&#8222;<em>Pichelsberg, Pichelsdorn und Pichelswerder, zwischen Charlottenburg und Spandau, von jener Ende 1\/2 M. von letzterer 1\/4 M. entfernt. Ersteres eine waldige Anh\u00f6he an einem Arme der Havel, mit mehreren Fischerh\u00fctten und einem angenehm auf der H\u00f6he gelegenen Wirtshause, von dem man eine sch\u00f6ne Aussicht auf Spandau hat; das zweite ein Dorf ohne Kirche an der Havel, mit 30 Feuerstellen und 70 Einw.; letzteres eine h\u00fcgelige und bewaldete Insel in der Havel. Zwischen dem Berg und dem Dorfe, mit einem Landhause des Banquier <a href=\"http:\/\/de.wikipedia.org\/wiki\/Wilhelm_Christian_Benecke_von_Gr%C3%B6ditzberg\" target=\"_blank\" rel=\"noopener noreferrer\">Benecke von Gr\u00f6ditzberg<\/a>. Wegen der romantischen Lage des Berges, Dorfes und Werders ein Zielpunkt von Lustparthien. Um von der Chaussee nach Spandau aus<strong>, <\/strong>nach ersterem zu gelangen, f\u00e4hrt man durch den Hof von Ruhleben und folgt dann dem gro\u00dfen Wege durchs Holz, der von dem Hofe ab, in 1\/2 Stunde hinf\u00fchrt.<\/em>&#8222;<\/div>\n\t\t\t<\/div><\/p>\n<\/td>\n<\/tr>\n<tr>\n<td style=\"text-align: left; vertical-align: top;\"><strong>1902<\/strong><\/td>\n<td style=\"text-align: left; vertical-align: top;\"><a href=\"https:\/\/forst-grunewald.de\/?page_id=676\" target=\"_blank\" rel=\"noopener noreferrer\">Berdrow<\/a>, Seite 42:<\/p>\n<div style=\"text-align: justify;\"><div class=\"spoiler-wrap\">\n\t\t\t\t<div class=\"spoiler-head folded\">Spoiler<\/div>\n\t\t\t\t<div class=\"spoiler-body\">Ein Blick von der S\u00fcdspitze des Pichelswerder auf das Ufer nach Spandau\/Gatow:\u201c<em>Weiter hinaus schweift der Blick ins offene Osthavelland, dessen H\u00f6hen sich in Form sanft gerundeter Kuppen und R\u00fccken von klaren Himmel abheben: uns zun\u00e4chst die \u00fcber dem Weinmeister Horn aufsteigenden Spandauer Weinberge, an deren Fu\u00df die Charlottenburger Rieselfelder liegen; weiter ins Land hinein der <a href=\"https:\/\/forst-grunewald.de\/?page_id=4498\" target=\"_blank\" rel=\"noopener noreferrer\">Judenberg<\/a> und die 62 Meter hohen Hahneberge.<\/em>\u201d<\/div>\n<div style=\"text-align: justify\">Und andesherum ist es nat\u00fcrlich nicht anders. Von der Haveld\u00fcne oberhalb des Weinmeisterhorn bietet sich ein toller Ausblick zur Scharfen Lanke, \u00fcber den \u201c<a href=\"https:\/\/forst-grunewald.de\/?page_id=257\" target=\"_blank\" rel=\"noopener noreferrer\">Breite See<\/a>\u201d und die Unterhavel zum Grunewaldturm.<\/div>\n\t\t\t<\/div><\/div>\n<\/td>\n<\/tr>\n<tr>\n<td style=\"text-align: left; vertical-align: top;\"><strong>1904<\/strong><\/td>\n<td style=\"text-align: left; vertical-align: top;\">\n<p style=\"text-align: justify;\"><a href=\"http:\/\/www.stollwerck.de\" target=\"_blank\" rel=\"noopener noreferrer\">Stollwerck<\/a>:<\/p>\n<div style=\"text-align: justify;\"><div class=\"spoiler-wrap\">\n\t\t\t\t<div class=\"spoiler-head folded\">Spoiler<\/div>\n\t\t\t\t<div class=\"spoiler-body\">&#8222;<a href=\"https:\/\/forst-grunewald.de\/wp-content\/uploads\/1905-Pichelswerder-Stollwerck1.jpg\" target=\"_blank\" rel=\"noopener noreferrer\"><img loading=\"lazy\" decoding=\"async\" class=\"alignright wp-image-5056 size-medium\" src=\"https:\/\/forst-grunewald.de\/wp-content\/uploads\/1905-Pichelswerder-Stollwerck1-300x156.jpg\" alt=\"\" width=\"300\" height=\"156\" srcset=\"https:\/\/forst-grunewald.de\/wp-content\/uploads\/1905-Pichelswerder-Stollwerck1-300x156.jpg 300w, https:\/\/forst-grunewald.de\/wp-content\/uploads\/1905-Pichelswerder-Stollwerck1-150x78.jpg 150w, https:\/\/forst-grunewald.de\/wp-content\/uploads\/1905-Pichelswerder-Stollwerck1-1024x534.jpg 1024w, https:\/\/forst-grunewald.de\/wp-content\/uploads\/1905-Pichelswerder-Stollwerck1-400x208.jpg 400w, https:\/\/forst-grunewald.de\/wp-content\/uploads\/1905-Pichelswerder-Stollwerck1.jpg 1196w\" sizes=\"auto, (max-width: 300px) 100vw, 300px\" \/><\/a><em>S\u00fcdlich von Spandau ist das Havelbett zun\u00e4chst schmal und im Interesse der Schiffahrt kanalisiert. <\/em><em>Gegen\u00fcber dem Dorfe Pichelsdorf aber beginnt die Havel sich zu erweitern und eine m\u00e4chtige Seenkette zu bilden, die, nach Gatow und Schildhorn zu sich ausdehnend, im Norden durch die malerische Havelinsel Pichelswerder abgeschlossen wird.<br \/>\nPichelswerder, durchweg mit alten Kiefern bestanden, tr\u00e4gt zwischen denselben einen reichen Schmuck von Unterholz und in seinen Schluchten eine \u00fcppige Sumpfvegetation mannigfaltiger Art. Besonders im Fr\u00fchjahr zur Zeit der Bl\u00fcte des Wei\u00dfdorns erscheint die ganze Halbinsel mit einem wei\u00dfen Schleicher bedeckt. Nach S\u00fcden zu f\u00e4llt das Terrain steil zur Havel ab. Von dorthin blickt man \u00fcber den weithin gedehnten Zug der Seen nach Potsdam zu. Die D\u00f6rfer Gatow und Cladow zur Rechten, das denkmalgeschm\u00fcckte <a href=\"https:\/\/forst-grunewald.de\/?page_id=2357\" target=\"_blank\" rel=\"noopener noreferrer\">Schildhorn<\/a> und der Rand des Grunewalds zur Linken begrenzen das malerische Bild.<\/em>&#8222;<\/div>\n\t\t\t<\/div><\/div>\n<\/td>\n<\/tr>\n<tr>\n<td style=\"text-align: left; vertical-align: top;\"><strong>1911<br \/>\n<\/strong><\/td>\n<td style=\"text-align: left; vertical-align: top;\">\n<p style=\"text-align: justify;\"><a href=\"https:\/\/forst-grunewald.de\/?page_id=4271\" target=\"_blank\" rel=\"noopener noreferrer\">Albrecht der B\u00e4r Festspiele<\/a> auf Pichelswerder<\/p>\n<\/td>\n<\/tr>\n<tr>\n<td style=\"text-align: left; vertical-align: top;\"><strong>1945<\/strong><\/td>\n<td style=\"vertical-align: top; text-align: justify;\">Mai &#8211; Anwohnerbericht<\/p>\n<div><div class=\"spoiler-wrap\">\n\t\t\t\t<div class=\"spoiler-head folded\">Spoiler<\/div>\n\t\t\t\t<div class=\"spoiler-body\">&#8222;<em>Ich werde nun mal noch eine Begebenheit vom Mai 1945 erz\u00e4hlen. Wenn man die Heerstr. entlang l\u00e4uft, so liegt zwischen den beiden Br\u00fccken s\u00fcdlich der Stra\u00dfe der Pichelswerder. <\/em><em>Es sind D\u00fcnen, welche die letzte Eiszeit zur\u00fcck gelassen hat. Diese sind mit den f\u00fcr Brandenburg typischen Nadelgeh\u00f6lzen bewachsen. \u00dcber dieses Gel\u00e4nde f\u00fchrte uns schon fr\u00fcher der Weg, wenn wir im St\u00f6\u00dfensee baden wollten.<\/em><em>Im April wurde dieses Gel\u00e4nde nun von der Wehrmacht in Verteidigungszustand versetzt. Unterschiedlichste Erdbefestigungen und Munitionslager wurden angelegt. Das war nun nach der Kapitulation alles noch vorhanden und \u00fcbte auf uns Jungen eine gro\u00dfe Anziehungskraft aus. Etwa in der Mitte befindet sich in erh\u00f6hter Stellung ein Plateau von dem aus man \u00fcber die Havel nach Weinmeisterh\u00f6he und Gatow gucken kann. Dort stand eine zur\u00fcck gelassene Kanone f\u00fcr 7,5 cm Geschosse. Diese Kanone hatte ein Schutzschild und luftgef\u00fcllten Reifen an den R\u00e4dern. Lothar und ich, wir beguckten uns das nun alles. Wir suchten die gesamte Umgebung ab, konnten aber keine passenden Granaten f\u00fcr dieses Gesch\u00fctz finden. Das war auch sicherlich gut so. In der N\u00e4he lag zwischen meist auch unbrauchbarer Waffen, ein Maschinengewehr vom Typ 34. Der Kolben war abgebrochen und das Schlo\u00df fehlte. Man konnte es also nicht als Waffe benutzen. Wir spielten damit rum und steckten auch eine von den zahlreich umher liegenden Patronen in den Lauf. Dann zogen wir weiter. An einem Boothausgel\u00e4nde befand sich ein Zaun, dessen Holzpf\u00e4hle dicht oberhalb der Erde abgefault waren. Mit meiner Zange, die ich immer mit f\u00fchrte, zog ich nun die Krampen raus und nahm dann zwei Pf\u00e4hle als Brennholz mit nach Hause. Das konnte ich gut mit meinem Fahrrad machen.<\/em><em>Nach einigen Tagen kamen wir beide wieder zu der Kanone. Inzwischen hatte jemand die R\u00e4der abmontiert und mitgenommen. Das unbrauchbare Maschinengewehr lag auch noch da. Da fand Lothar in einiger Entfernung das Schlo\u00df. Er versuchte nun, dieses ans MG anzubauen. Es wollte aber nicht so richtig reinrutschen. Er fummelte daran rum und ich guckte zu. Dabei stand ich von der Lauf\u00f6ffnung mit einem Paddel in der Hand, welches ich auf den Boden abgest\u00fctzt hatte. Er trat nun mit dem Absatz seines Schuhes gegen das Schlo\u00df. Dieses rutschte nun rein und es l\u00f6ste sich der Schu\u00df der von uns einige Tage zuvor eingef\u00fchrten Patrone. Das Gescho\u00df durchschlug das Paddel und richtete keinen weiteren Schaden an, weil mein Bein daneben stand. Nochmal Gl\u00fcck gehabt. Nun ver\u00fcbten wir \u00f6fter Schie\u00df\u00fcbungen. Eine leere Konservendose, in einiger Entfernung aufgestellt, war das Ziel. Nach dem Schu\u00df glaubten wir, nicht getroffen zu haben. Das war irrig. Die Rasanz war so gro\u00df, da\u00df die B\u00fcchse stehen blieb, wir aber an dem Ein- und Ausschu\u00dfloch sehen konnten, da\u00df wir getroffen hatten. Eine zum selben Zweck aufgestellte Flasche zerbarst in tausend St\u00fccke. Die Paddel ben\u00f6tigten wir f\u00fcr unsere Seetouren. Zwei vom Notbr\u00fcckenbau \u00fcbrig gebliebene Bohlen waren mit einer gro\u00dfen Bauklammer zusammen gekoppelt worden. Dieses kleine Flo\u00df konnte eine Person unseren leichten Gewichts tragen. Ich hatte mir noch einen Gartenstuhl besorgt und damit noch einen Sitzplatz. Einmal hatten wir auch mit Schie\u00dfpulver gekokelt und dabei beinahe den Wald in Brand gesetzt. Da in der N\u00e4he noch ein gr\u00f6\u00dferer Munitionsstapel lag, haben wir alles daran gesetzt, das Feuer zu l\u00f6schen, was uns auch gelang.<\/em><em>Es ging eben auch immer darum, etwas brauchbares zu organisieren um \u00fcber die Runden zu kommen. Wenn mir noch etwas einf\u00e4llt, dann werde ich es posten. Gru\u00df &#8211; Fritze<\/em>&#8220;<br \/>\nQuelle: Pichelswerder, Mai 1945:<br \/>\n16:31 17 Nov 2003(# 673 vom 676)<br \/>\nZusammenfassung: Lebensbericht eines Berliners von seiner Kindheit im II. Weltkrieg, der Nachkriegszeit in Berlin und sein Werdegang bis zum Ende des 20. Jahrhundert.Zuf\u00e4llig gefundene anonyme Fundstelle im Internet: <a href=\"http:\/\/forum-rheinland.de\/erinnerungen\/05.html\" target=\"_blank\" rel=\"noopener noreferrer\">hier<\/a> bzw. <a href=\"http:\/\/forum-rheinland.de\/erinnerungen\/index.html\" target=\"_blank\" rel=\"noopener noreferrer\">hier<\/a>. <\/div>\n\t\t\t<\/div><\/div>\n<\/td>\n<\/tr>\n<\/tbody>\n<\/table>\n<p><em><span style=\"color: #ffffff;\">.<\/span><br \/>\n<\/em><\/p>\n<p><span style=\"color: #ff0000;\"><span style=\"color: #000000;\">Weitere historische Beschreibungen befinden sich auf den Unterseiten zum Pichelswerder<em>.<\/em><\/span><\/span><em><span style=\"color: #ff0000;\"><br \/>\n<\/span> <\/em><\/p>\n<p><span style=\"color: #ffffff;\">.<\/span><\/p>\n<p>Galerie Lagepl\u00e4ne:<\/p>\nngg_shortcode_0_placeholder\n<p>&nbsp;<\/p>\n","protected":false},"excerpt":{"rendered":"<p>Das \u201cPichels-Gebiet\u201d ist schwer zu untergliedern. Ich habe daher zahlreiche Unterseiten angelegt, wobei ich den Pichelswerder von seiner zentralen Lage her der Einfacheit halber als&hellip;<\/p>\n","protected":false},"author":1,"featured_media":0,"parent":0,"menu_order":0,"comment_status":"closed","ping_status":"closed","template":"","meta":{"ngg_post_thumbnail":0,"iawp_total_views":17,"footnotes":""},"class_list":["post-4060","page","type-page","status-publish","hentry"],"_links":{"self":[{"href":"https:\/\/forst-grunewald.de\/index.php?rest_route=\/wp\/v2\/pages\/4060","targetHints":{"allow":["GET"]}}],"collection":[{"href":"https:\/\/forst-grunewald.de\/index.php?rest_route=\/wp\/v2\/pages"}],"about":[{"href":"https:\/\/forst-grunewald.de\/index.php?rest_route=\/wp\/v2\/types\/page"}],"author":[{"embeddable":true,"href":"https:\/\/forst-grunewald.de\/index.php?rest_route=\/wp\/v2\/users\/1"}],"replies":[{"embeddable":true,"href":"https:\/\/forst-grunewald.de\/index.php?rest_route=%2Fwp%2Fv2%2Fcomments&post=4060"}],"version-history":[{"count":94,"href":"https:\/\/forst-grunewald.de\/index.php?rest_route=\/wp\/v2\/pages\/4060\/revisions"}],"predecessor-version":[{"id":13231,"href":"https:\/\/forst-grunewald.de\/index.php?rest_route=\/wp\/v2\/pages\/4060\/revisions\/13231"}],"wp:attachment":[{"href":"https:\/\/forst-grunewald.de\/index.php?rest_route=%2Fwp%2Fv2%2Fmedia&parent=4060"}],"curies":[{"name":"wp","href":"https:\/\/api.w.org\/{rel}","templated":true}]}}