{"id":2,"date":"2012-05-23T14:00:19","date_gmt":"2012-05-23T14:00:19","guid":{"rendered":"http:\/\/forst-grunewald.de\/wordpress?page_id=2"},"modified":"2025-06-27T18:15:55","modified_gmt":"2025-06-27T17:15:55","slug":"impressum","status":"publish","type":"page","link":"https:\/\/forst-grunewald.de\/?page_id=2","title":{"rendered":"Datenschutzinformation &#038; Impressum"},"content":{"rendered":"<p style=\"text-align: justify;\"><span style=\"text-decoration: underline; font-family: arial, helvetica, sans-serif; font-size: 12pt;\"><strong>Impressum:<\/strong><\/span><\/p>\n<p><span style=\"font-family: arial, helvetica, sans-serif; font-size: 12pt;\">\u00a9 <strong>Uwe Gerber<\/strong><\/span><\/p>\n<p><span style=\"font-family: arial, helvetica, sans-serif; font-size: 12pt;\">Wohnort: Berlin<\/span><\/p>\n<p style=\"text-align: justify;\"><span style=\"font-family: arial, helvetica, sans-serif; font-size: 12pt;\"><strong>Dieses Portal ist<\/strong><strong> eine<\/strong> <strong>private<\/strong>, nicht-kommerzielle und auch vollst\u00e4ndig werbefreie <strong>Hobby-Heimatkundewebseite<\/strong> \u00fcber die Geschichte des Berliner GruneWald und seiner n\u00e4heren geografischen Umgebung: <a href=\"https:\/\/forst-grunewald.de\/\" target=\"_blank\" rel=\"noopener\">Einf\u00fchrung<\/a>.<\/span><\/p>\n<p style=\"text-align: justify;\"><span style=\"font-family: arial, helvetica, sans-serif; font-size: 12pt;\">Falls Sie amtliche Ausk\u00fcnfte oder Genehmigungen ben\u00f6tigen, so wenden Sie sich bitte an das <a href=\"https:\/\/www.berlin.de\/forsten\/ueber-uns\/forstaemter-und-reviere\/forstamt-grunewald\/\" target=\"_blank\" rel=\"noopener noreferrer\"><strong>Forstamt Grunewald<\/strong><\/a> oder an eine(n) der zust\u00e4ndigen Revierf\u00f6rster(eien) (<a href=\"https:\/\/www.berlin.de\/forsten\/_assets\/ueber-uns\/struktur-und-organisation\/foa_grunewald_karte.pdf\" target=\"_blank\" rel=\"noopener noreferrer\">Jagen<\/a>).<\/span><\/p>\n<p style=\"text-align: justify;\"><span style=\"font-family: arial, helvetica, sans-serif; font-size: 12pt;\">Aus Datenschutzgr\u00fcnden steht hier nicht mehr meine Privatanschrift\/-telefonnummer.<\/span><br \/>\n<span style=\"font-family: arial, helvetica, sans-serif; font-size: 12pt;\">Sie erreichen mich per eMail unter:<\/span><\/p>\n<ul style=\"text-align: justify;\">\n<li><span style=\"font-family: arial, helvetica, sans-serif; font-size: 12pt;\">eMail: <strong>uwe.gerber at forst-grunewald.de<\/strong><\/span><\/li>\n<\/ul>\n<p><span style=\"font-family: arial, helvetica, sans-serif; font-size: 12pt;\">Ich bin Inhaber der Domains:<\/span><\/p>\n<ul style=\"text-align: justify;\">\n<li><span style=\"font-family: arial, helvetica, sans-serif; font-size: 12pt;\">berliner-dampfer.de (<a href=\"https:\/\/www.berliner-dampfer.de\" target=\"_blank\" rel=\"noopener\">eine andere Webseite<\/a>)<\/span><\/li>\n<li><span style=\"font-family: arial, helvetica, sans-serif; font-size: 12pt;\">forst-grunewald.de<\/span><\/li>\n<\/ul>\n<p style=\"text-align: justify;\"><span style=\"font-family: arial, helvetica, sans-serif; font-size: 12pt;\">Beide Domains sind auf meinen Namen bei der <a href=\"https:\/\/www.denic.de\/\" target=\"_blank\" rel=\"noopener\">Denic eG<\/a> registriert.<\/span><\/p>\n<p>&nbsp;<\/p>\n<p>&nbsp;<\/p>\n<p style=\"text-align: justify;\"><span style=\"text-decoration: underline; font-family: arial, helvetica, sans-serif; font-size: 12pt;\"><strong>Datenschutzhinweise:<\/strong><\/span><\/p>\n<p style=\"text-align: justify;\"><span style=\"font-family: arial, helvetica, sans-serif; font-size: 12pt;\">Weiterlesen:<\/span><\/p>\n<p style=\"text-align: justify;\"><span style=\"font-family: arial, helvetica, sans-serif; font-size: 12pt;\"><div class=\"spoiler-wrap\">\n\t\t\t\t<div class=\"spoiler-head folded\">Spoiler<\/div>\n\t\t\t\t<div class=\"spoiler-body\"><\/span><\/p>\n<p style=\"text-align: justify\"><span style=\"font-family: arial, helvetica, sans-serif;font-size: 12pt\">Ich selbst erhebe, speichere und verarbeite bei Ihrem Besuch auf meiner Webseite keine Besucherdaten und keine Personendaten.<\/span><\/p>\n<p style=\"text-align: justify\"><span style=\"font-family: arial, helvetica, sans-serif;font-size: 12pt\">Allerdings speichert mein <a href=\"https:\/\/de.wikipedia.org\/wiki\/Webhosting\" target=\"_blank\" rel=\"noopener\">Webhoster<\/a> auf seinem Server Zugriffs-Logfiles und Fehler-Logfiles. Diese Logfiles enthalten die <a href=\"https:\/\/de.wikipedia.org\/wiki\/IP-Adresse\" target=\"_blank\" rel=\"noopener\">IP Adresse<\/a> des Besuchers, und damit personenbezogene Daten. Es werden dort folgende Daten erfasst:<\/span><br \/>\n<span style=\"font-family: arial, helvetica, sans-serif;font-size: 12pt\">\u2013 Besuchte Website<\/span><br \/>\n<span style=\"font-family: arial, helvetica, sans-serif;font-size: 12pt\">\u2013 Uhrzeit zum Zeitpunkt des Zugriffes<\/span><br \/>\n<span style=\"font-family: arial, helvetica, sans-serif;font-size: 12pt\">\u2013 Menge der gesendeten Daten in Byte<\/span><br \/>\n<span style=\"font-family: arial, helvetica, sans-serif;font-size: 12pt\">\u2013 Quelle\/Verweis, von welchem Sie auf die Seite gelangten<\/span><br \/>\n<span style=\"font-family: arial, helvetica, sans-serif;font-size: 12pt\">\u2013 Verwendeter Browser<\/span><br \/>\n<span style=\"font-family: arial, helvetica, sans-serif;font-size: 12pt\">\u2013 Verwendetes Betriebssystem<\/span><br \/>\n<span style=\"font-family: arial, helvetica, sans-serif;font-size: 12pt\">\u2013 Verwendete IP Adresse<\/span><br \/>\n<span style=\"font-family: arial, helvetica, sans-serif;font-size: 12pt\">Die Logfiles kann ich&nbsp; in meinem <a href=\"https:\/\/de.wikipedia.org\/wiki\/Webspace\" target=\"_blank\" rel=\"noopener\">Webspace<\/a> auch einsehen, <i>was ich<\/i> in der Regel <i>aber nicht tue<\/i>.<\/span><br \/>\n<span style=\"font-family: arial, helvetica, sans-serif;font-size: 12pt\">Die IP Adresse wird durch den Webhoster nach 24 Stunden anonymisiert; dazu wird das letzte Oktett genullt. Die L\u00f6schung erfolgt sp\u00e4testens nach 7 Tagen. Die Logfiles werden seitens meines Webhosters zur Aufrechterhaltung des Serverbetriebs und zur statistischen Auswertung erhoben und gespeichert. Neben den Logfiles findet seitens meines Webhosters keine weitere Speicherung von Daten statt.<\/span><\/p>\n<p style=\"text-align: justify\"><span style=\"font-family: arial, helvetica, sans-serif;font-size: 12pt\"><span class=\"content\"><\/div>\n\t\t\t<\/div><\/span><\/span><\/p>\n<p style=\"text-align: justify;\"><span style=\"text-decoration: underline; font-family: arial, helvetica, sans-serif; font-size: 12pt;\"><strong>Haftungsausschluss f\u00fcr Links:<\/strong><\/span><\/p>\n<p style=\"text-align: justify;\"><span style=\"font-family: arial, helvetica, sans-serif; font-size: 12pt;\"><div class=\"spoiler-wrap\">\n\t\t\t\t<div class=\"spoiler-head folded\">Spoiler<\/div>\n\t\t\t\t<div class=\"spoiler-body\"><\/span><\/p>\n<p style=\"text-align: justify\"><span style=\"font-family: arial, helvetica, sans-serif;font-size: 12pt\">Der Hauptbestandteil und Grundgedanke des Mediums World Wide Web ist seine schnelle Begehbarkeit durch Hyperlinks, die es erm\u00f6glicht, Websites und somit Inhalte und Informationen miteinander zu verkn\u00fcpfen.<\/span><\/p>\n<p style=\"text-align: justify\"><span style=\"font-family: arial, helvetica, sans-serif;font-size: 12pt\">Aus diesem Grund enth\u00e4lt meine Webseite Links.<\/span><\/p>\n<ul style=\"text-align: justify\">\n<li><span style=\"font-family: arial, helvetica, sans-serif;font-size: 12pt\">Bitte beachten Sie, dass Sie, wenn Sie meinen Links folgen, die dann von Ihnen aufgerufenen Webseiten m\u00f6glicherweise Daten \u00fcber Sie sammeln k\u00f6nn(t)en. Im Zweifel bitte ich Sie, meinen Links schlichtweg nicht zu folgen.<\/span><\/li>\n<\/ul>\n<p style=\"text-align: justify\"><span style=\"font-family: arial, helvetica, sans-serif;font-size: 12pt\">Trotz sorgf\u00e4ltiger Kontrolle, \u00fcbernehme ich keine Haftung f\u00fcr die Inhalte externer Links.<\/span><\/p>\n<p style=\"text-align: justify\"><span style=\"font-family: arial, helvetica, sans-serif;font-size: 12pt\">Linklegungen erfolgen im vorstehenden Sinne ausschlie\u00dflich aus informativen Gr\u00fcnden und nicht, weil ich mir die dortigen Inhalte zu eigen machen m\u00f6chte, oder etwa deswegen automatisch mit den Inhalten der verlinkten Seiten \u00fcbereinstimme oder damit sympathisiere.<\/span><\/p>\n<p style=\"text-align: justify\"><span style=\"font-family: arial, helvetica, sans-serif;font-size: 12pt\">F\u00fcr den Inhalt der verlinkten Seiten sind selbstverst\u00e4ndlich ausschlie\u00dflich deren Betreiber verantwortlich.<\/span><\/p>\n<p style=\"text-align: justify\"><span style=\"font-family: arial, helvetica, sans-serif;font-size: 12pt\">Sollte Sie feststellen, dass meine Medienangebote einen Link auf fragw\u00fcrdige Inhalte enthalten, so benachrichtigen Sie mich bitte, damit ich den Sachverhalt \u00fcberpr\u00fcfen und den Link ggf. entfernen kann. \u2013 Vielen Dank.<\/span><\/p>\n<p style=\"text-align: justify\"><span style=\"font-family: arial, helvetica, sans-serif;font-size: 12pt\"><\/div>\n\t\t\t<\/div><\/span><\/p>\n<p style=\"text-align: justify;\"><span style=\"color: #ffffff;\">.<\/span><\/p>\n","protected":false},"excerpt":{"rendered":"<p>Impressum: \u00a9 Uwe Gerber Wohnort: Berlin Dieses Portal ist eine private, nicht-kommerzielle und auch vollst\u00e4ndig werbefreie Hobby-Heimatkundewebseite \u00fcber die Geschichte des Berliner GruneWald und seiner&hellip;<\/p>\n","protected":false},"author":1,"featured_media":0,"parent":0,"menu_order":0,"comment_status":"closed","ping_status":"closed","template":"","meta":{"ngg_post_thumbnail":0,"iawp_total_views":50,"footnotes":""},"class_list":["post-2","page","type-page","status-publish","hentry"],"_links":{"self":[{"href":"https:\/\/forst-grunewald.de\/index.php?rest_route=\/wp\/v2\/pages\/2","targetHints":{"allow":["GET"]}}],"collection":[{"href":"https:\/\/forst-grunewald.de\/index.php?rest_route=\/wp\/v2\/pages"}],"about":[{"href":"https:\/\/forst-grunewald.de\/index.php?rest_route=\/wp\/v2\/types\/page"}],"author":[{"embeddable":true,"href":"https:\/\/forst-grunewald.de\/index.php?rest_route=\/wp\/v2\/users\/1"}],"replies":[{"embeddable":true,"href":"https:\/\/forst-grunewald.de\/index.php?rest_route=%2Fwp%2Fv2%2Fcomments&post=2"}],"version-history":[{"count":107,"href":"https:\/\/forst-grunewald.de\/index.php?rest_route=\/wp\/v2\/pages\/2\/revisions"}],"predecessor-version":[{"id":42016,"href":"https:\/\/forst-grunewald.de\/index.php?rest_route=\/wp\/v2\/pages\/2\/revisions\/42016"}],"wp:attachment":[{"href":"https:\/\/forst-grunewald.de\/index.php?rest_route=%2Fwp%2Fv2%2Fmedia&parent=2"}],"curies":[{"name":"wp","href":"https:\/\/api.w.org\/{rel}","templated":true}]}}