{"id":198,"date":"2012-05-24T18:21:38","date_gmt":"2012-05-24T18:21:38","guid":{"rendered":"http:\/\/forst-grunewald.de\/wordpress\/?page_id=198"},"modified":"2024-06-12T03:57:55","modified_gmt":"2024-06-12T02:57:55","slug":"ballonplatz","status":"publish","type":"page","link":"https:\/\/forst-grunewald.de\/?page_id=198","title":{"rendered":"Ballonplatz"},"content":{"rendered":"<p><strong><em>Ballonplatz? &#8211; &#8222;Nichts Genaues wei\u00df man nicht.&#8220;<\/em><\/strong><\/p>\n<p style=\"text-align: justify;\"><a href=\"https:\/\/forst-grunewald.de\/wp-content\/gallery\/ballonplatz\/2002-forstbetriebskarte-ballonplatz-jagen-68.jpg\" target=\"_blank\" rel=\"noopener noreferrer\">&#8222;<img loading=\"lazy\" decoding=\"async\" class=\"alignright wp-image-241\" title=\"2002 Ballonplatz Forstbetriebskarte\" src=\"https:\/\/forst-grunewald.de\/wp-content\/uploads\/2002-Ballonplatz-Forstbetriebskarte.jpg\" alt=\"\" width=\"384\" height=\"236\" srcset=\"https:\/\/forst-grunewald.de\/wp-content\/uploads\/2002-Ballonplatz-Forstbetriebskarte.jpg 640w, https:\/\/forst-grunewald.de\/wp-content\/uploads\/2002-Ballonplatz-Forstbetriebskarte-150x92.jpg 150w, https:\/\/forst-grunewald.de\/wp-content\/uploads\/2002-Ballonplatz-Forstbetriebskarte-300x184.jpg 300w, https:\/\/forst-grunewald.de\/wp-content\/uploads\/2002-Ballonplatz-Forstbetriebskarte-400x246.jpg 400w\" sizes=\"auto, (max-width: 384px) 100vw, 384px\" \/><\/a>Durch Zufall fiel mir Anfang 2006 der Ausschnitt einer Forstbetriebskarte in die H\u00e4nde und dort war im Grunewald auf einem Teil des <a href=\"https:\/\/forst-grunewald.de\/wp-content\/uploads\/2013-Forstamtsbereich-Grundewald-Revier-Dachsberg.jpg\" target=\"_blank\" rel=\"noopener noreferrer\"><strong>Jagen 68<\/strong><\/a> (am <strong>verl\u00e4ngerten &#8222;<a href=\"https:\/\/forst-grunewald.de\/?page_id=478\" target=\"_blank\" rel=\"noopener noreferrer\">Fischerh\u00fcttenweg<\/a>&#8222;<\/strong>) ein &#8222;Ballonplatz&#8220; ausgewiesen. Obwohl ich \u00fcber etliche Grunewald-Landkarten verf\u00fcge, ist auf keiner einzigen der Name &#8222;Ballonplatz&#8220; eingetragen. Das machte nat\u00fcrlich neugierig und wir wollten so bald wie m\u00f6glich einen Trainingslauf dorthin machen. Bedingt durch den langen Winter vergingen leider 6 Wochen, ehe wir uns am 09.04.2006 endlich auf den Weg machen konnten.<\/p>\n<p style=\"text-align: justify;\">Dann hatten wir aber Gl\u00fcck. Wie es der <strong>Zufall<\/strong> so will, trafen wir genau dort &#8211; mitten im Wald &#8211; einen freundlichen Herrn mit Hund, der uns sagen konnte, dass dieser Ort der Ballonplatz ist, und dass man dort in den <strong>zwanziger Jahren Hei\u00dfluftballone<\/strong> hat aufsteigen lassen. Von wem und zu welchem Zweck, wusste der freundliche Herr leider auch nicht. Ansonsten konnte er&nbsp; uns aber noch sagen, dass der Ballonplatz von den Reitern zum Hindernisreiten genutzt wird.<\/p>\n<p style=\"text-align: justify;\">Die Situation hatte \u00fcbrigens etwas Kurioses an sich. Ich musste an ein sehr altes Computerspiel denken, wo man von Ort zu Ort l\u00e4uft, unterwegs Hindernissen ausweichen und Aufgaben l\u00f6sen muss, und man dann an Zwischenzielen einen alten weisen Mann trifft, der einem in r\u00e4tselhaften Worten neue Aufgaben mit auf den Weg gibt.&nbsp; Tja, manchmal hat man eben komische Assoziationen.<\/p>\n<p style=\"text-align: justify;\">In der Bildergalerie ist auch eine Ansichtskarte aus dem Jahr 1902 vom Schlachtensee mit einem eingezeichneten Ballon. Ich hatte gehofft, im Textteil vielleicht einen Hinweis zu finden, war aber leider nicht der Fall. Aber es h\u00e4tte ja sein k\u00f6nnen, das dort jemand spazierengegangen ist und auf einmal kam, wie es der Zufall so will, ein Ballon angeflogen, was er dann auf einer Ansichtskarte illustriert hat. Schade, die Karte w\u00e4re dann ein h\u00fcbsches, zuf\u00e4lliges Zeitdokument gewesen.<\/p>\n<p style=\"text-align: justify;\">Was es mit den Namen Ballonplatz nun ganz genau auf sich hat, habe ich bisher nicht herausgefunden. <strong>Wer etwas wei\u00df&#8230;. bitte melden.<\/strong><\/p>\n<p><span style=\"text-decoration: underline;\"><strong>Hier mein bisheriger Wissensstand:<\/strong><\/span><\/p>\n<p style=\"text-align: justify;\"><del>*Einige interessantes Fotos aus dem Jahr 1983 vom Ballonplatz hat Herr von Bronewski auf seiner Webseite www.berlin-brigade.de ver\u00f6ffentlicht:<\/del><\/p>\n<ul style=\"text-align: justify;\">\n<li><del>http:\/\/www.berlin-brigade.de\/berlin\/ber125a.jpg<\/del><\/li>\n<li><del>http:\/\/www.berlin-brigade.de\/berlin\/ber422.jpg<\/del><\/li>\n<li><del>http:\/\/www.berlin-brigade.de\/berlin\/ber423.jpg*<\/del><\/li>\n<\/ul>\n<p style=\"text-align: justify;\">*Gestrichen, da diese Inhalte 2020 wohl nicht mehr im Netz sind. Leider habe ich mir von diesen drei Bildern keine Privatkopie angelegt und ich wei\u00df auch nicht mehr, was auf ihnen zu sehen ist bzw. war.<\/p>\n<figure id=\"attachment_16033\" aria-describedby=\"caption-attachment-16033\" style=\"width: 229px\" class=\"wp-caption alignright\"><a href=\"http:\/\/maps.berlin-brigade.com\/images\/mapjagentrainingarea.jpg\" target=\"_blank\" rel=\"noopener\"><img loading=\"lazy\" decoding=\"async\" class=\"wp-image-16033 \" src=\"https:\/\/forst-grunewald.de\/wp-content\/uploads\/19xx-maps.berlin-brigade.com-images-mapjagentrainingarea.jpg\" alt=\"\" width=\"229\" height=\"172\" srcset=\"https:\/\/forst-grunewald.de\/wp-content\/uploads\/19xx-maps.berlin-brigade.com-images-mapjagentrainingarea.jpg 1159w, https:\/\/forst-grunewald.de\/wp-content\/uploads\/19xx-maps.berlin-brigade.com-images-mapjagentrainingarea-400x300.jpg 400w, https:\/\/forst-grunewald.de\/wp-content\/uploads\/19xx-maps.berlin-brigade.com-images-mapjagentrainingarea-200x150.jpg 200w, https:\/\/forst-grunewald.de\/wp-content\/uploads\/19xx-maps.berlin-brigade.com-images-mapjagentrainingarea-768x576.jpg 768w\" sizes=\"auto, (max-width: 229px) 100vw, 229px\" \/><\/a><figcaption id=\"caption-attachment-16033\" class=\"wp-caption-text\"><a href=\"http:\/\/maps.berlin-brigade.com\/images\/mapjagentrainingarea.jpg\" target=\"_blank\" rel=\"noopener\"><span style=\"font-size: 8pt;\">Karte Webseite &#8222;BERLIN-BRIGADE&#8220;<\/span><\/a><\/figcaption><\/figure>\n<p style=\"text-align: justify;\">Aber 2022 habe ich die (seit 2007 bestehende?) Webseite &#8222;<a href=\"http:\/\/www.berlin-brigade.com\/\" target=\"_blank\" rel=\"noopener\">BERLIN-BRIGADE<\/a> \/ <a href=\"http:\/\/maps.berlin-brigade.com\/index.php\" target=\"_blank\" rel=\"noopener\">MAPS&#8220;<\/a> gefunden. Unter &#8222;<a href=\"http:\/\/maps.berlin-brigade.com\/ranges\/index.php\" target=\"_blank\" rel=\"noopener\">Shooting Ranges<\/a>&#8220; findet sich dort eine Plankarte, wonach es sich bei Teilen der Jagen 68 und 96 um ein<\/p>\n<ul style=\"text-align: justify;\">\n<li><strong>&#8222;TRAINING AREA ENG 76&#8220;,<br \/>\n<\/strong><\/li>\n<\/ul>\n<p>also um ein milit\u00e4risches \u00dcbungsgel\u00e4nde der West-Berliner Schutzm\u00e4chte, gehandelt hat. Die beiden Jagen lagen zwar in der amerikanischen Schutzzone, aber &#8222;ENG&#8220; k\u00f6nnte vielleicht bedeuten, dass die Engl\u00e4nder bzw. Briten das Gel\u00e4nde dort genutzt haben?<\/p>\n<p style=\"text-align: justify;\">Was diese Nutzung f\u00fcr die dortigen Kleinstlebewesen im Boden bedeutete, ergab 1992 folgende wissenschaftliche Untersuchung (und hierbei muss ich an die heutzutage auch <a href=\"https:\/\/forst-grunewald.de\/?page_id=5672\" target=\"_blank\" rel=\"noopener\">im Grunewald im Einsatz befindlichen Holzerntemaschinen<\/a> denken):<\/p>\n<ul style=\"text-align: justify;\">\n<li><strong>1992<\/strong> Verhandlungen der Gesellschaft f\u00fcr \u00d6kologie, Band 21 &#8211;<br \/>\nStruktur von <a href=\"https:\/\/de.wikipedia.org\/wiki\/Enchytr%C3%A4en\" target=\"_blank\" rel=\"noopener\">Enchytraeengemeinschaften<\/a> (Oligochaeta: Enchytraeidae)<br \/>\nverschiedener Forsten und Gr\u00fcnfl\u00e4chen in Berlin, <a href=\"https:\/\/forst-grunewald.de\/wp-content\/uploads\/1992-Verh-Ges-Oekologie-Ballonplatz-Jagren-68-Seite-150-Bildzitat.jpg\" target=\"_blank\" rel=\"noopener\">Seite 150<\/a>:<\/li>\n<\/ul>\n<blockquote><p>Die Siedlungsdichten sind in den Forsten mit durchschnittlich 71.000 lnd.\/m\u00b2 sehr viel h\u00f6her als auf den Freifl\u00e4chen (17.700 lnd.\/m\u00b2). Die h\u00f6chste Dichte mit 142.700 Ind.\/m\u00b2 wird in einem Forstsaum entlang der Autobahn Avus erreicht: Dort liegt nicht wie in den anderen Forsten rohhumusartiger Moder auf Rostbraunerde vor sondern mullartiger Moder (pH-Wert um 4,0). Die dominierenden Baumarten sind Laubgeh\u00f6lze (Ahorn, Robinie, Eichen, Hainbuchen). Beide Parameter scheinen die Enchytraeen in besonderer Weise zu f\u00f6rdern. <strong>Die niedrigste Dichte mit nur 30.000 lnd.\/m\u00b2 wurde in einem<\/strong> <strong>Kiefern-Eichen-Birkenforst im Grunewald Jagen 68 (J. 68) festgestellt, ein Forst, der als milit\u00e4risches \u00dcbungsgel\u00e4nde genutzt wird. Dort ist der Boden verdichtet und die Oberfl\u00e4chenstruktur des Bodens stark gest\u00f6rt.<\/strong> Diese Parameter wirken sich offensichtlich negativ aus. Die von Kiefern beherrschten Best\u00e4nde (PQ, PK, PD, SP und DK) haben Enchytraeendichten von 42.100 &#8211; 98.100 lnd.\/m\u00b2.<\/p><\/blockquote>\n<p style=\"text-align: justify;\">Bodenverdichtung ist also abtr\u00e4glich.<\/p>\n<p style=\"text-align: justify;\">Dies erkl\u00e4rt aber nicht den Namen &#8222;Ballonplatz&#8220;. Auf der Webseite der Berliner Forsten habe ich im Rahmen einer Wanderwegstreckenbeschreibung im Jahr <a href=\"https:\/\/forst-grunewald.de\/wp-content\/uploads\/2020-04-07-SW11-Wald-und-Feldwanderung-durch-den-Grunewald-Ballonplatz.jpg\" target=\"_blank\" rel=\"noopener noreferrer\">2020<\/a> noch folgenden Hinweis gefunden:<\/p>\n<blockquote>\n<p style=\"text-align: justify;\">&#8230;Jagen 68. Schon befindet man sich am n\u00e4chsten besonderen Ort im Grunewald. Kaum noch wahrnehmbar als Freifl\u00e4che, steht man einem schon fast vergessenen Platz gegen\u00fcber- der <strong>Ballonplatz<\/strong>. Auff\u00e4llig ist, dass auf diesem Areal deutlich j\u00fcngere B\u00e4ume wachsen, als auf den darum liegenden Fl\u00e4chen. <strong>Dieser schon fast vergessene Ort wurde in l\u00e4ngst vergangenen Zeiten als Startplatz f\u00fcr Hei\u00dfluftballons genutzt.<\/strong> Seit vielen Jahrzehnten holt sich jetzt die Natur dieses Gebiet zur\u00fcck und steht heute als Hindernisparcours f\u00fcr Reiter zur Verf\u00fcgung.<\/p>\n<\/blockquote>\n<p style=\"text-align: justify;\">Mittlerweile verf\u00fcge ich seit Anlage dieser Unterseite auch \u00fcber noch mehr Kartenmaterial, aber in keiner dieser Karten findet sich ein Hinweis auf einen &#8222;Ballonplatz&#8220;. Auch einem <a href=\"https:\/\/forst-grunewald.de\/wp-content\/gallery\/ballonplatz\/1928-ballonplatz-luftbild.jpg\" target=\"_blank\" rel=\"noopener\">Luftbildfoto aus dem Jahr 1928<\/a> ist nichts zu entnehmen, bzw. der &#8222;Ballonplatz&#8220; war dort schlichtweg bewaldet. Von daher habe ich die Vermutung, dass von hier aus keine Ballone gestartet wurden, jedenfalls nicht in einem nennenswerten Umfang. Zumal es ja auch keinen Sinn macht, Ballone ausgerechnet mitten in einem Waldgebiet aufsteigen zu lassen.<\/p>\n<p style=\"text-align: justify;\"><span style=\"text-decoration: underline;\"><strong>Bis auf eine Sache<\/strong><\/span>: An einer Stelle des Ballonplatzes finden sich alte Mauerreste, bestehend u.a. aus roten Industrieziegelsteinen. Ob dies etwas mit einem &#8222;Ballon(start)platz&#8220;, dem dort befindlichen Reiterplatz oder dem milit\u00e4rischem \u00dcbungsgel\u00e4nde zu tun hat, ist mir nicht bekannt. Ein <a href=\"https:\/\/forst-grunewald.de\/wp-content\/gallery\/ballonplatz\/1953-ballonplatz-jagen-68-luftbild.jpg\" target=\"_blank\" rel=\"noopener\">Luftbild aus dem Jahr 1953<\/a> weist eine Freifl\u00e4che und dort drei oder vier Bombenkrater aus (wie sie &#8211; auch heute noch &#8211; oft im Grunewald zu finden sind), au\u00dferdem scheinbar an der einen Ecke, wo sich die <a href=\"https:\/\/forst-grunewald.de\/wp-content\/gallery\/ballonplatz\/2020-04-12-ballonplatz-dsc01847-klein.jpg\" target=\"_blank\" rel=\"noopener\">Mauerreste<\/a> befinden, einen kleinen Rundweg, vielleicht sogar eine &#8222;Wendeschleife&#8220; f\u00fcr Fahrzeuge? Die Frage ist also, was dort zwischen 1928 bis 1953 geschah? Haben diese Ver\u00e4nderungen die Schutzm\u00e4chte nach 1945 vorgenommen oder aber die Wehrmacht oder andere Organisationen im III. Reich zwischen 1929\/33 bis 1945? Eine M\u00f6glichkeit w\u00e4ren vielleicht noch (Tests) mit Sperr- oder Beobachtungsballons. Aber das ist pure Spekulation. Zwar wurden in der Wehrmacht ab 1939 auch Luftsperrabteilungen mit Ballonzug-Einheiten (mit Ballontrupp, Windentrupp, Gastrupp) eingesetzt. Aber in der Zeitschrift &#8222;<a href=\"https:\/\/www.amazon.de\/Waffen-Arsenal-Band-161-Sperrballone-1917-1945\/dp\/B002IJLUXC\" target=\"_blank\" rel=\"noopener\">Waffen-Arsenal 1996\/Band 161: Sperrballone \u00fcber London, Moskau und Berlin<\/a>&#8222;und im Internet habe ich keinen Hinweis zu einem diesbez\u00fcglichen (vor\u00fcbergehenden) Standort im Grunewald gefunden.<\/p>\n<p>Ein Leser, welcher sich mit Luftfahrt besch\u00e4ftigt, hat mir in Bezug auf die am Anfang genannten &#8222;<a href=\"https:\/\/de.wikipedia.org\/wiki\/Hei%C3%9Fluftballon\" target=\"_blank\" rel=\"noopener\">Hei\u00dfluftballone<\/a>&#8220; 2022 folgendes mitgeteilt:<\/p>\n<blockquote>\n<p style=\"text-align: justify;\">Was den Ballonplatz angeht kommt mir nur wenig in den Sinn, so das <a href=\"http:\/\/www.luftfahrtarchiv-koeln.de\/Gordon_Bennet_1908.htm\" target=\"_blank\" rel=\"noopener\">Gordon-Bennet Rennen in Schmargendorf im Oktober 1908<\/a>, ob das mit dem Ballonplatz zusammen h\u00e4ngt?? <strong>Es gibt aber ein kleines Missverst\u00e4ndnis bei den Menschen in punkto Ballone. Man verwendet seit Ende des 18.Jahrhunderts keine Hei\u00dfluft f\u00fcr die Ballone, <a href=\"https:\/\/de.wikipedia.org\/wiki\/Gasballon\" target=\"_blank\" rel=\"noopener\">man verwendete Gas<\/a>.<\/strong> <strong>So wie heute die Ballone mittels eines Brenners gef\u00fcllt werden, so war das damals nicht. Man brauchte damals Gas, was oft in einem Gasometer am Platz gelagert wurde. Ob die Reste von Bauten die Sie gesehen damit zusammen h\u00e4ngen?<\/strong> Ich habe Ihnen mal eine alte Karte angeh\u00e4ngt. Es ist allerdings m\u00f6glich das man auf Ihrem Platz nur wenige Ballone, oder nur einmal einen Ballon gestartet hat und dann den Ort dann nicht mehr&nbsp; verwendet hat. So gab es auch vor\u00fcbergehend auch mal einen <a href=\"https:\/\/www.tagesspiegel.de\/potsdam\/potsdam-mittelmark\/als-fluglarm-noch-eine-attraktion-war-7554271.html\" target=\"_blank\" rel=\"noopener\">Flugplatz Teltow<\/a>. Ich bleibe da aber auf jeden Fall am Ball. Ansonsten wurden Ballone in den zwanziger und drei\u00dfiger Jahren haupts\u00e4chlich von <a href=\"https:\/\/www.thf-berlin.de\/standortinfos\/standortgeschichte\/luftfahrtgeschichte\/fruehe-flugversuche\/\" target=\"_blank\" rel=\"noopener\">Tempelhof<\/a> aus gestartet.<\/p>\n<\/blockquote>\n<p><strong>So bleibt also die Herkunft der Bezeichnung &#8222;Ballonplatz&#8220; weiterhin unbekannt.<\/strong><\/p>\n<p style=\"text-align: justify;\">Jagen 68 ist heute Teil einer <a href=\"https:\/\/forst-grunewald.de\/wp-content\/gallery\/ballonplatz\/2020-04-12-ballonplatz-dsc01760-klein.jpg\" target=\"_blank\" rel=\"noopener noreferrer\">Referenzfl\u00e4che<\/a>, wonach <a href=\"https:\/\/www.berlin.de\/forsten\/waldwirtschaft\/zertifizierung-des-berliner-waldes\/\" target=\"_blank\" rel=\"noopener noreferrer\">10 %<\/a> des Berliner Waldes seiner nat\u00fcrlichen Entwicklung \u00fcberlassen bleibt.<\/p>\n<p style=\"text-align: justify;\">F\u00fcr die Reitsportler hatte der Platz in einem <a href=\"https:\/\/www.reiten-in-berlin.de\/news\/archiv\/detailansicht\/neue-verordnung-fuer-das-landschaftsschutzgebiet-grunewald-geplant-2028.html\" target=\"_blank\" rel=\"noopener noreferrer\">Schreiben vom 13.03.2017<\/a> an den Berliner Senat folgende Bedeutung:<\/p>\n<blockquote>\n<p style=\"text-align: justify;\">[&#8230;]der sog. &#8222;Ballonplatz&#8220; mit Naturspr\u00fcngen im Grunewald wichtiger Teil der Gel\u00e4ndeausbildung von Reiter und Pferd[&#8230;]<\/p>\n<\/blockquote>\n<p>&nbsp;<\/p>\n<p>&nbsp;<\/p>\n<p>&nbsp;<\/p>\nngg_shortcode_0_placeholder\n","protected":false},"excerpt":{"rendered":"<p>Ballonplatz? &#8211; &#8222;Nichts Genaues wei\u00df man nicht.&#8220; &#8222;Durch Zufall fiel mir Anfang 2006 der Ausschnitt einer Forstbetriebskarte in die H\u00e4nde und dort war im Grunewald&hellip;<\/p>\n","protected":false},"author":1,"featured_media":0,"parent":0,"menu_order":0,"comment_status":"closed","ping_status":"closed","template":"template-fullwidth.php","meta":{"ngg_post_thumbnail":0,"iawp_total_views":74,"footnotes":""},"class_list":["post-198","page","type-page","status-publish","hentry"],"_links":{"self":[{"href":"https:\/\/forst-grunewald.de\/index.php?rest_route=\/wp\/v2\/pages\/198","targetHints":{"allow":["GET"]}}],"collection":[{"href":"https:\/\/forst-grunewald.de\/index.php?rest_route=\/wp\/v2\/pages"}],"about":[{"href":"https:\/\/forst-grunewald.de\/index.php?rest_route=\/wp\/v2\/types\/page"}],"author":[{"embeddable":true,"href":"https:\/\/forst-grunewald.de\/index.php?rest_route=\/wp\/v2\/users\/1"}],"replies":[{"embeddable":true,"href":"https:\/\/forst-grunewald.de\/index.php?rest_route=%2Fwp%2Fv2%2Fcomments&post=198"}],"version-history":[{"count":101,"href":"https:\/\/forst-grunewald.de\/index.php?rest_route=\/wp\/v2\/pages\/198\/revisions"}],"predecessor-version":[{"id":41487,"href":"https:\/\/forst-grunewald.de\/index.php?rest_route=\/wp\/v2\/pages\/198\/revisions\/41487"}],"wp:attachment":[{"href":"https:\/\/forst-grunewald.de\/index.php?rest_route=%2Fwp%2Fv2%2Fmedia&parent=198"}],"curies":[{"name":"wp","href":"https:\/\/api.w.org\/{rel}","templated":true}]}}