{"id":1749,"date":"2012-08-23T06:24:13","date_gmt":"2012-08-23T06:24:13","guid":{"rendered":"http:\/\/forst-grunewald.de\/?page_id=1749"},"modified":"2025-10-11T18:18:49","modified_gmt":"2025-10-11T17:18:49","slug":"grunewaldturm","status":"publish","type":"page","link":"https:\/\/forst-grunewald.de\/?page_id=1749","title":{"rendered":"Grunewaldturm auf dem Karlsberg"},"content":{"rendered":"<figure id=\"attachment_1822\" aria-describedby=\"caption-attachment-1822\" style=\"width: 400px\" class=\"wp-caption alignright\"><a href=\"https:\/\/forst-grunewald.de\/wp-content\/uploads\/2006-12-26-CIMG2240-klein.jpg\" target=\"_blank\" rel=\"noopener noreferrer\"><img loading=\"lazy\" decoding=\"async\" class=\"wp-image-1822\" style=\"border: 1px solid black;\" title=\"2006-12-26 CIMG2240-klein\" src=\"https:\/\/forst-grunewald.de\/wp-content\/uploads\/2006-12-26-CIMG2240-klein-300x225.jpg\" alt=\"\" width=\"400\" height=\"300\" srcset=\"https:\/\/forst-grunewald.de\/wp-content\/uploads\/2006-12-26-CIMG2240-klein-300x225.jpg 300w, https:\/\/forst-grunewald.de\/wp-content\/uploads\/2006-12-26-CIMG2240-klein-150x112.jpg 150w, https:\/\/forst-grunewald.de\/wp-content\/uploads\/2006-12-26-CIMG2240-klein-400x300.jpg 400w, https:\/\/forst-grunewald.de\/wp-content\/uploads\/2006-12-26-CIMG2240-klein.jpg 1000w\" sizes=\"auto, (max-width: 400px) 100vw, 400px\" \/><\/a><figcaption id=\"caption-attachment-1822\" class=\"wp-caption-text\"><span style=\"font-family: arial, helvetica, sans-serif; font-size: 10pt;\">Berdrow 1902: \u201cDas in vier m\u00e4chtigen gotischen Bogen sich \u00f6ffnende Untergescho\u00df ist zu einer Ged\u00e4chtnishalle bestimmt, in deren Mitte ein Marmorbild <a href=\"https:\/\/de.wikipedia.org\/wiki\/Wilhelm_I._(Deutsches_Reich)\" target=\"_blank\" rel=\"noopener\">Kaiser Wilhelms<\/a> Aufstellung findet, w\u00e4hrend Bronzetafeln an den vier Eckpfeilern die Paladine des greisen F\u00fcrsten verewigen&#8230;&#8230; &#8222;<\/span><\/figcaption><\/figure>\n<p style=\"text-align: left;\"><span style=\"font-family: arial, helvetica, sans-serif; font-size: 12pt;\">Wer gerne den Grunewald erkunden m\u00f6chte, hat vom Grunewaldturm aus, welcher auf dem Karlsberg steht, einen guten Ausgangspunkt. Zu erreichen ist der Grunewaldturm \u00fcber die Havelchaussee mit dem Auto oder aber mit der BVG-Traditionsbusausflugslinie <a href=\"http:\/\/www.traditionsbus.de\/linie_218.htm\" target=\"_blank\" rel=\"noopener noreferrer\">218<\/a>. Am Turm gibt es f\u00fcr Autos zahlreiche geb\u00fchrenfreie Parkpl\u00e4tze.<\/span><\/p>\n<p style=\"text-align: left;\"><span style=\"font-family: arial, helvetica, sans-serif; font-size: 12pt;\">Man kann von dort aus zum Havelufer hintuntergehen und n\u00f6rdlich die <a href=\"https:\/\/forst-grunewald.de\/?page_id=291\" target=\"_blank\" rel=\"noopener noreferrer\">Dachsberge<\/a> und s\u00fcdlich die Lieper Bucht oder die Insel Lindwerder (Restauration) erkunden. Es besteht aber auch die M\u00f6glichkeit, westlich der Havelchaussee den Grunewald in Richtung Saubucht zu durchwandern. Hier bieten sich als Ziele neben dem ehemaligen Forsthaus Alte Saubucht die kleinen Seen <a href=\"https:\/\/forst-grunewald.de\/?page_id=787\" target=\"_blank\" rel=\"noopener noreferrer\">Das Auge Gottes<\/a>, der <a href=\"https:\/\/forst-grunewald.de\/?page_id=728\" target=\"_blank\" rel=\"noopener noreferrer\">Barsch<\/a>&#8211; und der <a href=\"https:\/\/forst-grunewald.de\/?page_id=1047\" target=\"_blank\" rel=\"noopener noreferrer\">Pechsee <\/a>an und etwas weiter weg gelegen auch das <a href=\"https:\/\/forst-grunewald.de\/?page_id=391\" target=\"_blank\" rel=\"noopener noreferrer\">Dahlemer Feld<\/a>.<\/span><\/p>\n<p style=\"text-align: left;\"><span style=\"font-family: arial, helvetica, sans-serif; font-size: 12pt;\">Kehrt man dann zum Turm zur\u00fcck, ist bei guter Sicht eine Turmbesteigung sehr empfehlenswert. Von seiner Spitze aus er\u00f6ffnet sich eine sch\u00f6ne Ansicht auf die Berliner Unterhavel. Die unten bei <a href=\"https:\/\/forst-grunewald.de\/?page_id=676\" target=\"_blank\" rel=\"noopener noreferrer\">Berdrow 1902<\/a> beschriebene Fernsicht bis nach Berlin-Mitte ist jedoch etwas \u00fcbertrieben und trifft heute so nicht (mehr) zu.<\/span><\/p>\n<p style=\"text-align: left;\"><span style=\"font-family: arial, helvetica, sans-serif; font-size: 12pt;\">Wer es steil mag: Der Anstiegsweg zwischen der <a href=\"https:\/\/forst-grunewald.de\/wp-content\/gallery\/karlsbergschlucht\/2012-05-28-pfingstmontag-26-klein.jpg\" target=\"_blank\" rel=\"noopener noreferrer\">Wasserrettungsstation Grunewaldturm<\/a> und der <a href=\"https:\/\/forst-grunewald.de\/?page_id=1862\" target=\"_blank\" rel=\"noopener noreferrer\">Lieper Bucht<\/a> ist neben dem ehemaligen <a href=\"https:\/\/forst-grunewald.de\/?page_id=3792\" target=\"_blank\" rel=\"noopener noreferrer\">Skihang<\/a> am Teufelsberg einer der steilsten Anstiege im Grunewald. Der Weg m\u00fcndet dann oben direkt am Turmrestaurant.<\/span><\/p>\n<p style=\"text-align: left;\"><span style=\"font-family: arial, helvetica, sans-serif; font-size: 12pt;\">Kulinarisch besteht danach die Einkehr ins <a href=\"http:\/\/www.restaurant-grunewaldturm.de\/\" target=\"_blank\" rel=\"noopener noreferrer\">Turmrestaurant<\/a> oder ins nah gelegene Waldhaus (m. W. leider keine Webseite). Die bekannte Minigolfanlage unterhalb des Turms wurde leider vor einigen Jahren abgerissen und durch einen etwas profanen Biergarten ersetzt.<\/span><\/p>\n<p style=\"text-align: left;\"><span style=\"font-family: arial, helvetica, sans-serif; font-size: 12pt;\">Der <strong>Kaiser-Wilhelm-Turm <\/strong>wurde am 05. Juni 1899 eingeweiht.<\/span><\/p>\n<p style=\"text-align: left;\"><span style=\"font-family: arial, helvetica, sans-serif; font-size: 12pt;\">Am 15. September 1948 erfolgte die Umbenennung in <strong>Grunewaldturm. <\/strong>Allerdings wurde der Turm auch schon weit vor der offizielen Umbenennung als Grunewaldturm bezeichnet (<a href=\"https:\/\/forst-grunewald.de\/wp-content\/gallery\/grunewaldturm\/1930-grunewaldturm-luftschiffaufnahme.jpg\" target=\"_blank\" rel=\"noopener noreferrer\">1930<\/a> \/ <a href=\"https:\/\/forst-grunewald.de\/wp-content\/gallery\/grunewaldturm\/1932-08-01-grunewaldturm-klein.jpg\" target=\"_blank\" rel=\"noopener noreferrer\">1932<\/a> und <a href=\"https:\/\/forst-grunewald.de\/wp-content\/gallery\/grunewaldturm\/1930-ca-grunewald-turm-eintrittskarten.jpg\" target=\"_blank\" rel=\"noopener noreferrer\">hier<\/a>).<strong><br \/>\n<\/strong><\/span><\/p>\n<p style=\"text-align: left;\"><span style=\"font-family: arial, helvetica, sans-serif; font-size: 12pt;\"><a href=\"https:\/\/forst-grunewald.de\/wp-content\/uploads\/2005-11-13-CIMG5449-a.jpg\" target=\"_blank\" rel=\"noopener noreferrer\"><img loading=\"lazy\" decoding=\"async\" class=\"alignright wp-image-1846\" style=\"border: 1px solid black;\" title=\"2005-11-13 CIMG5449-a\" src=\"https:\/\/forst-grunewald.de\/wp-content\/uploads\/2005-11-13-CIMG5449-a-150x81.jpg\" alt=\"\" width=\"400\" height=\"218\" srcset=\"https:\/\/forst-grunewald.de\/wp-content\/uploads\/2005-11-13-CIMG5449-a-150x81.jpg 150w, https:\/\/forst-grunewald.de\/wp-content\/uploads\/2005-11-13-CIMG5449-a-300x163.jpg 300w, https:\/\/forst-grunewald.de\/wp-content\/uploads\/2005-11-13-CIMG5449-a-400x218.jpg 400w, https:\/\/forst-grunewald.de\/wp-content\/uploads\/2005-11-13-CIMG5449-a.jpg 800w\" sizes=\"auto, (max-width: 400px) 100vw, 400px\" \/><\/a>Der Turm wurde vom Kreis Teltow zur Erinnerung an den hundertsten Geburtstag des 1888 verstorbenen K\u00f6nig <a href=\"http:\/\/de.wikipedia.org\/wiki\/Wilhelm_I._(Deutsches_Reich)\" target=\"_blank\" rel=\"noopener noreferrer\">Wilhelm I<\/a> von Preu\u00dfen gebaut. Wilhelm I. war seit 1861 K\u00f6nig von Preu\u00dfen und seit 1871 gleichzeitig Deutscher Kaiser. W\u00e4hrend der Kreis Teltow sich bei seiner Ehrung auf den preu\u00dfischen K\u00f6nigstitel bezog, gratulierte <a href=\"http:\/\/de.wikipedia.org\/wiki\/Wilhelm_II._(Deutsches_Reich)\" target=\"_blank\" rel=\"noopener noreferrer\">Wilhelm II.<\/a> bereits bei der Einweihung per Telegramm zum Bau des \u201eKaiser-Wilhelm-Turmes\u201c.<\/span><\/p>\n<p style=\"text-align: left;\"><span style=\"font-family: arial, helvetica, sans-serif; font-size: 12pt;\">Den hier vorhanden Postkarten aus dem Jahre 1899 und der Schilderung von Berdrow aus dem Jahre 1902 ist zu entnehmen, dass sich der Name \u201cKaiser-Wilhelm-Turm\u201d offensichtlich <span style=\"text-decoration: underline;\">sofort<\/span> durchgesetzt hat. Nur am Turm selbst prangt weiterhin die Bezeichnung <\/span><\/p>\n<blockquote>\n<p style=\"text-align: left;\"><strong><span style=\"font-family: arial, helvetica, sans-serif; font-size: 12pt;\">&#8222;KOENIG WILHELM I ZUM GEDAECHTNISS&#8220;.<\/span><\/strong><\/p>\n<\/blockquote>\n<p><span style=\"color: #ffffff;\">.<\/span><\/p>\n<p>&nbsp;<\/p>\n<table style=\"width: 100%;\">\n<tbody>\n<tr>\n<td style=\"text-align: left; vertical-align: top; width: 3.84995%;\"><span style=\"font-family: arial, helvetica, sans-serif; font-size: 12pt;\"><strong>1894<\/strong><\/span><\/td>\n<td style=\"text-align: left; vertical-align: top; width: 95.3603%;\">\n<p style=\"text-align: justify;\"><span style=\"font-family: arial, helvetica, sans-serif; font-size: 12pt;\"><a href=\"https:\/\/forst-grunewald.de\/?page_id=361\" target=\"_blank\" rel=\"noopener noreferrer\">Fontane<\/a>, Seite 17-18 (<span style=\"color: #ff0000;\">als es den Grunewaldturm noch nicht gab<\/span>):<\/span><\/p>\n<div>\n<div>\n<div style=\"text-align: justify;\"><span style=\"font-family: arial, helvetica, sans-serif; font-size: 12pt;\">&#8222;Wir gehen nun [vom <a href=\"https:\/\/forst-grunewald.de\/?page_id=291\" target=\"_blank\" rel=\"noopener noreferrer\">Dachsberg<\/a> kommend] bergab zur Chaussee hinunter und verfolgen diese 10 Min. rechts hinauf bis zu der links am Wege stehenden Tafel der <a href=\"https:\/\/forst-grunewald.de\/?page_id=2191\" target=\"_blank\" rel=\"noopener\">Chausseebau-Verwaltung<\/a>, woselbst nach rechts ein Weg zum nahen Rande des steil zur Havel abfallenden, 76 m. hohen Karlsberges f\u00fchrt. <\/span><\/div>\n<div style=\"text-align: justify;\"><span style=\"font-family: arial, helvetica, sans-serif; font-size: 12pt;\">W<\/span><span style=\"font-family: arial, helvetica, sans-serif; font-size: 12pt;\">ir hatten schon von der Chaussee aus mehrfach sch\u00f6ne Durchblicke nach der Havel, so erregt die Aussicht vom Karlsberge nunmehr unsere volle Bewunderung. Nach links zu dehnt sich in seengleicher Breite die blaue Havel mit dem lieblichen <a href=\"https:\/\/forst-grunewald.de\/?page_id=1862\" target=\"_blank\" rel=\"noopener\">Lindwerder<\/a> und dem gr\u00f6\u00dferen <a href=\"https:\/\/forst-grunewald.de\/?page_id=42256\" target=\"_blank\" rel=\"noopener\">Kladower Sandwerder<\/a> aus. Am Kladower Werder links vor\u00fcber schlie\u00dft der gro\u00dfe <a href=\"https:\/\/forst-grunewald.de\/?page_id=5590\" target=\"_blank\" rel=\"noopener\">Wann-See<\/a> sich an, w\u00e4hrend nach rechts zu die eigentliche Havel, an der sch\u00f6nen Pfaueninsel vor\u00fcber, nach Potsdam weiterzieht. Die m\u00e4chtige Landzunge, welche vom gegen\u00fcberliegenden Ufer halblinks in die Havel hineinragt, ist das Breitehorn und der Ort halbrechts das freundliche Gatow. Dort dr\u00fcben tobte am 14. Juli 1157 die Schlacht zwischen den Heeren <a href=\"http:\/\/de.wikipedia.org\/wiki\/Albrecht_I._(Brandenburg)\" target=\"_blank\" rel=\"noopener noreferrer\">Albrechts des B\u00e4ren<\/a> und des Wendenf\u00fcrsten <a href=\"http:\/\/de.wikipedia.org\/wiki\/Jaxa_von_K%C3%B6penick\" target=\"_blank\" rel=\"noopener noreferrer\">Jaczo von K\u00f6penick<\/a> [ \u2192 <a href=\"https:\/\/forst-grunewald.de\/?page_id=10635\" target=\"_blank\" rel=\"noopener\">Schildhornsage<\/a> und <a href=\"https:\/\/forst-grunewald.de\/?page_id=5742\" target=\"_blank\" rel=\"noopener\">Jaczoturm und Jaczoschlucht<\/a> und <a href=\"https:\/\/forst-grunewald.de\/?cat=301\" target=\"_blank\" rel=\"noopener\">Jaczoturm Forschungsergebnisse<\/a>]. <\/span><\/div>\n<div style=\"text-align: justify;\"><span style=\"font-family: arial, helvetica, sans-serif; font-size: 12pt;\">Rechts vom Karlsberge, die Havel hinauf, gr\u00fc\u00dfen die Th\u00fcrme Spandaus zu uns her\u00fcber. Zum Ganzen genommen ist die Aussicht vom Karlsberge von einer solchen Mannigfaltigkeit, Sch\u00f6nheit und Gr\u00f6\u00dfe, wie wohl keine Zweite in der N\u00e4he Berlins. Das Landschaftsbild wird geradezu m\u00e4rchenhaft sch\u00f6n, wenn die Sonne im gegen\u00fcberliegenden Westen untergehen will und mit ihren letzten Strahlen ein goldenes Roth \u00fcber die W\u00e4lder und die glitzernde Havel ergie\u00dft.&#8220;<\/span><\/div>\n<\/div>\n<\/div>\n<\/td>\n<\/tr>\n<tr>\n<td style=\"text-align: left; vertical-align: top; width: 3.84995%;\"><span style=\"font-family: arial, helvetica, sans-serif; font-size: 12pt;\"><strong>1902<\/strong><\/span><\/td>\n<td style=\"text-align: left; vertical-align: top; width: 95.3603%;\"><span style=\"font-family: arial, helvetica, sans-serif; font-size: 12pt;\"><a href=\"https:\/\/forst-grunewald.de\/?page_id=676\" target=\"_blank\" rel=\"noopener noreferrer\">Berdrow<\/a>, Seite 16-18:<\/span><\/p>\n<div>\n<div style=\"text-align: justify;\"><span style=\"font-family: arial, helvetica, sans-serif; font-size: 12pt;\">&#8222;&#8230;.Auf dem Karlsberg winkt der riesige Kaiser-Wilhelm-Turm als erstrebenswertes Wanderziel, das wir in einer guten Viertelstunde bequem auf der Chaussee erreichen. <\/span><\/div>\n<div style=\"text-align: justify;\"><span style=\"font-family: arial, helvetica, sans-serif; font-size: 12pt;\">Von der Plattform des Turmes ersteigen wir auf 180 Stufen das reichgegliederte, mit einem massiven Helm gekr\u00f6nte Obergescho\u00df, aus dessen vier Bogen\u00f6ffnungen sich prachtvolle Ausblicke auf die n\u00e4here und fernere Umgebung des Grunewaldes bieten&#8230;.. [- es erfolgt dann eine umfangreiche Ausichtsbeschreibung, hervorzuheben als \u201chistorische\u201d Fernziele &#8211; : der neue <a href=\"https:\/\/de.wikipedia.org\/wiki\/Berliner_Dom\" target=\"_blank\" rel=\"noopener\">Dom<\/a>, die goldstrahlende Kuppel des <a href=\"https:\/\/de.wikipedia.org\/wiki\/Reichstagsgeb\u00e4ude\" target=\"_blank\" rel=\"noopener\">Reichstagsgeb\u00e4udes<\/a>, der schlanke Riesenturm der heutigen <a href=\"https:\/\/de.wikipedia.org\/wiki\/Kaiser-Wilhelm-Ged\u00e4chtniskirche\" target=\"_blank\" rel=\"noopener\">Kaiser-Wilhelm-Ged\u00e4chtniskirche<\/a>.] Nicht nur als Aussichtsturm ersten Ranges, auch als hervorragendes Bauwerk erfordert der Kaiser-Wilhelm-Turm eingehende Betrachtung.<br \/>\nNachdem der Kreis Teltow beschlossen, dem Andenken des ersten deutschen Kaisers am Ufer der Havel eine weithin ragende Warte zu weihen, und seitens der Regierung die Genehmigung zur Bebauung des Karlsberges erteilt war, wurde Baurat <a href=\"https:\/\/de.wikipedia.org\/wiki\/Franz_Schwechten\" target=\"_blank\" rel=\"noopener\">Franz Schwechten<\/a> mit dem Entwurf des Denkmals betraut.<br \/>\n<a href=\"https:\/\/forst-grunewald.de\/wp-content\/uploads\/1902-Berdrow-Profil-am-Grunewaldturm.jpg\" target=\"_blank\" rel=\"noopener noreferrer\"><img loading=\"lazy\" decoding=\"async\" class=\"wp-image-1851 size-full alignright\" title=\"1902 Berdrow Profil am Grunewaldturm\" src=\"https:\/\/forst-grunewald.de\/wp-content\/uploads\/1902-Berdrow-Profil-am-Grunewaldturm.jpg\" alt=\"\" width=\"640\" height=\"160\" srcset=\"https:\/\/forst-grunewald.de\/wp-content\/uploads\/1902-Berdrow-Profil-am-Grunewaldturm.jpg 640w, https:\/\/forst-grunewald.de\/wp-content\/uploads\/1902-Berdrow-Profil-am-Grunewaldturm-150x37.jpg 150w, https:\/\/forst-grunewald.de\/wp-content\/uploads\/1902-Berdrow-Profil-am-Grunewaldturm-300x75.jpg 300w, https:\/\/forst-grunewald.de\/wp-content\/uploads\/1902-Berdrow-Profil-am-Grunewaldturm-400x100.jpg 400w\" sizes=\"auto, (max-width: 640px) 100vw, 640px\" \/><\/a>Der gew\u00e4hlte Platz ist unstreitig im Grunewald der geeignetste, indem der dicht an die Havel vorspringende Karlsberg auf der Chaussee bequemer zu erreichen ist und einen freieren Blick auf die Stromlandschaft gew\u00e4hrt, als der 18 Meter h\u00f6here, aber mehr landeinw\u00e4rts liegende Gipfel des <a href=\"https:\/\/forst-grunewald.de\/?page_id=1893\" target=\"_blank\" rel=\"noopener\">Havelberges<\/a>.<br \/>\nNach Osten hin bildet der Kiefernwald einen wirksamen Hintergrund, nach Westen f\u00e4llt die zum Teil durch Auftragung und Einebnung des Bodens geschaffene Terrasse steil zum Flusse ab. Auf ihr erhebt sich \u00fcber dem aus Kiesbeton hergestelltem Fundament der Turm zu einer H\u00f6he von 55 Meter \u00fcber den Bauplatz oder 105 Meter \u00fcber den Havelspiegel&#8230;<br \/>\nWie hoch das Publikum diesen neuen, von <a href=\"https:\/\/forst-grunewald.de\/?page_id=10635\" target=\"_blank\" rel=\"noopener\">Schildhorn<\/a> oder der <a href=\"https:\/\/forst-grunewald.de\/?page_id=1960\" target=\"_blank\" rel=\"noopener\">Saubucht<\/a> aus schnell zu erreichenden Anziehungspunkt im Grunewald sch\u00e4tzt, geht aus den Besuchsziffern hervor. Im Laufe der ersten acht Monate nach seiner Er\u00f6ffnung wurde der Turm von 91.000 zahlenden Personen bestiegen. Dazu kamen noch ohne Entgeld mehr als 7.000 Sch\u00fcler und Soldaten. Das erste Jahr brachte statt der erwarteten Einnahmen von 5.000 Mark mehr als das dreifache, n\u00e4mlich 18.000 Mark, welche gr\u00f6\u00dftenteils zur Ausschm\u00fcckung des Bauwerkes und seiner Umgebung verwendet wurden. Seitens der rund 100.000 Besucher des Turmes w\u00e4hrend der ersten acht Monate wurden 62.888 Ansichtskarten versandt, eine Thatsache, die den <a href=\"https:\/\/de.wikipedia.org\/wiki\/Heinrich_von_Stephan\" target=\"_blank\" rel=\"noopener\">Stephansj\u00fcngern<\/a> des nahen Spandaus manchen Seufzer entlockt haben wird.\u201d<\/span><\/div>\n<\/div>\n<\/td>\n<\/tr>\n<tr>\n<td style=\"text-align: left; vertical-align: top; width: 3.84995%;\"><span style=\"font-family: arial, helvetica, sans-serif; font-size: 12pt;\"><strong>1928<\/strong><\/span><\/td>\n<td style=\"text-align: left; vertical-align: top; width: 95.3603%;\"><span style=\"font-family: arial, helvetica, sans-serif; font-size: 12pt;\"><a href=\"https:\/\/forst-grunewald.de\/wp-content\/uploads\/1928-Oktober-9-Blick-vom-Grunewaldturm.jpg\" target=\"_blank\" rel=\"noopener noreferrer\"><img loading=\"lazy\" decoding=\"async\" class=\"size-thumbnail wp-image-1781 alignright\" title=\"1928 Oktober 9 Blick vom Grunewaldturm\" src=\"https:\/\/forst-grunewald.de\/wp-content\/uploads\/1928-Oktober-9-Blick-vom-Grunewaldturm-150x130.jpg\" alt=\"\" width=\"150\" height=\"130\" srcset=\"https:\/\/forst-grunewald.de\/wp-content\/uploads\/1928-Oktober-9-Blick-vom-Grunewaldturm-150x130.jpg 150w, https:\/\/forst-grunewald.de\/wp-content\/uploads\/1928-Oktober-9-Blick-vom-Grunewaldturm-300x260.jpg 300w, https:\/\/forst-grunewald.de\/wp-content\/uploads\/1928-Oktober-9-Blick-vom-Grunewaldturm-400x346.jpg 400w, https:\/\/forst-grunewald.de\/wp-content\/uploads\/1928-Oktober-9-Blick-vom-Grunewaldturm.jpg 850w\" sizes=\"auto, (max-width: 150px) 100vw, 150px\" \/><\/a>Private Propagangapostkarte:<\/span><\/p>\n<div>\n<p><span style=\"font-family: arial, helvetica, sans-serif; font-size: 12pt;\">Diese Ver\u00f6ffentlichung dient den Zwecken im Sinne <a id=\"Zelle143Link1\" href=\"http:\/\/www.gesetze-im-internet.de\/stgb\/__86.html\" target=\"_blank\" rel=\"noopener noreferrer\">\u00a7 86 Absatz 4 StGB<\/a>.<\/span><\/p>\n<div>\n<div>\n<p style=\"text-align: justify;\"><span style=\"font-family: arial, helvetica, sans-serif; font-size: 12pt;\"><strong>Die Karte<\/strong> wurde im Oktober 1928 postalisch bef\u00f6rdert. Vorangegangen war im Mai 1928 die <a id=\"Zelle144Link1\" href=\"http:\/\/de.wikipedia.org\/wiki\/Reichstagswahl_1928\" target=\"_blank\" rel=\"noopener noreferrer\">Wahl zum 4. Deutschen Reichstag<\/a>. Die NSDAP konnte hier nur 2,6 % der Stimmen erzielen, allerdings waren im Reichstag 15 Parteien vertreten und eine Gro\u00dfe Koalition aus SPD, Zentrum, BVP, DDP und DVP unter Kanzler <a id=\"Zelle144Link2\" href=\"http:\/\/de.wikipedia.org\/wiki\/Hermann_M%C3%BCller_%28Reichskanzler%29\" target=\"_blank\" rel=\"noopener noreferrer\">Hermann M\u00fcller<\/a> (SPD) scheiterte im M\u00e4rz 1930. Bei der folgenden <a id=\"Zelle144Link3\" href=\"http:\/\/de.wikipedia.org\/wiki\/Reichstagswahl_1930\" target=\"_blank\" rel=\"noopener noreferrer\">Reichstagswahl im September 1930<\/a> konnte die NSDAP dann 18,2 % der Stimmen erzielen und wurde hinter den Sozialdemokraten zweitst\u00e4rkste Kraft.<\/span><\/p>\n<p style=\"text-align: justify;\"><span style=\"font-family: arial, helvetica, sans-serif; font-size: 12pt;\"><strong>Als Briefmarke<\/strong> wurde eine im Jahr 1926 herausgegebene <a id=\"Zelle144Link4\" href=\"http:\/\/de.wikipedia.org\/wiki\/Briefmarken-Jahrgang_1926_der_Deutschen_Reichspost\" target=\"_blank\" rel=\"noopener noreferrer\">Briefmarke<\/a> mit dem Bildniss <a href=\"https:\/\/de.wikipedia.org\/wiki\/Friedrich_II._(Preu\u00dfen)\" target=\"_blank\" rel=\"noopener\">\u201cFriedrich der Gro\u00dfe\u201d<\/a> verwendet. Wikipedia schreibt (Stand 18.11.2011):<\/span><\/p>\n<blockquote>\n<p style=\"text-align: justify;\"><span style=\"font-family: arial, helvetica, sans-serif; font-size: 12pt;\">\u201c<em>Ihren H\u00f6hepunkt erreichte die Glorifizierung Friedrichs im Dritten Reich unter der Federf\u00fchrung des Propagandaministers Joseph Goebbels. Das Regime bezeichnete ihn nicht nur als \u201eersten Nationalsozialisten\u201c, Friedrich und dessen Gefolgsleute wurden auch zum Inbegriff deutscher Disziplin, Standhaftigkeit und Vaterlandstreue stilisiert. So rechtfertigten die Nationalsozialisten in den letzten Kriegsmonaten beispielsweise die Einberufung der Hitlerjungen zum Volkssturm mit der Begr\u00fcndung, Friedrich habe auch 15-j\u00e4hrige Adelss\u00f6hne zu Leutnants erhoben. So wurde die Legende des charismatischen Preu\u00dfenk\u00f6nigs jahrhundertelang von politischen Machthabern missbraucht; ob er als \u201eundeutsch\u201c oder \u201edeutschnational\u201c bezeichnet wurde, unterlag dabei dem jeweiligen Zeitgeist<\/em>.\u201d<\/span><\/p>\n<\/blockquote>\n<div style=\"text-align: justify;\"><span style=\"font-family: arial, helvetica, sans-serif; font-size: 12pt;\"><strong>Zus\u00e4tzlich aufgetragen ist eine Reklamemarke<\/strong> des \u201cDeutschen Turnerbundes 1919\u201d, ein nationalistisch gepr\u00e4gter Verein, in dessen Leits\u00e4tzen es hie\u00df:<\/span><\/div>\n<blockquote>\n<div style=\"text-align: justify;\"><span style=\"font-family: arial, helvetica, sans-serif; font-size: 12pt;\">\u201c<em>Den Angeh\u00f6rigen des \u201eDeutschen Turnerbundes 1919\u201c ist die Mitwirkung an Wettbewerben und Schauvorf\u00fchrungen anderer Leibes\u00fcbungen betreibender Verb\u00e4nde nur dann gestattet, wenn daran ausschlie\u00dflich Angeh\u00f6rige germanischer Volksst\u00e4mme teilnehmen. Anh\u00e4nger internationaler Richtungen haben kein sittliches Recht, dem \u201eDeutschen Turnerbund 1919\u201c anzugeh\u00f6ren.<\/em>\u201c<\/span><br \/>\n<span style=\"font-family: arial, helvetica, sans-serif; font-size: 12pt;\">(Quelle: <a href=\"https:\/\/de.wikipedia.org\/wiki\/Erwin_Mehl\" target=\"_blank\" rel=\"noopener\">Erwin Mehl<\/a>, 1922. Grundriss des deutschen Turnens, Seite 13).<\/span><\/div>\n<\/blockquote>\n<div style=\"text-align: justify;\"><span style=\"font-family: arial, helvetica, sans-serif; font-size: 12pt;\"><strong>Deutschland Erwache<\/strong>: Wikipedia Stand 22.08.2012:<\/span><\/div>\n<blockquote>\n<div style=\"text-align: justify;\"><span style=\"font-family: arial, helvetica, sans-serif; font-size: 12pt;\"><em>&#8222;<a href=\"http:\/\/de.wikipedia.org\/wiki\/Dietrich_Eckart\" target=\"_blank\" rel=\"noopener noreferrer\">Dietrich Eckart<\/a> verfasste das Sturmlied der <a title=\"Sturmabteilung\" href=\"http:\/\/de.wikipedia.org\/wiki\/Sturmabteilung\" target=\"_blank\" rel=\"noopener noreferrer\">SA<\/a> und l\u00f6ste die Okkupation der Formulierung \u201eDeutschland erwache!\u201c als NS-Schlachtruf aus.<\/em>&#8222;.<\/span><\/div>\n<\/blockquote>\n<div style=\"text-align: justify;\"><span style=\"font-family: arial, helvetica, sans-serif; font-size: 12pt;\">Pluspedia Stand 22.08.2011:<\/span><\/div>\n<blockquote>\n<div style=\"text-align: justify;\"><span style=\"font-family: arial, helvetica, sans-serif; font-size: 12pt;\">&#8222;<em><a href=\"http:\/\/de.pluspedia.org\/wiki\/Heil_Hitler_dir\" target=\"_blank\" rel=\"noopener noreferrer\">Heil Hitler dir!<\/a> ist ein 1925 von <a href=\"http:\/\/de.pluspedia.org\/wiki\/Bruno_Schestak\" target=\"_blank\" rel=\"noopener noreferrer\">Bruno Schestak<\/a> getextetes und komponiertes nationalsozialistisches Kampflied. Nach dem Beginn des Liedes ist es auch als Deutschland erwache (aus deinem b\u00f6sen Traum) bekannt, unter dem es heute oft zu finden ist. Es ist nicht mit dem eigentlichen Deutschland erwache (Sturmlied) von Dietrich Eckart und Hans Gansser aus den Jahren 1919-1922 zu verwechseln<\/em>.&#8220;<\/span><\/div>\n<\/blockquote>\n<div style=\"text-align: justify;\">\n<p style=\"text-align: justify;\"><span style=\"font-family: arial, helvetica, sans-serif; font-size: 12pt;\">Auf der Postkarte hat der Absender den Kampfbegriff 1928 verwendet.<\/span><\/p>\n<p style=\"text-align: justify;\"><span style=\"font-family: arial, helvetica, sans-serif; font-size: 12pt;\">1930 fragte <a href=\"https:\/\/de.wikipedia.org\/wiki\/Kurt_Tucholsky\" target=\"_blank\" rel=\"noopener\">Kurt Tucholsky<\/a> in seinem Gedicht <a href=\"Deutschland, siehst du das nicht?&quot;\" target=\"_blank\" rel=\"noopener noreferrer\">&#8222;Deutschland, erwache&#8220;<\/a> :<\/span><\/p>\n<blockquote>\n<p style=\"text-align: justify;\"><span style=\"font-family: arial, helvetica, sans-serif; font-size: 12pt;\">&#8222;<em>Da\u00df der Nazi dir einen Totenkranz flicht: Deutschland, siehst du das nicht?<\/em>&#8222;.<\/span><\/p>\n<\/blockquote>\n<\/div>\n<\/div>\n<\/div>\n<\/div>\n<\/td>\n<\/tr>\n<tr>\n<td style=\"vertical-align: top; text-align: justify; width: 3.84995%;\"><span style=\"font-family: arial, helvetica, sans-serif; font-size: 12pt;\"><strong>2008<\/strong><\/span><\/td>\n<td style=\"vertical-align: top; text-align: justify; width: 95.3603%;\"><span style=\"font-family: arial, helvetica, sans-serif; font-size: 12pt;\">Fehlerhafte Treppenkonstruktion (Tagesspiegel <a href=\"http:\/\/www.tagesspiegel.de\/berlin\/stadtleben\/wahrzeichen-grunewaldturm-noch-kein-geld-fuer-die-sanierung\/1263660.html\" target=\"_blank\" rel=\"noopener noreferrer\">24.06.2008<\/a>):<\/span><\/p>\n<p><span style=\"font-family: arial, helvetica, sans-serif; font-size: 12pt;\">&#8222;<em>Die Sch\u00e4den im 1899 fertiggestellten Turm gehen nach Auskunft der Senatsbeh\u00f6rde auf eine fehlerhafte Treppenkonstruktion zur\u00fcck. Sie sei falsch eingebaut und erzeuge \u201eGew\u00f6lbedruck\u201c. Die Turmsanierung 1953 habe diesen \u201egrundlegenden Fehler\u201c au\u00dfer Acht gelassen. So wurden die 204 Stufen zur 36 Meter hohen Aussichtsplattform allm\u00e4hlich zum Sicherheitsrisiko.<\/em>&#8222;<\/span><\/td>\n<\/tr>\n<tr>\n<td style=\"vertical-align: top; text-align: left; width: 3.84995%;\"><span style=\"font-family: arial, helvetica, sans-serif; font-size: 12pt;\"><strong>2010<\/strong><\/span><\/td>\n<td style=\"vertical-align: top; text-align: left; width: 95.3603%;\"><span style=\"font-family: arial, helvetica, sans-serif; font-size: 12pt;\">Ansichskarten von &#8222;Forst Grunewald&#8220; konnten bei der Turmrestaurierung helfen:<\/span><\/p>\n<table>\n<tbody>\n<tr>\n<td>\n<p><figure id=\"attachment_1768\" aria-describedby=\"caption-attachment-1768\" style=\"width: 150px\" class=\"wp-caption aligncenter\"><a href=\"https:\/\/forst-grunewald.de\/wp-content\/uploads\/1920-Wilhelmsturm-mit-Mosaik-Balustrade.jpg\" target=\"_blank\" rel=\"noopener noreferrer\"><img loading=\"lazy\" decoding=\"async\" class=\"size-thumbnail wp-image-1768 \" title=\"1920 Wilhelmsturm mit Mosaik Balustrade\" src=\"https:\/\/forst-grunewald.de\/wp-content\/uploads\/1920-Wilhelmsturm-mit-Mosaik-Balustrade-150x131.jpg\" alt=\"\" width=\"150\" height=\"131\" srcset=\"https:\/\/forst-grunewald.de\/wp-content\/uploads\/1920-Wilhelmsturm-mit-Mosaik-Balustrade-150x131.jpg 150w, https:\/\/forst-grunewald.de\/wp-content\/uploads\/1920-Wilhelmsturm-mit-Mosaik-Balustrade-300x262.jpg 300w, https:\/\/forst-grunewald.de\/wp-content\/uploads\/1920-Wilhelmsturm-mit-Mosaik-Balustrade-400x350.jpg 400w, https:\/\/forst-grunewald.de\/wp-content\/uploads\/1920-Wilhelmsturm-mit-Mosaik-Balustrade.jpg 850w\" sizes=\"auto, (max-width: 150px) 100vw, 150px\" \/><\/a><figcaption id=\"caption-attachment-1768\" class=\"wp-caption-text\"><span style=\"font-family: arial, helvetica, sans-serif; font-size: 12pt;\">1920 Fliegerfoto: Balustrade mit Bodenfliesen im Karomuster<\/span><\/figcaption><\/figure><\/td>\n<td>\n<p><figure id=\"attachment_1767\" aria-describedby=\"caption-attachment-1767\" style=\"width: 150px\" class=\"wp-caption aligncenter\"><a href=\"https:\/\/forst-grunewald.de\/wp-content\/uploads\/1926-Grunewaldturm-Luftbild.jpg\" target=\"_blank\" rel=\"noopener noreferrer\"><img loading=\"lazy\" decoding=\"async\" class=\"size-thumbnail wp-image-1767 \" title=\"1926 Grunewaldturm Luftbild\" src=\"https:\/\/forst-grunewald.de\/wp-content\/uploads\/1926-Grunewaldturm-Luftbild-150x100.jpg\" alt=\"\" width=\"150\" height=\"100\" srcset=\"https:\/\/forst-grunewald.de\/wp-content\/uploads\/1926-Grunewaldturm-Luftbild-150x100.jpg 150w, https:\/\/forst-grunewald.de\/wp-content\/uploads\/1926-Grunewaldturm-Luftbild-300x200.jpg 300w, https:\/\/forst-grunewald.de\/wp-content\/uploads\/1926-Grunewaldturm-Luftbild-1024x683.jpg 1024w, https:\/\/forst-grunewald.de\/wp-content\/uploads\/1926-Grunewaldturm-Luftbild-400x266.jpg 400w, https:\/\/forst-grunewald.de\/wp-content\/uploads\/1926-Grunewaldturm-Luftbild.jpg 1100w\" sizes=\"auto, (max-width: 150px) 100vw, 150px\" \/><\/a><figcaption id=\"caption-attachment-1767\" class=\"wp-caption-text\"><span style=\"font-family: arial, helvetica, sans-serif; font-size: 12pt;\">1926 Fliegerfoto: Balustrade mit Bodenfliesen im Karomuster<\/span><\/figcaption><\/figure><\/td>\n<td>\n<p><figure id=\"attachment_1756\" aria-describedby=\"caption-attachment-1756\" style=\"width: 150px\" class=\"wp-caption aligncenter\"><a href=\"https:\/\/forst-grunewald.de\/wp-content\/uploads\/2005-08-00-DSCF0084-klein.jpg\" target=\"_blank\" rel=\"noopener noreferrer\"><img loading=\"lazy\" decoding=\"async\" class=\"size-thumbnail wp-image-1756 \" title=\"2005-08-00 DSCF0084-klein\" src=\"https:\/\/forst-grunewald.de\/wp-content\/uploads\/2005-08-00-DSCF0084-klein-150x112.jpg\" alt=\"\" width=\"150\" height=\"112\" srcset=\"https:\/\/forst-grunewald.de\/wp-content\/uploads\/2005-08-00-DSCF0084-klein-150x112.jpg 150w, https:\/\/forst-grunewald.de\/wp-content\/uploads\/2005-08-00-DSCF0084-klein-300x225.jpg 300w, https:\/\/forst-grunewald.de\/wp-content\/uploads\/2005-08-00-DSCF0084-klein-400x300.jpg 400w, https:\/\/forst-grunewald.de\/wp-content\/uploads\/2005-08-00-DSCF0084-klein.jpg 1000w\" sizes=\"auto, (max-width: 150px) 100vw, 150px\" \/><\/a><figcaption id=\"caption-attachment-1756\" class=\"wp-caption-text\"><span style=\"font-family: arial, helvetica, sans-serif; font-size: 12pt;\">2005 Aufnahme von der Aussichtsplattform aus: Glatte, rechtwinklinge Bodenfliesen auf der Balustrade<\/span><\/figcaption><\/figure><\/td>\n<\/tr>\n<\/tbody>\n<\/table>\n<p><span style=\"font-family: arial, helvetica, sans-serif; font-size: 12pt;\"><em>Sehr geehrter Herr Gerber,<\/em><\/span><br \/>\n<span style=\"font-family: arial, helvetica, sans-serif; font-size: 12pt;\"><em> ausgel\u00f6st durch Ihre Hinweise und Bilder wurden Untersuchungen auf dem ersten Plateau des Grunewaldturms vorgenommen, die unter den jetzigen Betonplatten und der Abdichtungsschicht, zumindest in Resten, den historischen Fu\u00dfboden zum Vorschein brachten. Derzeit werden, in Anlehnung an den historischen Bestand, Platten nachgefertigt. Es wird zwar noch etwas dauern, aber dann wird der Turm in alter Sch\u00f6nheit wieder zu besichtigen sein.<\/em><\/span><br \/>\n<span style=\"font-family: arial, helvetica, sans-serif; font-size: 12pt;\"><em> Ihre e Mail habe ich an die Bauleitung und den Restaurantbetreiber weitergeleitet.<\/em><\/span><br \/>\n<span style=\"font-family: arial, helvetica, sans-serif; font-size: 12pt;\"><em> Vielen Dank f\u00fcr Ihre Unterst\u00fctzung und viel Spa\u00df beim Laufen durch den sch\u00f6nen herbstlichen Grunewald.<\/em><\/span><br \/>\n<span style=\"font-family: arial, helvetica, sans-serif; font-size: 12pt;\"><em> Mit freundlichen Gr\u00fc\u00dfen<\/em><\/span><br \/>\n<span style=\"font-family: arial, helvetica, sans-serif; font-size: 12pt;\"><em> Im Auftrag<\/em><\/span><br \/>\n<span style=\"font-family: arial, helvetica, sans-serif; font-size: 12pt;\"><em> Andreas Fuchs<\/em><\/span><br \/>\n<span style=\"font-family: arial, helvetica, sans-serif; font-size: 12pt;\"><em> Berliner Forsten<\/em><\/span><br \/>\n<span style=\"font-family: arial, helvetica, sans-serif; font-size: 12pt;\"><em> Referat J<\/em><\/span><br \/>\n<span style=\"font-family: arial, helvetica, sans-serif; font-size: 12pt;\"><em> Dahlwitzer Landstra\u00dfe 4, 12587 Berlin<\/em><\/span><\/td>\n<\/tr>\n<tr>\n<td style=\"text-align: left; vertical-align: top; width: 3.84995%;\"><span style=\"font-family: arial, helvetica, sans-serif; font-size: 12pt;\"><strong>2011<\/strong><\/span><\/td>\n<td style=\"text-align: left; vertical-align: top; width: 95.3603%;\"><span style=\"font-family: arial, helvetica, sans-serif; font-size: 12pt;\"><a href=\"https:\/\/forst-grunewald.de\/wp-content\/uploads\/1967-ca-Jutta-Wolters.jpg\" target=\"_blank\" rel=\"noopener noreferrer\"><img loading=\"lazy\" decoding=\"async\" class=\"size-thumbnail wp-image-1792 alignright\" title=\"1967 ca Jutta Wolters\" src=\"https:\/\/forst-grunewald.de\/wp-content\/uploads\/1967-ca-Jutta-Wolters-114x150.jpg\" alt=\"\" width=\"114\" height=\"150\" srcset=\"https:\/\/forst-grunewald.de\/wp-content\/uploads\/1967-ca-Jutta-Wolters-114x150.jpg 114w, https:\/\/forst-grunewald.de\/wp-content\/uploads\/1967-ca-Jutta-Wolters-229x300.jpg 229w, https:\/\/forst-grunewald.de\/wp-content\/uploads\/1967-ca-Jutta-Wolters-400x522.jpg 400w, https:\/\/forst-grunewald.de\/wp-content\/uploads\/1967-ca-Jutta-Wolters.jpg 651w\" sizes=\"auto, (max-width: 114px) 100vw, 114px\" \/><\/a>Jutta Wolters Bild &#8222;Grunewaldturm&#8220;<\/span><br \/>\n<span style=\"font-family: arial, helvetica, sans-serif; font-size: 12pt;\">Am <strong>09. Juni 2011<\/strong> erhielt ich von der Tochter der Malerin folgende eMail:<\/span><\/p>\n<div>\n<p><span style=\"font-family: arial, helvetica, sans-serif; font-size: 12pt;\"><em>Sehr geehrter Herr Gerber, <\/em><\/span><\/p>\n<p><span style=\"font-family: arial, helvetica, sans-serif; font-size: 12pt;\"><em>ich habe mich gefreut zu sehen, dass Sie ein Gem\u00e4lde von meiner Mutter, der Berliner Malerin Jutta Wolters, auf Ihrer Website &#8222;Forst Grunewald&#8220; vorgestellt haben. <\/em><\/span><\/p>\n<p><span style=\"font-family: arial, helvetica, sans-serif; font-size: 12pt;\"><em>Weitere Bilder und Informationen gibt es unter:<\/em><\/span><br \/>\n<span style=\"font-family: arial, helvetica, sans-serif; font-size: 12pt;\"><em><a id=\"Zelle133Link2\" href=\"http:\/\/de.artring.net\/00,60561,00.html\" target=\"_blank\" rel=\"noopener noreferrer\">http:\/\/de.artring.net\/00,60561,00.html<br \/>\n<\/a><a id=\"Zelle133Link3\" href=\"http:\/\/juttawolters.listal.com\/\" target=\"_blank\" rel=\"noopener noreferrer\">http:\/\/juttawolters.listal.com\/<\/a><a id=\"Zelle133Link4\" href=\"http:\/\/www.kunstnet.de\/JuttaWolters\" target=\"_blank\" rel=\"noopener noreferrer\">h<br \/>\nttp:\/\/www.kunstnet.de\/JuttaWolters<\/a><\/em><\/span><\/p>\n<p><span style=\"font-family: arial, helvetica, sans-serif; font-size: 12pt;\"><em>Einige ihrer letzten Gem\u00e4lde werden zur Zeit auch auf <a href=\"http:\/\/www.ebay.de\/sch\/i.html?_from=R40&amp;_trksid=p5197.m570.l1313&amp;_nkw=Jutta+Wolters&amp;_sacat=See-All-Categories\" target=\"_blank\" rel=\"noopener noreferrer\">ebay<\/a> angeboten.<\/em><\/span><\/p>\n<p><span style=\"font-family: arial, helvetica, sans-serif; font-size: 12pt;\"><em>Mit freundlichem Gru\u00df <\/em><\/span><br \/>\n<span style=\"font-family: arial, helvetica, sans-serif; font-size: 12pt;\"><em>Jasmine Bonnin<\/em><\/span><br \/>\n<span style=\"font-family: arial, helvetica, sans-serif; font-size: 12pt;\"><em><a id=\"Zelle133Link5\" href=\"http:\/\/www.jasmine-bonnin.de\" target=\"_blank\" rel=\"noopener noreferrer\">www.jasmine-bonnin.de<\/a><\/em><\/span><\/p>\n<\/div>\n<\/td>\n<\/tr>\n<\/tbody>\n<\/table>\n<p><span style=\"color: #ffffff;\">.<\/span><\/p>\n<p><span style=\"color: #ffffff;\">.<\/span><\/p>\n<p><span style=\"color: #ffffff;\">.<\/span><\/p>\n<p><span style=\"font-family: arial, helvetica, sans-serif; font-size: 12pt;\">Alle Galeriebilder in zeitlicher Reihenfolge:<\/span><\/p>\nngg_shortcode_0_placeholder\n","protected":false},"excerpt":{"rendered":"<p>Wer gerne den Grunewald erkunden m\u00f6chte, hat vom Grunewaldturm aus, welcher auf dem Karlsberg steht, einen guten Ausgangspunkt. Zu erreichen ist der Grunewaldturm \u00fcber die&hellip;<\/p>\n","protected":false},"author":1,"featured_media":0,"parent":0,"menu_order":0,"comment_status":"closed","ping_status":"closed","template":"","meta":{"ngg_post_thumbnail":0,"iawp_total_views":99,"footnotes":""},"class_list":["post-1749","page","type-page","status-publish","hentry"],"_links":{"self":[{"href":"https:\/\/forst-grunewald.de\/index.php?rest_route=\/wp\/v2\/pages\/1749","targetHints":{"allow":["GET"]}}],"collection":[{"href":"https:\/\/forst-grunewald.de\/index.php?rest_route=\/wp\/v2\/pages"}],"about":[{"href":"https:\/\/forst-grunewald.de\/index.php?rest_route=\/wp\/v2\/types\/page"}],"author":[{"embeddable":true,"href":"https:\/\/forst-grunewald.de\/index.php?rest_route=\/wp\/v2\/users\/1"}],"replies":[{"embeddable":true,"href":"https:\/\/forst-grunewald.de\/index.php?rest_route=%2Fwp%2Fv2%2Fcomments&post=1749"}],"version-history":[{"count":176,"href":"https:\/\/forst-grunewald.de\/index.php?rest_route=\/wp\/v2\/pages\/1749\/revisions"}],"predecessor-version":[{"id":43600,"href":"https:\/\/forst-grunewald.de\/index.php?rest_route=\/wp\/v2\/pages\/1749\/revisions\/43600"}],"wp:attachment":[{"href":"https:\/\/forst-grunewald.de\/index.php?rest_route=%2Fwp%2Fv2%2Fmedia&parent=1749"}],"curies":[{"name":"wp","href":"https:\/\/api.w.org\/{rel}","templated":true}]}}