{"id":11073,"date":"2017-11-30T18:38:35","date_gmt":"2017-11-30T17:38:35","guid":{"rendered":"http:\/\/forst-grunewald.de\/?page_id=11073"},"modified":"2024-10-13T16:30:57","modified_gmt":"2024-10-13T15:30:57","slug":"karolingerplatz-4","status":"publish","type":"page","link":"https:\/\/forst-grunewald.de\/?page_id=11073","title":{"rendered":"Karolingerplatz"},"content":{"rendered":"<p><a href=\"https:\/\/forst-grunewald.de\/wp-content\/uploads\/2018-05-13-Karolingerplatz-DSC03667-klein.jpg\" target=\"_blank\" rel=\"noopener noreferrer\"><img loading=\"lazy\" decoding=\"async\" class=\"alignright size-full wp-image-11548\" src=\"https:\/\/forst-grunewald.de\/wp-content\/uploads\/2018-05-13-Karolingerplatz-DSC03667-klein.jpg\" alt=\"\" width=\"1600\" height=\"900\" srcset=\"https:\/\/forst-grunewald.de\/wp-content\/uploads\/2018-05-13-Karolingerplatz-DSC03667-klein.jpg 1600w, https:\/\/forst-grunewald.de\/wp-content\/uploads\/2018-05-13-Karolingerplatz-DSC03667-klein-200x113.jpg 200w, https:\/\/forst-grunewald.de\/wp-content\/uploads\/2018-05-13-Karolingerplatz-DSC03667-klein-450x253.jpg 450w, https:\/\/forst-grunewald.de\/wp-content\/uploads\/2018-05-13-Karolingerplatz-DSC03667-klein-768x432.jpg 768w\" sizes=\"auto, (max-width: 1600px) 100vw, 1600px\" \/><\/a><\/p>\n<p style=\"text-align: justify;\">Der Karolingerplatz hat mit dem Grunewald an sich nichts zu tun, au\u00dfer, dass es sich wie ganz Westend einmal um (Grune)Waldgebiet handelte. Ich nehme ihn hier einfach mal exemplarisch auf.<\/p>\n<ul style=\"text-align: justify;\">\n<li style=\"text-align: justify;\">Planungsname: Platz E<\/li>\n<li style=\"text-align: justify;\">Name seit 1908: Karolingerplatz<\/li>\n<li style=\"text-align: justify;\">Die g\u00e4rtnerische Anlage erfolgte 1912\/13 von <a href=\"https:\/\/de.wikipedia.org\/wiki\/Erwin_Barth\" target=\"_blank\" rel=\"noopener noreferrer\">Erwin Barth<\/a>.<\/li>\n<li style=\"text-align: justify;\">1928 wurde ein Ger\u00e4tehaus errichtet.<\/li>\n<\/ul>\n<p>Erwin Barth stellte den Karolingerplatz 1913 in der Zeitschrift &#8222;Die Gartenkunst&#8220; in seinem Artikel &#8222;<a href=\"http:\/\/digi.ub.uni-heidelberg.de\/diglit\/gartenkunst1913\/0193\/image\" target=\"_blank\" rel=\"noopener noreferrer\">Charlottenburger neue Stadtpl\u00e4tze<\/a>&#8220; selbst vor:<\/p>\n<p style=\"text-align: justify;\"><div class=\"spoiler-wrap\">\n\t\t\t\t<div class=\"spoiler-head folded\">Spoiler<\/div>\n\t\t\t\t<div class=\"spoiler-body\"><a href=\"https:\/\/forst-grunewald.de\/wp-content\/uploads\/1913-Die-Gartenkunst-E.-Barth-Karolingerplatz-007a-1600x1600-klein.jpg\" target=\"_blank\" rel=\"noopener noreferrer\"><img loading=\"lazy\" decoding=\"async\" class=\"alignright size-medium wp-image-11572\" src=\"https:\/\/forst-grunewald.de\/wp-content\/uploads\/1913-Die-Gartenkunst-E.-Barth-Karolingerplatz-007a-1600x1600-klein-372x300.jpg\" alt=\"\" width=\"372\" height=\"300\" srcset=\"https:\/\/forst-grunewald.de\/wp-content\/uploads\/1913-Die-Gartenkunst-E.-Barth-Karolingerplatz-007a-1600x1600-klein-372x300.jpg 372w, https:\/\/forst-grunewald.de\/wp-content\/uploads\/1913-Die-Gartenkunst-E.-Barth-Karolingerplatz-007a-1600x1600-klein-186x150.jpg 186w, https:\/\/forst-grunewald.de\/wp-content\/uploads\/1913-Die-Gartenkunst-E.-Barth-Karolingerplatz-007a-1600x1600-klein-768x619.jpg 768w, https:\/\/forst-grunewald.de\/wp-content\/uploads\/1913-Die-Gartenkunst-E.-Barth-Karolingerplatz-007a-1600x1600-klein-1600x1289.jpg 1600w, https:\/\/forst-grunewald.de\/wp-content\/uploads\/1913-Die-Gartenkunst-E.-Barth-Karolingerplatz-007a-1600x1600-klein.jpg 1986w\" sizes=\"auto, (max-width: 372px) 100vw, 372px\" \/><\/a>Wohl kaum ist die Entwickelung einer Stadt in den letzten Jahrhunderten mit einer solchen Geschwindigkeit vorw\u00e4rts gegangen, wie in der k\u00f6niglichen Residenzstadt Charlottenburg. Noch schneller wie das Anwachsen der Stadt war die Entwickelung der st\u00e4dtischen Gartenanlagen&#8230;.<\/p>\n<p style=\"text-align: justify\">Im Jahre 1908 wurde die Gartendirektorstelle geschaffen, sie wurde aber erst im Jahre 1912 besetzt. Bis zur Besetzung der Gartendirektorstelle wurden viele Arbeiten aufgeschoben, und daher kommt es, da\u00df jetzt eine so gro\u00dfe Anzahl von Neuanlagen auf einmal zu entwerfen und auszuf\u00fchren ist. Die Bebauungspl\u00e4ne wurden in fr\u00fcherer Zeit von Verkehrsingenieuren allein aufgestellt; der Gartenk\u00fcnstler, welcher sich mit St\u00e4dtebau besch\u00e4ftigt hat, kann das aus dem Stadtplan von Charlottenburg sofort erkennen. Die Verkehrsfragen sind dabei in vorz\u00fcglicher, gro\u00dfz\u00fcgiger Weise gel\u00f6st, es sei hierbei auf die 60 m breite <a href=\"https:\/\/forst-grunewald.de\/wp-content\/gallery\/teufelsberg-u-bahn\/1908-05-02-reichskanzlerplatz-kaiserdamm-frankenallee-alemannenallee-klein.jpg\" target=\"_blank\" rel=\"noopener noreferrer\">D\u00f6beritzer Heerstra\u00dfe, den Kaiserdamm<\/a> und die Bismarckstra\u00dfe hingewiesen.<\/p>\n<p style=\"text-align: justify\">Da\u00df f\u00fcr die k\u00fcnstlerische Seite des St\u00e4dtebaues und der st\u00e4dt. Gartenkunst eine solche teilweise von einseitigem Gesichtspunkt aus betrachtete Aufstellung von Bebauungspl\u00e4nen nicht von Vorteil ist, braucht in heutiger Zeit nicht mehr auseinandergesetzt zu werden. Jetzt werden die Pl\u00e4ne unter Zusammenwirkung von Ingenieur, Bauk\u00fcnstler und Gartengestalter aufgestellt&#8230;.<\/p>\n<p style=\"text-align: justify\">Der&nbsp; <strong>K a r o l i n g e r &#8211; P l a t z<\/strong>&nbsp; liegt im Neu-Westend von Charlottenburg in unmittelbarer N\u00e4he der D\u00f6beritzer Heerstra\u00dfe. Er zeigt ein v\u00f6llig anderes Bild wie die vorgenannten Pl\u00e4tze. Die gro\u00dfe Mitte nimmt ein Rosengarten ein, an ihn schlie\u00dft sich ein von Hecken umrahmter Spielplatz mit einem <a href=\"https:\/\/de.wikipedia.org\/wiki\/Akazien\" target=\"_blank\" rel=\"noopener noreferrer\">Akazienhain<\/a>. Die Baumstellung ist so, da\u00df ein gro\u00dfer Baumhof &#8211; Kinderspielplatz &#8211; und zwei kleinere Baumh\u00f6fe &#8211; Ruhepl\u00e4tze f\u00fcr Erwachsene &#8211; entstehen.<\/p>\n<p style=\"text-align: justify\">Den Rosengarten umgeben Wege, welche von Rosenbogen \u00fcberspannt sind; zu beiden Seiten erheben sich Birkenhaine, welche wiederum abgeschlossene H\u00f6fe als Ruhepl\u00e4tze ergeben. Akazien- und Birkenh\u00f6fe sind verbunden durch Sonderg\u00e4rten, von denen der eine als Taxusgang, der andere als Staudengarten ausgebildet ist. Birkenh\u00f6fe und Spielplatz sind von breiten Rhododendronpflanzungen umgeben, einem festen, dunklen Hintergr\u00fcnde f\u00fcr den Rosengarten. So sind bei scheinbar schematischem Grundrisse G\u00e4rten von reicher Abwechselung, mit rhythmischer Raum-, Fl\u00e4chen- und Lichtwirkung, mit Sitzpl\u00e4tzen aller Art, mit Rundg\u00e4ngen und langen Perspektiven entstanden. Die den Platz begrenzenden Stra\u00dfen sind eng mit Rotdornhochst\u00e4mmen bepflanzt. Diese werden durch Rosenhecken verbunden.<\/div>\n\t\t\t<\/div><\/p>\n<p style=\"text-align: justify;\">Der Platz wird wegen seiner Sch\u00f6nheit von Anwohnern und Besuchern oft gelobt. Allerdings ist der Platz heute von seiner Bl\u00fctenpracht in fr\u00fcheren Jahren weit entfernt. <em><a href=\"https:\/\/forst-grunewald.de\/wp-content\/gallery\/karolingerplatz\/2005-09-11-karolingerplatz-westend-f139373919-klein.jpg\" target=\"_blank\" rel=\"noopener noreferrer\">Dass<\/a> und <a href=\"https:\/\/forst-grunewald.de\/wp-content\/gallery\/karolingerplatz\/2005-09-11-karolingerplatz-westend-f139370599-klein.jpg\" target=\"_blank\" rel=\"noopener noreferrer\">dass<\/a><\/em> zum Beispiel ist Geschichte, an dieser Stelle befindet sich heute eine Grasmonokultur. Dies mag &#8222;Jammern auf hohem Niveau&#8220; sein, aber es ist nun einmal so und wer den Platz das erste Mal besucht oder erst einige Jahre dort wohnt, wei\u00df das nat\u00fcrlich nicht.<\/p>\n<p style=\"text-align: justify;\">Anzumerken ist, dass die Au\u00dfenbeete und die <span style=\"text-decoration: underline;\">Stra\u00dfenbeete<\/span> urspr\u00fcnglich von einem <a href=\"https:\/\/forst-grunewald.de\/wp-content\/gallery\/karolingerplatz\/1915-ca-karolingerplatz-05-1600-farblich.jpg\" target=\"_blank\" rel=\"noopener noreferrer\">typischen unterbeinhohen Eisenzaun<\/a> gesch\u00fctzt wurden. An drei Stellen sind davon <a href=\"https:\/\/forst-grunewald.de\/wp-content\/uploads\/2018-05-21-Karolingerplatz-DSC03825-klein.jpg\" target=\"_blank\" rel=\"noopener noreferrer\">noch Reste vorhanden<\/a>. Interessant ist hierbei, dass es rings um den Platz herum auch Stra\u00dfenbeete gab, die ergibt sich aus dem urspr\u00fcnglichen Grundplan und (alten) Fotos. Heute ist dies auch daran noch zu erkennen, dass zwischen den Stra\u00dfenbeeten noch immer Gehwegplastersteine zur Stra\u00dfenberquerung vorhanden sind, mithin neun St\u00fcck zuz\u00fcglich die vier Stra\u00dfenecken. Nach dem Krieg waren die Eisenz\u00e4une nicht mehr vorhanden, dennoch bestanden die Stra\u00dfenbeete weiter, nur wurden sie nicht bepflanzt, sondern sich selbst \u00fcberlassen. Hier wuchsen Gras, L\u00f6wenzahn, Diesteln und kleine Bl\u00fcmchen etc., aber auch Brennnesseln. Die dortigen Wildpflanzen wurden lediglich 2x im Jahr beschnitten bzw. abgebrannt. Dies war so auch v\u00f6llig in Ordnung und ausreichend. Ab dem <a href=\"https:\/\/forst-grunewald.de\/wp-content\/uploads\/2014-02-23-Karolingerplatz-40-Halteverbot-Abtragung-Stra\u00dfenbeete-klein.jpg\" target=\"_blank\" rel=\"noopener noreferrer\">24.02.2014<\/a> wurden jedoch leider die Stra\u00dfenbeete abgetragen, indem die Beete mit einem betr\u00e4chtlichen baulichen Aufwand ausgehoben und mittels eines h\u00e4sslichen, grauen und n\u00e4hrstoffarmen Schotter-Splitt-Sand-Gemisches, wie es wohl auch im Sportportplatzbau Anwendung findet, verf\u00fcllt, verfestigt und versiegelt wurden. Nur Beton w\u00e4re wohl noch h\u00e4sslicher! Im Laufe der letzten Jahre haben es aber dennoch viele Wildbl\u00fcmchen geschafft, sich ihren Lebensraum wenigstens zum Teil wieder zur\u00fcckzuerobern und ich freue mich im Sommer dort \u00fcber jedes neue Bl\u00fcmchen.<\/p>\n<p style=\"text-align: justify;\">Im selben Zeitraum wurden leider auch die sehr beliebte <a href=\"https:\/\/forst-grunewald.de\/wp-content\/uploads\/2011-07-01-Bezirksamt-klein.jpg\" target=\"_blank\" rel=\"noopener noreferrer\">Spielplatzwasserpump<\/a>e (<a href=\"https:\/\/forst-grunewald.de\/wp-content\/gallery\/karolingerplatz\/2014-06-07-dsc03591-klein.jpg\" target=\"_blank\" rel=\"noopener noreferrer\">Wasserbeckenrest<\/a>) und fast alle M\u00fclleimer (inzwischen sind neue vorhanden) demontiert sowie leider auch zahlreiche (defekte) Parkb\u00e4nke abtransportiert. Nicht ganu unschuldig an diesen defekten B\u00e4nken waren \u00fcbrigens zwei Abiturjahrg\u00e4nge aus Westend\/Charlottenburg, die dort in der Nacht gerne einige kleine Trink-Partys abgehalten und dabei die schweren B\u00e4nke durch den Park geschleppt und Leisten zerbrochen haben. Jahrezehntelang standen zum Beispiel in den beiden Birkenhainruhepl\u00e4tzen rundherum viele Parkb\u00e4nke, diese sind seitdem alle weg.<\/p>\n<p style=\"text-align: justify;\">2017 wurden auch am Karolingerplatz die <span style=\"text-decoration: underline;\"><a href=\"https:\/\/forst-grunewald.de\/wp-content\/gallery\/karolingerplatz\/2017-06-02-dsc01623-klein.jpg\" target=\"_blank\" rel=\"noopener noreferrer\">Gas-Laterne<\/a>n<\/span> gegen <a href=\"https:\/\/forst-grunewald.de\/wp-content\/gallery\/karolingerplatz\/2018-05-13-karolingerplatz-6-led-modellaterne-dsc03653-klein.jpg\" target=\"_blank\" rel=\"noopener noreferrer\">LED-Laternen<\/a> ersetzt, nachdem der Laternenaustausch s\u00fcdlich des Platzes in Richtung Wandalenallee bereits 2016 erfolgte. Gl\u00fccklicherweise wurden die historischen Laternen nicht durch das Modell &#8222;<a href=\"https:\/\/www.selux.com\/ger\/de\/exterior\/products\/jessica\" target=\"_blank\" rel=\"noopener noreferrer\">Jessica<\/a>&#8220; ersetzt, sondern durch die selbe auf LED umger\u00fcstete Laternenart. Am Karolingerplatz stehen so weiterhin Modelleuchten <a href=\"http:\/\/www.gaslicht-kultur.de\/Gaslaternen.html\" target=\"_blank\" rel=\"noopener noreferrer\">(1)<\/a>, n\u00f6rdlich des Platzes Aufsatzleuchten <a href=\"http:\/\/www.gaslicht-kultur.de\/Gaslaternen.html\" target=\"_blank\" rel=\"noopener noreferrer\">(2)<\/a> und s\u00fcdlich des Platzes H\u00e4ngeleuchten (<a href=\"http:\/\/www.gaslicht-kultur.de\/Gaslaternen.html\" target=\"_blank\" rel=\"noopener noreferrer\">3<\/a>). Jedoch haben sich die Standorte ver\u00e4ndert. Am Karolingerplatz befinden sich die Stra\u00dfenlaternen jetzt nicht mehr auch auf dem inneren, sondern nur noch auf dem \u00e4u\u00dferen B\u00fcrgersteigring entlang der Wohnh\u00e4user. Die neuen Laternen sind jetzt etwas heller. Auf dem Karolingerplatz selbst befinden sich elektrische Sockellaternen, welche aber zum Teil oft defekt sind auch offenbar auch nicht regelm\u00e4\u00dfig repariert werden. Vielleicht w\u00e4re es sinnvoll, wenn diese Lampen auf Solarbetrieb umgestellt werden w\u00fcrden.<\/p>\n<p style=\"text-align: justify;\">In den beiden \u00e4u\u00dfersten Pflanzbeeten sind die G\u00e4rtner seit etwa 2017 dazu \u00fcbergegangen, alte <a href=\"https:\/\/de.wikipedia.org\/wiki\/Rhododendren\" target=\"_blank\" rel=\"noopener noreferrer\">Rhododendren<\/a> sehr <a href=\"https:\/\/forst-grunewald.de\/wp-content\/uploads\/2019-09-01-Karolingerplatz-DSC01125-Kahlschlag-und-extr-beschn-Rhododendron-klein.jpg\" target=\"_blank\" rel=\"noopener noreferrer\">stark zu beschneiden<\/a> bzw. g\u00e4nzlich zu entfernen, so dass teilweise gro\u00dfe und unansehnliche <a href=\"https:\/\/forst-grunewald.de\/wp-content\/uploads\/2019-09-01-Karolingerplatz-DSC01120-Kahlschlag-klein.jpg\" target=\"_blank\" rel=\"noopener noreferrer\">Kahlstellen<\/a> entstanden sind. Neubepflanzungen erfolgen nicht und sich durch Eigenaussaat ansiedelnde Wildpanzen werden wieder entfernt. 2019 hielt dieser Zustand leider an. Ein &#8222;Konzept&#8220; war hierbei nicht erkennbar, obwohl es m\u00f6glicherweise sinnvoll gewesen w\u00e4re, diese Kahlfl\u00e4chen durch gezielte Aussatt von nicht invasiven und <a href=\"https:\/\/www.nabu.de\/umwelt-und-ressourcen\/oekologisch-leben\/balkon-und-garten\/tiere\/insekten\/20386.html\" target=\"_blank\" rel=\"noopener noreferrer\">bienenfreundlichen Planzen<\/a> zu schlie\u00dfen. 2022 wurden dann jedoch wieder neue Rhododendren gepflanzt und es gibt jetzt keine Kahlstellen mehr.<\/p>\n<p style=\"text-align: justify;\">2018 wurden an dem westlichen Birkenhainruheplatz mehrere \u00e4ltere Birken gef\u00e4llt und 2021\/22 auch fast wieder vollst\u00e4ndig erneuert. Was auf beiden Ruhepl\u00e4tzen weiterhin fehlt sind Sitzb\u00e4nke!<\/p>\n<p style=\"text-align: justify;\">2019 wurde der Spielplatz saniert. Hierbei wurden alle Spielger\u00e4te erneuert und neu angeordnet, der Sand ausgetauscht sowie der ehemalige Brunnenbuddelkasten geschlossen und die Tischtennisplatte dorthin verlegt. Leider verlor bei der Sanierung die bisher zentral im Sandkasten befindliche &#8222;<a href=\"https:\/\/forst-grunewald.de\/wp-content\/uploads\/2018-05-13-Karolingerplatz-DSC03667-klein.jpg\" target=\"_blank\" rel=\"noopener noreferrer\">Schneckenskulptur<\/a>&#8220; ihren Standort und steht jetzt etwas &#8222;verloren&#8220; und somit deplatziert neben der Tischtennisplatte. Der neue Spielplatz wurde gut angenommen und ist sehr gut besucht. Auch hat der Besuchsandang des Platzes in den letzten Jahren stark zugenommen.<\/p>\n<p style=\"text-align: justify;\">Die Pflegearbeiten haben sich inzwischen stark verbessert (<a href=\"https:\/\/forst-grunewald.de\/wp-content\/gallery\/karolingerplatz\/2014-08-01-dsc05340-f1906135223-klein.jpg\" target=\"_blank\" rel=\"noopener\">Vergleich 2014<\/a>) und die Arbeiten zum Beispiel an den Rosen werden offenbar &#8222;mit sehr viel Liebe&#8220; ausgef\u00fchrt. Es wird auch gut bew\u00e4ssert.<\/p>\n<p style=\"text-align: justify;\">Der Karolingerplatz ist ums\u00e4umt von <a href=\"https:\/\/de.wikipedia.org\/wiki\/Echter_Rotdorn\" target=\"_blank\" rel=\"noopener\">Rotdornb\u00e4umchen<\/a>. Diese B\u00e4ume vertrocknen leider der Reihe nach, wenn sie nicht bew\u00e4ssert werden. M\u00f6glicherweise w\u00e4re es innvoll, diese Zug um Zug durch andere Baumarten zu ersetzen. Vielleicht gibt es sogar Obstbaumarten, welche mit Hitze und wenig Wasser zurecht kommen und die dort hinpassen w\u00fcrden?<\/p>\n<p style=\"text-align: justify;\">Um den Karolingerplatz herum gibt es <strong>Igel<\/strong>. Leider wird deren Lebensraum durch freilaufende Hauskatzen sowie durch Mauerwerksz\u00e4une ohne Durchgangsm\u00f6glichkeit (<strong>Igelzaundurchl\u00e4sse<\/strong>) der umliegenden Gartengrundst\u00fccke eingeschr\u00e4nkt. Hier k\u00f6nnte von den Anwohnern leicht Abhilfe geschaffen werden, aber vermutlich ist dieses &#8222;Problemchen&#8220; vielen Villeneigent\u00fcmern gar nicht bewusst. Gut w\u00e4re es vielleicht auch, wenn auf dem Karolingerplatz selbst einige <a href=\"https:\/\/www.nabu.de\/umwelt-und-ressourcen\/oekologisch-leben\/balkon-und-garten\/tiere\/saeugetiere\/00755.html\" target=\"_blank\" rel=\"noopener\"><strong>Laubhaufen f\u00fcr die \u00dcberwinterung<\/strong><\/a> dieser Igel geschaffen werden w\u00fcrden.<\/p>\n<p style=\"text-align: justify;\">Ab und zu schaut auch mal ein Fuchs und ein Marder vorbei. Einen bestimmten Fuchs habe ich Nachts schon oft wiedererkannt, denn er humpelt. Und ein paar Wildschweine gab es auch einmal, wor\u00fcber sich dann leider mir nicht bekannte Anwohnende beschwert haben (<a href=\"https:\/\/leute.tagesspiegel.de\/charlottenburg-wilmersdorf\/kiezkamera\/2018\/09\/28\/58821\/\" target=\"_blank\" rel=\"noopener noreferrer\">TSP 2018<\/a>). Ich geh\u00f6rte nicht dazu. Denn sich bei \u00c4mtern beschweren oder an Zeitungen wenden f\u00fchrt meines Wissens im Ergebnis eigentlich immer zur Hinzuziehung der amtlich&nbsp; Stadtjagenden und das bedeutet: T\u00d6TUNG! Ich w\u00fcnsche mir im Umgang mit solchen Begegnungs- und Zusammenlebungsproblemchen mehr Gelassenheit und ich staune immer wieder wenn ich sehe, wie sich in anderen L\u00e4ndern die Menschen dort selbst mit Raubtieren in der Umgebung arrangieren (<a href=\"https:\/\/www.youtube.com\/c\/PatrickConley\" target=\"_blank\" rel=\"noopener\">B\u00e4r Simone<\/a>). Das w\u00fcrde ich mir bei uns in Deutschland auch w\u00fcnschen. Auch w\u00fcrde ich mir w\u00fcnschen, dass versucht werde w\u00fcrde, Tiere, welche Probleme versursachen, einzufangen und nicht einfach zu erschie\u00dfen. Betroffen gemacht hatte mich vor einigen Jahren zum Beispiel, dass ein Reh, welches sich im Innenhof der Frankenallee 11-13 (damals Parkplatz von Netto) verirrt hatte, nicht versucht wurde zu bet\u00e4uben und dann in den (Grune)Wald zu verbringen, sondern erschossen wurde.<\/p>\n<p style=\"text-align: justify;\">Wer vielleicht die vorhergehenden Zeilen als zu kritisch empfindet? Ja! &#8222;Jammern auf hohem Niveau&#8220;!<\/p>\n<p style=\"text-align: justify;\">Die um den Karolingerplatz befindlichen Grundst\u00fccke wurden (laut Berliner Adressb\u00fccher) ungef\u00e4hr in folgenden Jahren bebaut:<\/p>\n<table>\n<tbody>\n<tr>\n<td style=\"text-align: left; vertical-align: top;\"><span style=\"text-decoration: underline;\">Grundst\u00fcck<\/span><\/td>\n<td style=\"text-align: left; vertical-align: top;\"><span style=\"text-decoration: underline;\">Jahrgang<\/span><\/td>\n<\/tr>\n<tr>\n<td style=\"text-align: left; vertical-align: top;\">Karolingerplatz noch nicht eingetragen<\/td>\n<td style=\"text-align: left; vertical-align: top;\">1910<\/td>\n<\/tr>\n<tr>\n<td style=\"text-align: left; vertical-align: top;\">Karolingerplatz unbebaut<\/td>\n<td style=\"text-align: left; vertical-align: top;\">1911-13<\/td>\n<\/tr>\n<tr>\n<td style=\"text-align: left; vertical-align: top;\"><strong>Karolingerplatz 1<\/strong> Ecke Pommernallee &#8211; Baustelle<br \/>\n1959 Bebauung, bis 1994 bewohnt von Britischen Offiziersfamilien &#8211; Baudenkmal <a href=\"http:\/\/www.stadtentwicklung.berlin.de\/denkmal\/liste_karte_datenbank\/de\/denkmaldatenbank\/daobj.php?obj_dok_nr=09096246\" target=\"_blank\" rel=\"noopener noreferrer\">09096246<\/a><\/td>\n<td style=\"text-align: left; vertical-align: top;\">1915-40<\/td>\n<\/tr>\n<tr>\n<td style=\"text-align: left; vertical-align: top;\"><a href=\"https:\/\/forst-grunewald.de\/wp-content\/gallery\/karolingerplatz\/1918-ca-karolingerplatz-klein.jpg\" target=\"_blank\" rel=\"noopener noreferrer\"><strong>Karolingerplatz 2<\/strong><\/a> (bis 1916 Karolingerplatz 3) &#8211; Mehrfamilienhaus &#8211;<br \/>\nim Krieg zerst\u00f6rt, Neubau 1959, bis 1994 bewohnt von Britischen Offiziersfamilien, noch heute befindet sich in einer Wohnung ein aktiver Veteranentreffpunkt: &#8222;<a href=\"http:\/\/branches.britishlegion.org.uk\/branches\/berlin\" target=\"_blank\" rel=\"noopener noreferrer\">Welcome to the Berlin Branch of The Royal British Legion<\/a>&#8220; &#8211; Baudenkmal <a href=\"http:\/\/www.stadtentwicklung.berlin.de\/denkmal\/liste_karte_datenbank\/de\/denkmaldatenbank\/daobj.php?obj_dok_nr=09096246\" target=\"_blank\" rel=\"noopener noreferrer\">09096246<\/a><\/td>\n<td style=\"text-align: left; vertical-align: top;\">1915<\/td>\n<\/tr>\n<tr>\n<td style=\"text-align: left; vertical-align: top;\"><a href=\"https:\/\/forst-grunewald.de\/wp-content\/gallery\/karolingerplatz\/1940-karolingerplatz-im-winter-1-klein.jpg\" target=\"_blank\" rel=\"noopener noreferrer\"><strong>Karolingerplatz 3<\/strong><\/a> &#8211; bis 1916 Karolingerplatz 4 &#8211; Mehrfamilienhaus &#8211;<br \/>\nim Krieg zerst\u00f6rt, Neubau ca. 1955<\/td>\n<td style=\"text-align: left; vertical-align: top;\">1914<\/td>\n<\/tr>\n<tr>\n<td style=\"text-align: left; vertical-align: top;\"><strong>Karolingerplatz 4<\/strong> Ecke Frankenallee &#8211; <a href=\"https:\/\/forst-grunewald.de\/wp-content\/gallery\/karolingerplatz\/1925-08-18-Karolinger-Platz-klein-a.jpg\" target=\"_blank\" rel=\"noopener\">Villa<\/a> &#8211; <a href=\"https:\/\/forst-grunewald.de\/wp-content\/gallery\/karolingerplatz\/1926-Gustav-Wunderwald-Karolingerplatz-4-Ecke-Frankenallee-1600.jpg\" target=\"_blank\" rel=\"noopener noreferrer\">Villa an Brandwand<\/a> &#8211; ca.<br \/>\nKarolingerplatz 4 Ecke Frankenallee &#8211; 1932 Neubau<br \/>\nKarolingerplatz 4 Ecke Frankenallee &#8211; 1933 Mehrfamilienhaus &#8211; Baudenkmal <a href=\"http:\/\/www.stadtentwicklung.berlin.de\/denkmal\/liste_karte_datenbank\/de\/denkmaldatenbank\/daobj.php?obj_dok_nr=09096247\" target=\"_blank\" rel=\"noopener noreferrer\">09096247<\/a><\/td>\n<td style=\"text-align: left; vertical-align: top;\">1925<\/td>\n<\/tr>\n<tr>\n<td style=\"text-align: left; vertical-align: top;\"><a href=\"https:\/\/forst-grunewald.de\/wp-content\/gallery\/karolingerplatz\/2018-05-10-dsc03587-klein.jpg\" target=\"_blank\" rel=\"noopener noreferrer\"><strong>Frankenallee 9<\/strong><\/a> (bis 1933 Frankenallee 5)<br \/>\n1919: Schr\u00f6ter&#8217;sches Haus &#8211; (? ob identisch mit Gries&#8217;sches Haus)<br \/>\n<span style=\"text-decoration: underline;\">1923<\/span>: <a href=\"https:\/\/forst-grunewald.de\/wp-content\/gallery\/karolingerplatz\/1924-1926-karolingerplatz-villa-quandt-klein-a.jpg\" target=\"_blank\" rel=\"noopener noreferrer\">Gries&#8217;sches Haus<\/a> &#8211; Eigent\u00fcmer Kaufmann Moritz Gries, Inhaber der Firma &#8222;<a href=\"https:\/\/forst-grunewald.de\/wp-content\/uploads\/1923-Frankenallee-Moritz-Gries-Karolingerplatz-Frankenallee-5-heute-9-Villa-Quandt.jpg\" target=\"_blank\" rel=\"noopener noreferrer\">M. Gries &amp; Co.<\/a>, Kleiderstoffe, SW 10, Lindenstra\u00dfe 51-53&#8243; auch mit Adressbucheintrag Wohnanschrift &#8222;Karolingerplatz&#8220;)<br \/>\n<span style=\"text-decoration: underline;\">1929<\/span>: <a href=\"https:\/\/forst-grunewald.de\/wp-content\/gallery\/karolingerplatz\/1950-ca-karolingerplatz-vom-funkturm-klein.jpg\" target=\"_blank\" rel=\"noopener noreferrer\">Villa Quandt &#8211; im Krieg zerst\u00f6rt<\/a> (<a href=\"https:\/\/de.wikipedia.org\/wiki\/G%C3%BCnther_Quandt\" target=\"_blank\" rel=\"noopener noreferrer\">G\u00fcnther Quandt<\/a>* \/ <a href=\"https:\/\/de.wikipedia.org\/wiki\/Magda_Goebbels\" target=\"_blank\" rel=\"noopener noreferrer\">Magda Goebbels<\/a>)<br \/>\n*<div class=\"spoiler-wrap\">\n\t\t\t\t<div class=\"spoiler-head folded\">Spoiler<\/div>\n\t\t\t\t<div class=\"spoiler-body\">&#8222;<em>Auf der anderen Seite hatte G\u00fcnther Quandt keine Skrupel, die wirtschaftliche Notlage anderer Menschen auszunutzen. Als er von einem Kaufmann h\u00f6rte, der den Konkurs nur vermeiden konnte, wenn er in k\u00fcrzester Zeit eine bestimmte Summe aufbrachte, war er zur Stelle. Er gab das Geld und erhielt daf\u00fcr das Haus des Mannes an der Frankenallee 5 mitsamt der kompletten Einrichtung und allem Hausrat. Das Haus war au\u00dferordentlich geschmackvoll und mit viel Kunstverstand eingerichtet&nbsp; worden und \u00fcbertraf in dieser Hinsicht die Villa in Neubabelsberg bei weitem. Quandt freute sich an dem Coup. Mit trockenem Witz hielt er seiner Frau vor, dass man Kultur eben doch kaufen k\u00f6nne.<\/em>&#8220; <a href=\"https:\/\/books.google.de\/books?id=LCrlAgAAQBAJ&amp;pg=PT137&amp;lpg=PT137&amp;dq=Goebbels+Frankenallee&amp;source=bl&amp;ots=DyeJDUxOtS&amp;sig=TYiUJ_yBbNWiYFebF-pnRuX6JbI&amp;hl=de&amp;sa=X&amp;ved=0ahUKEwigsJWAlfvaAhXDaVAKHSloB-EQ6AEIPzAC#v=snippet&amp;q=Frankenallee&amp;f=false\" target=\"_blank\" rel=\"noopener noreferrer\">Quelle<\/a>: Die Quandts: Ihr leiser Aufstieg zur m\u00e4chtigsten Wirtschaftsdynastie von R\u00fcdiger Jungbluth<\/div>\n\t\t\t<\/div><br \/>\n<span style=\"text-decoration: underline;\">1972<\/span> ca.: Frankenallee 7 &#8211; 13 Ecke Heerstra\u00dfe, Neubau Wohnhaus und Gesch\u00e4ftshaus mit TG<\/td>\n<td style=\"text-align: left; vertical-align: top;\">1919-71<\/td>\n<\/tr>\n<tr>\n<td style=\"text-align: left; vertical-align: top;\"><strong>Alemannenallee 6<\/strong> Ecke Frankenallee &#8211; <a href=\"https:\/\/forst-grunewald.de\/wp-content\/gallery\/karolingerplatz\/2012-05-20-f1119015675-vergrc3b6c39fert.jpg\" target=\"_blank\" rel=\"noopener noreferrer\">Klingenberg-Villa<\/a> &#8211; Baudenkmal&nbsp;<a href=\"http:\/\/www.stadtentwicklung.berlin.de\/denkmal\/liste_karte_datenbank\/de\/denkmaldatenbank\/daobj.php?obj_dok_nr=09096073\" target=\"_blank\" rel=\"noopener noreferrer\">09096073<\/a><\/td>\n<td style=\"text-align: left; vertical-align: top;\">1922<\/td>\n<\/tr>\n<tr>\n<td style=\"text-align: left; vertical-align: top;\"><strong><a href=\"https:\/\/forst-grunewald.de\/wp-content\/gallery\/karolingerplatz\/1922-karolingerplatz-5-klein.jpg\" target=\"_blank\" rel=\"noopener noreferrer\">Karolingerplatz 5<\/a>&nbsp;<\/strong> Ecke Frankenallee<span style=\"color: #ffffff;\">..<\/span> &#8211; Doppelhausvilla<br \/>\n<strong>Karolingerplatz 5a<\/strong> Ecke Frankenallee &#8211; Dopelhausvilla &#8211; <a href=\"https:\/\/commons.wikimedia.org\/wiki\/File:Gedenktafel_Karolingerplatz_5a_(Weste)_Werner_Richard_Heymann.JPG\" target=\"_blank\" rel=\"noopener noreferrer\">Gedenktafel<\/a> an <a href=\"https:\/\/de.wikipedia.org\/wiki\/Werner_Richard_Heymann\" target=\"_blank\" rel=\"noopener noreferrer\">Werner Richard Heymann<\/a><a href=\"https:\/\/commons.wikimedia.org\/wiki\/File:Gedenktafel_Karolingerplatz_5a_(Weste)_Werner_Richard_Heymann.JPG\" target=\"_blank\" rel=\"noopener noreferrer\">&nbsp;<\/a>&#8211; Das&nbsp; &#8211; Baudenkmal <a href=\"http:\/\/www.stadtentwicklung.berlin.de\/denkmal\/liste_karte_datenbank\/de\/denkmaldatenbank\/daobj.php?obj_dok_nr=09096248\" target=\"_blank\" rel=\"noopener noreferrer\">09096248<\/a><\/td>\n<td style=\"text-align: left; vertical-align: top;\">1923<br \/>\n1924<\/td>\n<\/tr>\n<tr>\n<td style=\"text-align: left; vertical-align: top;\"><strong>Karolingerplatz 6<span style=\"color: #ffffff;\">..<\/span> <\/strong>&#8211; Dopplehausvilla<br \/>\n<a href=\"https:\/\/forst-grunewald.de\/wp-content\/gallery\/karolingerplatz\/2018-05-13-karolingerplatz-6a-6-dsc03655-klein.jpg\" target=\"_blank\" rel=\"noopener\"><strong>Karolingerplatz 6a<\/strong><\/a> &#8211; Doppelhausvilla (&#8222;Poelchau Haus&#8220; der <a href=\"http:\/\/www.kva-bmw.de\/\" target=\"_blank\" rel=\"noopener noreferrer\">Evangelischen Kirche<\/a>)<\/td>\n<td style=\"text-align: left; vertical-align: top;\">1924<br \/>\n1923<\/td>\n<\/tr>\n<tr>\n<td style=\"text-align: left; vertical-align: top;\"><strong>Karolingerplatz 7<span style=\"color: #ffffff;\">..<\/span><\/strong> &#8211; Doppelhausvilla<br \/>\n<a href=\"https:\/\/forst-grunewald.de\/wp-content\/gallery\/karolingerplatz\/2017-06-17-karolingerplatz-dsc01733-klein.jpg\" target=\"_blank\" rel=\"noopener noreferrer\"><strong>Karolingerplatz 7a<\/strong><\/a> &#8211; Doppelhausvilla (&#8222;Karolingerhof&#8220;\/ <a href=\"https:\/\/forst-grunewald.de\/wp-content\/gallery\/karolingerplatz\/1943-04-16-karolingerplatz-7a-gustav-hillecke-klein.jpg\" target=\"_blank\" rel=\"noopener\">1943<\/a>)<\/td>\n<td style=\"text-align: left; vertical-align: top;\">1923<br \/>\n1924<\/td>\n<\/tr>\n<tr>\n<td style=\"text-align: left; vertical-align: top;\"><strong>Karolingerplatz 8<span style=\"color: #ffffff;\">..<\/span><\/strong> &#8211; Doppelhausvilla<\/td>\n<td style=\"text-align: left; vertical-align: top;\">1923<\/td>\n<\/tr>\n<tr>\n<td style=\"text-align: left; vertical-align: top;\"><strong><a href=\"https:\/\/forst-grunewald.de\/wp-content\/gallery\/karolingerplatz\/2017-06-17-Karolingerplatz-DSC01731-klein.jpg\" target=\"_blank\" rel=\"noopener\">Karolingerplatz 9<\/a><span style=\"color: #ffffff;\">..<\/span><\/strong> &#8211; Doppelhausvilla<\/td>\n<td style=\"text-align: left; vertical-align: top;\">1913<\/td>\n<\/tr>\n<tr>\n<td style=\"text-align: left; vertical-align: top;\"><a href=\"https:\/\/forst-grunewald.de\/wp-content\/gallery\/karolingerplatz\/2017-06-17-karolingerplatz-dsc01728-klein.jpg\" target=\"_blank\" rel=\"noopener noreferrer\"><strong>Karolingerplatz 10-11<\/strong><\/a> &#8211; Villa &#8211; Baudenkmal <a href=\"https:\/\/www.berlin.de\/landesdenkmalamt\/denkmale\/liste-karte-datenbank\/denkmaldatenbank\/daobj.php?obj_dok_nr=09096249\" target=\"_blank\" rel=\"noopener\">09096249<\/a> &#8211; Beschreibung 1925 siehe Galerie<\/td>\n<td style=\"text-align: left; vertical-align: top;\">1918<\/td>\n<\/tr>\n<tr>\n<td style=\"text-align: left; vertical-align: top;\"><strong>Karolingerplatz 12<\/strong> Ecke Langobardenallee &#8211; <a href=\"https:\/\/forst-grunewald.de\/wp-content\/gallery\/karolingerplatz\/1918-ca-karolingerplatz-07-1600.jpg\" target=\"_blank\" rel=\"noopener noreferrer\">im Krieg zerst\u00f6rt<\/a><br \/>\nKarolingerplatz 12 Ecke Langobardenallee 13, Neubau ca.<\/td>\n<td style=\"text-align: left; vertical-align: top;\">1917<br \/>\n1981<\/td>\n<\/tr>\n<\/tbody>\n<\/table>\n<p style=\"text-align: justify;\">Die <span style=\"text-decoration: underline;\">Frankenallee<\/span> tr\u00e4gt ihren Namen seit dem 24. April 1908. Vorher Stra\u00dfe Nr. 23, Abt. V des Bebauungsplanes. Am 06. M\u00e4rz 1936 wurde ihre s\u00fcdwestliche Verl\u00e4ngerung ebenso benannt. Damit verbunden ist eine Ver\u00e4nderung der Hausnummern:<\/p>\n<ul style=\"text-align: justify;\">\n<li>Bis 1936 &#8211; Z\u00e4hlweise vom Kaiserdamm aus (heute Heerstra\u00dfe)<\/li>\n<li>Seit 1937 &#8211; Z\u00e4hlweise von der Wandalenallee aus uns zus\u00e4tzliche Hausnummern.<\/li>\n<\/ul>\n<p style=\"text-align: justify;\">Im gleichen Zeitraum erfolgte s\u00fcdlich des Karolingerplatzes die Bebauung mit gro\u00dfen Einfamilienhausvillen = s\u00fcdliche Frankenallee, Ubierstra\u00dfe, Warnenweg, Wandalenallee. Die meisten der betreffenden Grundst\u00fccke liegen erh\u00f6ht und zeichen sich einheitlich durch eine h\u00fcbsche Kalksandsteinbefriedung aus, ein gutes Beispiel hierf\u00fcr ist das Grundst\u00fcck <a href=\"https:\/\/forst-grunewald.de\/wp-content\/gallery\/karolingerplatz\/2018-05-10-dsc03609-klein.jpg\" target=\"_blank\" rel=\"noopener noreferrer\">Frankenallee 5<\/a>. Zu den Olympischen Spielen 1936 befand sich auf dem heutigen Messegel\u00e4nde <a href=\"https:\/\/forst-grunewald.de\/wp-content\/gallery\/messe-kdf-stadt\/1936-ca-kdf-stadt-karte-hans-hartz-klein-a.jpg\" target=\"_blank\" rel=\"noopener noreferrer\">an der Wandalenallee<\/a> eine <a href=\"https:\/\/forst-grunewald.de\/?page_id=5530\" target=\"_blank\" rel=\"noopener noreferrer\"><strong>KDF-Stadt<\/strong><\/a>.<\/p>\n<p>&nbsp;<\/p>\n<p>&nbsp;<\/p>\n<p>&nbsp;<\/p>\nngg_shortcode_0_placeholder\n","protected":false},"excerpt":{"rendered":"<p>Der Karolingerplatz hat mit dem Grunewald an sich nichts zu tun, au\u00dfer, dass es sich wie ganz Westend einmal um (Grune)Waldgebiet handelte. Ich nehme ihn&hellip;<\/p>\n","protected":false},"author":1,"featured_media":0,"parent":0,"menu_order":0,"comment_status":"closed","ping_status":"closed","template":"template-fullwidth.php","meta":{"ngg_post_thumbnail":0,"iawp_total_views":73,"footnotes":""},"class_list":["post-11073","page","type-page","status-publish","hentry"],"_links":{"self":[{"href":"https:\/\/forst-grunewald.de\/index.php?rest_route=\/wp\/v2\/pages\/11073","targetHints":{"allow":["GET"]}}],"collection":[{"href":"https:\/\/forst-grunewald.de\/index.php?rest_route=\/wp\/v2\/pages"}],"about":[{"href":"https:\/\/forst-grunewald.de\/index.php?rest_route=\/wp\/v2\/types\/page"}],"author":[{"embeddable":true,"href":"https:\/\/forst-grunewald.de\/index.php?rest_route=\/wp\/v2\/users\/1"}],"replies":[{"embeddable":true,"href":"https:\/\/forst-grunewald.de\/index.php?rest_route=%2Fwp%2Fv2%2Fcomments&post=11073"}],"version-history":[{"count":221,"href":"https:\/\/forst-grunewald.de\/index.php?rest_route=\/wp\/v2\/pages\/11073\/revisions"}],"predecessor-version":[{"id":41624,"href":"https:\/\/forst-grunewald.de\/index.php?rest_route=\/wp\/v2\/pages\/11073\/revisions\/41624"}],"wp:attachment":[{"href":"https:\/\/forst-grunewald.de\/index.php?rest_route=%2Fwp%2Fv2%2Fmedia&parent=11073"}],"curies":[{"name":"wp","href":"https:\/\/api.w.org\/{rel}","templated":true}]}}